{"id":5830,"date":"2023-05-16T11:12:18","date_gmt":"2023-05-16T09:12:18","guid":{"rendered":"http:\/\/albadocilia.cultura.gov.it\/?page_id=5830"},"modified":"2023-10-01T12:52:16","modified_gmt":"2023-10-01T10:52:16","slug":"le-lucerne-e-lilluminazione-delle-case","status":"publish","type":"page","link":"https:\/\/albadocilia.cultura.gov.it\/?page_id=5830","title":{"rendered":"Le lucerne e l&#8217;illuminazione della villa"},"content":{"rendered":"\t\t<div data-elementor-type=\"wp-page\" data-elementor-id=\"5830\" class=\"elementor elementor-5830\">\n\t\t\t\t\t\t<section class=\"elementor-section elementor-top-section elementor-element elementor-element-f36650c elementor-section-height-min-height elementor-section-boxed elementor-section-height-default elementor-section-items-middle\" data-id=\"f36650c\" data-element_type=\"section\" data-settings=\"{&quot;background_background&quot;:&quot;gradient&quot;}\">\n\t\t\t\t\t\t<div class=\"elementor-container elementor-column-gap-default\">\n\t\t\t\t\t<div class=\"elementor-column elementor-col-100 elementor-top-column elementor-element elementor-element-5e0ed77\" data-id=\"5e0ed77\" data-element_type=\"column\">\n\t\t\t<div class=\"elementor-widget-wrap elementor-element-populated\">\n\t\t\t\t\t\t<div class=\"elementor-element elementor-element-fcfefef elementor-widget elementor-widget-heading\" data-id=\"fcfefef\" data-element_type=\"widget\" data-widget_type=\"heading.default\">\n\t\t\t\t<div class=\"elementor-widget-container\">\n\t\t\t<style>\/*! elementor - v3.19.0 - 28-02-2024 *\/\n.elementor-heading-title{padding:0;margin:0;line-height:1}.elementor-widget-heading .elementor-heading-title[class*=elementor-size-]>a{color:inherit;font-size:inherit;line-height:inherit}.elementor-widget-heading .elementor-heading-title.elementor-size-small{font-size:15px}.elementor-widget-heading .elementor-heading-title.elementor-size-medium{font-size:19px}.elementor-widget-heading .elementor-heading-title.elementor-size-large{font-size:29px}.elementor-widget-heading .elementor-heading-title.elementor-size-xl{font-size:39px}.elementor-widget-heading .elementor-heading-title.elementor-size-xxl{font-size:59px}<\/style><h2 class=\"elementor-heading-title elementor-size-default\">ORA SEI IN UNA PAGINA DI APPROFONDIMENTO<\/h2>\t\t<\/div>\n\t\t\t\t<\/div>\n\t\t\t\t<div class=\"elementor-element elementor-element-a8baf47 elementor-widget elementor-widget-spacer\" data-id=\"a8baf47\" data-element_type=\"widget\" data-widget_type=\"spacer.default\">\n\t\t\t\t<div class=\"elementor-widget-container\">\n\t\t\t<style>\/*! elementor - v3.19.0 - 28-02-2024 *\/\n.elementor-column .elementor-spacer-inner{height:var(--spacer-size)}.e-con{--container-widget-width:100%}.e-con-inner>.elementor-widget-spacer,.e-con>.elementor-widget-spacer{width:var(--container-widget-width,var(--spacer-size));--align-self:var(--container-widget-align-self,initial);--flex-shrink:0}.e-con-inner>.elementor-widget-spacer>.elementor-widget-container,.e-con>.elementor-widget-spacer>.elementor-widget-container{height:100%;width:100%}.e-con-inner>.elementor-widget-spacer>.elementor-widget-container>.elementor-spacer,.e-con>.elementor-widget-spacer>.elementor-widget-container>.elementor-spacer{height:100%}.e-con-inner>.elementor-widget-spacer>.elementor-widget-container>.elementor-spacer>.elementor-spacer-inner,.e-con>.elementor-widget-spacer>.elementor-widget-container>.elementor-spacer>.elementor-spacer-inner{height:var(--container-widget-height,var(--spacer-size))}.e-con-inner>.elementor-widget-spacer.elementor-widget-empty,.e-con>.elementor-widget-spacer.elementor-widget-empty{position:relative;min-height:22px;min-width:22px}.e-con-inner>.elementor-widget-spacer.elementor-widget-empty .elementor-widget-empty-icon,.e-con>.elementor-widget-spacer.elementor-widget-empty .elementor-widget-empty-icon{position:absolute;top:0;bottom:0;left:0;right:0;margin:auto;padding:0;width:22px;height:22px}<\/style>\t\t<div class=\"elementor-spacer\">\n\t\t\t<div class=\"elementor-spacer-inner\"><\/div>\n\t\t<\/div>\n\t\t\t\t<\/div>\n\t\t\t\t<\/div>\n\t\t\t\t<div class=\"elementor-element elementor-element-74ccf7b elementor-widget elementor-widget-heading\" data-id=\"74ccf7b\" data-element_type=\"widget\" data-widget_type=\"heading.default\">\n\t\t\t\t<div class=\"elementor-widget-container\">\n\t\t\t<h1 class=\"elementor-heading-title elementor-size-default\">Al bagliore di una lucerna: <br>l'illuminazione della villa<\/h1>\t\t<\/div>\n\t\t\t\t<\/div>\n\t\t\t\t<div class=\"elementor-element elementor-element-10ef918 elementor-widget elementor-widget-heading\" data-id=\"10ef918\" data-element_type=\"widget\" data-widget_type=\"heading.default\">\n\t\t\t\t<div class=\"elementor-widget-container\">\n\t\t\t<h1 class=\"elementor-heading-title elementor-size-default\">a cura di Silvana Gavagnin<\/h1>\t\t<\/div>\n\t\t\t\t<\/div>\n\t\t\t\t\t<\/div>\n\t\t<\/div>\n\t\t\t\t\t<\/div>\n\t\t<\/section>\n\t\t\t\t<section class=\"elementor-section elementor-top-section elementor-element elementor-element-323d66c elementor-section-content-middle elementor-section-height-min-height elementor-section-boxed elementor-section-height-default elementor-section-items-middle\" data-id=\"323d66c\" data-element_type=\"section\" data-settings=\"{&quot;background_background&quot;:&quot;classic&quot;}\">\n\t\t\t\t\t\t\t<div class=\"elementor-background-overlay\"><\/div>\n\t\t\t\t\t\t\t<div class=\"elementor-container elementor-column-gap-no\">\n\t\t\t\t\t<div class=\"elementor-column elementor-col-100 elementor-top-column elementor-element elementor-element-e05c3df\" data-id=\"e05c3df\" data-element_type=\"column\">\n\t\t\t<div class=\"elementor-widget-wrap\">\n\t\t\t\t\t\t\t<\/div>\n\t\t<\/div>\n\t\t\t\t\t<\/div>\n\t\t<\/section>\n\t\t\t\t<section class=\"elementor-section elementor-top-section elementor-element elementor-element-3fb898a elementor-section-boxed elementor-section-height-default elementor-section-height-default\" data-id=\"3fb898a\" data-element_type=\"section\">\n\t\t\t\t\t\t<div class=\"elementor-container elementor-column-gap-default\">\n\t\t\t\t\t<div class=\"elementor-column elementor-col-100 elementor-top-column elementor-element elementor-element-fd18092\" data-id=\"fd18092\" data-element_type=\"column\">\n\t\t\t<div class=\"elementor-widget-wrap elementor-element-populated\">\n\t\t\t\t\t\t<section class=\"elementor-section elementor-inner-section elementor-element elementor-element-ceb8997 elementor-section-boxed elementor-section-height-default elementor-section-height-default\" data-id=\"ceb8997\" data-element_type=\"section\">\n\t\t\t\t\t\t<div class=\"elementor-container elementor-column-gap-default\">\n\t\t\t\t\t<div class=\"elementor-column elementor-col-50 elementor-inner-column elementor-element elementor-element-802f2d8\" data-id=\"802f2d8\" data-element_type=\"column\">\n\t\t\t<div class=\"elementor-widget-wrap elementor-element-populated\">\n\t\t\t\t\t\t<div class=\"elementor-element elementor-element-dba4ef2 elementor-widget elementor-widget-text-editor\" data-id=\"dba4ef2\" data-element_type=\"widget\" data-widget_type=\"text-editor.default\">\n\t\t\t\t<div class=\"elementor-widget-container\">\n\t\t\t<style>\/*! elementor - v3.19.0 - 28-02-2024 *\/\n.elementor-widget-text-editor.elementor-drop-cap-view-stacked .elementor-drop-cap{background-color:#69727d;color:#fff}.elementor-widget-text-editor.elementor-drop-cap-view-framed .elementor-drop-cap{color:#69727d;border:3px solid;background-color:transparent}.elementor-widget-text-editor:not(.elementor-drop-cap-view-default) .elementor-drop-cap{margin-top:8px}.elementor-widget-text-editor:not(.elementor-drop-cap-view-default) .elementor-drop-cap-letter{width:1em;height:1em}.elementor-widget-text-editor .elementor-drop-cap{float:left;text-align:center;line-height:1;font-size:50px}.elementor-widget-text-editor .elementor-drop-cap-letter{display:inline-block}<\/style>\t\t\t\t<p>In ogni societ\u00e0, ieri come oggi, in assenza di luce solare l\u2019illuminazione artificiale \u00e8 elemento imprescindibile per vivere e svolgere le attivit\u00e0 quotidiane. <br>Nel mondo antico la luce \u00e8 assicurata da candele, torce, lanterne e <em>lucerne<\/em>: soprattutto queste ultime sono per i Romani tra gli oggetti domestici pi\u00f9 diffusi e di sicuro i pi\u00f9 frequenti per illuminare gli ambienti interni (ma anche quelli esterni, pubblici o privati, sacri o domestici); il ritrovamento, nei contesti archeologici, di una grande quantit\u00e0 di questi manufatti pu\u00f2 essere agilmente spiegato con il fatto che la luce era necessaria nella vita di ogni giorno e i mezzi di cui i Romani disponevano, se non utilizzati in grande numero, non erano sufficienti per contrastarne l\u2019assenza. Per riuscire a illuminare in modo adatto un&#8217;unica stanza dovevano essere usate mediamente dieci lucerne. Collocate in ogni ambiente della casa per diffondere la loro luce, venivano appoggiate sui ripiani dei mobili, inserite entro nicchie create nei muri, talvolta anche poste in candelabri, o anche appese. Secondo la tradizione era compito della <em>mater familias <\/em>accendere il fuoco domestico e prendersene cura.<br> Oltre alla funzione domestica, le lucerne avevano anche largo uso in ambito religioso, votivo e funerario (la lucerna \u00e8 uno degli oggetti pi\u00f9 comuni presenti nel corredo dei defunti).<br> Le lucerne sono piccole lampade per lo pi\u00f9 a olio realizzate in diversi materiali, le pi\u00f9 comuni sono sicuramente quelle in terracotta (in quanto l\u2019argilla era materia versatile e poco costosa) anche se non mancano in pietra, in vetro e pi\u00f9 pregiati oggetti in bronzo e, raramente, in metallo pi\u00f9 prezioso. La loro forma poteva essere aperta o chiusa e generalmente erano costituite da tre parti: il corpo, contenente la sostanza che bruciava, il beccuccio, in cui si apriva il foro di bruciatura e l\u2019ansa, per facilitare la presa del manufatto; il piccolo contenitore poteva essere riempito di olio o altre sostanze infiammabili, che bruciavano tramite uno stoppino in fibra di origine animale o vegetale inserito nel beccuccio. E\u2019stato calcolato che la fiamma di una lucerna in ceramica durava circa un\u2019ora e mezza prima di estinguersi.<\/p>\t\t\t\t\t\t<\/div>\n\t\t\t\t<\/div>\n\t\t\t\t\t<\/div>\n\t\t<\/div>\n\t\t\t\t<div class=\"elementor-column elementor-col-50 elementor-inner-column elementor-element elementor-element-54653a1\" data-id=\"54653a1\" data-element_type=\"column\">\n\t\t\t<div class=\"elementor-widget-wrap elementor-element-populated\">\n\t\t\t\t\t\t<div class=\"elementor-element elementor-element-bd1c6c6 elementor-widget elementor-widget-text-editor\" data-id=\"bd1c6c6\" data-element_type=\"widget\" data-widget_type=\"text-editor.default\">\n\t\t\t\t<div class=\"elementor-widget-container\">\n\t\t\t\t\t\t\t<p>La modalit\u00e0 di fabbricazione segue uno sviluppo cronologico: dapprima modellate a mano, gi\u00e0 dal IV secolo a.C. erano prodotte <span style=\"color: #000000;\">con il <a style=\"color: #000000;\" href=\"https:\/\/albadocilia.cultura.gov.it\/?page_id=1249#tornio\" target=\"_blank\" rel=\"noopener\">tornio<\/a> e infi<\/span>ne, in et\u00e0 romana, in serie <span style=\"color: #000000;\">tramite <a style=\"color: #000000;\" href=\"https:\/\/albadocilia.cultura.gov.it\/?page_id=1249#matrice\" target=\"_blank\" rel=\"noopener\">matrice<\/a>. <\/span><br \/>Con i primi secoli dell\u2019Impero si raggiungono gli esiti pi\u00f9 raffinati delle produzioni. Sulla parte superiore del manufatto (chiamata disco) era frequente la presenza di una decorazione a rilievo: il ricco repertorio comprendeva raffigurazioni di animali, elementi vegetali e i temi cari alla societ\u00e0 del tempo, come le divinit\u00e0 e i personaggi del mito, i giochi dei gladiatori, le maschere teatrali; non mancavano scene legate alla vita di ogni giorno e negli esemplari pi\u00f9 tardi erano spesso presenti simboli dedicati al cristianesimo. Sulla base, a volte, era impresso il nome dell\u2019artigiano o della bottega che aveva prodotto il contenitore.<br \/>Le lucerne romane sono state classificate dagli archeologi sulla base delle forme degli elementi che le costituiscono, le cui diversit\u00e0 sono legate a evoluzioni tecniche volte a un progressivo miglioramento funzionale e ai mutamenti del gusto estetico. Attraverso un singolo oggetto lo studioso di antichit\u00e0 pu\u00f2 ricavare preziose notizie su cronologia, area di produzione e contesto di ritrovamento.<br \/>Ad Albisola sono state <span style=\"color: #000000;\">ritrovate almeno 9 lucerne (<a style=\"color: #000000;\" href=\"https:\/\/albadocilia.cultura.gov.it\/?page_id=1445\" target=\"_blank\" rel=\"noopener\">clicca qui per\u00a0 accedere alla pagina &#8220;la vita quotidiana&#8221; e vederne alcune<\/a>), alcune<\/span> integre, altre frammentarie; dovevano essercene molte di pi\u00f9 durante i secoli di vita della villa e non \u00e8 da escludere esistessero, all\u2019interno dell\u2019ala residenziale, anche pi\u00f9 raffinati manufatti in bronzo, sebbene non siano stati rinvenuti durante le indagini archeologiche.<br \/>Immaginiamo che i piccoli contenitori fossero collocati all\u2019interno dei <em>cubicula<\/em>, poveri di illuminazione, e nei vani destinati all\u2019accoglienza, magari a creare veri e propri lampadari per rischiarare in modo adeguato i convivi e per mostrare la raffinatezza e l\u2019agiatezza di chi dimorava nella villa. Esse dovevano rischiarare e abbellire anche i giardini, che nella ricca residenza restavano illuminati fino a tardi.<\/p>\t\t\t\t\t\t<\/div>\n\t\t\t\t<\/div>\n\t\t\t\t\t<\/div>\n\t\t<\/div>\n\t\t\t\t\t<\/div>\n\t\t<\/section>\n\t\t\t\t\t<\/div>\n\t\t<\/div>\n\t\t\t\t\t<\/div>\n\t\t<\/section>\n\t\t\t\t<section class=\"elementor-section elementor-top-section elementor-element elementor-element-447f018 elementor-section-boxed elementor-section-height-default elementor-section-height-default\" data-id=\"447f018\" data-element_type=\"section\">\n\t\t\t\t\t\t<div class=\"elementor-container elementor-column-gap-default\">\n\t\t\t\t\t<div class=\"elementor-column elementor-col-100 elementor-top-column elementor-element elementor-element-1eb51be\" data-id=\"1eb51be\" data-element_type=\"column\">\n\t\t\t<div class=\"elementor-widget-wrap\">\n\t\t\t\t\t\t\t<\/div>\n\t\t<\/div>\n\t\t\t\t\t<\/div>\n\t\t<\/section>\n\t\t\t\t<\/div>\n\t\t","protected":false},"excerpt":{"rendered":"<p>ORA SEI IN UNA PAGINA DI APPROFONDIMENTO Al bagliore di una lucerna: l&#8217;illuminazione della villa a cura di Silvana Gavagnin In ogni societ\u00e0, ieri come oggi, in assenza di luce solare l\u2019illuminazione artificiale \u00e8 elemento imprescindibile per vivere e svolgere le attivit\u00e0 quotidiane. Nel mondo antico la luce \u00e8 assicurata da candele, torce, lanterne e &hellip;<\/p>\n<p class=\"read-more\"> <a class=\"\" href=\"https:\/\/albadocilia.cultura.gov.it\/?page_id=5830\"> <span class=\"screen-reader-text\">Le lucerne e l&#8217;illuminazione della villa<\/span> Leggi altro &raquo;<\/a><\/p>\n","protected":false},"author":1,"featured_media":0,"parent":0,"menu_order":0,"comment_status":"closed","ping_status":"closed","template":"","meta":{"site-sidebar-layout":"no-sidebar","site-content-layout":"page-builder","ast-global-header-display":"","ast-main-header-display":"","ast-hfb-above-header-display":"","ast-hfb-below-header-display":"","ast-hfb-mobile-header-display":"","site-post-title":"disabled","ast-breadcrumbs-content":"","ast-featured-img":"disabled","footer-sml-layout":"","theme-transparent-header-meta":"","adv-header-id-meta":"","stick-header-meta":"","header-above-stick-meta":"","header-main-stick-meta":"","header-below-stick-meta":"","footnotes":""},"class_list":["post-5830","page","type-page","status-publish","hentry"],"_links":{"self":[{"href":"https:\/\/albadocilia.cultura.gov.it\/index.php?rest_route=\/wp\/v2\/pages\/5830","targetHints":{"allow":["GET"]}}],"collection":[{"href":"https:\/\/albadocilia.cultura.gov.it\/index.php?rest_route=\/wp\/v2\/pages"}],"about":[{"href":"https:\/\/albadocilia.cultura.gov.it\/index.php?rest_route=\/wp\/v2\/types\/page"}],"author":[{"embeddable":true,"href":"https:\/\/albadocilia.cultura.gov.it\/index.php?rest_route=\/wp\/v2\/users\/1"}],"replies":[{"embeddable":true,"href":"https:\/\/albadocilia.cultura.gov.it\/index.php?rest_route=%2Fwp%2Fv2%2Fcomments&post=5830"}],"version-history":[{"count":56,"href":"https:\/\/albadocilia.cultura.gov.it\/index.php?rest_route=\/wp\/v2\/pages\/5830\/revisions"}],"predecessor-version":[{"id":9824,"href":"https:\/\/albadocilia.cultura.gov.it\/index.php?rest_route=\/wp\/v2\/pages\/5830\/revisions\/9824"}],"wp:attachment":[{"href":"https:\/\/albadocilia.cultura.gov.it\/index.php?rest_route=%2Fwp%2Fv2%2Fmedia&parent=5830"}],"curies":[{"name":"wp","href":"https:\/\/api.w.org\/{rel}","templated":true}]}}