{"id":5749,"date":"2023-05-12T17:23:44","date_gmt":"2023-05-12T15:23:44","guid":{"rendered":"http:\/\/albadocilia.cultura.gov.it\/?page_id=5749"},"modified":"2023-09-22T12:51:39","modified_gmt":"2023-09-22T10:51:39","slug":"il-paesaggio-albisolese-dopo-il-1000","status":"publish","type":"page","link":"https:\/\/albadocilia.cultura.gov.it\/?page_id=5749","title":{"rendered":"Il paesaggio albisolese dopo il Mille"},"content":{"rendered":"\t\t<div data-elementor-type=\"wp-page\" data-elementor-id=\"5749\" class=\"elementor elementor-5749\">\n\t\t\t\t\t\t<section class=\"elementor-section elementor-top-section elementor-element elementor-element-f36650c elementor-section-height-min-height elementor-section-boxed elementor-section-height-default elementor-section-items-middle\" data-id=\"f36650c\" data-element_type=\"section\" data-settings=\"{&quot;background_background&quot;:&quot;gradient&quot;}\">\n\t\t\t\t\t\t<div class=\"elementor-container elementor-column-gap-default\">\n\t\t\t\t\t<div class=\"elementor-column elementor-col-100 elementor-top-column elementor-element elementor-element-5e0ed77\" data-id=\"5e0ed77\" data-element_type=\"column\">\n\t\t\t<div class=\"elementor-widget-wrap elementor-element-populated\">\n\t\t\t\t\t\t<div class=\"elementor-element elementor-element-fcfefef elementor-widget elementor-widget-heading\" data-id=\"fcfefef\" data-element_type=\"widget\" data-widget_type=\"heading.default\">\n\t\t\t\t<div class=\"elementor-widget-container\">\n\t\t\t<style>\/*! elementor - v3.19.0 - 28-02-2024 *\/\n.elementor-heading-title{padding:0;margin:0;line-height:1}.elementor-widget-heading .elementor-heading-title[class*=elementor-size-]>a{color:inherit;font-size:inherit;line-height:inherit}.elementor-widget-heading .elementor-heading-title.elementor-size-small{font-size:15px}.elementor-widget-heading .elementor-heading-title.elementor-size-medium{font-size:19px}.elementor-widget-heading .elementor-heading-title.elementor-size-large{font-size:29px}.elementor-widget-heading .elementor-heading-title.elementor-size-xl{font-size:39px}.elementor-widget-heading .elementor-heading-title.elementor-size-xxl{font-size:59px}<\/style><h2 class=\"elementor-heading-title elementor-size-default\">ORA SEI IN UNA PAGINA DI APPROFONDIMENTO<\/h2>\t\t<\/div>\n\t\t\t\t<\/div>\n\t\t\t\t<div class=\"elementor-element elementor-element-a8baf47 elementor-widget elementor-widget-spacer\" data-id=\"a8baf47\" data-element_type=\"widget\" data-widget_type=\"spacer.default\">\n\t\t\t\t<div class=\"elementor-widget-container\">\n\t\t\t<style>\/*! elementor - v3.19.0 - 28-02-2024 *\/\n.elementor-column .elementor-spacer-inner{height:var(--spacer-size)}.e-con{--container-widget-width:100%}.e-con-inner>.elementor-widget-spacer,.e-con>.elementor-widget-spacer{width:var(--container-widget-width,var(--spacer-size));--align-self:var(--container-widget-align-self,initial);--flex-shrink:0}.e-con-inner>.elementor-widget-spacer>.elementor-widget-container,.e-con>.elementor-widget-spacer>.elementor-widget-container{height:100%;width:100%}.e-con-inner>.elementor-widget-spacer>.elementor-widget-container>.elementor-spacer,.e-con>.elementor-widget-spacer>.elementor-widget-container>.elementor-spacer{height:100%}.e-con-inner>.elementor-widget-spacer>.elementor-widget-container>.elementor-spacer>.elementor-spacer-inner,.e-con>.elementor-widget-spacer>.elementor-widget-container>.elementor-spacer>.elementor-spacer-inner{height:var(--container-widget-height,var(--spacer-size))}.e-con-inner>.elementor-widget-spacer.elementor-widget-empty,.e-con>.elementor-widget-spacer.elementor-widget-empty{position:relative;min-height:22px;min-width:22px}.e-con-inner>.elementor-widget-spacer.elementor-widget-empty .elementor-widget-empty-icon,.e-con>.elementor-widget-spacer.elementor-widget-empty .elementor-widget-empty-icon{position:absolute;top:0;bottom:0;left:0;right:0;margin:auto;padding:0;width:22px;height:22px}<\/style>\t\t<div class=\"elementor-spacer\">\n\t\t\t<div class=\"elementor-spacer-inner\"><\/div>\n\t\t<\/div>\n\t\t\t\t<\/div>\n\t\t\t\t<\/div>\n\t\t\t\t<div class=\"elementor-element elementor-element-74ccf7b elementor-widget elementor-widget-heading\" data-id=\"74ccf7b\" data-element_type=\"widget\" data-widget_type=\"heading.default\">\n\t\t\t\t<div class=\"elementor-widget-container\">\n\t\t\t<h1 class=\"elementor-heading-title elementor-size-default\">Il paesaggio albisolese dopo il Mille<br>tra orti, ville e fornaci<\/h1>\t\t<\/div>\n\t\t\t\t<\/div>\n\t\t\t\t<div class=\"elementor-element elementor-element-be9d8d1 elementor-widget elementor-widget-heading\" data-id=\"be9d8d1\" data-element_type=\"widget\" data-widget_type=\"heading.default\">\n\t\t\t\t<div class=\"elementor-widget-container\">\n\t\t\t<h1 class=\"elementor-heading-title elementor-size-default\">a cura di Carla Bracco<\/h1>\t\t<\/div>\n\t\t\t\t<\/div>\n\t\t\t\t\t<\/div>\n\t\t<\/div>\n\t\t\t\t\t<\/div>\n\t\t<\/section>\n\t\t\t\t<section class=\"elementor-section elementor-top-section elementor-element elementor-element-3fb898a elementor-section-boxed elementor-section-height-default elementor-section-height-default\" data-id=\"3fb898a\" data-element_type=\"section\">\n\t\t\t\t\t\t<div class=\"elementor-container elementor-column-gap-default\">\n\t\t\t\t\t<div class=\"elementor-column elementor-col-100 elementor-top-column elementor-element elementor-element-fd18092\" data-id=\"fd18092\" data-element_type=\"column\">\n\t\t\t<div class=\"elementor-widget-wrap elementor-element-populated\">\n\t\t\t\t\t\t<section class=\"elementor-section elementor-inner-section elementor-element elementor-element-ceb8997 elementor-section-boxed elementor-section-height-default elementor-section-height-default\" data-id=\"ceb8997\" data-element_type=\"section\">\n\t\t\t\t\t\t<div class=\"elementor-container elementor-column-gap-default\">\n\t\t\t\t\t<div class=\"elementor-column elementor-col-50 elementor-inner-column elementor-element elementor-element-802f2d8\" data-id=\"802f2d8\" data-element_type=\"column\">\n\t\t\t<div class=\"elementor-widget-wrap elementor-element-populated\">\n\t\t\t\t\t\t<div class=\"elementor-element elementor-element-dba4ef2 elementor-widget elementor-widget-text-editor\" data-id=\"dba4ef2\" data-element_type=\"widget\" data-widget_type=\"text-editor.default\">\n\t\t\t\t<div class=\"elementor-widget-container\">\n\t\t\t<style>\/*! elementor - v3.19.0 - 28-02-2024 *\/\n.elementor-widget-text-editor.elementor-drop-cap-view-stacked .elementor-drop-cap{background-color:#69727d;color:#fff}.elementor-widget-text-editor.elementor-drop-cap-view-framed .elementor-drop-cap{color:#69727d;border:3px solid;background-color:transparent}.elementor-widget-text-editor:not(.elementor-drop-cap-view-default) .elementor-drop-cap{margin-top:8px}.elementor-widget-text-editor:not(.elementor-drop-cap-view-default) .elementor-drop-cap-letter{width:1em;height:1em}.elementor-widget-text-editor .elementor-drop-cap{float:left;text-align:center;line-height:1;font-size:50px}.elementor-widget-text-editor .elementor-drop-cap-letter{display:inline-block}<\/style>\t\t\t\t<p>Lo sfruttamento agricolo della piana di Albisola, gi\u00e0 esistente in et\u00e0 romana, probabilmente legato alla presenza di pi\u00f9 ville rustiche, si intensifica gi\u00e0 prima del 1000 anche per impulso degli ordini religiosi. Terreni localizzati ad Albissola Marina (dove esisteva una chiesa dedicata a San Benedetto), in localit\u00e0 Grana, e ad Albisola Superiore erano posti sotto la giurisdizione dell\u2019Abbazia di Tiglieto o dell\u2019Abbazia di San Quintino di Spigno che nella frazione di Ellera aveva impiantato le chiese di Santa Maria Maddalena e di San Salvatore.&nbsp;Poco o nulla sappiamo dei primi secoli di vita della principale chiesa, San Pietro, impiantata su un\u2019ala residenziale della villa romana.&nbsp;A partire dal XVI secolo essa \u00e8 ormai considerata un \u201cOratorio campestre\u201d totalmente circondato dai campi coltivati.&nbsp;I documenti d\u2019archivio come la cartografia storica Sette-Ottocentesca testimoniano il perdurare della vocazione agricola del territorio di Albisola Superiore: vigne e uliveti, castagneti e frutteti, terre coltivate a cereali, ortaggi, canapa lungo il Sansobbia e il Riobasco, cui si aggiungono i mulini da cereali nella Valle d\u2019Ellera, alcuni dei quali poi trasformati in mulini da colore.&nbsp;Con l\u2019inizio della fabbricazione della ceramica, sul finire del XV secolo, si determina una progressiva separazione del Borgo Inferiore (attuale Albissola Marina) che si distaccher\u00e0 dal Borgo Superiore nel 1615. Mentre Marina con l\u2019enorme e rapida diffusione dell\u2019attivit\u00e0 figulina potenzia la propria attitudine manifatturiera e commerciale, il borgo di Superiore mantiene la propria vocazione agricola e la frazione di Capo affianca la pesca alla produzione ceramica.&nbsp;<span style=\"background-color: var(--ast-global-color-0); color: var(--ast-global-color-1); font-style: inherit; font-weight: inherit;\">Nell\u2019indotto della lavorazione delle ceramiche un ruolo importante \u00e8 rivestito dai \u201ccavatori di terra\u201d, coloro che progressivamente prelevano argilla dalla piana albisolese e colmano le buche con butti di scarto di fornace. Questo spiega le numerose fosse di argilla, cavata ancora nel primo dopoguerra, e conseguente scarico di materiale disseminate per tutta la piana spesso intercettate dagli archeologi.&nbsp;<\/span><span style=\"font-style: inherit; font-weight: inherit; background-color: var(--ast-global-color-0); color: var(--ast-global-color-1);\">Dal XVII secolo profonde trasformazioni economiche incidono sullo sfruttamento del territorio e sull\u2019insediamento urbano: le famiglie genovesi dei Della Rovere e Brignole vengono affiancate dalle casate dei Balbi, Gentile e Durazzo.<\/span><\/p>\t\t\t\t\t\t<\/div>\n\t\t\t\t<\/div>\n\t\t\t\t\t<\/div>\n\t\t<\/div>\n\t\t\t\t<div class=\"elementor-column elementor-col-50 elementor-inner-column elementor-element elementor-element-54653a1\" data-id=\"54653a1\" data-element_type=\"column\">\n\t\t\t<div class=\"elementor-widget-wrap elementor-element-populated\">\n\t\t\t\t\t\t<div class=\"elementor-element elementor-element-bd1c6c6 elementor-widget elementor-widget-text-editor\" data-id=\"bd1c6c6\" data-element_type=\"widget\" data-widget_type=\"text-editor.default\">\n\t\t\t\t<div class=\"elementor-widget-container\">\n\t\t\t\t\t\t\t<p>Ogni famiglia si attesta con una villa patrizia imprimendo un forte cambiamento al paesaggio albisolese, dominato fino ad allora da alcune residenze turrite: la Villa dei Siri nel borgo Costa, alle estreme propaggini orientali, la Villa dei Della Rovere presso le Cantine, quella dei Foglia alla Calcinara. Ma dimore nobiliari si ergono anche a Capo, con Villa Balbi presso la costa, e ad Albissola Marina con Villa De Mari e Villa Durazzo Faraggiana. I Durazzo, i Balbi, i Della Rovere attendono a lavori di arginatura del Sansobbia, riordinano le propriet\u00e0, organizzandole con percorsi interni, cancellate monumentali, grandi viali, spesso unendo alla magnificenza della villa padronale un accorto sfruttamento agricolo dei terreni circostanti. In particolare il paesaggio di Superiore \u00e8 dominato dall\u2019 intensa attivit\u00e0 di Francesco Maria della Rovere che a met\u00e0 Settecento partendo dalla C\u00e0 Grande (riconosciuta dalla tradizione come casa natale di Giuliano, futuro papa Giulio II), la trasforma in un esaltante edificio rococ\u00f2 con un originale rapporto tra villa-giardino-natura: Villa Della Rovere-Gavotti.\u00a0<span style=\"font-style: inherit; font-weight: inherit; background-color: var(--ast-global-color-0); color: var(--ast-global-color-1);\">Con sapienti lavori di bonifica, arginatura ed irrigazione razionalizza la coltivazione di un vasto territorio che viene poi legato ed armonizzato architettonicamente e cromaticamente: il color giallo croceo della Villa Della Rovere-Gavotti e delle sue dipendenze fa da contrappunto al rosso scarlatto dell\u2019intero complesso della Villa Durazzo-Faraggiana sull\u2019altra sponda del Torrente Sansobbia. Questa armonia di paesaggio e la rigogliosa vegetazione vengono colti dai paesaggisti dell\u2019Ottocento e registrati con stupore dai colti viaggiatori stranieri.\u00a0\u00a0<\/span><span style=\"font-style: inherit; font-weight: inherit; background-color: var(--ast-global-color-0); color: var(--ast-global-color-1);\">Da Villa Gavotti alla frazione Capo \u00e8 aperta campagna, con qualche isolato gruppo di case. A met\u00e0 strada la chiesetta di San Pietro, distrutta dal terremoto del 1878, sorge al centro dei resti romani di <\/span><em style=\"font-weight: inherit; background-color: var(--ast-global-color-0); color: var(--ast-global-color-1);\">Alba Docilia<\/em><span style=\"font-style: inherit; font-weight: inherit; background-color: var(--ast-global-color-0); color: var(--ast-global-color-1);\"> che proprio sul finire del secolo iniziano ad essere svelati \u2026 <\/span><span style=\"font-style: inherit; font-weight: inherit; background-color: var(--ast-global-color-0); color: var(--ast-global-color-1);\">Il resto \u2013 la costruzione della nuova strada litoranea che collega a Genova proseguita a inizio Novecento fino a Savona, la costruzione della Ferrovia e dell\u2019asse viario di viale Mazzini \u2013 \u00e8 storia recente.<\/span><\/p>\t\t\t\t\t\t<\/div>\n\t\t\t\t<\/div>\n\t\t\t\t\t<\/div>\n\t\t<\/div>\n\t\t\t\t\t<\/div>\n\t\t<\/section>\n\t\t\t\t\t<\/div>\n\t\t<\/div>\n\t\t\t\t\t<\/div>\n\t\t<\/section>\n\t\t\t\t<section class=\"elementor-section elementor-top-section elementor-element elementor-element-d3c56c3 elementor-section-height-min-height elementor-section-boxed elementor-section-height-default elementor-section-items-middle\" data-id=\"d3c56c3\" data-element_type=\"section\" data-settings=\"{&quot;background_background&quot;:&quot;classic&quot;}\">\n\t\t\t\t\t\t<div class=\"elementor-container elementor-column-gap-default\">\n\t\t\t\t\t<div class=\"elementor-column elementor-col-100 elementor-top-column elementor-element elementor-element-e710896\" data-id=\"e710896\" data-element_type=\"column\">\n\t\t\t<div class=\"elementor-widget-wrap elementor-element-populated\">\n\t\t\t\t\t\t<section class=\"elementor-section elementor-inner-section elementor-element elementor-element-9aba8f5 elementor-section-boxed elementor-section-height-default elementor-section-height-default\" data-id=\"9aba8f5\" data-element_type=\"section\">\n\t\t\t\t\t\t<div class=\"elementor-container elementor-column-gap-default\">\n\t\t\t\t\t<div class=\"elementor-column elementor-col-100 elementor-inner-column elementor-element elementor-element-727b721\" data-id=\"727b721\" data-element_type=\"column\">\n\t\t\t<div class=\"elementor-widget-wrap elementor-element-populated\">\n\t\t\t\t\t\t<div class=\"elementor-element elementor-element-f783123 elementor-widget elementor-widget-image\" data-id=\"f783123\" data-element_type=\"widget\" data-widget_type=\"image.default\">\n\t\t\t\t<div class=\"elementor-widget-container\">\n\t\t\t<style>\/*! elementor - v3.19.0 - 28-02-2024 *\/\n.elementor-widget-image{text-align:center}.elementor-widget-image a{display:inline-block}.elementor-widget-image a img[src$=\".svg\"]{width:48px}.elementor-widget-image img{vertical-align:middle;display:inline-block}<\/style>\t\t\t\t\t\t\t\t\t\t\t<a href=\"https:\/\/albadocilia.cultura.gov.it\/wp-content\/uploads\/2023\/09\/Vinzoni-Albisola-dal-Dominio-della-Serenissima_.jpg\" data-elementor-open-lightbox=\"yes\" data-e-action-hash=\"#elementor-action%3Aaction%3Dlightbox%26settings%3DeyJpZCI6OTM1NywidXJsIjoiaHR0cHM6XC9cL2FsYmFkb2NpbGlhLmN1bHR1cmEuZ292Lml0XC93cC1jb250ZW50XC91cGxvYWRzXC8yMDIzXC8wOVwvVmluem9uaS1BbGJpc29sYS1kYWwtRG9taW5pby1kZWxsYS1TZXJlbmlzc2ltYV8uanBnIn0%3D\">\n\t\t\t\t\t\t\t<img decoding=\"async\" src=\"https:\/\/albadocilia.cultura.gov.it\/wp-content\/uploads\/elementor\/thumbs\/Vinzoni-Albisola-dal-Dominio-della-Serenissima_-qcs5y9r5w107kaxsh01i8deuxbdfgph0kz80z7ncn4.jpg\" title=\"\" alt=\"\" loading=\"lazy\" \/>\t\t\t\t\t\t\t\t<\/a>\n\t\t\t\t\t\t\t\t\t\t\t\t\t<\/div>\n\t\t\t\t<\/div>\n\t\t\t\t<div class=\"elementor-element elementor-element-2482694 elementor-widget elementor-widget-text-editor\" data-id=\"2482694\" data-element_type=\"widget\" data-widget_type=\"text-editor.default\">\n\t\t\t\t<div class=\"elementor-widget-container\">\n\t\t\t\t\t\t\t<p>Carta della veduta di ALbisola Superiore, da Matteo Vinzoni, <em>Il Dominio della Serenissima Repubblica di Genova in Terraferma,\u00a0<\/em>Genova 1773,\u00a0Biblioteca Civica Berio, Genova.<\/p>\t\t\t\t\t\t<\/div>\n\t\t\t\t<\/div>\n\t\t\t\t\t<\/div>\n\t\t<\/div>\n\t\t\t\t\t<\/div>\n\t\t<\/section>\n\t\t\t\t\t<\/div>\n\t\t<\/div>\n\t\t\t\t\t<\/div>\n\t\t<\/section>\n\t\t\t\t<section class=\"elementor-section elementor-top-section elementor-element elementor-element-6024db4 elementor-section-height-min-height elementor-section-boxed elementor-section-height-default elementor-section-items-middle\" data-id=\"6024db4\" data-element_type=\"section\" data-settings=\"{&quot;background_background&quot;:&quot;classic&quot;}\">\n\t\t\t\t\t\t<div class=\"elementor-container elementor-column-gap-default\">\n\t\t\t\t\t<div class=\"elementor-column elementor-col-100 elementor-top-column elementor-element elementor-element-49f7804\" data-id=\"49f7804\" data-element_type=\"column\">\n\t\t\t<div class=\"elementor-widget-wrap elementor-element-populated\">\n\t\t\t\t\t\t<section class=\"elementor-section elementor-inner-section elementor-element elementor-element-206cf61 elementor-section-boxed elementor-section-height-default elementor-section-height-default\" data-id=\"206cf61\" data-element_type=\"section\">\n\t\t\t\t\t\t<div class=\"elementor-container elementor-column-gap-default\">\n\t\t\t\t\t<div class=\"elementor-column elementor-col-100 elementor-inner-column elementor-element elementor-element-160200f\" data-id=\"160200f\" data-element_type=\"column\">\n\t\t\t<div class=\"elementor-widget-wrap elementor-element-populated\">\n\t\t\t\t\t\t<div class=\"elementor-element elementor-element-c233a1e elementor-widget elementor-widget-image\" data-id=\"c233a1e\" data-element_type=\"widget\" data-widget_type=\"image.default\">\n\t\t\t\t<div class=\"elementor-widget-container\">\n\t\t\t\t\t\t\t\t\t\t\t\t\t\t<a href=\"https:\/\/albadocilia.cultura.gov.it\/wp-content\/uploads\/2023\/09\/Astengo-Fiaschini__.jpg\" data-elementor-open-lightbox=\"yes\" data-elementor-lightbox-title=\"Astengo Fiaschini__\" data-e-action-hash=\"#elementor-action%3Aaction%3Dlightbox%26settings%3DeyJpZCI6OTM4MiwidXJsIjoiaHR0cHM6XC9cL2FsYmFkb2NpbGlhLmN1bHR1cmEuZ292Lml0XC93cC1jb250ZW50XC91cGxvYWRzXC8yMDIzXC8wOVwvQXN0ZW5nby1GaWFzY2hpbmlfXy5qcGcifQ%3D%3D\">\n\t\t\t\t\t\t\t<img decoding=\"async\" src=\"https:\/\/albadocilia.cultura.gov.it\/wp-content\/uploads\/elementor\/thumbs\/Astengo-Fiaschini__-qcs6oieyoixdoetm8udkc913xk1bcin96uv0aaqp4q.jpg\" title=\"Astengo Fiaschini__\" alt=\"Astengo Fiaschini__\" loading=\"lazy\" \/>\t\t\t\t\t\t\t\t<\/a>\n\t\t\t\t\t\t\t\t\t\t\t\t\t<\/div>\n\t\t\t\t<\/div>\n\t\t\t\t<div class=\"elementor-element elementor-element-86fbbea elementor-widget elementor-widget-text-editor\" data-id=\"86fbbea\" data-element_type=\"widget\" data-widget_type=\"text-editor.default\">\n\t\t\t\t<div class=\"elementor-widget-container\">\n\t\t\t\t\t\t\t<p>Veduta di Villa Della Rovere (ora Gavotti) in una litografia di Anonimo datata 1824. <br>Da D. Astengo, G. Fiaschini, <i>Viaggiatori e vedutisti in riviera, coste e valli del savonese (XVII-XIX sec.)<\/i>, Genova p. 138.<\/p>\t\t\t\t\t\t<\/div>\n\t\t\t\t<\/div>\n\t\t\t\t\t<\/div>\n\t\t<\/div>\n\t\t\t\t\t<\/div>\n\t\t<\/section>\n\t\t\t\t\t<\/div>\n\t\t<\/div>\n\t\t\t\t\t<\/div>\n\t\t<\/section>\n\t\t\t\t<\/div>\n\t\t","protected":false},"excerpt":{"rendered":"<p>ORA SEI IN UNA PAGINA DI APPROFONDIMENTO Il paesaggio albisolese dopo il Milletra orti, ville e fornaci a cura di Carla Bracco Lo sfruttamento agricolo della piana di Albisola, gi\u00e0 esistente in et\u00e0 romana, probabilmente legato alla presenza di pi\u00f9 ville rustiche, si intensifica gi\u00e0 prima del 1000 anche per impulso degli ordini religiosi. Terreni &hellip;<\/p>\n<p class=\"read-more\"> <a class=\"\" href=\"https:\/\/albadocilia.cultura.gov.it\/?page_id=5749\"> <span class=\"screen-reader-text\">Il paesaggio albisolese dopo il Mille<\/span> Leggi altro &raquo;<\/a><\/p>\n","protected":false},"author":1,"featured_media":0,"parent":0,"menu_order":0,"comment_status":"closed","ping_status":"closed","template":"","meta":{"site-sidebar-layout":"no-sidebar","site-content-layout":"page-builder","ast-global-header-display":"","ast-main-header-display":"","ast-hfb-above-header-display":"","ast-hfb-below-header-display":"","ast-hfb-mobile-header-display":"","site-post-title":"disabled","ast-breadcrumbs-content":"","ast-featured-img":"disabled","footer-sml-layout":"","theme-transparent-header-meta":"","adv-header-id-meta":"","stick-header-meta":"","header-above-stick-meta":"","header-main-stick-meta":"","header-below-stick-meta":"","footnotes":""},"class_list":["post-5749","page","type-page","status-publish","hentry"],"_links":{"self":[{"href":"https:\/\/albadocilia.cultura.gov.it\/index.php?rest_route=\/wp\/v2\/pages\/5749","targetHints":{"allow":["GET"]}}],"collection":[{"href":"https:\/\/albadocilia.cultura.gov.it\/index.php?rest_route=\/wp\/v2\/pages"}],"about":[{"href":"https:\/\/albadocilia.cultura.gov.it\/index.php?rest_route=\/wp\/v2\/types\/page"}],"author":[{"embeddable":true,"href":"https:\/\/albadocilia.cultura.gov.it\/index.php?rest_route=\/wp\/v2\/users\/1"}],"replies":[{"embeddable":true,"href":"https:\/\/albadocilia.cultura.gov.it\/index.php?rest_route=%2Fwp%2Fv2%2Fcomments&post=5749"}],"version-history":[{"count":65,"href":"https:\/\/albadocilia.cultura.gov.it\/index.php?rest_route=\/wp\/v2\/pages\/5749\/revisions"}],"predecessor-version":[{"id":9391,"href":"https:\/\/albadocilia.cultura.gov.it\/index.php?rest_route=\/wp\/v2\/pages\/5749\/revisions\/9391"}],"wp:attachment":[{"href":"https:\/\/albadocilia.cultura.gov.it\/index.php?rest_route=%2Fwp%2Fv2%2Fmedia&parent=5749"}],"curies":[{"name":"wp","href":"https:\/\/api.w.org\/{rel}","templated":true}]}}