{"id":4579,"date":"2023-02-23T09:49:20","date_gmt":"2023-02-23T08:49:20","guid":{"rendered":"http:\/\/albadocilia.cultura.gov.it\/?page_id=4579"},"modified":"2023-11-19T11:20:34","modified_gmt":"2023-11-19T10:20:34","slug":"approfondimento-storia-degli-scavi","status":"publish","type":"page","link":"https:\/\/albadocilia.cultura.gov.it\/?page_id=4579","title":{"rendered":"La storia degli scavi ma non solo"},"content":{"rendered":"\t\t<div data-elementor-type=\"wp-page\" data-elementor-id=\"4579\" class=\"elementor elementor-4579\">\n\t\t\t\t\t\t<section class=\"elementor-section elementor-top-section elementor-element elementor-element-f36650c elementor-section-height-min-height elementor-section-boxed elementor-section-height-default elementor-section-items-middle\" data-id=\"f36650c\" data-element_type=\"section\" data-settings=\"{&quot;background_background&quot;:&quot;gradient&quot;}\">\n\t\t\t\t\t\t<div class=\"elementor-container elementor-column-gap-default\">\n\t\t\t\t\t<div class=\"elementor-column elementor-col-100 elementor-top-column elementor-element elementor-element-5e0ed77\" data-id=\"5e0ed77\" data-element_type=\"column\">\n\t\t\t<div class=\"elementor-widget-wrap elementor-element-populated\">\n\t\t\t\t\t\t<div class=\"elementor-element elementor-element-fcfefef elementor-widget elementor-widget-heading\" data-id=\"fcfefef\" data-element_type=\"widget\" data-widget_type=\"heading.default\">\n\t\t\t\t<div class=\"elementor-widget-container\">\n\t\t\t<style>\/*! elementor - v3.19.0 - 28-02-2024 *\/\n.elementor-heading-title{padding:0;margin:0;line-height:1}.elementor-widget-heading .elementor-heading-title[class*=elementor-size-]>a{color:inherit;font-size:inherit;line-height:inherit}.elementor-widget-heading .elementor-heading-title.elementor-size-small{font-size:15px}.elementor-widget-heading .elementor-heading-title.elementor-size-medium{font-size:19px}.elementor-widget-heading .elementor-heading-title.elementor-size-large{font-size:29px}.elementor-widget-heading .elementor-heading-title.elementor-size-xl{font-size:39px}.elementor-widget-heading .elementor-heading-title.elementor-size-xxl{font-size:59px}<\/style><h2 class=\"elementor-heading-title elementor-size-default\">ORA SEI IN UNA PAGINA DI APPROFONDIMENTO<\/h2>\t\t<\/div>\n\t\t\t\t<\/div>\n\t\t\t\t<div class=\"elementor-element elementor-element-a8baf47 elementor-widget elementor-widget-spacer\" data-id=\"a8baf47\" data-element_type=\"widget\" data-widget_type=\"spacer.default\">\n\t\t\t\t<div class=\"elementor-widget-container\">\n\t\t\t<style>\/*! elementor - v3.19.0 - 28-02-2024 *\/\n.elementor-column .elementor-spacer-inner{height:var(--spacer-size)}.e-con{--container-widget-width:100%}.e-con-inner>.elementor-widget-spacer,.e-con>.elementor-widget-spacer{width:var(--container-widget-width,var(--spacer-size));--align-self:var(--container-widget-align-self,initial);--flex-shrink:0}.e-con-inner>.elementor-widget-spacer>.elementor-widget-container,.e-con>.elementor-widget-spacer>.elementor-widget-container{height:100%;width:100%}.e-con-inner>.elementor-widget-spacer>.elementor-widget-container>.elementor-spacer,.e-con>.elementor-widget-spacer>.elementor-widget-container>.elementor-spacer{height:100%}.e-con-inner>.elementor-widget-spacer>.elementor-widget-container>.elementor-spacer>.elementor-spacer-inner,.e-con>.elementor-widget-spacer>.elementor-widget-container>.elementor-spacer>.elementor-spacer-inner{height:var(--container-widget-height,var(--spacer-size))}.e-con-inner>.elementor-widget-spacer.elementor-widget-empty,.e-con>.elementor-widget-spacer.elementor-widget-empty{position:relative;min-height:22px;min-width:22px}.e-con-inner>.elementor-widget-spacer.elementor-widget-empty .elementor-widget-empty-icon,.e-con>.elementor-widget-spacer.elementor-widget-empty .elementor-widget-empty-icon{position:absolute;top:0;bottom:0;left:0;right:0;margin:auto;padding:0;width:22px;height:22px}<\/style>\t\t<div class=\"elementor-spacer\">\n\t\t\t<div class=\"elementor-spacer-inner\"><\/div>\n\t\t<\/div>\n\t\t\t\t<\/div>\n\t\t\t\t<\/div>\n\t\t\t\t<div class=\"elementor-element elementor-element-74ccf7b elementor-widget elementor-widget-heading\" data-id=\"74ccf7b\" data-element_type=\"widget\" data-widget_type=\"heading.default\">\n\t\t\t\t<div class=\"elementor-widget-container\">\n\t\t\t<h1 class=\"elementor-heading-title elementor-size-default\">La storia degli scavi <br>ma non solo<\/h1>\t\t<\/div>\n\t\t\t\t<\/div>\n\t\t\t\t\t<\/div>\n\t\t<\/div>\n\t\t\t\t\t<\/div>\n\t\t<\/section>\n\t\t\t\t<section class=\"elementor-section elementor-top-section elementor-element elementor-element-ddf4b78 elementor-section-content-middle elementor-section-height-min-height elementor-section-boxed elementor-section-height-default elementor-section-items-middle\" data-id=\"ddf4b78\" data-element_type=\"section\" data-settings=\"{&quot;background_background&quot;:&quot;classic&quot;}\">\n\t\t\t\t\t\t\t<div class=\"elementor-background-overlay\"><\/div>\n\t\t\t\t\t\t\t<div class=\"elementor-container elementor-column-gap-no\">\n\t\t\t\t\t<div class=\"elementor-column elementor-col-100 elementor-top-column elementor-element elementor-element-37cbe09\" data-id=\"37cbe09\" data-element_type=\"column\">\n\t\t\t<div class=\"elementor-widget-wrap\">\n\t\t\t\t\t\t\t<\/div>\n\t\t<\/div>\n\t\t\t\t\t<\/div>\n\t\t<\/section>\n\t\t\t\t<section class=\"elementor-section elementor-top-section elementor-element elementor-element-3fb898a elementor-section-boxed elementor-section-height-default elementor-section-height-default\" data-id=\"3fb898a\" data-element_type=\"section\">\n\t\t\t\t\t\t<div class=\"elementor-container elementor-column-gap-default\">\n\t\t\t\t\t<div class=\"elementor-column elementor-col-100 elementor-top-column elementor-element elementor-element-fd18092\" data-id=\"fd18092\" data-element_type=\"column\">\n\t\t\t<div class=\"elementor-widget-wrap elementor-element-populated\">\n\t\t\t\t\t\t<section class=\"elementor-section elementor-inner-section elementor-element elementor-element-ceb8997 elementor-section-boxed elementor-section-height-default elementor-section-height-default\" data-id=\"ceb8997\" data-element_type=\"section\">\n\t\t\t\t\t\t<div class=\"elementor-container elementor-column-gap-default\">\n\t\t\t\t\t<div class=\"elementor-column elementor-col-50 elementor-inner-column elementor-element elementor-element-802f2d8\" data-id=\"802f2d8\" data-element_type=\"column\">\n\t\t\t<div class=\"elementor-widget-wrap elementor-element-populated\">\n\t\t\t\t\t\t<div class=\"elementor-element elementor-element-dba4ef2 elementor-widget elementor-widget-text-editor\" data-id=\"dba4ef2\" data-element_type=\"widget\" data-widget_type=\"text-editor.default\">\n\t\t\t\t<div class=\"elementor-widget-container\">\n\t\t\t<style>\/*! elementor - v3.19.0 - 28-02-2024 *\/\n.elementor-widget-text-editor.elementor-drop-cap-view-stacked .elementor-drop-cap{background-color:#69727d;color:#fff}.elementor-widget-text-editor.elementor-drop-cap-view-framed .elementor-drop-cap{color:#69727d;border:3px solid;background-color:transparent}.elementor-widget-text-editor:not(.elementor-drop-cap-view-default) .elementor-drop-cap{margin-top:8px}.elementor-widget-text-editor:not(.elementor-drop-cap-view-default) .elementor-drop-cap-letter{width:1em;height:1em}.elementor-widget-text-editor .elementor-drop-cap{float:left;text-align:center;line-height:1;font-size:50px}.elementor-widget-text-editor .elementor-drop-cap-letter{display:inline-block}<\/style>\t\t\t\t<p>Siamo spesso abituati, quando visitiamo un luogo di cultura, ad avere a che fare, in vario modo, con la sua storia in relazione al periodo storico in cui \u00e8 stato frequentato e a chi l\u00ec ha vissuto. Meno spesso invece ci si chiede come si \u00e8 venuti a conoscenza dell\u2019esistenza di un certo luogo, come \u00e8 stato scoperto, chi se ne \u00e8 occupato e quando. Nel caso specifico di un sito archeologico, come \u00e8 il nostro, pu\u00f2 essere interessante conoscere non solo la storia di quel contesto nel passato, ossia all\u2019interno della sua epoca, ma anche la storia degli scavi che ne hanno consentito la messa in luce e delle altre attivit\u00e0 di studio e tutela che lo riguardano. Potremmo chiamarla \u201cstoria della conoscenza\u201d. Essa inizia in un certo anno, quello in cui per esempio \u00e8 avvenuta la sua scoperta, ma non si conclude mai. Si, perch\u00e9 non si finisce mai di studiare una testimonianza del nostro passato: essa continua a parlarci, in vario modo, anche grazie alle nuove tecnologie, aiuto prezioso per lo studio e l\u2019analisi di materiali e reperti di ogni genere.<br \/>La storia della conoscenza della <span style=\"color: #000000;\"><a style=\"color: #000000;\" href=\"https:\/\/albadocilia.cultura.gov.it\/?page_id=1249#villa\" target=\"_blank\" rel=\"noopener\"><em><u>villa<\/u><\/em><\/a><\/span> di <span style=\"color: #000000;\"><a style=\"color: #000000;\" href=\"https:\/\/albadocilia.cultura.gov.it\/?page_id=1249#alba-docilia\" target=\"_blank\" rel=\"noopener\"><em><u>Alba Docilia<\/u><\/em><\/a><\/span> \u00e8 iniziata nel 1600 e non si \u00e8 ancora conclusa.Le fonti storiche riguardati il territorio savonese ci dicono che gi\u00e0 nei primi decenni del XVII secolo l\u2019area compresa tra le attuali via San Pietro e corso Mazzini era nota per la presenza di \u201crovine\u201d che emergevano qua e l\u00e0 nei terreni coltivati a orti e vigneti. Il Verzellino, per l\u2019anno 1620, riferisce il ritrovamento, presso la chiesa di San Pietro, di una tomba con cassa in piombo.<br \/>All\u2019inizio del 1800 si ha poi notizia delle primissime attivit\u00e0 di \u201cscavo di antichit\u00e0\u201d ma fu nel 1880 che accadde qualcosa di veramente determinante per la storia della conoscenza della nostra <span style=\"color: #000000;\"><a style=\"color: #000000;\" href=\"https:\/\/albadocilia.cultura.gov.it\/?page_id=1249#villa\" target=\"_blank\" rel=\"noopener\"><em><u>villa<\/u><\/em><\/a><\/span>: il parroco della chiesa di San Nicol\u00f2 di Albisola, Giovanni Battista Schiappapietra, gi\u00e0 regio Ispettore degli scavi e monumenti di Savona, con il sostegno del sindaco di allora, il Marchese Gerolamo Gavotti, decise di intraprendere ricerche archeologiche regolari nell\u2019area circostante la chiesa di San Pietro. Venne portato cos\u00ec alla luce un primo nucleo di strutture, quello riconosciuto <span style=\"color: #000000;\">poi come <span style=\"text-decoration: underline;\"><a style=\"color: #000000; text-decoration: underline;\" href=\"https:\/\/albadocilia.cultura.gov.it\/?page_id=4017\" target=\"_blank\" rel=\"noopener\">impianto termale<\/a><\/span> e vennero recuperati moltissimi materiali e reperti. Il parroco<\/span> cre\u00f2 cos\u00ec, a scopo di tutela e conservazione, una collezione, nota tutt\u2019ora come \u201cCollezione Schiappapietra\u201d, conservata fino agli anni Ottanta del Novecento presso l\u2019oratorio di Santa Maria Maggiore e poi trasferita in parte presso il Civico Museo per la Storia della Ceramica Manlio Trucco di Albisola Superiore. Quindi una pausa di quasi cento anni.<br \/>La successiva data chiave \u00e8 il 26 febbraio 1957.\u00a0<\/p>\t\t\t\t\t\t<\/div>\n\t\t\t\t<\/div>\n\t\t\t\t\t<\/div>\n\t\t<\/div>\n\t\t\t\t<div class=\"elementor-column elementor-col-50 elementor-inner-column elementor-element elementor-element-54653a1\" data-id=\"54653a1\" data-element_type=\"column\">\n\t\t\t<div class=\"elementor-widget-wrap elementor-element-populated\">\n\t\t\t\t\t\t<div class=\"elementor-element elementor-element-bd1c6c6 elementor-widget elementor-widget-text-editor\" data-id=\"bd1c6c6\" data-element_type=\"widget\" data-widget_type=\"text-editor.default\">\n\t\t\t\t<div class=\"elementor-widget-container\">\n\t\t\t\t\t\t\t<p>Fu questo, infatti, il giorno di inizio dei lavori di rinnovo urbanistico di tutta l\u2019area compresa tra via San Pietro e corso Mazzini per la costruzione della stazione ferroviaria e della adiacente piazza Giulio II. L\u2019area, vista la gi\u00e0 nota presenza di strutture antiche rinvenute nell\u2019800, fu oggetto di indagini archeologiche preventive, dirette dalla allora Soprintendenza alle Antichit\u00e0 della Liguria nella persona di Dede Restagno, con la collaborazione dell\u2019Istituto Internazionale di Studi Liguri.<br \/>Gli scavi partirono dalla zona delle strutture gi\u00e0 note, per procedere poi in estensione in tutta l\u2019area. Negli 11 mesi successivi vennero progressivamente portate alla luce le strutture ovest, est, sud e nord del<span style=\"color: #000000;\"> grande edificio quadrangolare (<a style=\"color: #000000;\" href=\"https:\/\/albadocilia.cultura.gov.it\/?page_id=4426\"><em><u>pars rustica<\/u><\/em><\/a>) che delimit<\/span>avano il grande cortile centrale. Negli anni \u201950 del secolo scorso la metodologia dello scavo archeologico era piuttosto diversa da quella attuale: diciamo che non si era ancora perfezionata e lo scavo, specialmente se in presenza di strutture antiche gi\u00e0 note, avveniva tramite sterro, con lo scopo di cercare appositamente le murature, spesso trascurando la sequenza di deposizione degli strati di terreno e i rapporti stratigrafici tra questi e le strutture stesse. I lavori consistettero infatti nel seguire, attraverso lo scavo di trincee, l\u2019andamento delle rasature dei muri della <span style=\"color: #000000;\"><a style=\"color: #000000;\" href=\"https:\/\/albadocilia.cultura.gov.it\/?page_id=1249#villa\" target=\"_blank\" rel=\"noopener\"><em><u>villa<\/u><\/em><\/a><\/span>, partendo dai tratti gi\u00e0 noti. Malgrado ci\u00f2, \u00e8 indubbio che, nel suo complesso, fu un lavoro di scavo considerevole, eseguito e diretto con cura. Nell\u2019ambito di tutta la documentazione prodotta durante i lavori, venne anche redatto un diario di scavo (attivit\u00e0 non proprio scontata in un cantiere archeologico ma tuttavia assai importante e utile). Questo scritto esiste ancora ed \u00e8 conservato a Genova, nella sede della Soprintendenza in un apposito armadio: a partire dal 26 febbraio 1957, pressoch\u00e9 quotidianamente, Dede Restagno redige, pagina dopo pagina, una accurata descrizione della successione delle attivit\u00e0 di scavo delle trincee, di cui indica posizione, andamento e estensione, soffermandosi sul rinvenimento progressivo delle strutture e sull\u2019elencazione dei reperti recuperati. Solo sporadicamente vengono descritti i livelli di terreno scavati e i relativi rapporti stratigrafici tra essi e le strutture (dati imprescindibili per la metodologia moderna). E\u2019 per\u00f2 doveroso sottolineare che all\u2019interno del diario di scavo \u00e8 presente anche una interessantissima selezione di fotografie che ci mostrano, al di l\u00e0 delle varie trincee di scavo, l\u2019aspetto di tutta l\u2019area circostante al momento dei lavori. Dedicando una sezione specifica a questi interessanti documenti, eccone da vicino alcune pagine.<\/p>\t\t\t\t\t\t<\/div>\n\t\t\t\t<\/div>\n\t\t\t\t\t<\/div>\n\t\t<\/div>\n\t\t\t\t\t<\/div>\n\t\t<\/section>\n\t\t\t\t\t<\/div>\n\t\t<\/div>\n\t\t\t\t\t<\/div>\n\t\t<\/section>\n\t\t\t\t<section class=\"elementor-section elementor-top-section elementor-element elementor-element-252097b elementor-section-height-min-height elementor-section-stretched elementor-section-boxed elementor-section-height-default elementor-section-items-middle\" data-id=\"252097b\" data-element_type=\"section\" data-settings=\"{&quot;stretch_section&quot;:&quot;section-stretched&quot;,&quot;background_background&quot;:&quot;classic&quot;}\">\n\t\t\t\t\t\t<div class=\"elementor-container elementor-column-gap-default\">\n\t\t\t\t\t<div class=\"elementor-column elementor-col-100 elementor-top-column elementor-element elementor-element-e8799cd\" data-id=\"e8799cd\" data-element_type=\"column\">\n\t\t\t<div class=\"elementor-widget-wrap elementor-element-populated\">\n\t\t\t\t\t\t<div class=\"elementor-element elementor-element-e56acf9 elementor-arrows-position-inside elementor-widget elementor-widget-image-carousel\" data-id=\"e56acf9\" data-element_type=\"widget\" data-settings=\"{&quot;slides_to_show&quot;:&quot;3&quot;,&quot;slides_to_scroll&quot;:&quot;1&quot;,&quot;navigation&quot;:&quot;arrows&quot;,&quot;autoplay&quot;:&quot;no&quot;,&quot;infinite&quot;:&quot;yes&quot;,&quot;speed&quot;:500}\" data-widget_type=\"image-carousel.default\">\n\t\t\t\t<div class=\"elementor-widget-container\">\n\t\t\t<style>\/*! elementor - v3.19.0 - 28-02-2024 *\/\n.elementor-widget-image-carousel .swiper,.elementor-widget-image-carousel .swiper-container{position:static}.elementor-widget-image-carousel .swiper-container .swiper-slide figure,.elementor-widget-image-carousel .swiper .swiper-slide figure{line-height:inherit}.elementor-widget-image-carousel .swiper-slide{text-align:center}.elementor-image-carousel-wrapper:not(.swiper-container-initialized):not(.swiper-initialized) .swiper-slide{max-width:calc(100% \/ var(--e-image-carousel-slides-to-show, 3))}<\/style>\t\t<div class=\"elementor-image-carousel-wrapper swiper-container\" dir=\"ltr\">\n\t\t\t<div class=\"elementor-image-carousel swiper-wrapper\" aria-live=\"polite\">\n\t\t\t\t\t\t\t\t<div class=\"swiper-slide\" role=\"group\" aria-roledescription=\"slide\" aria-label=\"1 di 17\"><a data-elementor-open-lightbox=\"yes\" data-elementor-lightbox-slideshow=\"e56acf9\" data-elementor-lightbox-title=\"Il plico contenente il diario di scavo del 1957\" data-e-action-hash=\"#elementor-action%3Aaction%3Dlightbox%26settings%3DeyJpZCI6NDYzNSwidXJsIjoiaHR0cHM6XC9cL2FsYmFkb2NpbGlhLmN1bHR1cmEuZ292Lml0XC93cC1jb250ZW50XC91cGxvYWRzXC8yMDIzXC8wMlwvMDBfWFQ0MzIxMi0xLmpwZyIsInNsaWRlc2hvdyI6ImU1NmFjZjkifQ%3D%3D\" href=\"https:\/\/albadocilia.cultura.gov.it\/wp-content\/uploads\/2023\/02\/00_XT43212-1.jpg\"><figure class=\"swiper-slide-inner\"><img decoding=\"async\" class=\"swiper-slide-image\" src=\"https:\/\/albadocilia.cultura.gov.it\/wp-content\/uploads\/2023\/02\/00_XT43212-1-300x300.jpg\" alt=\"Il plico contenente il diario di scavo del 1957\" \/><figcaption class=\"elementor-image-carousel-caption\">Il plico contenente il diario di scavo del 1957<\/figcaption><\/figure><\/a><\/div><div class=\"swiper-slide\" role=\"group\" aria-roledescription=\"slide\" aria-label=\"2 di 17\"><a data-elementor-open-lightbox=\"yes\" data-elementor-lightbox-slideshow=\"e56acf9\" data-elementor-lightbox-title=\"Particolare del plico\" data-e-action-hash=\"#elementor-action%3Aaction%3Dlightbox%26settings%3DeyJpZCI6NDYzNiwidXJsIjoiaHR0cHM6XC9cL2FsYmFkb2NpbGlhLmN1bHR1cmEuZ292Lml0XC93cC1jb250ZW50XC91cGxvYWRzXC8yMDIzXC8wMlwvMDFfWFQ0MzIxNC0xLmpwZyIsInNsaWRlc2hvdyI6ImU1NmFjZjkifQ%3D%3D\" href=\"https:\/\/albadocilia.cultura.gov.it\/wp-content\/uploads\/2023\/02\/01_XT43214-1.jpg\"><figure class=\"swiper-slide-inner\"><img decoding=\"async\" class=\"swiper-slide-image\" src=\"https:\/\/albadocilia.cultura.gov.it\/wp-content\/uploads\/2023\/02\/01_XT43214-1-300x300.jpg\" alt=\"Si notino la data e il titolo\" \/><figcaption class=\"elementor-image-carousel-caption\">Particolare del plico<\/figcaption><\/figure><\/a><\/div><div class=\"swiper-slide\" role=\"group\" aria-roledescription=\"slide\" aria-label=\"3 di 17\"><a data-elementor-open-lightbox=\"yes\" data-elementor-lightbox-slideshow=\"e56acf9\" data-elementor-lightbox-title=\"...Il frontespizio...\" data-e-action-hash=\"#elementor-action%3Aaction%3Dlightbox%26settings%3DeyJpZCI6NDYzNywidXJsIjoiaHR0cHM6XC9cL2FsYmFkb2NpbGlhLmN1bHR1cmEuZ292Lml0XC93cC1jb250ZW50XC91cGxvYWRzXC8yMDIzXC8wMlwvMDJfWFQ0MzIwNS5qcGciLCJzbGlkZXNob3ciOiJlNTZhY2Y5In0%3D\" href=\"https:\/\/albadocilia.cultura.gov.it\/wp-content\/uploads\/2023\/02\/02_XT43205.jpg\"><figure class=\"swiper-slide-inner\"><img decoding=\"async\" class=\"swiper-slide-image\" src=\"https:\/\/albadocilia.cultura.gov.it\/wp-content\/uploads\/2023\/02\/02_XT43205-300x300.jpg\" alt=\"...Il frontespizio...\" \/><figcaption class=\"elementor-image-carousel-caption\">...Il frontespizio...<\/figcaption><\/figure><\/a><\/div><div class=\"swiper-slide\" role=\"group\" aria-roledescription=\"slide\" aria-label=\"4 di 17\"><a data-elementor-open-lightbox=\"yes\" data-elementor-lightbox-slideshow=\"e56acf9\" data-elementor-lightbox-title=\"Iniziano i lavori\" data-e-action-hash=\"#elementor-action%3Aaction%3Dlightbox%26settings%3DeyJpZCI6NDYzOCwidXJsIjoiaHR0cHM6XC9cL2FsYmFkb2NpbGlhLmN1bHR1cmEuZ292Lml0XC93cC1jb250ZW50XC91cGxvYWRzXC8yMDIzXC8wMlwvMDNfWFQ0MzIxNy5qcGciLCJzbGlkZXNob3ciOiJlNTZhY2Y5In0%3D\" href=\"https:\/\/albadocilia.cultura.gov.it\/wp-content\/uploads\/2023\/02\/03_XT43217.jpg\"><figure class=\"swiper-slide-inner\"><img decoding=\"async\" class=\"swiper-slide-image\" src=\"https:\/\/albadocilia.cultura.gov.it\/wp-content\/uploads\/2023\/02\/03_XT43217-300x300.jpg\" alt=\"Iniziano i lavori\" \/><figcaption class=\"elementor-image-carousel-caption\">Iniziano i lavori<\/figcaption><\/figure><\/a><\/div><div class=\"swiper-slide\" role=\"group\" aria-roledescription=\"slide\" aria-label=\"5 di 17\"><a data-elementor-open-lightbox=\"yes\" data-elementor-lightbox-slideshow=\"e56acf9\" data-elementor-lightbox-title=\"La prima planimetria\" data-e-action-hash=\"#elementor-action%3Aaction%3Dlightbox%26settings%3DeyJpZCI6NDYzOSwidXJsIjoiaHR0cHM6XC9cL2FsYmFkb2NpbGlhLmN1bHR1cmEuZ292Lml0XC93cC1jb250ZW50XC91cGxvYWRzXC8yMDIzXC8wMlwvMDRfWFQ0MzIyMi5qcGciLCJzbGlkZXNob3ciOiJlNTZhY2Y5In0%3D\" href=\"https:\/\/albadocilia.cultura.gov.it\/wp-content\/uploads\/2023\/02\/04_XT43222.jpg\"><figure class=\"swiper-slide-inner\"><img decoding=\"async\" class=\"swiper-slide-image\" src=\"https:\/\/albadocilia.cultura.gov.it\/wp-content\/uploads\/2023\/02\/04_XT43222-300x300.jpg\" alt=\"La prima planimetria\" \/><figcaption class=\"elementor-image-carousel-caption\">La prima planimetria<\/figcaption><\/figure><\/a><\/div><div class=\"swiper-slide\" role=\"group\" aria-roledescription=\"slide\" aria-label=\"6 di 17\"><a data-elementor-open-lightbox=\"yes\" data-elementor-lightbox-slideshow=\"e56acf9\" data-elementor-lightbox-title=\"Una foto significativa\" data-e-action-hash=\"#elementor-action%3Aaction%3Dlightbox%26settings%3DeyJpZCI6NDY0MCwidXJsIjoiaHR0cHM6XC9cL2FsYmFkb2NpbGlhLmN1bHR1cmEuZ292Lml0XC93cC1jb250ZW50XC91cGxvYWRzXC8yMDIzXC8wMlwvMDVfWFQ0MzIzMi5qcGciLCJzbGlkZXNob3ciOiJlNTZhY2Y5In0%3D\" href=\"https:\/\/albadocilia.cultura.gov.it\/wp-content\/uploads\/2023\/02\/05_XT43232.jpg\"><figure class=\"swiper-slide-inner\"><img decoding=\"async\" class=\"swiper-slide-image\" src=\"https:\/\/albadocilia.cultura.gov.it\/wp-content\/uploads\/2023\/02\/05_XT43232-300x300.jpg\" alt=\"Una foto significativa\" \/><figcaption class=\"elementor-image-carousel-caption\">Una foto significativa<\/figcaption><\/figure><\/a><\/div><div class=\"swiper-slide\" role=\"group\" aria-roledescription=\"slide\" aria-label=\"7 di 17\"><a data-elementor-open-lightbox=\"yes\" data-elementor-lightbox-slideshow=\"e56acf9\" data-elementor-lightbox-title=\"Una foto significativa\" data-e-action-hash=\"#elementor-action%3Aaction%3Dlightbox%26settings%3DeyJpZCI6NDY0MSwidXJsIjoiaHR0cHM6XC9cL2FsYmFkb2NpbGlhLmN1bHR1cmEuZ292Lml0XC93cC1jb250ZW50XC91cGxvYWRzXC8yMDIzXC8wMlwvMDZfWFQ0MzIzNC5qcGciLCJzbGlkZXNob3ciOiJlNTZhY2Y5In0%3D\" href=\"https:\/\/albadocilia.cultura.gov.it\/wp-content\/uploads\/2023\/02\/06_XT43234.jpg\"><figure class=\"swiper-slide-inner\"><img decoding=\"async\" class=\"swiper-slide-image\" src=\"https:\/\/albadocilia.cultura.gov.it\/wp-content\/uploads\/2023\/02\/06_XT43234-300x300.jpg\" alt=\"Una foto significativa\" \/><figcaption class=\"elementor-image-carousel-caption\">Una foto significativa<\/figcaption><\/figure><\/a><\/div><div class=\"swiper-slide\" role=\"group\" aria-roledescription=\"slide\" aria-label=\"8 di 17\"><a data-elementor-open-lightbox=\"yes\" data-elementor-lightbox-slideshow=\"e56acf9\" data-elementor-lightbox-title=\"Un&#039;altra planimetria\" data-e-action-hash=\"#elementor-action%3Aaction%3Dlightbox%26settings%3DeyJpZCI6NDY0MiwidXJsIjoiaHR0cHM6XC9cL2FsYmFkb2NpbGlhLmN1bHR1cmEuZ292Lml0XC93cC1jb250ZW50XC91cGxvYWRzXC8yMDIzXC8wMlwvMDdfWFQ0MzIzNi5qcGciLCJzbGlkZXNob3ciOiJlNTZhY2Y5In0%3D\" href=\"https:\/\/albadocilia.cultura.gov.it\/wp-content\/uploads\/2023\/02\/07_XT43236.jpg\"><figure class=\"swiper-slide-inner\"><img decoding=\"async\" class=\"swiper-slide-image\" src=\"https:\/\/albadocilia.cultura.gov.it\/wp-content\/uploads\/2023\/02\/07_XT43236-300x300.jpg\" alt=\"Un&#039;altra planimetria\" \/><figcaption class=\"elementor-image-carousel-caption\">Un'altra planimetria<\/figcaption><\/figure><\/a><\/div><div class=\"swiper-slide\" role=\"group\" aria-roledescription=\"slide\" aria-label=\"9 di 17\"><a data-elementor-open-lightbox=\"yes\" data-elementor-lightbox-slideshow=\"e56acf9\" data-elementor-lightbox-title=\"Foto panoramiche\" data-e-action-hash=\"#elementor-action%3Aaction%3Dlightbox%26settings%3DeyJpZCI6NDY0MywidXJsIjoiaHR0cHM6XC9cL2FsYmFkb2NpbGlhLmN1bHR1cmEuZ292Lml0XC93cC1jb250ZW50XC91cGxvYWRzXC8yMDIzXC8wMlwvMDhfWFQ0MzI0My5qcGciLCJzbGlkZXNob3ciOiJlNTZhY2Y5In0%3D\" href=\"https:\/\/albadocilia.cultura.gov.it\/wp-content\/uploads\/2023\/02\/08_XT43243.jpg\"><figure class=\"swiper-slide-inner\"><img decoding=\"async\" class=\"swiper-slide-image\" src=\"https:\/\/albadocilia.cultura.gov.it\/wp-content\/uploads\/2023\/02\/08_XT43243-300x300.jpg\" alt=\"Foto panoramiche\" \/><figcaption class=\"elementor-image-carousel-caption\">Foto panoramiche<\/figcaption><\/figure><\/a><\/div><div class=\"swiper-slide\" role=\"group\" aria-roledescription=\"slide\" aria-label=\"10 di 17\"><a data-elementor-open-lightbox=\"yes\" data-elementor-lightbox-slideshow=\"e56acf9\" data-elementor-lightbox-title=\"Foto panoramiche\" data-e-action-hash=\"#elementor-action%3Aaction%3Dlightbox%26settings%3DeyJpZCI6NDY0NCwidXJsIjoiaHR0cHM6XC9cL2FsYmFkb2NpbGlhLmN1bHR1cmEuZ292Lml0XC93cC1jb250ZW50XC91cGxvYWRzXC8yMDIzXC8wMlwvMDlfWFQ0MzI0Ni5qcGciLCJzbGlkZXNob3ciOiJlNTZhY2Y5In0%3D\" href=\"https:\/\/albadocilia.cultura.gov.it\/wp-content\/uploads\/2023\/02\/09_XT43246.jpg\"><figure class=\"swiper-slide-inner\"><img decoding=\"async\" class=\"swiper-slide-image\" src=\"https:\/\/albadocilia.cultura.gov.it\/wp-content\/uploads\/2023\/02\/09_XT43246-300x300.jpg\" alt=\"Foto panoramiche\" \/><figcaption class=\"elementor-image-carousel-caption\">Foto panoramiche<\/figcaption><\/figure><\/a><\/div><div class=\"swiper-slide\" role=\"group\" aria-roledescription=\"slide\" aria-label=\"11 di 17\"><a data-elementor-open-lightbox=\"yes\" data-elementor-lightbox-slideshow=\"e56acf9\" data-elementor-lightbox-title=\"20 Maggio 1957, una notazione chiave\" data-e-action-hash=\"#elementor-action%3Aaction%3Dlightbox%26settings%3DeyJpZCI6NDY0NSwidXJsIjoiaHR0cHM6XC9cL2FsYmFkb2NpbGlhLmN1bHR1cmEuZ292Lml0XC93cC1jb250ZW50XC91cGxvYWRzXC8yMDIzXC8wMlwvMTBfMjAyMzAyMjNfMTQ0MDA3LmpwZyIsInNsaWRlc2hvdyI6ImU1NmFjZjkifQ%3D%3D\" href=\"https:\/\/albadocilia.cultura.gov.it\/wp-content\/uploads\/2023\/02\/10_20230223_144007.jpg\"><figure class=\"swiper-slide-inner\"><img decoding=\"async\" class=\"swiper-slide-image\" src=\"https:\/\/albadocilia.cultura.gov.it\/wp-content\/uploads\/2023\/02\/10_20230223_144007-300x300.jpg\" alt=\"Qui la dottoressa Restagno ipotizza per la prima volta, correttamente, che le strutture costituiscono un edificio quadrangolare che sorge attorno ad un cortile centrale aperto.\" \/><figcaption class=\"elementor-image-carousel-caption\">20 Maggio 1957, una notazione chiave<\/figcaption><\/figure><\/a><\/div><div class=\"swiper-slide\" role=\"group\" aria-roledescription=\"slide\" aria-label=\"12 di 17\"><a data-elementor-open-lightbox=\"yes\" data-elementor-lightbox-slideshow=\"e56acf9\" data-elementor-lightbox-title=\"Nuova planimetria\" data-e-action-hash=\"#elementor-action%3Aaction%3Dlightbox%26settings%3DeyJpZCI6NDY0OCwidXJsIjoiaHR0cHM6XC9cL2FsYmFkb2NpbGlhLmN1bHR1cmEuZ292Lml0XC93cC1jb250ZW50XC91cGxvYWRzXC8yMDIzXC8wMlwvMTNfWFQ0MzI2Ni5qcGciLCJzbGlkZXNob3ciOiJlNTZhY2Y5In0%3D\" href=\"https:\/\/albadocilia.cultura.gov.it\/wp-content\/uploads\/2023\/02\/13_XT43266.jpg\"><figure class=\"swiper-slide-inner\"><img decoding=\"async\" class=\"swiper-slide-image\" src=\"https:\/\/albadocilia.cultura.gov.it\/wp-content\/uploads\/2023\/02\/13_XT43266-300x300.jpg\" alt=\"Nuova planimetria\" \/><figcaption class=\"elementor-image-carousel-caption\">Nuova planimetria<\/figcaption><\/figure><\/a><\/div><div class=\"swiper-slide\" role=\"group\" aria-roledescription=\"slide\" aria-label=\"13 di 17\"><a data-elementor-open-lightbox=\"yes\" data-elementor-lightbox-slideshow=\"e56acf9\" data-elementor-lightbox-title=\"Le vasche e le canalette individuate a nord\/est\" data-e-action-hash=\"#elementor-action%3Aaction%3Dlightbox%26settings%3DeyJpZCI6NDczMywidXJsIjoiaHR0cHM6XC9cL2FsYmFkb2NpbGlhLmN1bHR1cmEuZ292Lml0XC93cC1jb250ZW50XC91cGxvYWRzXC8yMDIzXC8wM1wvWFQ0MzMwMV8uanBnIiwic2xpZGVzaG93IjoiZTU2YWNmOSJ9\" href=\"https:\/\/albadocilia.cultura.gov.it\/wp-content\/uploads\/2023\/03\/XT43301_.jpg\"><figure class=\"swiper-slide-inner\"><img decoding=\"async\" class=\"swiper-slide-image\" src=\"https:\/\/albadocilia.cultura.gov.it\/wp-content\/uploads\/2023\/03\/XT43301_-300x300.jpg\" alt=\"Vasche e canalette pertinenti ad un probabile impianto produttivo\" \/><figcaption class=\"elementor-image-carousel-caption\">Le vasche e le canalette individuate a nord\/est<\/figcaption><\/figure><\/a><\/div><div class=\"swiper-slide\" role=\"group\" aria-roledescription=\"slide\" aria-label=\"14 di 17\"><a data-elementor-open-lightbox=\"yes\" data-elementor-lightbox-slideshow=\"e56acf9\" data-elementor-lightbox-title=\"Le vasche e le canalette individuate a nord\/est\" data-e-action-hash=\"#elementor-action%3Aaction%3Dlightbox%26settings%3DeyJpZCI6NDY0OSwidXJsIjoiaHR0cHM6XC9cL2FsYmFkb2NpbGlhLmN1bHR1cmEuZ292Lml0XC93cC1jb250ZW50XC91cGxvYWRzXC8yMDIzXC8wMlwvMTRfWFQ0MzMxNS5qcGciLCJzbGlkZXNob3ciOiJlNTZhY2Y5In0%3D\" href=\"https:\/\/albadocilia.cultura.gov.it\/wp-content\/uploads\/2023\/02\/14_XT43315.jpg\"><figure class=\"swiper-slide-inner\"><img decoding=\"async\" class=\"swiper-slide-image\" src=\"https:\/\/albadocilia.cultura.gov.it\/wp-content\/uploads\/2023\/02\/14_XT43315-300x300.jpg\" alt=\"Vasche e canalette pertinenti ad un probabile impianto produttivo\" \/><figcaption class=\"elementor-image-carousel-caption\">Le vasche e le canalette individuate a nord\/est<\/figcaption><\/figure><\/a><\/div><div class=\"swiper-slide\" role=\"group\" aria-roledescription=\"slide\" aria-label=\"15 di 17\"><a data-elementor-open-lightbox=\"yes\" data-elementor-lightbox-slideshow=\"e56acf9\" data-elementor-lightbox-title=\"Panoramica\" data-e-action-hash=\"#elementor-action%3Aaction%3Dlightbox%26settings%3DeyJpZCI6NDY1MCwidXJsIjoiaHR0cHM6XC9cL2FsYmFkb2NpbGlhLmN1bHR1cmEuZ292Lml0XC93cC1jb250ZW50XC91cGxvYWRzXC8yMDIzXC8wMlwvMTVfWFQ0MzMxOC5qcGciLCJzbGlkZXNob3ciOiJlNTZhY2Y5In0%3D\" href=\"https:\/\/albadocilia.cultura.gov.it\/wp-content\/uploads\/2023\/02\/15_XT43318.jpg\"><figure class=\"swiper-slide-inner\"><img decoding=\"async\" class=\"swiper-slide-image\" src=\"https:\/\/albadocilia.cultura.gov.it\/wp-content\/uploads\/2023\/02\/15_XT43318-300x300.jpg\" alt=\"Foto molto famosa: la panoramica ripresa da nord di tutto il lato orientale che delimita il grande cortile centrale\" \/><figcaption class=\"elementor-image-carousel-caption\">Panoramica<\/figcaption><\/figure><\/a><\/div><div class=\"swiper-slide\" role=\"group\" aria-roledescription=\"slide\" aria-label=\"16 di 17\"><a data-elementor-open-lightbox=\"yes\" data-elementor-lightbox-slideshow=\"e56acf9\" data-elementor-lightbox-title=\"Altre panoramice degli edifici orientali ormai a fine lavori\" data-e-action-hash=\"#elementor-action%3Aaction%3Dlightbox%26settings%3DeyJpZCI6NDY1MSwidXJsIjoiaHR0cHM6XC9cL2FsYmFkb2NpbGlhLmN1bHR1cmEuZ292Lml0XC93cC1jb250ZW50XC91cGxvYWRzXC8yMDIzXC8wMlwvMTZfWFQ0MzMyMS5qcGciLCJzbGlkZXNob3ciOiJlNTZhY2Y5In0%3D\" href=\"https:\/\/albadocilia.cultura.gov.it\/wp-content\/uploads\/2023\/02\/16_XT43321.jpg\"><figure class=\"swiper-slide-inner\"><img decoding=\"async\" class=\"swiper-slide-image\" src=\"https:\/\/albadocilia.cultura.gov.it\/wp-content\/uploads\/2023\/02\/16_XT43321-300x300.jpg\" alt=\"Altre panoramice degli edifici orientali ormai a fine lavori\" \/><figcaption class=\"elementor-image-carousel-caption\">Altre panoramice degli edifici orientali ormai a fine lavori<\/figcaption><\/figure><\/a><\/div><div class=\"swiper-slide\" role=\"group\" aria-roledescription=\"slide\" aria-label=\"17 di 17\"><a data-elementor-open-lightbox=\"yes\" data-elementor-lightbox-slideshow=\"e56acf9\" data-elementor-lightbox-title=\"Inizia il cantiere della Ferrovia\" data-e-action-hash=\"#elementor-action%3Aaction%3Dlightbox%26settings%3DeyJpZCI6NDY1MiwidXJsIjoiaHR0cHM6XC9cL2FsYmFkb2NpbGlhLmN1bHR1cmEuZ292Lml0XC93cC1jb250ZW50XC91cGxvYWRzXC8yMDIzXC8wMlwvMTdfWFQ0MzMyOC5qcGciLCJzbGlkZXNob3ciOiJlNTZhY2Y5In0%3D\" href=\"https:\/\/albadocilia.cultura.gov.it\/wp-content\/uploads\/2023\/02\/17_XT43328.jpg\"><figure class=\"swiper-slide-inner\"><img decoding=\"async\" class=\"swiper-slide-image\" src=\"https:\/\/albadocilia.cultura.gov.it\/wp-content\/uploads\/2023\/02\/17_XT43328-300x300.jpg\" alt=\"Terminati i lavori di scavo, inizia il cantiere per la costruzione della massicciata ferroviaria.\" \/><figcaption class=\"elementor-image-carousel-caption\">Inizia il cantiere della Ferrovia<\/figcaption><\/figure><\/a><\/div>\t\t\t<\/div>\n\t\t\t\t\t\t\t\t\t\t\t\t<div class=\"elementor-swiper-button elementor-swiper-button-prev\" role=\"button\" tabindex=\"0\">\n\t\t\t\t\t\t<i aria-hidden=\"true\" class=\"fas fa-arrow-alt-circle-left\"><\/i>\t\t\t\t\t<\/div>\n\t\t\t\t\t<div class=\"elementor-swiper-button elementor-swiper-button-next\" role=\"button\" tabindex=\"0\">\n\t\t\t\t\t\t<i aria-hidden=\"true\" class=\"fas fa-arrow-alt-circle-right\"><\/i>\t\t\t\t\t<\/div>\n\t\t\t\t\n\t\t\t\t\t\t\t\t\t<\/div>\n\t\t\t\t<\/div>\n\t\t\t\t<\/div>\n\t\t\t\t\t<\/div>\n\t\t<\/div>\n\t\t\t\t\t<\/div>\n\t\t<\/section>\n\t\t\t\t<section class=\"elementor-section elementor-top-section elementor-element elementor-element-ffee3ca elementor-section-boxed elementor-section-height-default elementor-section-height-default\" data-id=\"ffee3ca\" data-element_type=\"section\">\n\t\t\t\t\t\t<div class=\"elementor-container elementor-column-gap-default\">\n\t\t\t\t\t<div class=\"elementor-column elementor-col-100 elementor-top-column elementor-element elementor-element-92b292e\" data-id=\"92b292e\" data-element_type=\"column\">\n\t\t\t<div class=\"elementor-widget-wrap elementor-element-populated\">\n\t\t\t\t\t\t<section class=\"elementor-section elementor-inner-section elementor-element elementor-element-4c1869c elementor-section-boxed elementor-section-height-default elementor-section-height-default\" data-id=\"4c1869c\" data-element_type=\"section\">\n\t\t\t\t\t\t<div class=\"elementor-container elementor-column-gap-default\">\n\t\t\t\t\t<div class=\"elementor-column elementor-col-50 elementor-inner-column elementor-element elementor-element-cde6a4e\" data-id=\"cde6a4e\" data-element_type=\"column\">\n\t\t\t<div class=\"elementor-widget-wrap elementor-element-populated\">\n\t\t\t\t\t\t<div class=\"elementor-element elementor-element-17c2dfe elementor-widget elementor-widget-text-editor\" data-id=\"17c2dfe\" data-element_type=\"widget\" data-widget_type=\"text-editor.default\">\n\t\t\t\t<div class=\"elementor-widget-container\">\n\t\t\t\t\t\t\t<p>Lo scavo ebbe termine il 31 dicembre del 1957 e nel 1961 vennero emanati i decreti ministeriali che sancirono la permanenza del vincolo archeologico su tutta l\u2019area.<br \/>Successivamente, tra la fine degli anni Sessanta e l\u2019inizio del nuovo millennio furono intraprese, per volont\u00e0 della Soprintendenza, non solo nuove campagne di scavo ma anche di valorizzazione e conservazione delle strutture.<br \/>Nel corso degli anni Sessanta e Settanta del Novecento le indagini permisero di definire con maggior precisione gli ingombri di diverse aree della <span style=\"color: #000000;\"><a style=\"color: #000000;\" href=\"https:\/\/albadocilia.cultura.gov.it\/?page_id=1249\" target=\"_blank\" rel=\"noopener\"><em><u>villa<\/u><\/em><\/a><\/span>.<br \/>In particolare le campagne di scavo del 1971 e 1972, dirette da Fernanda Tin\u00e9 Bertocchi, consentirono di portare in luce e di documentare gli ambienti dell\u2019area residenziale (<span style=\"color: #000000;\"><a style=\"color: #000000;\" href=\"https:\/\/albadocilia.cultura.gov.it\/?page_id=1445\" target=\"_blank\" rel=\"noopener\"><u><em>pars urbana<\/em><\/u><\/a><\/span>) , soprattutto quelli verso ovest, incluso il cortile rettangolare con <span style=\"color: #000000;\"><a style=\"color: #000000;\" href=\"https:\/\/albadocilia.cultura.gov.it\/?page_id=1249\" target=\"_blank\" rel=\"noopener\"><u>peristilio<\/u><\/a><\/span> mentre verso est lo stato di conservazione delle strutture apparve subito agli archeologi enormemente compromesso da interventi posteriori, incluse le recenti attivit\u00e0 agricole.<\/p>\t\t\t\t\t\t<\/div>\n\t\t\t\t<\/div>\n\t\t\t\t\t<\/div>\n\t\t<\/div>\n\t\t\t\t<div class=\"elementor-column elementor-col-50 elementor-inner-column elementor-element elementor-element-4557f1d\" data-id=\"4557f1d\" data-element_type=\"column\">\n\t\t\t<div class=\"elementor-widget-wrap elementor-element-populated\">\n\t\t\t\t\t\t<div class=\"elementor-element elementor-element-dcdd21d elementor-widget elementor-widget-text-editor\" data-id=\"dcdd21d\" data-element_type=\"widget\" data-widget_type=\"text-editor.default\">\n\t\t\t\t<div class=\"elementor-widget-container\">\n\t\t\t\t\t\t\t<p>Verso la fine degli anni \u201970 venne definitivamente sistemata la piazza antistante l\u2019ingresso della stazione: fu in questa occasione che si decise di evidenziare nella nuova pavimentazione della piazza il tracciato delle murature della <a href=\"https:\/\/albadocilia.cultura.gov.it\/?page_id=4426\" target=\"_blank\" rel=\"noopener\"><i>pars rustica<\/i><\/a>, di nuovo interrate, attraverso l\u2019inserimento, nel nuovo selciato, di elementi in travertino. Rimasero a vista, come infatti vediamo attualmente, il settore termale e la zona residenziale (<span style=\"color: #000000;\"><a style=\"color: #000000;\" href=\"https:\/\/albadocilia.cultura.gov.it\/?page_id=1445\" target=\"_blank\" rel=\"noopener\"><span style=\"text-decoration: underline;\"><em>pars urbana<\/em><\/span><\/a><\/span>). Questa porzione di <span style=\"color: #000000;\"><a style=\"color: #000000;\" href=\"https:\/\/albadocilia.cultura.gov.it\/?page_id=1249\" target=\"_blank\" rel=\"noopener\"><i>villa<\/i><\/a><\/span> venne quindi recintata ma senza la presenza di tettoie, per favorirne una maggior visibilit\u00e0.\u00a0Gli interventi degli anni \u201980 ebbero come oggetto la manutenzione e il restauro delle strutture murarie e solo con la seconda met\u00e0 degli anni \u201990 furono riprese le indagini archeologiche: in particolare tra gli anni \u201990 e il 2000 gli archeologi si concentrarono sui lavori di restauro, conservazione e valorizzazione di tutta l\u2019area archeologica partendo dalla realizzazione di un nuovo rilievo di tutto il complesso, con particolare attenzione al monumento circolare dell\u2019area termale.<\/p>\t\t\t\t\t\t<\/div>\n\t\t\t\t<\/div>\n\t\t\t\t\t<\/div>\n\t\t<\/div>\n\t\t\t\t\t<\/div>\n\t\t<\/section>\n\t\t\t\t\t<\/div>\n\t\t<\/div>\n\t\t\t\t\t<\/div>\n\t\t<\/section>\n\t\t\t\t<section class=\"elementor-section elementor-top-section elementor-element elementor-element-cb0a462 elementor-section-height-min-height elementor-section-boxed elementor-section-height-default elementor-section-items-middle\" data-id=\"cb0a462\" data-element_type=\"section\" data-settings=\"{&quot;background_background&quot;:&quot;classic&quot;}\">\n\t\t\t\t\t\t<div class=\"elementor-container elementor-column-gap-default\">\n\t\t\t\t\t<div class=\"elementor-column elementor-col-100 elementor-top-column elementor-element elementor-element-1a32b9f\" data-id=\"1a32b9f\" data-element_type=\"column\">\n\t\t\t<div class=\"elementor-widget-wrap elementor-element-populated\">\n\t\t\t\t\t\t<section class=\"elementor-section elementor-inner-section elementor-element elementor-element-e983da7 elementor-section-boxed elementor-section-height-default elementor-section-height-default\" data-id=\"e983da7\" data-element_type=\"section\">\n\t\t\t\t\t\t<div class=\"elementor-container elementor-column-gap-default\">\n\t\t\t\t\t<div class=\"elementor-column elementor-col-100 elementor-inner-column elementor-element elementor-element-f5cbcb4\" data-id=\"f5cbcb4\" data-element_type=\"column\">\n\t\t\t<div class=\"elementor-widget-wrap elementor-element-populated\">\n\t\t\t\t\t\t<div class=\"elementor-element elementor-element-59f7b1e elementor-widget elementor-widget-image\" data-id=\"59f7b1e\" data-element_type=\"widget\" data-widget_type=\"image.default\">\n\t\t\t\t<div class=\"elementor-widget-container\">\n\t\t\t<style>\/*! elementor - v3.19.0 - 28-02-2024 *\/\n.elementor-widget-image{text-align:center}.elementor-widget-image a{display:inline-block}.elementor-widget-image a img[src$=\".svg\"]{width:48px}.elementor-widget-image img{vertical-align:middle;display:inline-block}<\/style>\t\t\t\t\t\t\t\t\t\t<img decoding=\"async\" src=\"https:\/\/albadocilia.cultura.gov.it\/wp-content\/uploads\/elementor\/thumbs\/IMG_20230412_124518_rit-scaled-q8dkglefbby22powhzaylljwkm4twe9iw4v584cad0.jpg\" title=\"dav\" alt=\"dav\" loading=\"lazy\" \/>\t\t\t\t\t\t\t\t\t\t\t\t\t<\/div>\n\t\t\t\t<\/div>\n\t\t\t\t<div class=\"elementor-element elementor-element-e62e60c elementor-widget elementor-widget-text-editor\" data-id=\"e62e60c\" data-element_type=\"widget\" data-widget_type=\"text-editor.default\">\n\t\t\t\t<div class=\"elementor-widget-container\">\n\t\t\t\t\t\t\t<p>Veduta degli scavi del 1971.<br \/>Immagine tratta da Tin\u00e9 Bertocchi, <em>Scavi a San Pietro di Albissola<\/em>, in Rivista Ingauna e Intemelia XXVIII, 1971, p. 65.<\/p>\t\t\t\t\t\t<\/div>\n\t\t\t\t<\/div>\n\t\t\t\t\t<\/div>\n\t\t<\/div>\n\t\t\t\t\t<\/div>\n\t\t<\/section>\n\t\t\t\t\t<\/div>\n\t\t<\/div>\n\t\t\t\t\t<\/div>\n\t\t<\/section>\n\t\t\t\t<section class=\"elementor-section elementor-top-section elementor-element elementor-element-6feb745 elementor-section-boxed elementor-section-height-default elementor-section-height-default\" data-id=\"6feb745\" data-element_type=\"section\">\n\t\t\t\t\t\t<div class=\"elementor-container elementor-column-gap-default\">\n\t\t\t\t\t<div class=\"elementor-column elementor-col-100 elementor-top-column elementor-element elementor-element-236db8b\" data-id=\"236db8b\" data-element_type=\"column\">\n\t\t\t<div class=\"elementor-widget-wrap elementor-element-populated\">\n\t\t\t\t\t\t<section class=\"elementor-section elementor-inner-section elementor-element elementor-element-9bb8c5a elementor-section-boxed elementor-section-height-default elementor-section-height-default\" data-id=\"9bb8c5a\" data-element_type=\"section\">\n\t\t\t\t\t\t<div class=\"elementor-container elementor-column-gap-default\">\n\t\t\t\t\t<div class=\"elementor-column elementor-col-50 elementor-inner-column elementor-element elementor-element-b7a6141\" data-id=\"b7a6141\" data-element_type=\"column\">\n\t\t\t<div class=\"elementor-widget-wrap elementor-element-populated\">\n\t\t\t\t\t\t<div class=\"elementor-element elementor-element-c1893bd elementor-widget elementor-widget-text-editor\" data-id=\"c1893bd\" data-element_type=\"widget\" data-widget_type=\"text-editor.default\">\n\t\t\t\t<div class=\"elementor-widget-container\">\n\t\t\t\t\t\t\t<p>Le opere pi\u00f9 recenti sono iniziate a partire dal 2021 con le numerose attivit\u00e0 di risitemazione dell\u2019area, quali la pulizia sistematica di tutte le strutture e dell\u2019interno dei vari ambienti, la regolarizzazione delle superfici attraverso la rimozione di terreni di risulta, l\u2019uniformazione cromatica delle stesse attraverso appositi materiali, nonch\u00e9 il rinnovo e manutenzione dell\u2019area verde, tutti interventi propedeutici, in una prima fase, alla realizzazione dei nuovi pannelli didattici e in seconda fase alla installazione del nuovo impianto di illuminazione e alla realizzazione del presente sito web.<br \/><br \/><\/p>\t\t\t\t\t\t<\/div>\n\t\t\t\t<\/div>\n\t\t\t\t\t<\/div>\n\t\t<\/div>\n\t\t\t\t<div class=\"elementor-column elementor-col-50 elementor-inner-column elementor-element elementor-element-79da021\" data-id=\"79da021\" data-element_type=\"column\">\n\t\t\t<div class=\"elementor-widget-wrap elementor-element-populated\">\n\t\t\t\t\t\t<div class=\"elementor-element elementor-element-5a62b3c elementor-widget elementor-widget-text-editor\" data-id=\"5a62b3c\" data-element_type=\"widget\" data-widget_type=\"text-editor.default\">\n\t\t\t\t<div class=\"elementor-widget-container\">\n\t\t\t\t\t\t\t<p>Il tutto, come gi\u00e0 avrete capito, ha lo scopo ben preciso di rendere fruibile a tutti e in maniera sistematica e continua questa area archeologica, ad esempio attraverso l\u2019organizzazione di visite guidate, la realizzazione di contenuti digitali accessibili attraverso i qr-codes che troverete sui pannelli didattici e la progettazione di iniziative per le scuole.<\/p>\t\t\t\t\t\t<\/div>\n\t\t\t\t<\/div>\n\t\t\t\t\t<\/div>\n\t\t<\/div>\n\t\t\t\t\t<\/div>\n\t\t<\/section>\n\t\t\t\t\t<\/div>\n\t\t<\/div>\n\t\t\t\t\t<\/div>\n\t\t<\/section>\n\t\t\t\t<section class=\"elementor-section elementor-top-section elementor-element elementor-element-6f13d30 elementor-section-height-min-height elementor-section-boxed elementor-section-height-default elementor-section-items-middle\" data-id=\"6f13d30\" data-element_type=\"section\" data-settings=\"{&quot;background_background&quot;:&quot;classic&quot;}\">\n\t\t\t\t\t\t<div class=\"elementor-container elementor-column-gap-default\">\n\t\t\t\t\t<div class=\"elementor-column elementor-col-100 elementor-top-column elementor-element elementor-element-2270b4b\" data-id=\"2270b4b\" data-element_type=\"column\">\n\t\t\t<div class=\"elementor-widget-wrap elementor-element-populated\">\n\t\t\t\t\t\t<section class=\"elementor-section elementor-inner-section elementor-element elementor-element-b8d571b elementor-section-boxed elementor-section-height-default elementor-section-height-default\" data-id=\"b8d571b\" data-element_type=\"section\">\n\t\t\t\t\t\t<div class=\"elementor-container elementor-column-gap-default\">\n\t\t\t\t\t<div class=\"elementor-column elementor-col-50 elementor-inner-column elementor-element elementor-element-f173c41\" data-id=\"f173c41\" data-element_type=\"column\">\n\t\t\t<div class=\"elementor-widget-wrap elementor-element-populated\">\n\t\t\t\t\t\t<div class=\"elementor-element elementor-element-89d309e elementor-widget elementor-widget-image\" data-id=\"89d309e\" data-element_type=\"widget\" data-widget_type=\"image.default\">\n\t\t\t\t<div class=\"elementor-widget-container\">\n\t\t\t\t\t\t\t\t\t\t\t\t\t<img fetchpriority=\"high\" decoding=\"async\" width=\"300\" height=\"300\" src=\"https:\/\/albadocilia.cultura.gov.it\/wp-content\/uploads\/2023\/03\/01_DJI_0004_sq_prima-300x300.jpg\" class=\"attachment-medium size-medium wp-image-4805\" alt=\"\" srcset=\"https:\/\/albadocilia.cultura.gov.it\/wp-content\/uploads\/2023\/03\/01_DJI_0004_sq_prima-300x300.jpg 300w, https:\/\/albadocilia.cultura.gov.it\/wp-content\/uploads\/2023\/03\/01_DJI_0004_sq_prima-150x150.jpg 150w, https:\/\/albadocilia.cultura.gov.it\/wp-content\/uploads\/2023\/03\/01_DJI_0004_sq_prima-768x768.jpg 768w, https:\/\/albadocilia.cultura.gov.it\/wp-content\/uploads\/2023\/03\/01_DJI_0004_sq_prima.jpg 935w\" sizes=\"(max-width: 300px) 100vw, 300px\" \/>\t\t\t\t\t\t\t\t\t\t\t\t\t<\/div>\n\t\t\t\t<\/div>\n\t\t\t\t<div class=\"elementor-element elementor-element-3eabc92 elementor-widget elementor-widget-heading\" data-id=\"3eabc92\" data-element_type=\"widget\" data-widget_type=\"heading.default\">\n\t\t\t\t<div class=\"elementor-widget-container\">\n\t\t\t<h1 class=\"elementor-heading-title elementor-size-default\">Giugno 2021<\/h1>\t\t<\/div>\n\t\t\t\t<\/div>\n\t\t\t\t\t<\/div>\n\t\t<\/div>\n\t\t\t\t<div class=\"elementor-column elementor-col-50 elementor-inner-column elementor-element elementor-element-ff53e4c\" data-id=\"ff53e4c\" data-element_type=\"column\">\n\t\t\t<div class=\"elementor-widget-wrap elementor-element-populated\">\n\t\t\t\t\t\t<div class=\"elementor-element elementor-element-c0c0e29 elementor-widget elementor-widget-image\" data-id=\"c0c0e29\" data-element_type=\"widget\" data-widget_type=\"image.default\">\n\t\t\t\t<div class=\"elementor-widget-container\">\n\t\t\t\t\t\t\t\t\t\t\t\t\t<img decoding=\"async\" width=\"300\" height=\"300\" src=\"https:\/\/albadocilia.cultura.gov.it\/wp-content\/uploads\/2023\/03\/DJI_0007.00_00_11_00.Immagine001_dopo-300x300.jpg\" class=\"attachment-medium size-medium wp-image-4806\" alt=\"\" srcset=\"https:\/\/albadocilia.cultura.gov.it\/wp-content\/uploads\/2023\/03\/DJI_0007.00_00_11_00.Immagine001_dopo-300x300.jpg 300w, https:\/\/albadocilia.cultura.gov.it\/wp-content\/uploads\/2023\/03\/DJI_0007.00_00_11_00.Immagine001_dopo-150x150.jpg 150w, https:\/\/albadocilia.cultura.gov.it\/wp-content\/uploads\/2023\/03\/DJI_0007.00_00_11_00.Immagine001_dopo-768x768.jpg 768w, https:\/\/albadocilia.cultura.gov.it\/wp-content\/uploads\/2023\/03\/DJI_0007.00_00_11_00.Immagine001_dopo.jpg 935w\" sizes=\"(max-width: 300px) 100vw, 300px\" \/>\t\t\t\t\t\t\t\t\t\t\t\t\t<\/div>\n\t\t\t\t<\/div>\n\t\t\t\t<div class=\"elementor-element elementor-element-172090e elementor-widget elementor-widget-heading\" data-id=\"172090e\" data-element_type=\"widget\" data-widget_type=\"heading.default\">\n\t\t\t\t<div class=\"elementor-widget-container\">\n\t\t\t<h1 class=\"elementor-heading-title elementor-size-default\">Novembre 2022<\/h1>\t\t<\/div>\n\t\t\t\t<\/div>\n\t\t\t\t\t<\/div>\n\t\t<\/div>\n\t\t\t\t\t<\/div>\n\t\t<\/section>\n\t\t\t\t\t<\/div>\n\t\t<\/div>\n\t\t\t\t\t<\/div>\n\t\t<\/section>\n\t\t\t\t<section class=\"elementor-section elementor-top-section elementor-element elementor-element-3936a89 elementor-section-height-min-height elementor-section-boxed elementor-section-height-default elementor-section-items-middle\" data-id=\"3936a89\" data-element_type=\"section\" data-settings=\"{&quot;background_background&quot;:&quot;classic&quot;}\">\n\t\t\t\t\t\t<div class=\"elementor-container elementor-column-gap-default\">\n\t\t\t\t\t<div class=\"elementor-column elementor-col-100 elementor-top-column elementor-element elementor-element-123ef4d\" data-id=\"123ef4d\" data-element_type=\"column\">\n\t\t\t<div class=\"elementor-widget-wrap elementor-element-populated\">\n\t\t\t\t\t\t<div class=\"elementor-element elementor-element-b310d2f elementor-widget elementor-widget-heading\" data-id=\"b310d2f\" data-element_type=\"widget\" data-widget_type=\"heading.default\">\n\t\t\t\t<div class=\"elementor-widget-container\">\n\t\t\t<h1 class=\"elementor-heading-title elementor-size-default\">Scopri tutta la storia della riqualifica dell'area<br>sfogliando <br>la gallery qui sotto<\/h1>\t\t<\/div>\n\t\t\t\t<\/div>\n\t\t\t\t\t<\/div>\n\t\t<\/div>\n\t\t\t\t\t<\/div>\n\t\t<\/section>\n\t\t\t\t<section class=\"elementor-section elementor-top-section elementor-element elementor-element-adae468 elementor-section-height-min-height elementor-section-stretched elementor-section-boxed elementor-section-height-default elementor-section-items-middle\" data-id=\"adae468\" data-element_type=\"section\" data-settings=\"{&quot;stretch_section&quot;:&quot;section-stretched&quot;,&quot;background_background&quot;:&quot;classic&quot;}\">\n\t\t\t\t\t\t<div class=\"elementor-container elementor-column-gap-default\">\n\t\t\t\t\t<div class=\"elementor-column elementor-col-100 elementor-top-column elementor-element elementor-element-976395f\" data-id=\"976395f\" data-element_type=\"column\">\n\t\t\t<div class=\"elementor-widget-wrap elementor-element-populated\">\n\t\t\t\t\t\t<div class=\"elementor-element elementor-element-d3958fd elementor-arrows-position-inside elementor-widget elementor-widget-image-carousel\" data-id=\"d3958fd\" data-element_type=\"widget\" data-settings=\"{&quot;slides_to_show&quot;:&quot;3&quot;,&quot;slides_to_scroll&quot;:&quot;1&quot;,&quot;navigation&quot;:&quot;arrows&quot;,&quot;autoplay&quot;:&quot;no&quot;,&quot;infinite&quot;:&quot;no&quot;,&quot;speed&quot;:500}\" data-widget_type=\"image-carousel.default\">\n\t\t\t\t<div class=\"elementor-widget-container\">\n\t\t\t\t\t<div class=\"elementor-image-carousel-wrapper swiper-container\" dir=\"ltr\">\n\t\t\t<div class=\"elementor-image-carousel swiper-wrapper\" aria-live=\"polite\">\n\t\t\t\t\t\t\t\t<div class=\"swiper-slide\" role=\"group\" aria-roledescription=\"slide\" aria-label=\"1 di 34\"><a data-elementor-open-lightbox=\"yes\" data-elementor-lightbox-slideshow=\"d3958fd\" data-elementor-lightbox-title=\"L&#039;area com&#039;era prima\" data-e-action-hash=\"#elementor-action%3Aaction%3Dlightbox%26settings%3DeyJpZCI6NDgyMywidXJsIjoiaHR0cHM6XC9cL2FsYmFkb2NpbGlhLmN1bHR1cmEuZ292Lml0XC93cC1jb250ZW50XC91cGxvYWRzXC8yMDIzXC8wM1wvMDFfREpJXzAwMDRfc3FfcHJpbWEtMS5qcGciLCJzbGlkZXNob3ciOiJkMzk1OGZkIn0%3D\" href=\"https:\/\/albadocilia.cultura.gov.it\/wp-content\/uploads\/2023\/03\/01_DJI_0004_sq_prima-1.jpg\"><figure class=\"swiper-slide-inner\"><img decoding=\"async\" class=\"swiper-slide-image\" src=\"https:\/\/albadocilia.cultura.gov.it\/wp-content\/uploads\/2023\/03\/01_DJI_0004_sq_prima-1-300x300.jpg\" alt=\"L&#039;area com&#039;era prima\" \/><figcaption class=\"elementor-image-carousel-caption\">L'area com'era prima<\/figcaption><\/figure><\/a><\/div><div class=\"swiper-slide\" role=\"group\" aria-roledescription=\"slide\" aria-label=\"2 di 34\"><a data-elementor-open-lightbox=\"yes\" data-elementor-lightbox-slideshow=\"d3958fd\" data-elementor-lightbox-title=\"Ottobre 2021, uno dei nuovi pannelli didattici, appena ritirato dalla tipografia\" data-e-action-hash=\"#elementor-action%3Aaction%3Dlightbox%26settings%3DeyJpZCI6NDgyNCwidXJsIjoiaHR0cHM6XC9cL2FsYmFkb2NpbGlhLmN1bHR1cmEuZ292Lml0XC93cC1jb250ZW50XC91cGxvYWRzXC8yMDIzXC8wM1wvMDJfSU1HLTIwMjExMDA4LVdBMDAwMl9zcS5qcGciLCJzbGlkZXNob3ciOiJkMzk1OGZkIn0%3D\" href=\"https:\/\/albadocilia.cultura.gov.it\/wp-content\/uploads\/2023\/03\/02_IMG-20211008-WA0002_sq.jpg\"><figure class=\"swiper-slide-inner\"><img decoding=\"async\" class=\"swiper-slide-image\" src=\"https:\/\/albadocilia.cultura.gov.it\/wp-content\/uploads\/2023\/03\/02_IMG-20211008-WA0002_sq-300x300.jpg\" alt=\"I nuovi pannelli\" \/><figcaption class=\"elementor-image-carousel-caption\">I nuovi pannelli<\/figcaption><\/figure><\/a><\/div><div class=\"swiper-slide\" role=\"group\" aria-roledescription=\"slide\" aria-label=\"3 di 34\"><a data-elementor-open-lightbox=\"yes\" data-elementor-lightbox-slideshow=\"d3958fd\" data-elementor-lightbox-title=\"L&#039;area archeologica ha finalmente un&#039;insegna. Qui, appena prima della consegna\" data-e-action-hash=\"#elementor-action%3Aaction%3Dlightbox%26settings%3DeyJpZCI6NDgyNSwidXJsIjoiaHR0cHM6XC9cL2FsYmFkb2NpbGlhLmN1bHR1cmEuZ292Lml0XC93cC1jb250ZW50XC91cGxvYWRzXC8yMDIzXC8wM1wvMDNfSU1HLTIwMjExMDA4LVdBMDAwM19zcS5qcGciLCJzbGlkZXNob3ciOiJkMzk1OGZkIn0%3D\" href=\"https:\/\/albadocilia.cultura.gov.it\/wp-content\/uploads\/2023\/03\/03_IMG-20211008-WA0003_sq.jpg\"><figure class=\"swiper-slide-inner\"><img decoding=\"async\" class=\"swiper-slide-image\" src=\"https:\/\/albadocilia.cultura.gov.it\/wp-content\/uploads\/2023\/03\/03_IMG-20211008-WA0003_sq-300x300.jpg\" alt=\"La bellissima insegna in corten\" \/><figcaption class=\"elementor-image-carousel-caption\">La bellissima insegna in corten<\/figcaption><\/figure><\/a><\/div><div class=\"swiper-slide\" role=\"group\" aria-roledescription=\"slide\" aria-label=\"4 di 34\"><a data-elementor-open-lightbox=\"yes\" data-elementor-lightbox-slideshow=\"d3958fd\" data-elementor-lightbox-title=\"16 ottobre 2021, vengono inaugurati i nuovi pannelli didattici da poco installati nell&#039;area archeologica\" data-e-action-hash=\"#elementor-action%3Aaction%3Dlightbox%26settings%3DeyJpZCI6NDg2NiwidXJsIjoiaHR0cHM6XC9cL2FsYmFkb2NpbGlhLmN1bHR1cmEuZ292Lml0XC93cC1jb250ZW50XC91cGxvYWRzXC8yMDIzXC8wM1wvMDNfTERTQzM0ODIuanBnIiwic2xpZGVzaG93IjoiZDM5NThmZCJ9\" href=\"https:\/\/albadocilia.cultura.gov.it\/wp-content\/uploads\/2023\/03\/03_LDSC3482.jpg\"><figure class=\"swiper-slide-inner\"><img decoding=\"async\" class=\"swiper-slide-image\" src=\"https:\/\/albadocilia.cultura.gov.it\/wp-content\/uploads\/2023\/03\/03_LDSC3482-300x300.jpg\" alt=\"L&#039;inaugurazione dei nuovi pannelli\" \/><figcaption class=\"elementor-image-carousel-caption\">L'inaugurazione dei nuovi pannelli\n<\/figcaption><\/figure><\/a><\/div><div class=\"swiper-slide\" role=\"group\" aria-roledescription=\"slide\" aria-label=\"5 di 34\"><a data-elementor-open-lightbox=\"yes\" data-elementor-lightbox-slideshow=\"d3958fd\" data-elementor-lightbox-title=\"16 ottobre 2021, vengono inaugurati i nuovi pannelli didattici da poco installati nell&#039;area archeologica\" data-e-action-hash=\"#elementor-action%3Aaction%3Dlightbox%26settings%3DeyJpZCI6NDg2NywidXJsIjoiaHR0cHM6XC9cL2FsYmFkb2NpbGlhLmN1bHR1cmEuZ292Lml0XC93cC1jb250ZW50XC91cGxvYWRzXC8yMDIzXC8wM1wvMDRfRFNDMzQ4OV9zcS5qcGciLCJzbGlkZXNob3ciOiJkMzk1OGZkIn0%3D\" href=\"https:\/\/albadocilia.cultura.gov.it\/wp-content\/uploads\/2023\/03\/04_DSC3489_sq.jpg\"><figure class=\"swiper-slide-inner\"><img decoding=\"async\" class=\"swiper-slide-image\" src=\"https:\/\/albadocilia.cultura.gov.it\/wp-content\/uploads\/2023\/03\/04_DSC3489_sq-300x300.jpg\" alt=\"L&#039;inaugurazione dei nuovi pannelli\" \/><figcaption class=\"elementor-image-carousel-caption\">L'inaugurazione dei nuovi pannelli<\/figcaption><\/figure><\/a><\/div><div class=\"swiper-slide\" role=\"group\" aria-roledescription=\"slide\" aria-label=\"6 di 34\"><a data-elementor-open-lightbox=\"yes\" data-elementor-lightbox-slideshow=\"d3958fd\" data-elementor-lightbox-title=\"Estate 2022, iniziano i lavori di riqualifica dell&#039;area archeologica\" data-e-action-hash=\"#elementor-action%3Aaction%3Dlightbox%26settings%3DeyJpZCI6NDgyNywidXJsIjoiaHR0cHM6XC9cL2FsYmFkb2NpbGlhLmN1bHR1cmEuZ292Lml0XC93cC1jb250ZW50XC91cGxvYWRzXC8yMDIzXC8wM1wvMDVfSU1HLTIwMjIwNjIyLVdBMDAwNV9zcS5qcGciLCJzbGlkZXNob3ciOiJkMzk1OGZkIn0%3D\" href=\"https:\/\/albadocilia.cultura.gov.it\/wp-content\/uploads\/2023\/03\/05_IMG-20220622-WA0005_sq.jpg\"><figure class=\"swiper-slide-inner\"><img decoding=\"async\" class=\"swiper-slide-image\" src=\"https:\/\/albadocilia.cultura.gov.it\/wp-content\/uploads\/2023\/03\/05_IMG-20220622-WA0005_sq-300x300.jpg\" alt=\"Lavori di ristemazione del terreno nell&#039;area del peristilio\" \/><figcaption class=\"elementor-image-carousel-caption\">Lavori di ristemazione del terreno nell'area del peristilio<\/figcaption><\/figure><\/a><\/div><div class=\"swiper-slide\" role=\"group\" aria-roledescription=\"slide\" aria-label=\"7 di 34\"><a data-elementor-open-lightbox=\"yes\" data-elementor-lightbox-slideshow=\"d3958fd\" data-elementor-lightbox-title=\"Nei vari ambienti della zona centrale dell&#039;area viene steso il tessuto non tessuto\" data-e-action-hash=\"#elementor-action%3Aaction%3Dlightbox%26settings%3DeyJpZCI6NDgyOCwidXJsIjoiaHR0cHM6XC9cL2FsYmFkb2NpbGlhLmN1bHR1cmEuZ292Lml0XC93cC1jb250ZW50XC91cGxvYWRzXC8yMDIzXC8wM1wvMDZfSU1HLTIwMjIwNjE2LVdBMDAxNF9zcS5qcGciLCJzbGlkZXNob3ciOiJkMzk1OGZkIn0%3D\" href=\"https:\/\/albadocilia.cultura.gov.it\/wp-content\/uploads\/2023\/03\/06_IMG-20220616-WA0014_sq.jpg\"><figure class=\"swiper-slide-inner\"><img decoding=\"async\" class=\"swiper-slide-image\" src=\"https:\/\/albadocilia.cultura.gov.it\/wp-content\/uploads\/2023\/03\/06_IMG-20220616-WA0014_sq-300x300.jpg\" alt=\"I lavori di protezione e regolarizzazione delle superfici\" \/><figcaption class=\"elementor-image-carousel-caption\">I lavori di protezione e regolarizzazione delle superfici<\/figcaption><\/figure><\/a><\/div><div class=\"swiper-slide\" role=\"group\" aria-roledescription=\"slide\" aria-label=\"8 di 34\"><a data-elementor-open-lightbox=\"yes\" data-elementor-lightbox-slideshow=\"d3958fd\" data-elementor-lightbox-title=\"Nei vari ambienti della zona centrale dell&#039;area viene steso il tessuto non tessuto\" data-e-action-hash=\"#elementor-action%3Aaction%3Dlightbox%26settings%3DeyJpZCI6NDgyOSwidXJsIjoiaHR0cHM6XC9cL2FsYmFkb2NpbGlhLmN1bHR1cmEuZ292Lml0XC93cC1jb250ZW50XC91cGxvYWRzXC8yMDIzXC8wM1wvMDdfWFQ0MTEzN19zcS5qcGciLCJzbGlkZXNob3ciOiJkMzk1OGZkIn0%3D\" href=\"https:\/\/albadocilia.cultura.gov.it\/wp-content\/uploads\/2023\/03\/07_XT41137_sq.jpg\"><figure class=\"swiper-slide-inner\"><img decoding=\"async\" class=\"swiper-slide-image\" src=\"https:\/\/albadocilia.cultura.gov.it\/wp-content\/uploads\/2023\/03\/07_XT41137_sq-300x300.jpg\" alt=\"I lavori di protezione e regolarizzazione delle superfici\" \/><figcaption class=\"elementor-image-carousel-caption\">I lavori di protezione e regolarizzazione delle superfici<\/figcaption><\/figure><\/a><\/div><div class=\"swiper-slide\" role=\"group\" aria-roledescription=\"slide\" aria-label=\"9 di 34\"><a data-elementor-open-lightbox=\"yes\" data-elementor-lightbox-slideshow=\"d3958fd\" data-elementor-lightbox-title=\"Nei vari ambienti della zona centrale dell&#039;area viene steso il tessuto non tessuto\" data-e-action-hash=\"#elementor-action%3Aaction%3Dlightbox%26settings%3DeyJpZCI6NDgzMSwidXJsIjoiaHR0cHM6XC9cL2FsYmFkb2NpbGlhLmN1bHR1cmEuZ292Lml0XC93cC1jb250ZW50XC91cGxvYWRzXC8yMDIzXC8wM1wvMDhfWFQ0MTE0OV9zcS5qcGciLCJzbGlkZXNob3ciOiJkMzk1OGZkIn0%3D\" href=\"https:\/\/albadocilia.cultura.gov.it\/wp-content\/uploads\/2023\/03\/08_XT41149_sq.jpg\"><figure class=\"swiper-slide-inner\"><img decoding=\"async\" class=\"swiper-slide-image\" src=\"https:\/\/albadocilia.cultura.gov.it\/wp-content\/uploads\/2023\/03\/08_XT41149_sq-300x300.jpg\" alt=\"I lavori di protezione e regolarizzazione delle superfici\" \/><figcaption class=\"elementor-image-carousel-caption\">I lavori di protezione e regolarizzazione delle superfici<\/figcaption><\/figure><\/a><\/div><div class=\"swiper-slide\" role=\"group\" aria-roledescription=\"slide\" aria-label=\"10 di 34\"><a data-elementor-open-lightbox=\"yes\" data-elementor-lightbox-slideshow=\"d3958fd\" data-elementor-lightbox-title=\"Nei vari ambienti della zona centrale dell&#039;area viene steso il tessuto non tessuto\" data-e-action-hash=\"#elementor-action%3Aaction%3Dlightbox%26settings%3DeyJpZCI6NDgzMiwidXJsIjoiaHR0cHM6XC9cL2FsYmFkb2NpbGlhLmN1bHR1cmEuZ292Lml0XC93cC1jb250ZW50XC91cGxvYWRzXC8yMDIzXC8wM1wvMDlfWFQ0MTE1N19zcS5qcGciLCJzbGlkZXNob3ciOiJkMzk1OGZkIn0%3D\" href=\"https:\/\/albadocilia.cultura.gov.it\/wp-content\/uploads\/2023\/03\/09_XT41157_sq.jpg\"><figure class=\"swiper-slide-inner\"><img decoding=\"async\" class=\"swiper-slide-image\" src=\"https:\/\/albadocilia.cultura.gov.it\/wp-content\/uploads\/2023\/03\/09_XT41157_sq-300x300.jpg\" alt=\"I lavori di protezione e regolarizzazione delle superfici\" \/><figcaption class=\"elementor-image-carousel-caption\">I lavori di protezione e regolarizzazione delle superfici<\/figcaption><\/figure><\/a><\/div><div class=\"swiper-slide\" role=\"group\" aria-roledescription=\"slide\" aria-label=\"11 di 34\"><a data-elementor-open-lightbox=\"yes\" data-elementor-lightbox-slideshow=\"d3958fd\" data-elementor-lightbox-title=\"Nei vari ambienti della zona centrale dell&#039;area viene steso il tessuto non tessuto\" data-e-action-hash=\"#elementor-action%3Aaction%3Dlightbox%26settings%3DeyJpZCI6NDgzMywidXJsIjoiaHR0cHM6XC9cL2FsYmFkb2NpbGlhLmN1bHR1cmEuZ292Lml0XC93cC1jb250ZW50XC91cGxvYWRzXC8yMDIzXC8wM1wvMTBfWFQ0MTE2MF9zcS5qcGciLCJzbGlkZXNob3ciOiJkMzk1OGZkIn0%3D\" href=\"https:\/\/albadocilia.cultura.gov.it\/wp-content\/uploads\/2023\/03\/10_XT41160_sq.jpg\"><figure class=\"swiper-slide-inner\"><img decoding=\"async\" class=\"swiper-slide-image\" src=\"https:\/\/albadocilia.cultura.gov.it\/wp-content\/uploads\/2023\/03\/10_XT41160_sq-300x300.jpg\" alt=\"I lavori di protezione e regolarizzazione delle superfici\" \/><figcaption class=\"elementor-image-carousel-caption\">I lavori di protezione e regolarizzazione delle superfici<\/figcaption><\/figure><\/a><\/div><div class=\"swiper-slide\" role=\"group\" aria-roledescription=\"slide\" aria-label=\"12 di 34\"><a data-elementor-open-lightbox=\"yes\" data-elementor-lightbox-slideshow=\"d3958fd\" data-elementor-lightbox-title=\"Nei vari ambienti della zona centrale dell&#039;area viene steso il tessuto non tessuto\" data-e-action-hash=\"#elementor-action%3Aaction%3Dlightbox%26settings%3DeyJpZCI6NDgzNCwidXJsIjoiaHR0cHM6XC9cL2FsYmFkb2NpbGlhLmN1bHR1cmEuZ292Lml0XC93cC1jb250ZW50XC91cGxvYWRzXC8yMDIzXC8wM1wvMTFfWFQ0MTE2Nl9zcS5qcGciLCJzbGlkZXNob3ciOiJkMzk1OGZkIn0%3D\" href=\"https:\/\/albadocilia.cultura.gov.it\/wp-content\/uploads\/2023\/03\/11_XT41166_sq.jpg\"><figure class=\"swiper-slide-inner\"><img decoding=\"async\" class=\"swiper-slide-image\" src=\"https:\/\/albadocilia.cultura.gov.it\/wp-content\/uploads\/2023\/03\/11_XT41166_sq-300x300.jpg\" alt=\"I lavori di protezione e regolarizzazione delle superfici\" \/><figcaption class=\"elementor-image-carousel-caption\">I lavori di protezione e regolarizzazione delle superfici<\/figcaption><\/figure><\/a><\/div><div class=\"swiper-slide\" role=\"group\" aria-roledescription=\"slide\" aria-label=\"13 di 34\"><a data-elementor-open-lightbox=\"yes\" data-elementor-lightbox-slideshow=\"d3958fd\" data-elementor-lightbox-title=\"Contemporaneamente, nell&#039;angolo nord ovest dell&#039;area, viene installata l&#039;insegna\" data-e-action-hash=\"#elementor-action%3Aaction%3Dlightbox%26settings%3DeyJpZCI6NDgzNSwidXJsIjoiaHR0cHM6XC9cL2FsYmFkb2NpbGlhLmN1bHR1cmEuZ292Lml0XC93cC1jb250ZW50XC91cGxvYWRzXC8yMDIzXC8wM1wvMTJfSU1HXzIwMjIwNjI5XzEwNTYwNF8xX3NxLmpwZyIsInNsaWRlc2hvdyI6ImQzOTU4ZmQifQ%3D%3D\" href=\"https:\/\/albadocilia.cultura.gov.it\/wp-content\/uploads\/2023\/03\/12_IMG_20220629_105604_1_sq.jpg\"><figure class=\"swiper-slide-inner\"><img decoding=\"async\" class=\"swiper-slide-image\" src=\"https:\/\/albadocilia.cultura.gov.it\/wp-content\/uploads\/2023\/03\/12_IMG_20220629_105604_1_sq-300x300.jpg\" alt=\"Lavori di posizionamento dell&#039;insegna\" \/><figcaption class=\"elementor-image-carousel-caption\">Lavori di posizionamento dell'insegna<\/figcaption><\/figure><\/a><\/div><div class=\"swiper-slide\" role=\"group\" aria-roledescription=\"slide\" aria-label=\"14 di 34\"><a data-elementor-open-lightbox=\"yes\" data-elementor-lightbox-slideshow=\"d3958fd\" data-elementor-lightbox-title=\"Lavori di risitemazione e livellamento del terreno\" data-e-action-hash=\"#elementor-action%3Aaction%3Dlightbox%26settings%3DeyJpZCI6NDgzNiwidXJsIjoiaHR0cHM6XC9cL2FsYmFkb2NpbGlhLmN1bHR1cmEuZ292Lml0XC93cC1jb250ZW50XC91cGxvYWRzXC8yMDIzXC8wM1wvMTNfSU1HXzIwMjIwNjI5XzExMjk0Nl8xX3NxLmpwZyIsInNsaWRlc2hvdyI6ImQzOTU4ZmQifQ%3D%3D\" href=\"https:\/\/albadocilia.cultura.gov.it\/wp-content\/uploads\/2023\/03\/13_IMG_20220629_112946_1_sq.jpg\"><figure class=\"swiper-slide-inner\"><img decoding=\"async\" class=\"swiper-slide-image\" src=\"https:\/\/albadocilia.cultura.gov.it\/wp-content\/uploads\/2023\/03\/13_IMG_20220629_112946_1_sq-300x300.jpg\" alt=\"Lavori di risitemazione e livellamento del terreno\" \/><figcaption class=\"elementor-image-carousel-caption\">Lavori di risitemazione e livellamento del terreno<\/figcaption><\/figure><\/a><\/div><div class=\"swiper-slide\" role=\"group\" aria-roledescription=\"slide\" aria-label=\"15 di 34\"><a data-elementor-open-lightbox=\"yes\" data-elementor-lightbox-slideshow=\"d3958fd\" data-elementor-lightbox-title=\"Lavori di risitemazione e livellamento del terreno\" data-e-action-hash=\"#elementor-action%3Aaction%3Dlightbox%26settings%3DeyJpZCI6NDgzNywidXJsIjoiaHR0cHM6XC9cL2FsYmFkb2NpbGlhLmN1bHR1cmEuZ292Lml0XC93cC1jb250ZW50XC91cGxvYWRzXC8yMDIzXC8wM1wvMTRfSU1HXzIwMjIwNjI5XzEzNTk0MF8xX3NxLXNjYWxlZC5qcGciLCJzbGlkZXNob3ciOiJkMzk1OGZkIn0%3D\" href=\"https:\/\/albadocilia.cultura.gov.it\/wp-content\/uploads\/2023\/03\/14_IMG_20220629_135940_1_sq-scaled.jpg\"><figure class=\"swiper-slide-inner\"><img decoding=\"async\" class=\"swiper-slide-image\" src=\"https:\/\/albadocilia.cultura.gov.it\/wp-content\/uploads\/2023\/03\/14_IMG_20220629_135940_1_sq-300x300.jpg\" alt=\"Lavori di risitemazione e livellamento del terreno\" \/><figcaption class=\"elementor-image-carousel-caption\">Lavori di risitemazione e livellamento del terreno<\/figcaption><\/figure><\/a><\/div><div class=\"swiper-slide\" role=\"group\" aria-roledescription=\"slide\" aria-label=\"16 di 34\"><a data-elementor-open-lightbox=\"yes\" data-elementor-lightbox-slideshow=\"d3958fd\" data-elementor-lightbox-title=\"Sopra il tessuto non tessuto precedentemente steso, viene sistemato il materiale uniformante, costituito da grossa ghiaia rosata\" data-e-action-hash=\"#elementor-action%3Aaction%3Dlightbox%26settings%3DeyJpZCI6NDgzOCwidXJsIjoiaHR0cHM6XC9cL2FsYmFkb2NpbGlhLmN1bHR1cmEuZ292Lml0XC93cC1jb250ZW50XC91cGxvYWRzXC8yMDIzXC8wM1wvMTVfSU1HLTIwMjIwNzA1LVdBMDAxMV9zcS5qcGciLCJzbGlkZXNob3ciOiJkMzk1OGZkIn0%3D\" href=\"https:\/\/albadocilia.cultura.gov.it\/wp-content\/uploads\/2023\/03\/15_IMG-20220705-WA0011_sq.jpg\"><figure class=\"swiper-slide-inner\"><img decoding=\"async\" class=\"swiper-slide-image\" src=\"https:\/\/albadocilia.cultura.gov.it\/wp-content\/uploads\/2023\/03\/15_IMG-20220705-WA0011_sq-300x300.jpg\" alt=\"Stesura del materiale uniformante\" \/><figcaption class=\"elementor-image-carousel-caption\">Stesura del materiale uniformante<\/figcaption><\/figure><\/a><\/div><div class=\"swiper-slide\" role=\"group\" aria-roledescription=\"slide\" aria-label=\"17 di 34\"><a data-elementor-open-lightbox=\"yes\" data-elementor-lightbox-slideshow=\"d3958fd\" data-elementor-lightbox-title=\"Sopra il tessuto non tessuto precedentemente steso, viene sistemato il materiale uniformante, costituito da grossa ghiaia rosata\" data-e-action-hash=\"#elementor-action%3Aaction%3Dlightbox%26settings%3DeyJpZCI6NDgzOSwidXJsIjoiaHR0cHM6XC9cL2FsYmFkb2NpbGlhLmN1bHR1cmEuZ292Lml0XC93cC1jb250ZW50XC91cGxvYWRzXC8yMDIzXC8wM1wvMTZfSU1HLTIwMjIwODAzLVdBMDAxNl9zcS5qcGciLCJzbGlkZXNob3ciOiJkMzk1OGZkIn0%3D\" href=\"https:\/\/albadocilia.cultura.gov.it\/wp-content\/uploads\/2023\/03\/16_IMG-20220803-WA0016_sq.jpg\"><figure class=\"swiper-slide-inner\"><img decoding=\"async\" class=\"swiper-slide-image\" src=\"https:\/\/albadocilia.cultura.gov.it\/wp-content\/uploads\/2023\/03\/16_IMG-20220803-WA0016_sq-300x300.jpg\" alt=\"Stesura del materiale uniformante\" \/><figcaption class=\"elementor-image-carousel-caption\">Stesura del materiale uniformante<\/figcaption><\/figure><\/a><\/div><div class=\"swiper-slide\" role=\"group\" aria-roledescription=\"slide\" aria-label=\"18 di 34\"><a data-elementor-open-lightbox=\"yes\" data-elementor-lightbox-slideshow=\"d3958fd\" data-elementor-lightbox-title=\"Sopra il tessuto non tessuto precedentemente steso, viene sistemato il materiale uniformante, costituito da grossa ghiaia rosata\" data-e-action-hash=\"#elementor-action%3Aaction%3Dlightbox%26settings%3DeyJpZCI6NDg0MCwidXJsIjoiaHR0cHM6XC9cL2FsYmFkb2NpbGlhLmN1bHR1cmEuZ292Lml0XC93cC1jb250ZW50XC91cGxvYWRzXC8yMDIzXC8wM1wvMTdfSU1HLTIwMjIxMDE0LVdBMDAwMF9zcS5qcGciLCJzbGlkZXNob3ciOiJkMzk1OGZkIn0%3D\" href=\"https:\/\/albadocilia.cultura.gov.it\/wp-content\/uploads\/2023\/03\/17_IMG-20221014-WA0000_sq.jpg\"><figure class=\"swiper-slide-inner\"><img decoding=\"async\" class=\"swiper-slide-image\" src=\"https:\/\/albadocilia.cultura.gov.it\/wp-content\/uploads\/2023\/03\/17_IMG-20221014-WA0000_sq-300x300.jpg\" alt=\"Stesura del materiale uniformante\" \/><figcaption class=\"elementor-image-carousel-caption\">Stesura del materiale uniformante<\/figcaption><\/figure><\/a><\/div><div class=\"swiper-slide\" role=\"group\" aria-roledescription=\"slide\" aria-label=\"19 di 34\"><a data-elementor-open-lightbox=\"yes\" data-elementor-lightbox-slideshow=\"d3958fd\" data-elementor-lightbox-title=\"Infine, la stesura del nuovo manto erboso\" data-e-action-hash=\"#elementor-action%3Aaction%3Dlightbox%26settings%3DeyJpZCI6NDg0MSwidXJsIjoiaHR0cHM6XC9cL2FsYmFkb2NpbGlhLmN1bHR1cmEuZ292Lml0XC93cC1jb250ZW50XC91cGxvYWRzXC8yMDIzXC8wM1wvMThfWFQ0MjMzM19zcS5qcGciLCJzbGlkZXNob3ciOiJkMzk1OGZkIn0%3D\" href=\"https:\/\/albadocilia.cultura.gov.it\/wp-content\/uploads\/2023\/03\/18_XT42333_sq.jpg\"><figure class=\"swiper-slide-inner\"><img decoding=\"async\" class=\"swiper-slide-image\" src=\"https:\/\/albadocilia.cultura.gov.it\/wp-content\/uploads\/2023\/03\/18_XT42333_sq-300x300.jpg\" alt=\"Infine, la stesura del nuovo manto erboso\" \/><figcaption class=\"elementor-image-carousel-caption\">Infine, la stesura del nuovo manto erboso<\/figcaption><\/figure><\/a><\/div><div class=\"swiper-slide\" role=\"group\" aria-roledescription=\"slide\" aria-label=\"20 di 34\"><a data-elementor-open-lightbox=\"yes\" data-elementor-lightbox-slideshow=\"d3958fd\" data-elementor-lightbox-title=\"Infine, la stesura del nuovo manto erboso\" data-e-action-hash=\"#elementor-action%3Aaction%3Dlightbox%26settings%3DeyJpZCI6NDg0MiwidXJsIjoiaHR0cHM6XC9cL2FsYmFkb2NpbGlhLmN1bHR1cmEuZ292Lml0XC93cC1jb250ZW50XC91cGxvYWRzXC8yMDIzXC8wM1wvMTlfWFQ0MjIwN19zcS5qcGciLCJzbGlkZXNob3ciOiJkMzk1OGZkIn0%3D\" href=\"https:\/\/albadocilia.cultura.gov.it\/wp-content\/uploads\/2023\/03\/19_XT42207_sq.jpg\"><figure class=\"swiper-slide-inner\"><img decoding=\"async\" class=\"swiper-slide-image\" src=\"https:\/\/albadocilia.cultura.gov.it\/wp-content\/uploads\/2023\/03\/19_XT42207_sq-300x300.jpg\" alt=\"Infine, la stesura del nuovo manto erboso\" \/><figcaption class=\"elementor-image-carousel-caption\">Infine, la stesura del nuovo manto erboso<\/figcaption><\/figure><\/a><\/div><div class=\"swiper-slide\" role=\"group\" aria-roledescription=\"slide\" aria-label=\"21 di 34\"><a data-elementor-open-lightbox=\"yes\" data-elementor-lightbox-slideshow=\"d3958fd\" data-elementor-lightbox-title=\"La zona del cortile e del peristilio come si presenta dopo i lavori\" data-e-action-hash=\"#elementor-action%3Aaction%3Dlightbox%26settings%3DeyJpZCI6NDg0MywidXJsIjoiaHR0cHM6XC9cL2FsYmFkb2NpbGlhLmN1bHR1cmEuZ292Lml0XC93cC1jb250ZW50XC91cGxvYWRzXC8yMDIzXC8wM1wvMTlfWFQ0MjIxMl9zcS5qcGciLCJzbGlkZXNob3ciOiJkMzk1OGZkIn0%3D\" href=\"https:\/\/albadocilia.cultura.gov.it\/wp-content\/uploads\/2023\/03\/19_XT42212_sq.jpg\"><figure class=\"swiper-slide-inner\"><img decoding=\"async\" class=\"swiper-slide-image\" src=\"https:\/\/albadocilia.cultura.gov.it\/wp-content\/uploads\/2023\/03\/19_XT42212_sq-300x300.jpg\" alt=\"La zona del cortile e del peristilio come si presenta dopo i lavori\" \/><figcaption class=\"elementor-image-carousel-caption\">La zona del cortile e del peristilio come si presenta dopo i lavori<\/figcaption><\/figure><\/a><\/div><div class=\"swiper-slide\" role=\"group\" aria-roledescription=\"slide\" aria-label=\"22 di 34\"><a data-elementor-open-lightbox=\"yes\" data-elementor-lightbox-slideshow=\"d3958fd\" data-elementor-lightbox-title=\"La zona verso la Stazione come si presenta dopo i lavori\" data-e-action-hash=\"#elementor-action%3Aaction%3Dlightbox%26settings%3DeyJpZCI6NDg0NSwidXJsIjoiaHR0cHM6XC9cL2FsYmFkb2NpbGlhLmN1bHR1cmEuZ292Lml0XC93cC1jb250ZW50XC91cGxvYWRzXC8yMDIzXC8wM1wvMjJfWFQ0MjMwOF9zcS5qcGciLCJzbGlkZXNob3ciOiJkMzk1OGZkIn0%3D\" href=\"https:\/\/albadocilia.cultura.gov.it\/wp-content\/uploads\/2023\/03\/22_XT42308_sq.jpg\"><figure class=\"swiper-slide-inner\"><img decoding=\"async\" class=\"swiper-slide-image\" src=\"https:\/\/albadocilia.cultura.gov.it\/wp-content\/uploads\/2023\/03\/22_XT42308_sq-300x300.jpg\" alt=\"La zona verso la Stazione come si presenta dopo i lavori\" \/><figcaption class=\"elementor-image-carousel-caption\">La zona verso la Stazione come si presenta dopo i lavori<\/figcaption><\/figure><\/a><\/div><div class=\"swiper-slide\" role=\"group\" aria-roledescription=\"slide\" aria-label=\"23 di 34\"><a data-elementor-open-lightbox=\"yes\" data-elementor-lightbox-slideshow=\"d3958fd\" data-elementor-lightbox-title=\"L&#039;area archeologica \u00e8 quasi pronta\" data-e-action-hash=\"#elementor-action%3Aaction%3Dlightbox%26settings%3DeyJpZCI6NDg0NiwidXJsIjoiaHR0cHM6XC9cL2FsYmFkb2NpbGlhLmN1bHR1cmEuZ292Lml0XC93cC1jb250ZW50XC91cGxvYWRzXC8yMDIzXC8wM1wvMjNfWFQ0MjMxMV9zcS5qcGciLCJzbGlkZXNob3ciOiJkMzk1OGZkIn0%3D\" href=\"https:\/\/albadocilia.cultura.gov.it\/wp-content\/uploads\/2023\/03\/23_XT42311_sq.jpg\"><figure class=\"swiper-slide-inner\"><img decoding=\"async\" class=\"swiper-slide-image\" src=\"https:\/\/albadocilia.cultura.gov.it\/wp-content\/uploads\/2023\/03\/23_XT42311_sq-300x300.jpg\" alt=\"L&#039;area archeologica \u00e8 quasi pronta\" \/><figcaption class=\"elementor-image-carousel-caption\">L'area archeologica \u00e8 quasi pronta<\/figcaption><\/figure><\/a><\/div><div class=\"swiper-slide\" role=\"group\" aria-roledescription=\"slide\" aria-label=\"24 di 34\"><a data-elementor-open-lightbox=\"yes\" data-elementor-lightbox-slideshow=\"d3958fd\" data-elementor-lightbox-title=\"Si procede infine alla stesura del lapillo, per uniformare alcune delle superfici nella zona delle terme\" data-e-action-hash=\"#elementor-action%3Aaction%3Dlightbox%26settings%3DeyJpZCI6NDg0NywidXJsIjoiaHR0cHM6XC9cL2FsYmFkb2NpbGlhLmN1bHR1cmEuZ292Lml0XC93cC1jb250ZW50XC91cGxvYWRzXC8yMDIzXC8wM1wvMjRfSU1HLTIwMjMwMjIxLVdBMDAwN19zcS5qcGciLCJzbGlkZXNob3ciOiJkMzk1OGZkIn0%3D\" href=\"https:\/\/albadocilia.cultura.gov.it\/wp-content\/uploads\/2023\/03\/24_IMG-20230221-WA0007_sq.jpg\"><figure class=\"swiper-slide-inner\"><img decoding=\"async\" class=\"swiper-slide-image\" src=\"https:\/\/albadocilia.cultura.gov.it\/wp-content\/uploads\/2023\/03\/24_IMG-20230221-WA0007_sq-300x300.jpg\" alt=\"Gli ultimi lavori\" \/><figcaption class=\"elementor-image-carousel-caption\">Gli ultimi lavori<\/figcaption><\/figure><\/a><\/div><div class=\"swiper-slide\" role=\"group\" aria-roledescription=\"slide\" aria-label=\"25 di 34\"><a data-elementor-open-lightbox=\"yes\" data-elementor-lightbox-slideshow=\"d3958fd\" data-elementor-lightbox-title=\"Si procede infine alla stesura del lapillo, per uniformare alcune delle superfici nella zona delle terme\" data-e-action-hash=\"#elementor-action%3Aaction%3Dlightbox%26settings%3DeyJpZCI6NDg0OCwidXJsIjoiaHR0cHM6XC9cL2FsYmFkb2NpbGlhLmN1bHR1cmEuZ292Lml0XC93cC1jb250ZW50XC91cGxvYWRzXC8yMDIzXC8wM1wvMjVfSU1HLTIwMjMwMjIxLVdBMDAwNV9zcS5qcGciLCJzbGlkZXNob3ciOiJkMzk1OGZkIn0%3D\" href=\"https:\/\/albadocilia.cultura.gov.it\/wp-content\/uploads\/2023\/03\/25_IMG-20230221-WA0005_sq.jpg\"><figure class=\"swiper-slide-inner\"><img decoding=\"async\" class=\"swiper-slide-image\" src=\"https:\/\/albadocilia.cultura.gov.it\/wp-content\/uploads\/2023\/03\/25_IMG-20230221-WA0005_sq-300x300.jpg\" alt=\"Gli ultimi lavori\" \/><figcaption class=\"elementor-image-carousel-caption\">Gli ultimi lavori<\/figcaption><\/figure><\/a><\/div><div class=\"swiper-slide\" role=\"group\" aria-roledescription=\"slide\" aria-label=\"26 di 34\"><a data-elementor-open-lightbox=\"yes\" data-elementor-lightbox-slideshow=\"d3958fd\" data-elementor-lightbox-title=\"Si concludono in autunno i lavori di sistemazione dell&#039;area archeologica alla vigilia dell&#039;inaugurazione del nuovo impianto di illuminazione\" data-e-action-hash=\"#elementor-action%3Aaction%3Dlightbox%26settings%3DeyJpZCI6NDg0OSwidXJsIjoiaHR0cHM6XC9cL2FsYmFkb2NpbGlhLmN1bHR1cmEuZ292Lml0XC93cC1jb250ZW50XC91cGxvYWRzXC8yMDIzXC8wM1wvMjZfWFQ0MjMwM19zcS5qcGciLCJzbGlkZXNob3ciOiJkMzk1OGZkIn0%3D\" href=\"https:\/\/albadocilia.cultura.gov.it\/wp-content\/uploads\/2023\/03\/26_XT42303_sq.jpg\"><figure class=\"swiper-slide-inner\"><img decoding=\"async\" class=\"swiper-slide-image\" src=\"https:\/\/albadocilia.cultura.gov.it\/wp-content\/uploads\/2023\/03\/26_XT42303_sq-300x300.jpg\" alt=\"Lavori conclusi\" \/><figcaption class=\"elementor-image-carousel-caption\">Lavori conclusi<\/figcaption><\/figure><\/a><\/div><div class=\"swiper-slide\" role=\"group\" aria-roledescription=\"slide\" aria-label=\"27 di 34\"><a data-elementor-open-lightbox=\"yes\" data-elementor-lightbox-slideshow=\"d3958fd\" data-elementor-lightbox-title=\"28 ottobre 2022, viene inaugurato il nuovo impianto di illuminazione dell&#039;area archeologica\" data-e-action-hash=\"#elementor-action%3Aaction%3Dlightbox%26settings%3DeyJpZCI6NDg1MCwidXJsIjoiaHR0cHM6XC9cL2FsYmFkb2NpbGlhLmN1bHR1cmEuZ292Lml0XC93cC1jb250ZW50XC91cGxvYWRzXC8yMDIzXC8wM1wvMjdfWFQ0MjQ3OV9zcS5qcGciLCJzbGlkZXNob3ciOiJkMzk1OGZkIn0%3D\" href=\"https:\/\/albadocilia.cultura.gov.it\/wp-content\/uploads\/2023\/03\/27_XT42479_sq.jpg\"><figure class=\"swiper-slide-inner\"><img decoding=\"async\" class=\"swiper-slide-image\" src=\"https:\/\/albadocilia.cultura.gov.it\/wp-content\/uploads\/2023\/03\/27_XT42479_sq-300x300.jpg\" alt=\"Inaugurazione del nuovo impianto luci\" \/><figcaption class=\"elementor-image-carousel-caption\">Inaugurazione del nuovo impianto luci<\/figcaption><\/figure><\/a><\/div><div class=\"swiper-slide\" role=\"group\" aria-roledescription=\"slide\" aria-label=\"28 di 34\"><a data-elementor-open-lightbox=\"yes\" data-elementor-lightbox-slideshow=\"d3958fd\" data-elementor-lightbox-title=\"Il nuovo impianto di illuminazione prevede anche faretti specifici per illuminare i pannelli\" data-e-action-hash=\"#elementor-action%3Aaction%3Dlightbox%26settings%3DeyJpZCI6NDg1MSwidXJsIjoiaHR0cHM6XC9cL2FsYmFkb2NpbGlhLmN1bHR1cmEuZ292Lml0XC93cC1jb250ZW50XC91cGxvYWRzXC8yMDIzXC8wM1wvMjlfWFQ0MjQ4Ml9zcS5qcGciLCJzbGlkZXNob3ciOiJkMzk1OGZkIn0%3D\" href=\"https:\/\/albadocilia.cultura.gov.it\/wp-content\/uploads\/2023\/03\/29_XT42482_sq.jpg\"><figure class=\"swiper-slide-inner\"><img decoding=\"async\" class=\"swiper-slide-image\" src=\"https:\/\/albadocilia.cultura.gov.it\/wp-content\/uploads\/2023\/03\/29_XT42482_sq-300x300.jpg\" alt=\"Inaugurazione del nuovo impianto luci\" \/><figcaption class=\"elementor-image-carousel-caption\">Inaugurazione del nuovo impianto luci<\/figcaption><\/figure><\/a><\/div><div class=\"swiper-slide\" role=\"group\" aria-roledescription=\"slide\" aria-label=\"29 di 34\"><a data-elementor-open-lightbox=\"yes\" data-elementor-lightbox-slideshow=\"d3958fd\" data-elementor-lightbox-title=\"La zona delle terme e il suo pannello in versione notturna\" data-e-action-hash=\"#elementor-action%3Aaction%3Dlightbox%26settings%3DeyJpZCI6NDg1MiwidXJsIjoiaHR0cHM6XC9cL2FsYmFkb2NpbGlhLmN1bHR1cmEuZ292Lml0XC93cC1jb250ZW50XC91cGxvYWRzXC8yMDIzXC8wM1wvMzBfWFQ0MjUwMV9zcS5qcGciLCJzbGlkZXNob3ciOiJkMzk1OGZkIn0%3D\" href=\"https:\/\/albadocilia.cultura.gov.it\/wp-content\/uploads\/2023\/03\/30_XT42501_sq.jpg\"><figure class=\"swiper-slide-inner\"><img decoding=\"async\" class=\"swiper-slide-image\" src=\"https:\/\/albadocilia.cultura.gov.it\/wp-content\/uploads\/2023\/03\/30_XT42501_sq-300x300.jpg\" alt=\"Inaugurazione del nuovo impianto luci\" \/><figcaption class=\"elementor-image-carousel-caption\">Inaugurazione del nuovo impianto luci<\/figcaption><\/figure><\/a><\/div><div class=\"swiper-slide\" role=\"group\" aria-roledescription=\"slide\" aria-label=\"30 di 34\"><a data-elementor-open-lightbox=\"yes\" data-elementor-lightbox-slideshow=\"d3958fd\" data-elementor-lightbox-title=\"...\" data-e-action-hash=\"#elementor-action%3Aaction%3Dlightbox%26settings%3DeyJpZCI6NDg1NSwidXJsIjoiaHR0cHM6XC9cL2FsYmFkb2NpbGlhLmN1bHR1cmEuZ292Lml0XC93cC1jb250ZW50XC91cGxvYWRzXC8yMDIzXC8wM1wvMzNfMjAyMjEwMjhfMTkxMzUwX3NxLmpwZyIsInNsaWRlc2hvdyI6ImQzOTU4ZmQifQ%3D%3D\" href=\"https:\/\/albadocilia.cultura.gov.it\/wp-content\/uploads\/2023\/03\/33_20221028_191350_sq.jpg\"><figure class=\"swiper-slide-inner\"><img decoding=\"async\" class=\"swiper-slide-image\" src=\"https:\/\/albadocilia.cultura.gov.it\/wp-content\/uploads\/2023\/03\/33_20221028_191350_sq-300x300.jpg\" alt=\"...\" \/><\/figure><\/a><\/div><div class=\"swiper-slide\" role=\"group\" aria-roledescription=\"slide\" aria-label=\"31 di 34\"><a data-elementor-open-lightbox=\"yes\" data-elementor-lightbox-slideshow=\"d3958fd\" data-elementor-lightbox-title=\"In vista delle imminenti riprese video con il drone, viene effettuata una nuova pulizia archeologica delle strutture\" data-e-action-hash=\"#elementor-action%3Aaction%3Dlightbox%26settings%3DeyJpZCI6NDg1NiwidXJsIjoiaHR0cHM6XC9cL2FsYmFkb2NpbGlhLmN1bHR1cmEuZ292Lml0XC93cC1jb250ZW50XC91cGxvYWRzXC8yMDIzXC8wM1wvMzRfMjAyMjExMjNfMTYxNjEwX3NxLmpwZyIsInNsaWRlc2hvdyI6ImQzOTU4ZmQifQ%3D%3D\" href=\"https:\/\/albadocilia.cultura.gov.it\/wp-content\/uploads\/2023\/03\/34_20221123_161610_sq.jpg\"><figure class=\"swiper-slide-inner\"><img decoding=\"async\" class=\"swiper-slide-image\" src=\"https:\/\/albadocilia.cultura.gov.it\/wp-content\/uploads\/2023\/03\/34_20221123_161610_sq-300x300.jpg\" alt=\"Ultimi ritocchi di pulizia delle strutture\" \/><figcaption class=\"elementor-image-carousel-caption\">Ultimi ritocchi di pulizia delle strutture<\/figcaption><\/figure><\/a><\/div><div class=\"swiper-slide\" role=\"group\" aria-roledescription=\"slide\" aria-label=\"32 di 34\"><a data-elementor-open-lightbox=\"yes\" data-elementor-lightbox-slideshow=\"d3958fd\" data-elementor-lightbox-title=\"Il drone pronto per le riprese\" data-e-action-hash=\"#elementor-action%3Aaction%3Dlightbox%26settings%3DeyJpZCI6NDg1NywidXJsIjoiaHR0cHM6XC9cL2FsYmFkb2NpbGlhLmN1bHR1cmEuZ292Lml0XC93cC1jb250ZW50XC91cGxvYWRzXC8yMDIzXC8wM1wvMzVfMjAyMjExMjRfMDc0NTQyX3NxLmpwZyIsInNsaWRlc2hvdyI6ImQzOTU4ZmQifQ%3D%3D\" href=\"https:\/\/albadocilia.cultura.gov.it\/wp-content\/uploads\/2023\/03\/35_20221124_074542_sq.jpg\"><figure class=\"swiper-slide-inner\"><img decoding=\"async\" class=\"swiper-slide-image\" src=\"https:\/\/albadocilia.cultura.gov.it\/wp-content\/uploads\/2023\/03\/35_20221124_074542_sq-300x300.jpg\" alt=\"Il drone pronto per le riprese\" \/><figcaption class=\"elementor-image-carousel-caption\">Il drone pronto per le riprese<\/figcaption><\/figure><\/a><\/div><div class=\"swiper-slide\" role=\"group\" aria-roledescription=\"slide\" aria-label=\"33 di 34\"><a data-elementor-open-lightbox=\"yes\" data-elementor-lightbox-slideshow=\"d3958fd\" data-elementor-lightbox-title=\"E finalemente in volo!\" data-e-action-hash=\"#elementor-action%3Aaction%3Dlightbox%26settings%3DeyJpZCI6NDg1OCwidXJsIjoiaHR0cHM6XC9cL2FsYmFkb2NpbGlhLmN1bHR1cmEuZ292Lml0XC93cC1jb250ZW50XC91cGxvYWRzXC8yMDIzXC8wM1wvMzZfMjAyMjExMjRfMDc1OTUzX3NxLmpwZyIsInNsaWRlc2hvdyI6ImQzOTU4ZmQifQ%3D%3D\" href=\"https:\/\/albadocilia.cultura.gov.it\/wp-content\/uploads\/2023\/03\/36_20221124_075953_sq.jpg\"><figure class=\"swiper-slide-inner\"><img decoding=\"async\" class=\"swiper-slide-image\" src=\"https:\/\/albadocilia.cultura.gov.it\/wp-content\/uploads\/2023\/03\/36_20221124_075953_sq-300x300.jpg\" alt=\"E finalemnte in volo!\" \/><figcaption class=\"elementor-image-carousel-caption\">E finalemnte in volo!<\/figcaption><\/figure><\/a><\/div><div class=\"swiper-slide\" role=\"group\" aria-roledescription=\"slide\" aria-label=\"34 di 34\"><a data-elementor-open-lightbox=\"yes\" data-elementor-lightbox-slideshow=\"d3958fd\" data-elementor-lightbox-title=\"L&#039;area archeologica di Alba Docilia il 24 novembre 2022, durante il volo\" data-e-action-hash=\"#elementor-action%3Aaction%3Dlightbox%26settings%3DeyJpZCI6NDg1OSwidXJsIjoiaHR0cHM6XC9cL2FsYmFkb2NpbGlhLmN1bHR1cmEuZ292Lml0XC93cC1jb250ZW50XC91cGxvYWRzXC8yMDIzXC8wM1wvREpJXzAwMDcuMDBfMDBfMTFfMDAuSW1tYWdpbmUwMDFfZG9wby0xLmpwZyIsInNsaWRlc2hvdyI6ImQzOTU4ZmQifQ%3D%3D\" href=\"https:\/\/albadocilia.cultura.gov.it\/wp-content\/uploads\/2023\/03\/DJI_0007.00_00_11_00.Immagine001_dopo-1.jpg\"><figure class=\"swiper-slide-inner\"><img decoding=\"async\" class=\"swiper-slide-image\" src=\"https:\/\/albadocilia.cultura.gov.it\/wp-content\/uploads\/2023\/03\/DJI_0007.00_00_11_00.Immagine001_dopo-1-300x300.jpg\" alt=\"L&#039;area archeologica di Alba Docilia il 24 novembre 2022, durante il volo\" \/><figcaption class=\"elementor-image-carousel-caption\">L'area archeologica di Alba Docilia il 24 novembre 2022, durante il volo<\/figcaption><\/figure><\/a><\/div>\t\t\t<\/div>\n\t\t\t\t\t\t\t\t\t\t\t\t<div class=\"elementor-swiper-button elementor-swiper-button-prev\" role=\"button\" tabindex=\"0\">\n\t\t\t\t\t\t<i aria-hidden=\"true\" class=\"fas fa-arrow-alt-circle-left\"><\/i>\t\t\t\t\t<\/div>\n\t\t\t\t\t<div class=\"elementor-swiper-button elementor-swiper-button-next\" role=\"button\" tabindex=\"0\">\n\t\t\t\t\t\t<i aria-hidden=\"true\" class=\"fas fa-arrow-alt-circle-right\"><\/i>\t\t\t\t\t<\/div>\n\t\t\t\t\n\t\t\t\t\t\t\t\t\t<\/div>\n\t\t\t\t<\/div>\n\t\t\t\t<\/div>\n\t\t\t\t\t<\/div>\n\t\t<\/div>\n\t\t\t\t\t<\/div>\n\t\t<\/section>\n\t\t\t\t<\/div>\n\t\t","protected":false},"excerpt":{"rendered":"<p>ORA SEI IN UNA PAGINA DI APPROFONDIMENTO La storia degli scavi ma non solo Siamo spesso abituati, quando visitiamo un luogo di cultura, ad avere a che fare, in vario modo, con la sua storia in relazione al periodo storico in cui \u00e8 stato frequentato e a chi l\u00ec ha vissuto. Meno spesso invece ci &hellip;<\/p>\n<p class=\"read-more\"> <a class=\"\" href=\"https:\/\/albadocilia.cultura.gov.it\/?page_id=4579\"> <span class=\"screen-reader-text\">La storia degli scavi ma non solo<\/span> Leggi altro &raquo;<\/a><\/p>\n","protected":false},"author":1,"featured_media":0,"parent":0,"menu_order":0,"comment_status":"closed","ping_status":"closed","template":"","meta":{"site-sidebar-layout":"no-sidebar","site-content-layout":"page-builder","ast-global-header-display":"","ast-main-header-display":"","ast-hfb-above-header-display":"","ast-hfb-below-header-display":"","ast-hfb-mobile-header-display":"","site-post-title":"disabled","ast-breadcrumbs-content":"","ast-featured-img":"disabled","footer-sml-layout":"","theme-transparent-header-meta":"","adv-header-id-meta":"","stick-header-meta":"","header-above-stick-meta":"","header-main-stick-meta":"","header-below-stick-meta":"","footnotes":""},"class_list":["post-4579","page","type-page","status-publish","hentry"],"_links":{"self":[{"href":"https:\/\/albadocilia.cultura.gov.it\/index.php?rest_route=\/wp\/v2\/pages\/4579","targetHints":{"allow":["GET"]}}],"collection":[{"href":"https:\/\/albadocilia.cultura.gov.it\/index.php?rest_route=\/wp\/v2\/pages"}],"about":[{"href":"https:\/\/albadocilia.cultura.gov.it\/index.php?rest_route=\/wp\/v2\/types\/page"}],"author":[{"embeddable":true,"href":"https:\/\/albadocilia.cultura.gov.it\/index.php?rest_route=\/wp\/v2\/users\/1"}],"replies":[{"embeddable":true,"href":"https:\/\/albadocilia.cultura.gov.it\/index.php?rest_route=%2Fwp%2Fv2%2Fcomments&post=4579"}],"version-history":[{"count":410,"href":"https:\/\/albadocilia.cultura.gov.it\/index.php?rest_route=\/wp\/v2\/pages\/4579\/revisions"}],"predecessor-version":[{"id":10082,"href":"https:\/\/albadocilia.cultura.gov.it\/index.php?rest_route=\/wp\/v2\/pages\/4579\/revisions\/10082"}],"wp:attachment":[{"href":"https:\/\/albadocilia.cultura.gov.it\/index.php?rest_route=%2Fwp%2Fv2%2Fmedia&parent=4579"}],"curies":[{"name":"wp","href":"https:\/\/api.w.org\/{rel}","templated":true}]}}