{"id":4426,"date":"2023-02-03T15:58:22","date_gmt":"2023-02-03T14:58:22","guid":{"rendered":"http:\/\/albadocilia.cultura.gov.it\/?page_id=4426"},"modified":"2023-10-01T11:05:03","modified_gmt":"2023-10-01T09:05:03","slug":"il-commercio-e-le-attivita-produttive","status":"publish","type":"page","link":"https:\/\/albadocilia.cultura.gov.it\/?page_id=4426","title":{"rendered":"Il commercio e le attivit\u00e0 produttive"},"content":{"rendered":"\t\t<div data-elementor-type=\"wp-page\" data-elementor-id=\"4426\" class=\"elementor elementor-4426\">\n\t\t\t\t\t\t<section class=\"elementor-section elementor-top-section elementor-element elementor-element-0b0e15e elementor-section-boxed elementor-section-height-default elementor-section-height-default\" data-id=\"0b0e15e\" data-element_type=\"section\">\n\t\t\t\t\t\t<div class=\"elementor-container elementor-column-gap-default\">\n\t\t\t\t\t<div class=\"elementor-column elementor-col-100 elementor-top-column elementor-element elementor-element-0e81315\" data-id=\"0e81315\" data-element_type=\"column\">\n\t\t\t<div class=\"elementor-widget-wrap elementor-element-populated\">\n\t\t\t\t\t\t<div class=\"elementor-element elementor-element-7720f9e elementor-widget elementor-widget-heading\" data-id=\"7720f9e\" data-element_type=\"widget\" data-widget_type=\"heading.default\">\n\t\t\t\t<div class=\"elementor-widget-container\">\n\t\t\t<style>\/*! elementor - v3.19.0 - 28-02-2024 *\/\n.elementor-heading-title{padding:0;margin:0;line-height:1}.elementor-widget-heading .elementor-heading-title[class*=elementor-size-]>a{color:inherit;font-size:inherit;line-height:inherit}.elementor-widget-heading .elementor-heading-title.elementor-size-small{font-size:15px}.elementor-widget-heading .elementor-heading-title.elementor-size-medium{font-size:19px}.elementor-widget-heading .elementor-heading-title.elementor-size-large{font-size:29px}.elementor-widget-heading .elementor-heading-title.elementor-size-xl{font-size:39px}.elementor-widget-heading .elementor-heading-title.elementor-size-xxl{font-size:59px}<\/style><h1 class=\"elementor-heading-title elementor-size-default\">La<i> pars rustica<\/i>: <br>il commercio e le <br>attivit\u00e0 produttive<\/h1>\t\t<\/div>\n\t\t\t\t<\/div>\n\t\t\t\t\t<\/div>\n\t\t<\/div>\n\t\t\t\t\t<\/div>\n\t\t<\/section>\n\t\t\t\t<section class=\"elementor-section elementor-top-section elementor-element elementor-element-201a72d elementor-section-boxed elementor-section-height-default elementor-section-height-default\" data-id=\"201a72d\" data-element_type=\"section\">\n\t\t\t\t\t\t<div class=\"elementor-container elementor-column-gap-default\">\n\t\t\t\t\t<div class=\"elementor-column elementor-col-33 elementor-top-column elementor-element elementor-element-c3886ab\" data-id=\"c3886ab\" data-element_type=\"column\">\n\t\t\t<div class=\"elementor-widget-wrap elementor-element-populated\">\n\t\t\t\t\t\t<div class=\"elementor-element elementor-element-3516c42 elementor-widget elementor-widget-image\" data-id=\"3516c42\" data-element_type=\"widget\" data-settings=\"{&quot;_animation&quot;:&quot;none&quot;}\" data-widget_type=\"image.default\">\n\t\t\t\t<div class=\"elementor-widget-container\">\n\t\t\t<style>\/*! elementor - v3.19.0 - 28-02-2024 *\/\n.elementor-widget-image{text-align:center}.elementor-widget-image a{display:inline-block}.elementor-widget-image a img[src$=\".svg\"]{width:48px}.elementor-widget-image img{vertical-align:middle;display:inline-block}<\/style>\t\t\t\t\t\t\t\t\t\t<img decoding=\"async\" src=\"https:\/\/albadocilia.cultura.gov.it\/wp-content\/uploads\/elementor\/thumbs\/iconmonstr-headphones-16-240-1-q8dkgle9tzgnwd0e57grh80bmw7enzp43qy4o4k3g4.png\" title=\"\" alt=\"\" loading=\"lazy\" \/>\t\t\t\t\t\t\t\t\t\t\t\t\t<\/div>\n\t\t\t\t<\/div>\n\t\t\t\t\t<\/div>\n\t\t<\/div>\n\t\t\t\t<div class=\"elementor-column elementor-col-66 elementor-top-column elementor-element elementor-element-76d75c3\" data-id=\"76d75c3\" data-element_type=\"column\">\n\t\t\t<div class=\"elementor-widget-wrap elementor-element-populated\">\n\t\t\t\t\t\t<div class=\"elementor-element elementor-element-4a0a2a1 elementor-widget__width-initial animated-fast elementor-widget elementor-widget-text-editor\" data-id=\"4a0a2a1\" data-element_type=\"widget\" data-settings=\"{&quot;_animation&quot;:&quot;none&quot;}\" data-widget_type=\"text-editor.default\">\n\t\t\t\t<div class=\"elementor-widget-container\">\n\t\t\t<style>\/*! elementor - v3.19.0 - 28-02-2024 *\/\n.elementor-widget-text-editor.elementor-drop-cap-view-stacked .elementor-drop-cap{background-color:#69727d;color:#fff}.elementor-widget-text-editor.elementor-drop-cap-view-framed .elementor-drop-cap{color:#69727d;border:3px solid;background-color:transparent}.elementor-widget-text-editor:not(.elementor-drop-cap-view-default) .elementor-drop-cap{margin-top:8px}.elementor-widget-text-editor:not(.elementor-drop-cap-view-default) .elementor-drop-cap-letter{width:1em;height:1em}.elementor-widget-text-editor .elementor-drop-cap{float:left;text-align:center;line-height:1;font-size:50px}.elementor-widget-text-editor .elementor-drop-cap-letter{display:inline-block}<\/style>\t\t\t\t<audio class=\"wp-audio-shortcode\" id=\"audio-4426-1\" preload=\"none\" style=\"width: 100%;\" controls=\"controls\"><source type=\"audio\/mpeg\" src=\"https:\/\/albadocilia.cultura.gov.it\/wp-content\/uploads\/2023\/09\/MP3_PARS_RUSTICA.mp3?_=1\" \/><a href=\"https:\/\/albadocilia.cultura.gov.it\/wp-content\/uploads\/2023\/09\/MP3_PARS_RUSTICA.mp3\">https:\/\/albadocilia.cultura.gov.it\/wp-content\/uploads\/2023\/09\/MP3_PARS_RUSTICA.mp3<\/a><\/audio>\t\t\t\t\t\t<\/div>\n\t\t\t\t<\/div>\n\t\t\t\t\t<\/div>\n\t\t<\/div>\n\t\t\t\t\t<\/div>\n\t\t<\/section>\n\t\t\t\t<section class=\"elementor-section elementor-top-section elementor-element elementor-element-9324edd elementor-section-boxed elementor-section-height-default elementor-section-height-default\" data-id=\"9324edd\" data-element_type=\"section\">\n\t\t\t\t\t\t<div class=\"elementor-container elementor-column-gap-default\">\n\t\t\t\t\t<div class=\"elementor-column elementor-col-100 elementor-top-column elementor-element elementor-element-f209369\" data-id=\"f209369\" data-element_type=\"column\">\n\t\t\t<div class=\"elementor-widget-wrap elementor-element-populated\">\n\t\t\t\t\t\t<section class=\"elementor-section elementor-inner-section elementor-element elementor-element-ad88b06 elementor-section-boxed elementor-section-height-default elementor-section-height-default\" data-id=\"ad88b06\" data-element_type=\"section\">\n\t\t\t\t\t\t<div class=\"elementor-container elementor-column-gap-default\">\n\t\t\t\t\t<div class=\"elementor-column elementor-col-50 elementor-inner-column elementor-element elementor-element-8d4abe5\" data-id=\"8d4abe5\" data-element_type=\"column\">\n\t\t\t<div class=\"elementor-widget-wrap elementor-element-populated\">\n\t\t\t\t\t\t<div class=\"elementor-element elementor-element-22c6f72 elementor-widget elementor-widget-text-editor\" data-id=\"22c6f72\" data-element_type=\"widget\" data-widget_type=\"text-editor.default\">\n\t\t\t\t<div class=\"elementor-widget-container\">\n\t\t\t\t\t\t\t<p><span style=\"color: #000000;\">Non inizieremo qui col parlare di un luogo antico ma di un edificio attuale, ossia della Stazione Ferroviaria di Albisola.<\/span><br \/><span style=\"color: #000000;\">Essa si trova in Piazza Giulio II, esattamente di fronte all\u2019area archeologica della <em><a style=\"color: #000000;\" href=\"https:\/\/albadocilia.cultura.gov.it\/?page_id=1249#villa\" target=\"_blank\" rel=\"noopener\">villa<\/a>:<\/em> chi scende dal treno ed esce dalla stazione, nell\u2019attraversare il piazzale, oggi adibito a parcheggio, cammina in uno spazio che in epoca romana, costituiva la <em>pars rustica <\/em>della nostra <em><a style=\"color: #000000;\" href=\"https:\/\/albadocilia.cultura.gov.it\/?page_id=1249#villa\" target=\"_blank\" rel=\"noopener\"><u>villa<\/u><\/a>. <\/em><\/span><br \/><span style=\"color: #000000;\">Ma torniamo ai giorni nostri.<\/span><\/p>\t\t\t\t\t\t<\/div>\n\t\t\t\t<\/div>\n\t\t\t\t\t<\/div>\n\t\t<\/div>\n\t\t\t\t<div class=\"elementor-column elementor-col-50 elementor-inner-column elementor-element elementor-element-21fb9ee\" data-id=\"21fb9ee\" data-element_type=\"column\">\n\t\t\t<div class=\"elementor-widget-wrap elementor-element-populated\">\n\t\t\t\t\t\t<div class=\"elementor-element elementor-element-5b9d562 elementor-widget elementor-widget-text-editor\" data-id=\"5b9d562\" data-element_type=\"widget\" data-widget_type=\"text-editor.default\">\n\t\t\t\t<div class=\"elementor-widget-container\">\n\t\t\t\t\t\t\t<p><span style=\"color: #000000;\">E\u2019 stato a partire dal 1957, durante i lavori di costruzione della nuova stazione che cominciarono ad emergere le strutture di tutto questo settore della <a style=\"color: #000000;\" href=\"https:\/\/albadocilia.cultura.gov.it\/?page_id=1249#villa\" target=\"_blank\" rel=\"noopener\"><em>villa<\/em><\/a>: inizi\u00f2 cos\u00ec la lunga campagna di scavo archeologico (per saperne di pi\u00f9 vai al contenuto speciale <a style=\"color: #000000;\" href=\"https:\/\/albadocilia.cultura.gov.it\/?page_id=4579\" target=\"_blank\" rel=\"noopener\">\u201cla storia degli scavi ma non solo\u201d<\/a>) che permise di porre in luce un vasto edificio quadrangolare dotato di un\u2019area centrale a cielo aperto di dimensioni notevoli (circa 50 metri di lato).<\/span><\/p>\t\t\t\t\t\t<\/div>\n\t\t\t\t<\/div>\n\t\t\t\t\t<\/div>\n\t\t<\/div>\n\t\t\t\t\t<\/div>\n\t\t<\/section>\n\t\t\t\t\t<\/div>\n\t\t<\/div>\n\t\t\t\t\t<\/div>\n\t\t<\/section>\n\t\t\t\t<section class=\"elementor-section elementor-top-section elementor-element elementor-element-9596f62 elementor-section-height-min-height elementor-section-stretched elementor-section-boxed elementor-section-height-default elementor-section-items-middle\" data-id=\"9596f62\" data-element_type=\"section\" data-settings=\"{&quot;stretch_section&quot;:&quot;section-stretched&quot;,&quot;background_background&quot;:&quot;classic&quot;}\">\n\t\t\t\t\t\t<div class=\"elementor-container elementor-column-gap-default\">\n\t\t\t\t\t<div class=\"elementor-column elementor-col-100 elementor-top-column elementor-element elementor-element-38e74fb\" data-id=\"38e74fb\" data-element_type=\"column\">\n\t\t\t<div class=\"elementor-widget-wrap elementor-element-populated\">\n\t\t\t\t\t\t<section class=\"elementor-section elementor-inner-section elementor-element elementor-element-a408a82 elementor-section-boxed elementor-section-height-default elementor-section-height-default\" data-id=\"a408a82\" data-element_type=\"section\">\n\t\t\t\t\t\t<div class=\"elementor-container elementor-column-gap-default\">\n\t\t\t\t\t<div class=\"elementor-column elementor-col-100 elementor-inner-column elementor-element elementor-element-6c9b9d3\" data-id=\"6c9b9d3\" data-element_type=\"column\">\n\t\t\t<div class=\"elementor-widget-wrap elementor-element-populated\">\n\t\t\t\t\t\t<div class=\"elementor-element elementor-element-bb9d72c elementor-align-center elementor-widget__width-initial elementor-mobile-align-center animated-slow elementor-widget-mobile__width-initial elementor-widget elementor-widget-button\" data-id=\"bb9d72c\" data-element_type=\"widget\" data-settings=\"{&quot;_animation&quot;:&quot;none&quot;,&quot;_animation_delay&quot;:1500}\" data-widget_type=\"button.default\">\n\t\t\t\t<div class=\"elementor-widget-container\">\n\t\t\t\t\t<div class=\"elementor-button-wrapper\">\n\t\t\t<a class=\"elementor-button elementor-button-link elementor-size-xs\" href=\"https:\/\/albadocilia.cultura.gov.it\/wp-content\/uploads\/2023\/06\/XT43279_br.jpg\">\n\t\t\t\t\t\t<span class=\"elementor-button-content-wrapper\">\n\t\t\t\t\t\t<span class=\"elementor-button-icon elementor-align-icon-left\">\n\t\t\t\t<svg xmlns=\"http:\/\/www.w3.org\/2000\/svg\" width=\"24\" height=\"24\" viewBox=\"0 0 24 24\"><path d=\"M5 5h-3v-1h3v1zm8 5c-1.654 0-3 1.346-3 3s1.346 3 3 3 3-1.346 3-3-1.346-3-3-3zm11-4v15h-24v-15h5.93c.669 0 1.293-.334 1.664-.891l1.406-2.109h8l1.406 2.109c.371.557.995.891 1.664.891h3.93zm-19 4c0-.552-.447-1-1-1-.553 0-1 .448-1 1s.447 1 1 1c.553 0 1-.448 1-1zm13 3c0-2.761-2.239-5-5-5s-5 2.239-5 5 2.239 5 5 5 5-2.239 5-5z\"><\/path><\/svg>\t\t\t<\/span>\n\t\t\t\t\t\t<span class=\"elementor-button-text\"><\/span>\n\t\t<\/span>\n\t\t\t\t\t<\/a>\n\t\t<\/div>\n\t\t\t\t<\/div>\n\t\t\t\t<\/div>\n\t\t\t\t\t<\/div>\n\t\t<\/div>\n\t\t\t\t\t<\/div>\n\t\t<\/section>\n\t\t\t\t<section class=\"elementor-section elementor-inner-section elementor-element elementor-element-df93721 elementor-section-boxed elementor-section-height-default elementor-section-height-default\" data-id=\"df93721\" data-element_type=\"section\">\n\t\t\t\t\t\t<div class=\"elementor-container elementor-column-gap-default\">\n\t\t\t\t\t<div class=\"elementor-column elementor-col-100 elementor-inner-column elementor-element elementor-element-97ebdc7\" data-id=\"97ebdc7\" data-element_type=\"column\">\n\t\t\t<div class=\"elementor-widget-wrap elementor-element-populated\">\n\t\t\t\t\t\t<div class=\"elementor-element elementor-element-18b29b1 elementor-align-center elementor-widget__width-initial elementor-mobile-align-center animated-slow elementor-widget-mobile__width-initial elementor-widget elementor-widget-button\" data-id=\"18b29b1\" data-element_type=\"widget\" data-settings=\"{&quot;_animation&quot;:&quot;none&quot;,&quot;_animation_delay&quot;:1500}\" data-widget_type=\"button.default\">\n\t\t\t\t<div class=\"elementor-widget-container\">\n\t\t\t\t\t<div class=\"elementor-button-wrapper\">\n\t\t\t<a class=\"elementor-button elementor-button-link elementor-size-xs\" href=\"https:\/\/albadocilia.cultura.gov.it\/wp-content\/uploads\/2023\/06\/XT43322_1_br.jpg\">\n\t\t\t\t\t\t<span class=\"elementor-button-content-wrapper\">\n\t\t\t\t\t\t<span class=\"elementor-button-icon elementor-align-icon-left\">\n\t\t\t\t<svg xmlns=\"http:\/\/www.w3.org\/2000\/svg\" width=\"24\" height=\"24\" viewBox=\"0 0 24 24\"><path d=\"M5 5h-3v-1h3v1zm8 5c-1.654 0-3 1.346-3 3s1.346 3 3 3 3-1.346 3-3-1.346-3-3-3zm11-4v15h-24v-15h5.93c.669 0 1.293-.334 1.664-.891l1.406-2.109h8l1.406 2.109c.371.557.995.891 1.664.891h3.93zm-19 4c0-.552-.447-1-1-1-.553 0-1 .448-1 1s.447 1 1 1c.553 0 1-.448 1-1zm13 3c0-2.761-2.239-5-5-5s-5 2.239-5 5 2.239 5 5 5 5-2.239 5-5z\"><\/path><\/svg>\t\t\t<\/span>\n\t\t\t\t\t\t<span class=\"elementor-button-text\"><\/span>\n\t\t<\/span>\n\t\t\t\t\t<\/a>\n\t\t<\/div>\n\t\t\t\t<\/div>\n\t\t\t\t<\/div>\n\t\t\t\t\t<\/div>\n\t\t<\/div>\n\t\t\t\t\t<\/div>\n\t\t<\/section>\n\t\t\t\t<section class=\"elementor-section elementor-inner-section elementor-element elementor-element-7f92f3b elementor-section-boxed elementor-section-height-default elementor-section-height-default\" data-id=\"7f92f3b\" data-element_type=\"section\">\n\t\t\t\t\t\t<div class=\"elementor-container elementor-column-gap-default\">\n\t\t\t\t\t<div class=\"elementor-column elementor-col-100 elementor-inner-column elementor-element elementor-element-d2e73e9\" data-id=\"d2e73e9\" data-element_type=\"column\">\n\t\t\t<div class=\"elementor-widget-wrap elementor-element-populated\">\n\t\t\t\t\t\t<div class=\"elementor-element elementor-element-e03cb92 elementor-align-center elementor-widget__width-initial elementor-mobile-align-center animated-slow elementor-widget-mobile__width-initial elementor-widget elementor-widget-button\" data-id=\"e03cb92\" data-element_type=\"widget\" data-settings=\"{&quot;_animation&quot;:&quot;none&quot;,&quot;_animation_delay&quot;:1500}\" data-widget_type=\"button.default\">\n\t\t\t\t<div class=\"elementor-widget-container\">\n\t\t\t\t\t<div class=\"elementor-button-wrapper\">\n\t\t\t<a class=\"elementor-button elementor-button-link elementor-size-xs\" href=\"https:\/\/albadocilia.cultura.gov.it\/wp-content\/uploads\/2023\/06\/XT43322_br.jpg\">\n\t\t\t\t\t\t<span class=\"elementor-button-content-wrapper\">\n\t\t\t\t\t\t<span class=\"elementor-button-icon elementor-align-icon-left\">\n\t\t\t\t<svg xmlns=\"http:\/\/www.w3.org\/2000\/svg\" width=\"24\" height=\"24\" viewBox=\"0 0 24 24\"><path d=\"M5 5h-3v-1h3v1zm8 5c-1.654 0-3 1.346-3 3s1.346 3 3 3 3-1.346 3-3-1.346-3-3-3zm11-4v15h-24v-15h5.93c.669 0 1.293-.334 1.664-.891l1.406-2.109h8l1.406 2.109c.371.557.995.891 1.664.891h3.93zm-19 4c0-.552-.447-1-1-1-.553 0-1 .448-1 1s.447 1 1 1c.553 0 1-.448 1-1zm13 3c0-2.761-2.239-5-5-5s-5 2.239-5 5 2.239 5 5 5 5-2.239 5-5z\"><\/path><\/svg>\t\t\t<\/span>\n\t\t\t\t\t\t<span class=\"elementor-button-text\"><\/span>\n\t\t<\/span>\n\t\t\t\t\t<\/a>\n\t\t<\/div>\n\t\t\t\t<\/div>\n\t\t\t\t<\/div>\n\t\t\t\t\t<\/div>\n\t\t<\/div>\n\t\t\t\t\t<\/div>\n\t\t<\/section>\n\t\t\t\t<section class=\"elementor-section elementor-inner-section elementor-element elementor-element-7e24f08 elementor-section-boxed elementor-section-height-default elementor-section-height-default\" data-id=\"7e24f08\" data-element_type=\"section\">\n\t\t\t\t\t\t<div class=\"elementor-container elementor-column-gap-default\">\n\t\t\t\t\t<div class=\"elementor-column elementor-col-100 elementor-inner-column elementor-element elementor-element-b014de5\" data-id=\"b014de5\" data-element_type=\"column\">\n\t\t\t<div class=\"elementor-widget-wrap elementor-element-populated\">\n\t\t\t\t\t\t<div class=\"elementor-element elementor-element-c190b93 elementor-align-center animated-slow elementor-widget elementor-widget-button\" data-id=\"c190b93\" data-element_type=\"widget\" data-settings=\"{&quot;_animation&quot;:&quot;none&quot;,&quot;_animation_delay&quot;:500}\" data-widget_type=\"button.default\">\n\t\t\t\t<div class=\"elementor-widget-container\">\n\t\t\t\t\t<div class=\"elementor-button-wrapper\">\n\t\t\t<a class=\"elementor-button elementor-button-link elementor-size-sm\" href=\"https:\/\/albadocilia.cultura.gov.it\/wp-content\/uploads\/2023\/02\/infografica_pars_rustica_def_def.jpg\" target=\"_blank\">\n\t\t\t\t\t\t<span class=\"elementor-button-content-wrapper\">\n\t\t\t\t\t\t<span class=\"elementor-button-icon elementor-align-icon-left\">\n\t\t\t\t<svg xmlns=\"http:\/\/www.w3.org\/2000\/svg\" width=\"24\" height=\"24\" viewBox=\"0 0 24 24\"><path d=\"M12.015 7c4.751 0 8.063 3.012 9.504 4.636-1.401 1.837-4.713 5.364-9.504 5.364-4.42 0-7.93-3.536-9.478-5.407 1.493-1.647 4.817-4.593 9.478-4.593zm0-2c-7.569 0-12.015 6.551-12.015 6.551s4.835 7.449 12.015 7.449c7.733 0 11.985-7.449 11.985-7.449s-4.291-6.551-11.985-6.551zm-.015 3c-2.21 0-4 1.791-4 4s1.79 4 4 4c2.209 0 4-1.791 4-4s-1.791-4-4-4zm-.004 3.999c-.564.564-1.479.564-2.044 0s-.565-1.48 0-2.044c.564-.564 1.479-.564 2.044 0s.565 1.479 0 2.044z\"><\/path><\/svg>\t\t\t<\/span>\n\t\t\t\t\t\t<span class=\"elementor-button-text\"><\/span>\n\t\t<\/span>\n\t\t\t\t\t<\/a>\n\t\t<\/div>\n\t\t\t\t<\/div>\n\t\t\t\t<\/div>\n\t\t\t\t\t<\/div>\n\t\t<\/div>\n\t\t\t\t\t<\/div>\n\t\t<\/section>\n\t\t\t\t<section class=\"elementor-section elementor-inner-section elementor-element elementor-element-c5d19db elementor-section-boxed elementor-section-height-default elementor-section-height-default\" data-id=\"c5d19db\" data-element_type=\"section\">\n\t\t\t\t\t\t<div class=\"elementor-container elementor-column-gap-default\">\n\t\t\t\t\t<div class=\"elementor-column elementor-col-100 elementor-inner-column elementor-element elementor-element-701155f\" data-id=\"701155f\" data-element_type=\"column\">\n\t\t\t<div class=\"elementor-widget-wrap elementor-element-populated\">\n\t\t\t\t\t\t<div class=\"elementor-element elementor-element-97fddd5 elementor-align-center elementor-widget__width-initial elementor-mobile-align-center animated-slow elementor-widget-mobile__width-initial elementor-widget elementor-widget-button\" data-id=\"97fddd5\" data-element_type=\"widget\" data-settings=\"{&quot;_animation&quot;:&quot;none&quot;,&quot;_animation_delay&quot;:1500}\" data-widget_type=\"button.default\">\n\t\t\t\t<div class=\"elementor-widget-container\">\n\t\t\t\t\t<div class=\"elementor-button-wrapper\">\n\t\t\t<a class=\"elementor-button elementor-button-link elementor-size-xs\" href=\"https:\/\/albadocilia.cultura.gov.it\/wp-content\/uploads\/2023\/06\/XT43243_br.jpg\">\n\t\t\t\t\t\t<span class=\"elementor-button-content-wrapper\">\n\t\t\t\t\t\t<span class=\"elementor-button-icon elementor-align-icon-left\">\n\t\t\t\t<svg xmlns=\"http:\/\/www.w3.org\/2000\/svg\" width=\"24\" height=\"24\" viewBox=\"0 0 24 24\"><path d=\"M5 5h-3v-1h3v1zm8 5c-1.654 0-3 1.346-3 3s1.346 3 3 3 3-1.346 3-3-1.346-3-3-3zm11-4v15h-24v-15h5.93c.669 0 1.293-.334 1.664-.891l1.406-2.109h8l1.406 2.109c.371.557.995.891 1.664.891h3.93zm-19 4c0-.552-.447-1-1-1-.553 0-1 .448-1 1s.447 1 1 1c.553 0 1-.448 1-1zm13 3c0-2.761-2.239-5-5-5s-5 2.239-5 5 2.239 5 5 5 5-2.239 5-5z\"><\/path><\/svg>\t\t\t<\/span>\n\t\t\t\t\t\t<span class=\"elementor-button-text\"><\/span>\n\t\t<\/span>\n\t\t\t\t\t<\/a>\n\t\t<\/div>\n\t\t\t\t<\/div>\n\t\t\t\t<\/div>\n\t\t\t\t\t<\/div>\n\t\t<\/div>\n\t\t\t\t\t<\/div>\n\t\t<\/section>\n\t\t\t\t\t<\/div>\n\t\t<\/div>\n\t\t\t\t\t<\/div>\n\t\t<\/section>\n\t\t\t\t<section class=\"elementor-section elementor-top-section elementor-element elementor-element-4906463 elementor-section-boxed elementor-section-height-default elementor-section-height-default\" data-id=\"4906463\" data-element_type=\"section\">\n\t\t\t\t\t\t<div class=\"elementor-container elementor-column-gap-default\">\n\t\t\t\t\t<div class=\"elementor-column elementor-col-50 elementor-top-column elementor-element elementor-element-37b52ed\" data-id=\"37b52ed\" data-element_type=\"column\">\n\t\t\t<div class=\"elementor-widget-wrap elementor-element-populated\">\n\t\t\t\t\t\t<div class=\"elementor-element elementor-element-05e395e elementor-widget elementor-widget-text-editor\" data-id=\"05e395e\" data-element_type=\"widget\" data-widget_type=\"text-editor.default\">\n\t\t\t\t<div class=\"elementor-widget-container\">\n\t\t\t\t\t\t\t<p>Terminato lo scavo e la documentazione delle strutture, proseguirono i lavori di costruzione della stazione e della piazza; anche se le murature furono ricoperte, non rimasero del tutto celate: una parte di esse, il lato est del grande edificio, \u00e8 visibile sotto il porticato di propriet\u00e0 delle Ferrovie e il tracciato di gran parte dei lati ovest e sud \u00e8 evidenziato, in piazza e in via Sisto IV, dalla presenza di apposite lastre di travertino.<br \/>Il lato nord \u00e8 esattamente sotto l\u2019edificio di ingresso ai binari. Il termine <span style=\"color: #000000;\"><a style=\"color: #000000;\" href=\"https:\/\/albadocilia.cultura.gov.it\/?page_id=1249#pars-rustica\" target=\"_blank\" rel=\"noopener\"><em>pars rustica<\/em> <\/a><\/span>\u00e8 in uso in archeologia per indicare l\u2019insieme di ambienti e strutture di sevizio, pressoch\u00e9 privi di apparati decorativi, finalizzati alla gestione di attivit\u00e0 produttive.<br \/>In questa zona della <span style=\"color: #000000;\"><a style=\"color: #000000;\" href=\"https:\/\/albadocilia.cultura.gov.it\/?page_id=1249#villa\"><em><u>villa<\/u><\/em><\/a><\/span> per\u00f2 quasi certamente non erano presenti solo impianti produttivi ma anche botteghe, empori, alloggi servili e zone di ricovero per gli animali, affacciati sull\u2019esteso cortile centrale che fungeva anche da luogo di mercato e di accesso per chi arrivava a cavallo.<\/p>\t\t\t\t\t\t<\/div>\n\t\t\t\t<\/div>\n\t\t\t\t\t<\/div>\n\t\t<\/div>\n\t\t\t\t<div class=\"elementor-column elementor-col-50 elementor-top-column elementor-element elementor-element-967cb2b\" data-id=\"967cb2b\" data-element_type=\"column\">\n\t\t\t<div class=\"elementor-widget-wrap elementor-element-populated\">\n\t\t\t\t\t\t<div class=\"elementor-element elementor-element-c81df7a elementor-widget elementor-widget-text-editor\" data-id=\"c81df7a\" data-element_type=\"widget\" data-widget_type=\"text-editor.default\">\n\t\t\t\t<div class=\"elementor-widget-container\">\n\t\t\t\t\t\t\t<p>In particolare si ipotizza che le strutture individuate a nord-est, fossero pertinenti a vasche e canalette di un impianto per la lavorazione di materie prime provenienti dai campi coltivati collegati alla<span style=\"color: #000000;\"> <a style=\"color: #000000;\" href=\"https:\/\/albadocilia.cultura.gov.it\/?page_id=1249#villa\" target=\"_blank\" rel=\"noopener\"><em><u>villa<\/u><\/em><\/a><\/span> e per la produzione di derrate alimentari. Per quanto riguarda le attivit\u00e0 commerciali, durante gli scavi, sia in questa zona, sia nel resto dell\u2019area, sono stati rinvenuti molti reperti, di cui non sempre si conosce il contesto preciso di rinvenimento (per saperne di pi\u00f9, vai al contenuto speciale <span style=\"color: #000000;\"><a style=\"color: #000000;\" href=\"https:\/\/albadocilia.cultura.gov.it\/?page_id=4579\" target=\"_blank\" rel=\"noopener\"><u>\u201cLa storia degli scavi ma non solo\u201d<\/u><\/a><\/span>), tra cui anche monete e frammenti di anfore. La <span style=\"color: #000000;\"><a style=\"color: #000000;\" href=\"https:\/\/albadocilia.cultura.gov.it\/?page_id=1249#pars-rustica\" target=\"_blank\" rel=\"noopener\"><em>pars rustica <\/em><\/a><\/span>infatti, oltre che ospitare magazzini per lo stoccaggio di merci e derrate utili alla vita delle persone che vivevano nella<em><span style=\"color: #000000;\"><a style=\"color: #000000;\" href=\"https:\/\/albadocilia.cultura.gov.it\/?page_id=1249#villa\" target=\"_blank\" rel=\"noopener\" data-wplink-edit=\"true\"> villa<\/a><\/span>, <\/em>era sicuramente anche un luogo di scambio. Dedichiamo a questo argomento uno specifico approfondimento dal titolo <span style=\"color: #000000;\"><a style=\"color: #000000;\" href=\"https:\/\/albadocilia.cultura.gov.it\/?page_id=9223\" target=\"_blank\" rel=\"noopener\">&#8220;Il commercio raccontato dai reperti&#8221;\u00a0raggiungibile <u>cliccando qui<\/u><\/a><\/span>, ma nel frattempo vi presentiamo alcuni esempi di reperti appartenenti alle due classi di materiali pi\u00f9 eloquenti quando si parla di commerci ossia le monete e i contenitori da trasporto.<\/p>\t\t\t\t\t\t<\/div>\n\t\t\t\t<\/div>\n\t\t\t\t\t<\/div>\n\t\t<\/div>\n\t\t\t\t\t<\/div>\n\t\t<\/section>\n\t\t\t\t<section class=\"elementor-section elementor-top-section elementor-element elementor-element-423ce68 elementor-section-stretched elementor-section-boxed elementor-section-height-default elementor-section-height-default\" data-id=\"423ce68\" data-element_type=\"section\" data-settings=\"{&quot;background_background&quot;:&quot;classic&quot;,&quot;stretch_section&quot;:&quot;section-stretched&quot;}\">\n\t\t\t\t\t\t<div class=\"elementor-container elementor-column-gap-default\">\n\t\t\t\t\t<div class=\"elementor-column elementor-col-33 elementor-top-column elementor-element elementor-element-6012d92\" data-id=\"6012d92\" data-element_type=\"column\">\n\t\t\t<div class=\"elementor-widget-wrap elementor-element-populated\">\n\t\t\t\t\t\t<div class=\"elementor-element elementor-element-a7b2c90 elementor-widget elementor-widget-text-editor\" data-id=\"a7b2c90\" data-element_type=\"widget\" data-widget_type=\"text-editor.default\">\n\t\t\t\t<div class=\"elementor-widget-container\">\n\t\t\t\t\t\t\t<p><span style=\"color: #ffffff;\"><strong>ASSE DI TIBERIO (22-23 d. C.)\u00a0<\/strong><strong><span style=\"font-size: 16px; font-style: normal;\"><br \/>Zecca di Roma <\/span><\/strong><strong style=\"font-size: 16px;\"><br \/>Metallo:\u00a0<\/strong>Bronzo<br \/><strong>D\/<\/strong>: DRVSVS CAESAR TI AVG F DIVI AVG N, testa nuda di Druso rivolta a sinistra.<br \/><strong>R\/<\/strong>: PONTIF TRIBVN POTEST ITER \/ S C nel campo.\u00a0<strong><br \/>Peso<\/strong>: 10 gr<br \/><strong>Diametro<\/strong>: 27\/28 mm<br \/>Scavo 1957<\/span><\/p>\t\t\t\t\t\t<\/div>\n\t\t\t\t<\/div>\n\t\t\t\t\t<\/div>\n\t\t<\/div>\n\t\t\t\t<div class=\"elementor-column elementor-col-33 elementor-top-column elementor-element elementor-element-209da9c\" data-id=\"209da9c\" data-element_type=\"column\">\n\t\t\t<div class=\"elementor-widget-wrap elementor-element-populated\">\n\t\t\t\t\t\t<div class=\"elementor-element elementor-element-1556983 elementor-arrows-position-inside elementor-widget elementor-widget-image-carousel\" data-id=\"1556983\" data-element_type=\"widget\" data-settings=\"{&quot;slides_to_show&quot;:&quot;1&quot;,&quot;navigation&quot;:&quot;arrows&quot;,&quot;autoplay&quot;:&quot;no&quot;,&quot;infinite&quot;:&quot;yes&quot;,&quot;effect&quot;:&quot;slide&quot;,&quot;speed&quot;:500}\" data-widget_type=\"image-carousel.default\">\n\t\t\t\t<div class=\"elementor-widget-container\">\n\t\t\t<style>\/*! elementor - v3.19.0 - 28-02-2024 *\/\n.elementor-widget-image-carousel .swiper,.elementor-widget-image-carousel .swiper-container{position:static}.elementor-widget-image-carousel .swiper-container .swiper-slide figure,.elementor-widget-image-carousel .swiper .swiper-slide figure{line-height:inherit}.elementor-widget-image-carousel .swiper-slide{text-align:center}.elementor-image-carousel-wrapper:not(.swiper-container-initialized):not(.swiper-initialized) .swiper-slide{max-width:calc(100% \/ var(--e-image-carousel-slides-to-show, 3))}<\/style>\t\t<div class=\"elementor-image-carousel-wrapper swiper-container\" dir=\"ltr\">\n\t\t\t<div class=\"elementor-image-carousel swiper-wrapper\" aria-live=\"polite\">\n\t\t\t\t\t\t\t\t<div class=\"swiper-slide\" role=\"group\" aria-roledescription=\"slide\" aria-label=\"1 di 2\"><a data-elementor-open-lightbox=\"yes\" data-elementor-lightbox-slideshow=\"1556983\" data-elementor-lightbox-title=\"Asse di Tiberio, diritto\" data-e-action-hash=\"#elementor-action%3Aaction%3Dlightbox%26settings%3DeyJpZCI6NTk4NiwidXJsIjoiaHR0cHM6XC9cL2FsYmFkb2NpbGlhLmN1bHR1cmEuZ292Lml0XC93cC1jb250ZW50XC91cGxvYWRzXC8yMDIzXC8wNVwvWFQ0Njk5OV9nYWwuanBnIiwic2xpZGVzaG93IjoiMTU1Njk4MyJ9\" href=\"https:\/\/albadocilia.cultura.gov.it\/wp-content\/uploads\/2023\/05\/XT46999_gal.jpg\"><figure class=\"swiper-slide-inner\"><img decoding=\"async\" class=\"swiper-slide-image\" src=\"https:\/\/albadocilia.cultura.gov.it\/wp-content\/uploads\/2023\/05\/XT46999_gal-2048x2048.jpg\" alt=\"Asse di Tiberio, diritto\" \/><figcaption class=\"elementor-image-carousel-caption\">Asse di Tiberio, diritto<\/figcaption><\/figure><\/a><\/div><div class=\"swiper-slide\" role=\"group\" aria-roledescription=\"slide\" aria-label=\"2 di 2\"><a data-elementor-open-lightbox=\"yes\" data-elementor-lightbox-slideshow=\"1556983\" data-elementor-lightbox-title=\"Asse di Tiberio, diritto\" data-e-action-hash=\"#elementor-action%3Aaction%3Dlightbox%26settings%3DeyJpZCI6NTk4NywidXJsIjoiaHR0cHM6XC9cL2FsYmFkb2NpbGlhLmN1bHR1cmEuZ292Lml0XC93cC1jb250ZW50XC91cGxvYWRzXC8yMDIzXC8wNVwvMjAyMzA1MDlfMTA1MjQxX2dhbC5qcGciLCJzbGlkZXNob3ciOiIxNTU2OTgzIn0%3D\" href=\"https:\/\/albadocilia.cultura.gov.it\/wp-content\/uploads\/2023\/05\/20230509_105241_gal.jpg\"><figure class=\"swiper-slide-inner\"><img decoding=\"async\" class=\"swiper-slide-image\" src=\"https:\/\/albadocilia.cultura.gov.it\/wp-content\/uploads\/2023\/05\/20230509_105241_gal-2048x2048.jpg\" alt=\"Asse di Tiberio, diritto\" \/><figcaption class=\"elementor-image-carousel-caption\">Asse di Tiberio, diritto<\/figcaption><\/figure><\/a><\/div>\t\t\t<\/div>\n\t\t\t\t\t\t\t\t\t\t\t\t<div class=\"elementor-swiper-button elementor-swiper-button-prev\" role=\"button\" tabindex=\"0\">\n\t\t\t\t\t\t<i aria-hidden=\"true\" class=\"eicon-chevron-left\"><\/i>\t\t\t\t\t<\/div>\n\t\t\t\t\t<div class=\"elementor-swiper-button elementor-swiper-button-next\" role=\"button\" tabindex=\"0\">\n\t\t\t\t\t\t<i aria-hidden=\"true\" class=\"eicon-chevron-right\"><\/i>\t\t\t\t\t<\/div>\n\t\t\t\t\n\t\t\t\t\t\t\t\t\t<\/div>\n\t\t\t\t<\/div>\n\t\t\t\t<\/div>\n\t\t\t\t\t<\/div>\n\t\t<\/div>\n\t\t\t\t<div class=\"elementor-column elementor-col-33 elementor-top-column elementor-element elementor-element-bb5de55\" data-id=\"bb5de55\" data-element_type=\"column\">\n\t\t\t<div class=\"elementor-widget-wrap elementor-element-populated\">\n\t\t\t\t\t\t<div class=\"elementor-element elementor-element-d68a5a2 elementor-arrows-position-inside elementor-widget elementor-widget-image-carousel\" data-id=\"d68a5a2\" data-element_type=\"widget\" data-settings=\"{&quot;slides_to_show&quot;:&quot;1&quot;,&quot;navigation&quot;:&quot;arrows&quot;,&quot;autoplay&quot;:&quot;no&quot;,&quot;infinite&quot;:&quot;yes&quot;,&quot;effect&quot;:&quot;slide&quot;,&quot;speed&quot;:500}\" data-widget_type=\"image-carousel.default\">\n\t\t\t\t<div class=\"elementor-widget-container\">\n\t\t\t\t\t<div class=\"elementor-image-carousel-wrapper swiper-container\" dir=\"ltr\">\n\t\t\t<div class=\"elementor-image-carousel swiper-wrapper\" aria-live=\"polite\">\n\t\t\t\t\t\t\t\t<div class=\"swiper-slide\" role=\"group\" aria-roledescription=\"slide\" aria-label=\"1 di 2\"><a data-elementor-open-lightbox=\"yes\" data-elementor-lightbox-slideshow=\"d68a5a2\" data-elementor-lightbox-title=\"Asse di Tiberio, rovescio\" data-e-action-hash=\"#elementor-action%3Aaction%3Dlightbox%26settings%3DeyJpZCI6NTk5MiwidXJsIjoiaHR0cHM6XC9cL2FsYmFkb2NpbGlhLmN1bHR1cmEuZ292Lml0XC93cC1jb250ZW50XC91cGxvYWRzXC8yMDIzXC8wNVwvWFQ0NzAwNF9nYWwuanBnIiwic2xpZGVzaG93IjoiZDY4YTVhMiJ9\" href=\"https:\/\/albadocilia.cultura.gov.it\/wp-content\/uploads\/2023\/05\/XT47004_gal.jpg\"><figure class=\"swiper-slide-inner\"><img decoding=\"async\" class=\"swiper-slide-image\" src=\"https:\/\/albadocilia.cultura.gov.it\/wp-content\/uploads\/2023\/05\/XT47004_gal-2048x2048.jpg\" alt=\"Asse di Tiberio, rovescio\" \/><figcaption class=\"elementor-image-carousel-caption\">Asse di Tiberio, rovescio<\/figcaption><\/figure><\/a><\/div><div class=\"swiper-slide\" role=\"group\" aria-roledescription=\"slide\" aria-label=\"2 di 2\"><a data-elementor-open-lightbox=\"yes\" data-elementor-lightbox-slideshow=\"d68a5a2\" data-elementor-lightbox-title=\"Asse di Tiberio, rovescio\" data-e-action-hash=\"#elementor-action%3Aaction%3Dlightbox%26settings%3DeyJpZCI6NTk5MywidXJsIjoiaHR0cHM6XC9cL2FsYmFkb2NpbGlhLmN1bHR1cmEuZ292Lml0XC93cC1jb250ZW50XC91cGxvYWRzXC8yMDIzXC8wNVwvMjAyMzA1MDlfMTA1MzAxX2dhbC5qcGciLCJzbGlkZXNob3ciOiJkNjhhNWEyIn0%3D\" href=\"https:\/\/albadocilia.cultura.gov.it\/wp-content\/uploads\/2023\/05\/20230509_105301_gal.jpg\"><figure class=\"swiper-slide-inner\"><img decoding=\"async\" class=\"swiper-slide-image\" src=\"https:\/\/albadocilia.cultura.gov.it\/wp-content\/uploads\/2023\/05\/20230509_105301_gal-2048x2048.jpg\" alt=\"Asse di Tiberio, rovescio\" \/><figcaption class=\"elementor-image-carousel-caption\">Asse di Tiberio, rovescio<\/figcaption><\/figure><\/a><\/div>\t\t\t<\/div>\n\t\t\t\t\t\t\t\t\t\t\t\t<div class=\"elementor-swiper-button elementor-swiper-button-prev\" role=\"button\" tabindex=\"0\">\n\t\t\t\t\t\t<i aria-hidden=\"true\" class=\"eicon-chevron-left\"><\/i>\t\t\t\t\t<\/div>\n\t\t\t\t\t<div class=\"elementor-swiper-button elementor-swiper-button-next\" role=\"button\" tabindex=\"0\">\n\t\t\t\t\t\t<i aria-hidden=\"true\" class=\"eicon-chevron-right\"><\/i>\t\t\t\t\t<\/div>\n\t\t\t\t\n\t\t\t\t\t\t\t\t\t<\/div>\n\t\t\t\t<\/div>\n\t\t\t\t<\/div>\n\t\t\t\t\t<\/div>\n\t\t<\/div>\n\t\t\t\t\t<\/div>\n\t\t<\/section>\n\t\t\t\t<section class=\"elementor-section elementor-top-section elementor-element elementor-element-ae07139 elementor-section-boxed elementor-section-height-default elementor-section-height-default\" data-id=\"ae07139\" data-element_type=\"section\">\n\t\t\t\t\t\t<div class=\"elementor-container elementor-column-gap-default\">\n\t\t\t\t\t<div class=\"elementor-column elementor-col-100 elementor-top-column elementor-element elementor-element-6eec655\" data-id=\"6eec655\" data-element_type=\"column\">\n\t\t\t<div class=\"elementor-widget-wrap elementor-element-populated\">\n\t\t\t\t\t\t<div class=\"elementor-element elementor-element-930b962 elementor-widget-divider--separator-type-pattern elementor-widget-divider--no-spacing elementor-widget-divider--view-line elementor-widget elementor-widget-divider\" data-id=\"930b962\" data-element_type=\"widget\" data-widget_type=\"divider.default\">\n\t\t\t\t<div class=\"elementor-widget-container\">\n\t\t\t<style>\/*! elementor - v3.19.0 - 28-02-2024 *\/\n.elementor-widget-divider{--divider-border-style:none;--divider-border-width:1px;--divider-color:#0c0d0e;--divider-icon-size:20px;--divider-element-spacing:10px;--divider-pattern-height:24px;--divider-pattern-size:20px;--divider-pattern-url:none;--divider-pattern-repeat:repeat-x}.elementor-widget-divider .elementor-divider{display:flex}.elementor-widget-divider .elementor-divider__text{font-size:15px;line-height:1;max-width:95%}.elementor-widget-divider .elementor-divider__element{margin:0 var(--divider-element-spacing);flex-shrink:0}.elementor-widget-divider .elementor-icon{font-size:var(--divider-icon-size)}.elementor-widget-divider .elementor-divider-separator{display:flex;margin:0;direction:ltr}.elementor-widget-divider--view-line_icon .elementor-divider-separator,.elementor-widget-divider--view-line_text .elementor-divider-separator{align-items:center}.elementor-widget-divider--view-line_icon .elementor-divider-separator:after,.elementor-widget-divider--view-line_icon .elementor-divider-separator:before,.elementor-widget-divider--view-line_text .elementor-divider-separator:after,.elementor-widget-divider--view-line_text .elementor-divider-separator:before{display:block;content:\"\";border-block-end:0;flex-grow:1;border-block-start:var(--divider-border-width) var(--divider-border-style) var(--divider-color)}.elementor-widget-divider--element-align-left .elementor-divider .elementor-divider-separator>.elementor-divider__svg:first-of-type{flex-grow:0;flex-shrink:100}.elementor-widget-divider--element-align-left .elementor-divider-separator:before{content:none}.elementor-widget-divider--element-align-left .elementor-divider__element{margin-left:0}.elementor-widget-divider--element-align-right .elementor-divider .elementor-divider-separator>.elementor-divider__svg:last-of-type{flex-grow:0;flex-shrink:100}.elementor-widget-divider--element-align-right .elementor-divider-separator:after{content:none}.elementor-widget-divider--element-align-right .elementor-divider__element{margin-right:0}.elementor-widget-divider--element-align-start .elementor-divider .elementor-divider-separator>.elementor-divider__svg:first-of-type{flex-grow:0;flex-shrink:100}.elementor-widget-divider--element-align-start .elementor-divider-separator:before{content:none}.elementor-widget-divider--element-align-start .elementor-divider__element{margin-inline-start:0}.elementor-widget-divider--element-align-end .elementor-divider .elementor-divider-separator>.elementor-divider__svg:last-of-type{flex-grow:0;flex-shrink:100}.elementor-widget-divider--element-align-end .elementor-divider-separator:after{content:none}.elementor-widget-divider--element-align-end .elementor-divider__element{margin-inline-end:0}.elementor-widget-divider:not(.elementor-widget-divider--view-line_text):not(.elementor-widget-divider--view-line_icon) .elementor-divider-separator{border-block-start:var(--divider-border-width) var(--divider-border-style) var(--divider-color)}.elementor-widget-divider--separator-type-pattern{--divider-border-style:none}.elementor-widget-divider--separator-type-pattern.elementor-widget-divider--view-line .elementor-divider-separator,.elementor-widget-divider--separator-type-pattern:not(.elementor-widget-divider--view-line) .elementor-divider-separator:after,.elementor-widget-divider--separator-type-pattern:not(.elementor-widget-divider--view-line) .elementor-divider-separator:before,.elementor-widget-divider--separator-type-pattern:not([class*=elementor-widget-divider--view]) .elementor-divider-separator{width:100%;min-height:var(--divider-pattern-height);-webkit-mask-size:var(--divider-pattern-size) 100%;mask-size:var(--divider-pattern-size) 100%;-webkit-mask-repeat:var(--divider-pattern-repeat);mask-repeat:var(--divider-pattern-repeat);background-color:var(--divider-color);-webkit-mask-image:var(--divider-pattern-url);mask-image:var(--divider-pattern-url)}.elementor-widget-divider--no-spacing{--divider-pattern-size:auto}.elementor-widget-divider--bg-round{--divider-pattern-repeat:round}.rtl .elementor-widget-divider .elementor-divider__text{direction:rtl}.e-con-inner>.elementor-widget-divider,.e-con>.elementor-widget-divider{width:var(--container-widget-width,100%);--flex-grow:var(--container-widget-flex-grow)}<\/style>\t\t<div class=\"elementor-divider\" style=\"--divider-pattern-url: url(&quot;data:image\/svg+xml,%3Csvg xmlns=&#039;http:\/\/www.w3.org\/2000\/svg&#039; preserveAspectRatio=&#039;xMidYMid meet&#039; overflow=&#039;visible&#039; height=&#039;100%&#039; viewBox=&#039;0 0 126 26&#039; fill=&#039;black&#039; stroke=&#039;none&#039;%3E%3Cpath d=&#039;M46.8,7.8v11.5L36,18.6V7.8H46.8z M82.4,7.8L84,18.6l-12,0.7L70.4,7.8H82.4z M0,7.8l12,0.9v9.9H1.3L0,7.8z M30,7.8v10.8H19L18,7.8H30z M63.7,7.8L66,18.6H54V9.5L63.7,7.8z M89.8,7L102,7.8v10.8H91.2L89.8,7zM108,7.8l12,0.9v8.9l-12,1V7.8z&#039;\/%3E%3C\/svg%3E&quot;);\">\n\t\t\t<span class=\"elementor-divider-separator\">\n\t\t\t\t\t\t<\/span>\n\t\t<\/div>\n\t\t\t\t<\/div>\n\t\t\t\t<\/div>\n\t\t\t\t\t<\/div>\n\t\t<\/div>\n\t\t\t\t\t<\/div>\n\t\t<\/section>\n\t\t\t\t<section class=\"elementor-section elementor-top-section elementor-element elementor-element-bb1b77f elementor-section-stretched elementor-section-boxed elementor-section-height-default elementor-section-height-default\" data-id=\"bb1b77f\" data-element_type=\"section\" data-settings=\"{&quot;background_background&quot;:&quot;classic&quot;,&quot;stretch_section&quot;:&quot;section-stretched&quot;}\">\n\t\t\t\t\t\t<div class=\"elementor-container elementor-column-gap-default\">\n\t\t\t\t\t<div class=\"elementor-column elementor-col-33 elementor-top-column elementor-element elementor-element-2f5ff41\" data-id=\"2f5ff41\" data-element_type=\"column\">\n\t\t\t<div class=\"elementor-widget-wrap elementor-element-populated\">\n\t\t\t\t\t\t<div class=\"elementor-element elementor-element-8cba543 elementor-widget elementor-widget-text-editor\" data-id=\"8cba543\" data-element_type=\"widget\" data-widget_type=\"text-editor.default\">\n\t\t\t\t<div class=\"elementor-widget-container\">\n\t\t\t\t\t\t\t<p><span style=\"color: #ffffff;\"><strong>ASSE DI ADRIANO (134-138 d. C.)\u00a0<\/strong><strong><span style=\"font-size: 16px; font-style: normal;\"><br \/>Zecca di Roma <\/span><\/strong><strong style=\"font-size: 16px;\"><br \/>Metallo:\u00a0<\/strong>Bronzo<strong><br \/>D\/<\/strong>: [HA]DRIANVS AVGCOSS III[PP] testa di Adriano laureata rivolta a destra.<strong><br \/>R\/<\/strong>: [FE LICI] TASAVG <em>Felicitas<\/em> drappeggiata stante di prospetto con testa a sinistra, ramoscello nella destra protesa, lungo caduceo verticale nella sinistra.\u00a0\u00a0<strong><br \/>Peso<\/strong>: 9,55 gr<br \/>Diametro: 24 mm<br \/>Scavo 1957<\/span><\/p>\t\t\t\t\t\t<\/div>\n\t\t\t\t<\/div>\n\t\t\t\t\t<\/div>\n\t\t<\/div>\n\t\t\t\t<div class=\"elementor-column elementor-col-33 elementor-top-column elementor-element elementor-element-9f98007\" data-id=\"9f98007\" data-element_type=\"column\">\n\t\t\t<div class=\"elementor-widget-wrap elementor-element-populated\">\n\t\t\t\t\t\t<div class=\"elementor-element elementor-element-644652e elementor-arrows-position-inside elementor-widget elementor-widget-image-carousel\" data-id=\"644652e\" data-element_type=\"widget\" data-settings=\"{&quot;slides_to_show&quot;:&quot;1&quot;,&quot;navigation&quot;:&quot;arrows&quot;,&quot;autoplay&quot;:&quot;no&quot;,&quot;infinite&quot;:&quot;yes&quot;,&quot;effect&quot;:&quot;slide&quot;,&quot;speed&quot;:500}\" data-widget_type=\"image-carousel.default\">\n\t\t\t\t<div class=\"elementor-widget-container\">\n\t\t\t\t\t<div class=\"elementor-image-carousel-wrapper swiper-container\" dir=\"ltr\">\n\t\t\t<div class=\"elementor-image-carousel swiper-wrapper\" aria-live=\"polite\">\n\t\t\t\t\t\t\t\t<div class=\"swiper-slide\" role=\"group\" aria-roledescription=\"slide\" aria-label=\"1 di 2\"><a data-elementor-open-lightbox=\"yes\" data-elementor-lightbox-slideshow=\"644652e\" data-elementor-lightbox-title=\"Asse di Adriano, diritto\" data-e-action-hash=\"#elementor-action%3Aaction%3Dlightbox%26settings%3DeyJpZCI6NjAyOSwidXJsIjoiaHR0cHM6XC9cL2FsYmFkb2NpbGlhLmN1bHR1cmEuZ292Lml0XC93cC1jb250ZW50XC91cGxvYWRzXC8yMDIzXC8wNVwvWFQ0NzAxM19nYWwuanBnIiwic2xpZGVzaG93IjoiNjQ0NjUyZSJ9\" href=\"https:\/\/albadocilia.cultura.gov.it\/wp-content\/uploads\/2023\/05\/XT47013_gal.jpg\"><figure class=\"swiper-slide-inner\"><img decoding=\"async\" class=\"swiper-slide-image\" src=\"https:\/\/albadocilia.cultura.gov.it\/wp-content\/uploads\/2023\/05\/XT47013_gal-2048x2048.jpg\" alt=\"Asse di Adriano, diritto\" \/><figcaption class=\"elementor-image-carousel-caption\">Asse di Adriano, diritto<\/figcaption><\/figure><\/a><\/div><div class=\"swiper-slide\" role=\"group\" aria-roledescription=\"slide\" aria-label=\"2 di 2\"><a data-elementor-open-lightbox=\"yes\" data-elementor-lightbox-slideshow=\"644652e\" data-elementor-lightbox-title=\"Asse di Adriano, diritto\" data-e-action-hash=\"#elementor-action%3Aaction%3Dlightbox%26settings%3DeyJpZCI6NjAzMCwidXJsIjoiaHR0cHM6XC9cL2FsYmFkb2NpbGlhLmN1bHR1cmEuZ292Lml0XC93cC1jb250ZW50XC91cGxvYWRzXC8yMDIzXC8wNVwvMjAyMzA1MDlfMTA1NjEyX2dhbC5qcGciLCJzbGlkZXNob3ciOiI2NDQ2NTJlIn0%3D\" href=\"https:\/\/albadocilia.cultura.gov.it\/wp-content\/uploads\/2023\/05\/20230509_105612_gal.jpg\"><figure class=\"swiper-slide-inner\"><img decoding=\"async\" class=\"swiper-slide-image\" src=\"https:\/\/albadocilia.cultura.gov.it\/wp-content\/uploads\/2023\/05\/20230509_105612_gal-2048x2048.jpg\" alt=\"Asse di Adriano, diritto\" \/><figcaption class=\"elementor-image-carousel-caption\">Asse di Adriano, diritto<\/figcaption><\/figure><\/a><\/div>\t\t\t<\/div>\n\t\t\t\t\t\t\t\t\t\t\t\t<div class=\"elementor-swiper-button elementor-swiper-button-prev\" role=\"button\" tabindex=\"0\">\n\t\t\t\t\t\t<i aria-hidden=\"true\" class=\"eicon-chevron-left\"><\/i>\t\t\t\t\t<\/div>\n\t\t\t\t\t<div class=\"elementor-swiper-button elementor-swiper-button-next\" role=\"button\" tabindex=\"0\">\n\t\t\t\t\t\t<i aria-hidden=\"true\" class=\"eicon-chevron-right\"><\/i>\t\t\t\t\t<\/div>\n\t\t\t\t\n\t\t\t\t\t\t\t\t\t<\/div>\n\t\t\t\t<\/div>\n\t\t\t\t<\/div>\n\t\t\t\t\t<\/div>\n\t\t<\/div>\n\t\t\t\t<div class=\"elementor-column elementor-col-33 elementor-top-column elementor-element elementor-element-b35df00\" data-id=\"b35df00\" data-element_type=\"column\">\n\t\t\t<div class=\"elementor-widget-wrap elementor-element-populated\">\n\t\t\t\t\t\t<div class=\"elementor-element elementor-element-f2190bd elementor-arrows-position-inside elementor-widget elementor-widget-image-carousel\" data-id=\"f2190bd\" data-element_type=\"widget\" data-settings=\"{&quot;slides_to_show&quot;:&quot;1&quot;,&quot;navigation&quot;:&quot;arrows&quot;,&quot;autoplay&quot;:&quot;no&quot;,&quot;infinite&quot;:&quot;yes&quot;,&quot;effect&quot;:&quot;slide&quot;,&quot;speed&quot;:500}\" data-widget_type=\"image-carousel.default\">\n\t\t\t\t<div class=\"elementor-widget-container\">\n\t\t\t\t\t<div class=\"elementor-image-carousel-wrapper swiper-container\" dir=\"ltr\">\n\t\t\t<div class=\"elementor-image-carousel swiper-wrapper\" aria-live=\"polite\">\n\t\t\t\t\t\t\t\t<div class=\"swiper-slide\" role=\"group\" aria-roledescription=\"slide\" aria-label=\"1 di 2\"><a data-elementor-open-lightbox=\"yes\" data-elementor-lightbox-slideshow=\"f2190bd\" data-elementor-lightbox-title=\"Asse di Adriano, rovescio\" data-e-action-hash=\"#elementor-action%3Aaction%3Dlightbox%26settings%3DeyJpZCI6NjA0NiwidXJsIjoiaHR0cHM6XC9cL2FsYmFkb2NpbGlhLmN1bHR1cmEuZ292Lml0XC93cC1jb250ZW50XC91cGxvYWRzXC8yMDIzXC8wNVwvWFQ0NzAxN19nYWwuanBnIiwic2xpZGVzaG93IjoiZjIxOTBiZCJ9\" href=\"https:\/\/albadocilia.cultura.gov.it\/wp-content\/uploads\/2023\/05\/XT47017_gal.jpg\"><figure class=\"swiper-slide-inner\"><img decoding=\"async\" class=\"swiper-slide-image\" src=\"https:\/\/albadocilia.cultura.gov.it\/wp-content\/uploads\/2023\/05\/XT47017_gal-2048x2048.jpg\" alt=\"Asse di Adriano, rovescio\" \/><figcaption class=\"elementor-image-carousel-caption\">Asse di Adriano, rovescio<\/figcaption><\/figure><\/a><\/div><div class=\"swiper-slide\" role=\"group\" aria-roledescription=\"slide\" aria-label=\"2 di 2\"><a data-elementor-open-lightbox=\"yes\" data-elementor-lightbox-slideshow=\"f2190bd\" data-elementor-lightbox-title=\"Asse di Adriano, rovescio\" data-e-action-hash=\"#elementor-action%3Aaction%3Dlightbox%26settings%3DeyJpZCI6NjA0NywidXJsIjoiaHR0cHM6XC9cL2FsYmFkb2NpbGlhLmN1bHR1cmEuZ292Lml0XC93cC1jb250ZW50XC91cGxvYWRzXC8yMDIzXC8wNVwvMjAyMzA1MDlfMTA1NTUzX2dhbC5qcGciLCJzbGlkZXNob3ciOiJmMjE5MGJkIn0%3D\" href=\"https:\/\/albadocilia.cultura.gov.it\/wp-content\/uploads\/2023\/05\/20230509_105553_gal.jpg\"><figure class=\"swiper-slide-inner\"><img decoding=\"async\" class=\"swiper-slide-image\" src=\"https:\/\/albadocilia.cultura.gov.it\/wp-content\/uploads\/2023\/05\/20230509_105553_gal-2048x2048.jpg\" alt=\"Asse di Adriano, rovescio\" \/><figcaption class=\"elementor-image-carousel-caption\">Asse di Adriano, rovescio<\/figcaption><\/figure><\/a><\/div>\t\t\t<\/div>\n\t\t\t\t\t\t\t\t\t\t\t\t<div class=\"elementor-swiper-button elementor-swiper-button-prev\" role=\"button\" tabindex=\"0\">\n\t\t\t\t\t\t<i aria-hidden=\"true\" class=\"eicon-chevron-left\"><\/i>\t\t\t\t\t<\/div>\n\t\t\t\t\t<div class=\"elementor-swiper-button elementor-swiper-button-next\" role=\"button\" tabindex=\"0\">\n\t\t\t\t\t\t<i aria-hidden=\"true\" class=\"eicon-chevron-right\"><\/i>\t\t\t\t\t<\/div>\n\t\t\t\t\n\t\t\t\t\t\t\t\t\t<\/div>\n\t\t\t\t<\/div>\n\t\t\t\t<\/div>\n\t\t\t\t\t<\/div>\n\t\t<\/div>\n\t\t\t\t\t<\/div>\n\t\t<\/section>\n\t\t\t\t<section class=\"elementor-section elementor-top-section elementor-element elementor-element-fb63855 elementor-section-boxed elementor-section-height-default elementor-section-height-default\" data-id=\"fb63855\" data-element_type=\"section\">\n\t\t\t\t\t\t<div class=\"elementor-container elementor-column-gap-default\">\n\t\t\t\t\t<div class=\"elementor-column elementor-col-100 elementor-top-column elementor-element elementor-element-07b7760\" data-id=\"07b7760\" data-element_type=\"column\">\n\t\t\t<div class=\"elementor-widget-wrap elementor-element-populated\">\n\t\t\t\t\t\t<div class=\"elementor-element elementor-element-68b5f32 elementor-widget-divider--separator-type-pattern elementor-widget-divider--no-spacing elementor-widget-divider--view-line elementor-widget elementor-widget-divider\" data-id=\"68b5f32\" data-element_type=\"widget\" data-widget_type=\"divider.default\">\n\t\t\t\t<div class=\"elementor-widget-container\">\n\t\t\t\t\t<div class=\"elementor-divider\" style=\"--divider-pattern-url: url(&quot;data:image\/svg+xml,%3Csvg xmlns=&#039;http:\/\/www.w3.org\/2000\/svg&#039; preserveAspectRatio=&#039;xMidYMid meet&#039; overflow=&#039;visible&#039; height=&#039;100%&#039; viewBox=&#039;0 0 126 26&#039; fill=&#039;black&#039; stroke=&#039;none&#039;%3E%3Cpath d=&#039;M46.8,7.8v11.5L36,18.6V7.8H46.8z M82.4,7.8L84,18.6l-12,0.7L70.4,7.8H82.4z M0,7.8l12,0.9v9.9H1.3L0,7.8z M30,7.8v10.8H19L18,7.8H30z M63.7,7.8L66,18.6H54V9.5L63.7,7.8z M89.8,7L102,7.8v10.8H91.2L89.8,7zM108,7.8l12,0.9v8.9l-12,1V7.8z&#039;\/%3E%3C\/svg%3E&quot;);\">\n\t\t\t<span class=\"elementor-divider-separator\">\n\t\t\t\t\t\t<\/span>\n\t\t<\/div>\n\t\t\t\t<\/div>\n\t\t\t\t<\/div>\n\t\t\t\t\t<\/div>\n\t\t<\/div>\n\t\t\t\t\t<\/div>\n\t\t<\/section>\n\t\t\t\t<section class=\"elementor-section elementor-top-section elementor-element elementor-element-d016403 elementor-section-stretched elementor-section-boxed elementor-section-height-default elementor-section-height-default\" data-id=\"d016403\" data-element_type=\"section\" data-settings=\"{&quot;background_background&quot;:&quot;classic&quot;,&quot;stretch_section&quot;:&quot;section-stretched&quot;}\">\n\t\t\t\t\t\t<div class=\"elementor-container elementor-column-gap-default\">\n\t\t\t\t\t<div class=\"elementor-column elementor-col-33 elementor-top-column elementor-element elementor-element-08aec73\" data-id=\"08aec73\" data-element_type=\"column\">\n\t\t\t<div class=\"elementor-widget-wrap elementor-element-populated\">\n\t\t\t\t\t\t<div class=\"elementor-element elementor-element-4bc2cd2 elementor-widget elementor-widget-text-editor\" data-id=\"4bc2cd2\" data-element_type=\"widget\" data-widget_type=\"text-editor.default\">\n\t\t\t\t<div class=\"elementor-widget-container\">\n\t\t\t\t\t\t\t<p><span style=\"color: #ffffff;\"><strong>ANTONINIANO DI AURELIANO (272-273 d. C.)\u00a0<\/strong><strong><span style=\"font-size: 16px; font-style: normal;\"><br \/>Zecca di Mediolanum<\/span><\/strong><strong style=\"font-size: 16px;\"><br \/>Metallo:\u00a0<\/strong>Bromzo<strong><br \/>D\/<\/strong>: IMPAVRELIANVSAVG busto radiato e loricato di Aureliano rivolto a destra.<strong><br \/>R\/<\/strong>: FORTVNA REDVD <em>Fortuna<\/em> seduta a sinistra su una ruota, con timone nella destra e cornucopia nella sinistra. In esergo, lettera illeggibile.\u00a0<strong><br \/>Peso<\/strong>: 3,5 gr<br \/>Diametro: 22\/23 mm<br \/>Scavo 1957<\/span><\/p>\t\t\t\t\t\t<\/div>\n\t\t\t\t<\/div>\n\t\t\t\t\t<\/div>\n\t\t<\/div>\n\t\t\t\t<div class=\"elementor-column elementor-col-33 elementor-top-column elementor-element elementor-element-68862e5\" data-id=\"68862e5\" data-element_type=\"column\">\n\t\t\t<div class=\"elementor-widget-wrap elementor-element-populated\">\n\t\t\t\t\t\t<div class=\"elementor-element elementor-element-f8a9bfe elementor-arrows-position-inside elementor-widget elementor-widget-image-carousel\" data-id=\"f8a9bfe\" data-element_type=\"widget\" data-settings=\"{&quot;slides_to_show&quot;:&quot;1&quot;,&quot;navigation&quot;:&quot;arrows&quot;,&quot;autoplay&quot;:&quot;no&quot;,&quot;infinite&quot;:&quot;yes&quot;,&quot;effect&quot;:&quot;slide&quot;,&quot;speed&quot;:500}\" data-widget_type=\"image-carousel.default\">\n\t\t\t\t<div class=\"elementor-widget-container\">\n\t\t\t\t\t<div class=\"elementor-image-carousel-wrapper swiper-container\" dir=\"ltr\">\n\t\t\t<div class=\"elementor-image-carousel swiper-wrapper\" aria-live=\"polite\">\n\t\t\t\t\t\t\t\t<div class=\"swiper-slide\" role=\"group\" aria-roledescription=\"slide\" aria-label=\"1 di 2\"><a data-elementor-open-lightbox=\"yes\" data-elementor-lightbox-slideshow=\"f8a9bfe\" data-elementor-lightbox-title=\"Antoniniano di Aureliano, diritto\" data-e-action-hash=\"#elementor-action%3Aaction%3Dlightbox%26settings%3DeyJpZCI6NjA3MywidXJsIjoiaHR0cHM6XC9cL2FsYmFkb2NpbGlhLmN1bHR1cmEuZ292Lml0XC93cC1jb250ZW50XC91cGxvYWRzXC8yMDIzXC8wNVwvWFQ0Njk1NF9nYWwuanBnIiwic2xpZGVzaG93IjoiZjhhOWJmZSJ9\" href=\"https:\/\/albadocilia.cultura.gov.it\/wp-content\/uploads\/2023\/05\/XT46954_gal.jpg\"><figure class=\"swiper-slide-inner\"><img decoding=\"async\" class=\"swiper-slide-image\" src=\"https:\/\/albadocilia.cultura.gov.it\/wp-content\/uploads\/2023\/05\/XT46954_gal-2048x2048.jpg\" alt=\"Antoniniano di Aureliano, diritto\" \/><figcaption class=\"elementor-image-carousel-caption\">Antoniniano di Aureliano, diritto<\/figcaption><\/figure><\/a><\/div><div class=\"swiper-slide\" role=\"group\" aria-roledescription=\"slide\" aria-label=\"2 di 2\"><a data-elementor-open-lightbox=\"yes\" data-elementor-lightbox-slideshow=\"f8a9bfe\" data-elementor-lightbox-title=\"Antoniniano di Aureliano, diritto\" data-e-action-hash=\"#elementor-action%3Aaction%3Dlightbox%26settings%3DeyJpZCI6NjA3NCwidXJsIjoiaHR0cHM6XC9cL2FsYmFkb2NpbGlhLmN1bHR1cmEuZ292Lml0XC93cC1jb250ZW50XC91cGxvYWRzXC8yMDIzXC8wNVwvMjAyMzA1MDlfMTAzMjI4X2dhbC5qcGciLCJzbGlkZXNob3ciOiJmOGE5YmZlIn0%3D\" href=\"https:\/\/albadocilia.cultura.gov.it\/wp-content\/uploads\/2023\/05\/20230509_103228_gal.jpg\"><figure class=\"swiper-slide-inner\"><img decoding=\"async\" class=\"swiper-slide-image\" src=\"https:\/\/albadocilia.cultura.gov.it\/wp-content\/uploads\/2023\/05\/20230509_103228_gal-2048x2048.jpg\" alt=\"Antoniniano di Aureliano, diritto\" \/><figcaption class=\"elementor-image-carousel-caption\">Antoniniano di Aureliano, diritto<\/figcaption><\/figure><\/a><\/div>\t\t\t<\/div>\n\t\t\t\t\t\t\t\t\t\t\t\t<div class=\"elementor-swiper-button elementor-swiper-button-prev\" role=\"button\" tabindex=\"0\">\n\t\t\t\t\t\t<i aria-hidden=\"true\" class=\"eicon-chevron-left\"><\/i>\t\t\t\t\t<\/div>\n\t\t\t\t\t<div class=\"elementor-swiper-button elementor-swiper-button-next\" role=\"button\" tabindex=\"0\">\n\t\t\t\t\t\t<i aria-hidden=\"true\" class=\"eicon-chevron-right\"><\/i>\t\t\t\t\t<\/div>\n\t\t\t\t\n\t\t\t\t\t\t\t\t\t<\/div>\n\t\t\t\t<\/div>\n\t\t\t\t<\/div>\n\t\t\t\t\t<\/div>\n\t\t<\/div>\n\t\t\t\t<div class=\"elementor-column elementor-col-33 elementor-top-column elementor-element elementor-element-a2a5411\" data-id=\"a2a5411\" data-element_type=\"column\">\n\t\t\t<div class=\"elementor-widget-wrap elementor-element-populated\">\n\t\t\t\t\t\t<div class=\"elementor-element elementor-element-6b5f243 elementor-arrows-position-inside elementor-widget elementor-widget-image-carousel\" data-id=\"6b5f243\" data-element_type=\"widget\" data-settings=\"{&quot;slides_to_show&quot;:&quot;1&quot;,&quot;navigation&quot;:&quot;arrows&quot;,&quot;autoplay&quot;:&quot;no&quot;,&quot;infinite&quot;:&quot;yes&quot;,&quot;effect&quot;:&quot;slide&quot;,&quot;speed&quot;:500}\" data-widget_type=\"image-carousel.default\">\n\t\t\t\t<div class=\"elementor-widget-container\">\n\t\t\t\t\t<div class=\"elementor-image-carousel-wrapper swiper-container\" dir=\"ltr\">\n\t\t\t<div class=\"elementor-image-carousel swiper-wrapper\" aria-live=\"polite\">\n\t\t\t\t\t\t\t\t<div class=\"swiper-slide\" role=\"group\" aria-roledescription=\"slide\" aria-label=\"1 di 2\"><a data-elementor-open-lightbox=\"yes\" data-elementor-lightbox-slideshow=\"6b5f243\" data-elementor-lightbox-title=\"Antoniniano di Aureliano, rovescio\" data-e-action-hash=\"#elementor-action%3Aaction%3Dlightbox%26settings%3DeyJpZCI6NjA3OCwidXJsIjoiaHR0cHM6XC9cL2FsYmFkb2NpbGlhLmN1bHR1cmEuZ292Lml0XC93cC1jb250ZW50XC91cGxvYWRzXC8yMDIzXC8wNVwvWFQ0Njk2M19nYWwuanBnIiwic2xpZGVzaG93IjoiNmI1ZjI0MyJ9\" href=\"https:\/\/albadocilia.cultura.gov.it\/wp-content\/uploads\/2023\/05\/XT46963_gal.jpg\"><figure class=\"swiper-slide-inner\"><img decoding=\"async\" class=\"swiper-slide-image\" src=\"https:\/\/albadocilia.cultura.gov.it\/wp-content\/uploads\/2023\/05\/XT46963_gal-2048x2048.jpg\" alt=\"Antoniniano di Aureliano, rovescio\" \/><figcaption class=\"elementor-image-carousel-caption\">Antoniniano di Aureliano, rovescio<\/figcaption><\/figure><\/a><\/div><div class=\"swiper-slide\" role=\"group\" aria-roledescription=\"slide\" aria-label=\"2 di 2\"><a data-elementor-open-lightbox=\"yes\" data-elementor-lightbox-slideshow=\"6b5f243\" data-elementor-lightbox-title=\"Antoniniano di Aureliano, rovescio\" data-e-action-hash=\"#elementor-action%3Aaction%3Dlightbox%26settings%3DeyJpZCI6NjA3OSwidXJsIjoiaHR0cHM6XC9cL2FsYmFkb2NpbGlhLmN1bHR1cmEuZ292Lml0XC93cC1jb250ZW50XC91cGxvYWRzXC8yMDIzXC8wNVwvMjAyMzA1MDlfMTAzMjQ5X2dhbC5qcGciLCJzbGlkZXNob3ciOiI2YjVmMjQzIn0%3D\" href=\"https:\/\/albadocilia.cultura.gov.it\/wp-content\/uploads\/2023\/05\/20230509_103249_gal.jpg\"><figure class=\"swiper-slide-inner\"><img decoding=\"async\" class=\"swiper-slide-image\" src=\"https:\/\/albadocilia.cultura.gov.it\/wp-content\/uploads\/2023\/05\/20230509_103249_gal-2048x2048.jpg\" alt=\"Antoniniano di Aureliano, rovescio\" \/><figcaption class=\"elementor-image-carousel-caption\">Antoniniano di Aureliano, rovescio<\/figcaption><\/figure><\/a><\/div>\t\t\t<\/div>\n\t\t\t\t\t\t\t\t\t\t\t\t<div class=\"elementor-swiper-button elementor-swiper-button-prev\" role=\"button\" tabindex=\"0\">\n\t\t\t\t\t\t<i aria-hidden=\"true\" class=\"eicon-chevron-left\"><\/i>\t\t\t\t\t<\/div>\n\t\t\t\t\t<div class=\"elementor-swiper-button elementor-swiper-button-next\" role=\"button\" tabindex=\"0\">\n\t\t\t\t\t\t<i aria-hidden=\"true\" class=\"eicon-chevron-right\"><\/i>\t\t\t\t\t<\/div>\n\t\t\t\t\n\t\t\t\t\t\t\t\t\t<\/div>\n\t\t\t\t<\/div>\n\t\t\t\t<\/div>\n\t\t\t\t\t<\/div>\n\t\t<\/div>\n\t\t\t\t\t<\/div>\n\t\t<\/section>\n\t\t\t\t<section class=\"elementor-section elementor-top-section elementor-element elementor-element-2876c6f elementor-section-boxed elementor-section-height-default elementor-section-height-default\" data-id=\"2876c6f\" data-element_type=\"section\">\n\t\t\t\t\t\t<div class=\"elementor-container elementor-column-gap-default\">\n\t\t\t\t\t<div class=\"elementor-column elementor-col-100 elementor-top-column elementor-element elementor-element-d32ee3a\" data-id=\"d32ee3a\" data-element_type=\"column\">\n\t\t\t<div class=\"elementor-widget-wrap elementor-element-populated\">\n\t\t\t\t\t\t<div class=\"elementor-element elementor-element-a1135eb elementor-widget-divider--separator-type-pattern elementor-widget-divider--no-spacing elementor-widget-divider--view-line elementor-widget elementor-widget-divider\" data-id=\"a1135eb\" data-element_type=\"widget\" data-widget_type=\"divider.default\">\n\t\t\t\t<div class=\"elementor-widget-container\">\n\t\t\t\t\t<div class=\"elementor-divider\" style=\"--divider-pattern-url: url(&quot;data:image\/svg+xml,%3Csvg xmlns=&#039;http:\/\/www.w3.org\/2000\/svg&#039; preserveAspectRatio=&#039;xMidYMid meet&#039; overflow=&#039;visible&#039; height=&#039;100%&#039; viewBox=&#039;0 0 126 26&#039; fill=&#039;black&#039; stroke=&#039;none&#039;%3E%3Cpath d=&#039;M46.8,7.8v11.5L36,18.6V7.8H46.8z M82.4,7.8L84,18.6l-12,0.7L70.4,7.8H82.4z M0,7.8l12,0.9v9.9H1.3L0,7.8z M30,7.8v10.8H19L18,7.8H30z M63.7,7.8L66,18.6H54V9.5L63.7,7.8z M89.8,7L102,7.8v10.8H91.2L89.8,7zM108,7.8l12,0.9v8.9l-12,1V7.8z&#039;\/%3E%3C\/svg%3E&quot;);\">\n\t\t\t<span class=\"elementor-divider-separator\">\n\t\t\t\t\t\t<\/span>\n\t\t<\/div>\n\t\t\t\t<\/div>\n\t\t\t\t<\/div>\n\t\t\t\t\t<\/div>\n\t\t<\/div>\n\t\t\t\t\t<\/div>\n\t\t<\/section>\n\t\t\t\t<section class=\"elementor-section elementor-top-section elementor-element elementor-element-a0dc1e3 elementor-section-stretched elementor-section-boxed elementor-section-height-default elementor-section-height-default\" data-id=\"a0dc1e3\" data-element_type=\"section\" data-settings=\"{&quot;background_background&quot;:&quot;classic&quot;,&quot;stretch_section&quot;:&quot;section-stretched&quot;}\">\n\t\t\t\t\t\t<div class=\"elementor-container elementor-column-gap-default\">\n\t\t\t\t\t<div class=\"elementor-column elementor-col-33 elementor-top-column elementor-element elementor-element-63050dc\" data-id=\"63050dc\" data-element_type=\"column\">\n\t\t\t<div class=\"elementor-widget-wrap elementor-element-populated\">\n\t\t\t\t\t\t<div class=\"elementor-element elementor-element-c9569a1 elementor-widget elementor-widget-text-editor\" data-id=\"c9569a1\" data-element_type=\"widget\" data-widget_type=\"text-editor.default\">\n\t\t\t\t<div class=\"elementor-widget-container\">\n\t\t\t\t\t\t\t<p><span style=\"color: #ffffff;\"><strong>ANTONINIANO DI CLAUDIO II il Gotico (268-270 d. C.)&nbsp;<\/strong><strong><span style=\"font-size: 16px; font-style: normal;\"><br>Zecca di Roma<\/span><\/strong><strong style=\"font-size: 16px;\"><br>Metallo:&nbsp;<\/strong>Bromzo<strong><br>D\/<\/strong>: IMPCCLAVDIVSAVG busto radiato e paludato di Claudio II rivolto a destra.<strong><br>R\/<\/strong>: GENIVS EXERCI Genio turrito nudo con mantello pendente dalla spalla sinistra, stante di prospetto con testa a sinistra, patera nella destra, cornucopia nella sinistra.&nbsp;<strong><br>Peso<\/strong>: 3,1 gr<br>Diametro: 21 mm<br>Scavo 1972<\/span><\/p>\t\t\t\t\t\t<\/div>\n\t\t\t\t<\/div>\n\t\t\t\t\t<\/div>\n\t\t<\/div>\n\t\t\t\t<div class=\"elementor-column elementor-col-33 elementor-top-column elementor-element elementor-element-a1bcfa1\" data-id=\"a1bcfa1\" data-element_type=\"column\">\n\t\t\t<div class=\"elementor-widget-wrap elementor-element-populated\">\n\t\t\t\t\t\t<div class=\"elementor-element elementor-element-8bb78b5 elementor-arrows-position-inside elementor-widget elementor-widget-image-carousel\" data-id=\"8bb78b5\" data-element_type=\"widget\" data-settings=\"{&quot;slides_to_show&quot;:&quot;1&quot;,&quot;navigation&quot;:&quot;arrows&quot;,&quot;autoplay&quot;:&quot;no&quot;,&quot;infinite&quot;:&quot;yes&quot;,&quot;effect&quot;:&quot;slide&quot;,&quot;speed&quot;:500}\" data-widget_type=\"image-carousel.default\">\n\t\t\t\t<div class=\"elementor-widget-container\">\n\t\t\t\t\t<div class=\"elementor-image-carousel-wrapper swiper-container\" dir=\"ltr\">\n\t\t\t<div class=\"elementor-image-carousel swiper-wrapper\" aria-live=\"polite\">\n\t\t\t\t\t\t\t\t<div class=\"swiper-slide\" role=\"group\" aria-roledescription=\"slide\" aria-label=\"1 di 2\"><a data-elementor-open-lightbox=\"yes\" data-elementor-lightbox-slideshow=\"8bb78b5\" data-elementor-lightbox-title=\"Antoniniano di Claudio II, diritto\" data-e-action-hash=\"#elementor-action%3Aaction%3Dlightbox%26settings%3DeyJpZCI6NjA4NCwidXJsIjoiaHR0cHM6XC9cL2FsYmFkb2NpbGlhLmN1bHR1cmEuZ292Lml0XC93cC1jb250ZW50XC91cGxvYWRzXC8yMDIzXC8wNVwvWFQ0NjkzMV9nYWwuanBnIiwic2xpZGVzaG93IjoiOGJiNzhiNSJ9\" href=\"https:\/\/albadocilia.cultura.gov.it\/wp-content\/uploads\/2023\/05\/XT46931_gal.jpg\"><figure class=\"swiper-slide-inner\"><img decoding=\"async\" class=\"swiper-slide-image\" src=\"https:\/\/albadocilia.cultura.gov.it\/wp-content\/uploads\/2023\/05\/XT46931_gal-2048x2048.jpg\" alt=\"Antoniniano di Claudio II, diritto\" \/><figcaption class=\"elementor-image-carousel-caption\">Antoniniano di Claudio II, diritto<\/figcaption><\/figure><\/a><\/div><div class=\"swiper-slide\" role=\"group\" aria-roledescription=\"slide\" aria-label=\"2 di 2\"><a data-elementor-open-lightbox=\"yes\" data-elementor-lightbox-slideshow=\"8bb78b5\" data-elementor-lightbox-title=\"Antoniniano di Claudio II, diritto\" data-e-action-hash=\"#elementor-action%3Aaction%3Dlightbox%26settings%3DeyJpZCI6NjA4NSwidXJsIjoiaHR0cHM6XC9cL2FsYmFkb2NpbGlhLmN1bHR1cmEuZ292Lml0XC93cC1jb250ZW50XC91cGxvYWRzXC8yMDIzXC8wNVwvMjAyMzA1MDlfMTAyNDI0X2dhbC5qcGciLCJzbGlkZXNob3ciOiI4YmI3OGI1In0%3D\" href=\"https:\/\/albadocilia.cultura.gov.it\/wp-content\/uploads\/2023\/05\/20230509_102424_gal.jpg\"><figure class=\"swiper-slide-inner\"><img decoding=\"async\" class=\"swiper-slide-image\" src=\"https:\/\/albadocilia.cultura.gov.it\/wp-content\/uploads\/2023\/05\/20230509_102424_gal-2048x2048.jpg\" alt=\"Antoniniano di Claudio II, diritto\" \/><figcaption class=\"elementor-image-carousel-caption\">Antoniniano di Claudio II, diritto<\/figcaption><\/figure><\/a><\/div>\t\t\t<\/div>\n\t\t\t\t\t\t\t\t\t\t\t\t<div class=\"elementor-swiper-button elementor-swiper-button-prev\" role=\"button\" tabindex=\"0\">\n\t\t\t\t\t\t<i aria-hidden=\"true\" class=\"eicon-chevron-left\"><\/i>\t\t\t\t\t<\/div>\n\t\t\t\t\t<div class=\"elementor-swiper-button elementor-swiper-button-next\" role=\"button\" tabindex=\"0\">\n\t\t\t\t\t\t<i aria-hidden=\"true\" class=\"eicon-chevron-right\"><\/i>\t\t\t\t\t<\/div>\n\t\t\t\t\n\t\t\t\t\t\t\t\t\t<\/div>\n\t\t\t\t<\/div>\n\t\t\t\t<\/div>\n\t\t\t\t\t<\/div>\n\t\t<\/div>\n\t\t\t\t<div class=\"elementor-column elementor-col-33 elementor-top-column elementor-element elementor-element-822498a\" data-id=\"822498a\" data-element_type=\"column\">\n\t\t\t<div class=\"elementor-widget-wrap elementor-element-populated\">\n\t\t\t\t\t\t<div class=\"elementor-element elementor-element-4cb8c23 elementor-arrows-position-inside elementor-widget elementor-widget-image-carousel\" data-id=\"4cb8c23\" data-element_type=\"widget\" data-settings=\"{&quot;slides_to_show&quot;:&quot;1&quot;,&quot;navigation&quot;:&quot;arrows&quot;,&quot;autoplay&quot;:&quot;no&quot;,&quot;infinite&quot;:&quot;yes&quot;,&quot;effect&quot;:&quot;slide&quot;,&quot;speed&quot;:500}\" data-widget_type=\"image-carousel.default\">\n\t\t\t\t<div class=\"elementor-widget-container\">\n\t\t\t\t\t<div class=\"elementor-image-carousel-wrapper swiper-container\" dir=\"ltr\">\n\t\t\t<div class=\"elementor-image-carousel swiper-wrapper\" aria-live=\"polite\">\n\t\t\t\t\t\t\t\t<div class=\"swiper-slide\" role=\"group\" aria-roledescription=\"slide\" aria-label=\"1 di 2\"><a data-elementor-open-lightbox=\"yes\" data-elementor-lightbox-slideshow=\"4cb8c23\" data-elementor-lightbox-title=\"Antoniniano di Claudio II, rovescio\" data-e-action-hash=\"#elementor-action%3Aaction%3Dlightbox%26settings%3DeyJpZCI6NjA4NiwidXJsIjoiaHR0cHM6XC9cL2FsYmFkb2NpbGlhLmN1bHR1cmEuZ292Lml0XC93cC1jb250ZW50XC91cGxvYWRzXC8yMDIzXC8wNVwvWFQ0NjkzOF9nYWwuanBnIiwic2xpZGVzaG93IjoiNGNiOGMyMyJ9\" href=\"https:\/\/albadocilia.cultura.gov.it\/wp-content\/uploads\/2023\/05\/XT46938_gal.jpg\"><figure class=\"swiper-slide-inner\"><img decoding=\"async\" class=\"swiper-slide-image\" src=\"https:\/\/albadocilia.cultura.gov.it\/wp-content\/uploads\/2023\/05\/XT46938_gal-2048x2048.jpg\" alt=\"Antoniniano di Claudio II, rovescio\" \/><figcaption class=\"elementor-image-carousel-caption\">Antoniniano di Claudio II, rovescio<\/figcaption><\/figure><\/a><\/div><div class=\"swiper-slide\" role=\"group\" aria-roledescription=\"slide\" aria-label=\"2 di 2\"><a data-elementor-open-lightbox=\"yes\" data-elementor-lightbox-slideshow=\"4cb8c23\" data-elementor-lightbox-title=\"Antoniniano di Claudio II, rovescio\" data-e-action-hash=\"#elementor-action%3Aaction%3Dlightbox%26settings%3DeyJpZCI6NjA4NywidXJsIjoiaHR0cHM6XC9cL2FsYmFkb2NpbGlhLmN1bHR1cmEuZ292Lml0XC93cC1jb250ZW50XC91cGxvYWRzXC8yMDIzXC8wNVwvMjAyMzA1MDlfMTAyMzU5X2dhbC5qcGciLCJzbGlkZXNob3ciOiI0Y2I4YzIzIn0%3D\" href=\"https:\/\/albadocilia.cultura.gov.it\/wp-content\/uploads\/2023\/05\/20230509_102359_gal.jpg\"><figure class=\"swiper-slide-inner\"><img decoding=\"async\" class=\"swiper-slide-image\" src=\"https:\/\/albadocilia.cultura.gov.it\/wp-content\/uploads\/2023\/05\/20230509_102359_gal-2048x2048.jpg\" alt=\"Antoniniano di Claudio II, rovescio\" \/><figcaption class=\"elementor-image-carousel-caption\">Antoniniano di Claudio II, rovescio<\/figcaption><\/figure><\/a><\/div>\t\t\t<\/div>\n\t\t\t\t\t\t\t\t\t\t\t\t<div class=\"elementor-swiper-button elementor-swiper-button-prev\" role=\"button\" tabindex=\"0\">\n\t\t\t\t\t\t<i aria-hidden=\"true\" class=\"eicon-chevron-left\"><\/i>\t\t\t\t\t<\/div>\n\t\t\t\t\t<div class=\"elementor-swiper-button elementor-swiper-button-next\" role=\"button\" tabindex=\"0\">\n\t\t\t\t\t\t<i aria-hidden=\"true\" class=\"eicon-chevron-right\"><\/i>\t\t\t\t\t<\/div>\n\t\t\t\t\n\t\t\t\t\t\t\t\t\t<\/div>\n\t\t\t\t<\/div>\n\t\t\t\t<\/div>\n\t\t\t\t\t<\/div>\n\t\t<\/div>\n\t\t\t\t\t<\/div>\n\t\t<\/section>\n\t\t\t\t<section class=\"elementor-section elementor-top-section elementor-element elementor-element-8b3c0b7 elementor-section-stretched elementor-section-boxed elementor-section-height-default elementor-section-height-default\" data-id=\"8b3c0b7\" data-element_type=\"section\" data-settings=\"{&quot;background_background&quot;:&quot;classic&quot;,&quot;stretch_section&quot;:&quot;section-stretched&quot;}\">\n\t\t\t\t\t\t<div class=\"elementor-container elementor-column-gap-default\">\n\t\t\t\t\t<div class=\"elementor-column elementor-col-33 elementor-top-column elementor-element elementor-element-8801d6c\" data-id=\"8801d6c\" data-element_type=\"column\">\n\t\t\t<div class=\"elementor-widget-wrap elementor-element-populated\">\n\t\t\t\t\t\t<div class=\"elementor-element elementor-element-4047fc8 elementor-widget elementor-widget-text-editor\" data-id=\"4047fc8\" data-element_type=\"widget\" data-widget_type=\"text-editor.default\">\n\t\t\t\t<div class=\"elementor-widget-container\">\n\t\t\t\t\t\t\t<p><span style=\"color: #ffffff;\"><strong>ANFORA<br \/><\/strong><strong>Nome<\/strong>: collo d&#8217;anfora &#8220;africana piccola&#8221; bizacena del Basso Impero<\/span><br \/><span style=\"color: #ffffff;\"><strong>Classe<\/strong>: anfora<\/span><br \/><span style=\"color: #ffffff;\"><strong>Materiale<\/strong>: argilla<\/span><br \/><span style=\"color: #ffffff;\"><strong>Datazione<\/strong>: III-IV secolo d.C.<\/span><br \/><span style=\"color: #ffffff;\"><strong>Misure<\/strong>: h 13,5 cm; diametro orlo int. 10 cm<\/span><br \/><span style=\"color: #ffffff;\"><strong>Dove si trova ora<\/strong>: Depositi Soprintendenza, Genova<\/span><\/p>\t\t\t\t\t\t<\/div>\n\t\t\t\t<\/div>\n\t\t\t\t\t<\/div>\n\t\t<\/div>\n\t\t\t\t<div class=\"elementor-column elementor-col-33 elementor-top-column elementor-element elementor-element-8717889\" data-id=\"8717889\" data-element_type=\"column\">\n\t\t\t<div class=\"elementor-widget-wrap elementor-element-populated\">\n\t\t\t\t\t\t<div class=\"elementor-element elementor-element-28ad361 elementor-arrows-position-inside elementor-widget elementor-widget-image-carousel\" data-id=\"28ad361\" data-element_type=\"widget\" data-settings=\"{&quot;slides_to_show&quot;:&quot;1&quot;,&quot;navigation&quot;:&quot;arrows&quot;,&quot;autoplay&quot;:&quot;no&quot;,&quot;infinite&quot;:&quot;yes&quot;,&quot;effect&quot;:&quot;slide&quot;,&quot;speed&quot;:500}\" data-widget_type=\"image-carousel.default\">\n\t\t\t\t<div class=\"elementor-widget-container\">\n\t\t\t\t\t<div class=\"elementor-image-carousel-wrapper swiper-container\" dir=\"ltr\">\n\t\t\t<div class=\"elementor-image-carousel swiper-wrapper\" aria-live=\"polite\">\n\t\t\t\t\t\t\t\t<div class=\"swiper-slide\" role=\"group\" aria-roledescription=\"slide\" aria-label=\"1 di 4\"><a data-elementor-open-lightbox=\"yes\" data-elementor-lightbox-slideshow=\"28ad361\" data-e-action-hash=\"#elementor-action%3Aaction%3Dlightbox%26settings%3DeyJpZCI6NjYzNywidXJsIjoiaHR0cHM6XC9cL2FsYmFkb2NpbGlhLmN1bHR1cmEuZ292Lml0XC93cC1jb250ZW50XC91cGxvYWRzXC8yMDIzXC8wNlwvWFQ0MTg2OF8uanBnIiwic2xpZGVzaG93IjoiMjhhZDM2MSJ9\" href=\"https:\/\/albadocilia.cultura.gov.it\/wp-content\/uploads\/2023\/06\/XT41868_.jpg\"><figure class=\"swiper-slide-inner\"><img decoding=\"async\" class=\"swiper-slide-image\" src=\"https:\/\/albadocilia.cultura.gov.it\/wp-content\/uploads\/2023\/06\/XT41868_.jpg\" alt=\"\" \/><\/figure><\/a><\/div><div class=\"swiper-slide\" role=\"group\" aria-roledescription=\"slide\" aria-label=\"2 di 4\"><a data-elementor-open-lightbox=\"yes\" data-elementor-lightbox-slideshow=\"28ad361\" data-e-action-hash=\"#elementor-action%3Aaction%3Dlightbox%26settings%3DeyJpZCI6NjYzOCwidXJsIjoiaHR0cHM6XC9cL2FsYmFkb2NpbGlhLmN1bHR1cmEuZ292Lml0XC93cC1jb250ZW50XC91cGxvYWRzXC8yMDIzXC8wNlwvWFQ0MTg3NF8uanBnIiwic2xpZGVzaG93IjoiMjhhZDM2MSJ9\" href=\"https:\/\/albadocilia.cultura.gov.it\/wp-content\/uploads\/2023\/06\/XT41874_.jpg\"><figure class=\"swiper-slide-inner\"><img decoding=\"async\" class=\"swiper-slide-image\" src=\"https:\/\/albadocilia.cultura.gov.it\/wp-content\/uploads\/2023\/06\/XT41874_.jpg\" alt=\"\" \/><\/figure><\/a><\/div><div class=\"swiper-slide\" role=\"group\" aria-roledescription=\"slide\" aria-label=\"3 di 4\"><a data-elementor-open-lightbox=\"yes\" data-elementor-lightbox-slideshow=\"28ad361\" data-e-action-hash=\"#elementor-action%3Aaction%3Dlightbox%26settings%3DeyJpZCI6NjYzOSwidXJsIjoiaHR0cHM6XC9cL2FsYmFkb2NpbGlhLmN1bHR1cmEuZ292Lml0XC93cC1jb250ZW50XC91cGxvYWRzXC8yMDIzXC8wNlwvWFQ0MTg3Nl8uanBnIiwic2xpZGVzaG93IjoiMjhhZDM2MSJ9\" href=\"https:\/\/albadocilia.cultura.gov.it\/wp-content\/uploads\/2023\/06\/XT41876_.jpg\"><figure class=\"swiper-slide-inner\"><img decoding=\"async\" class=\"swiper-slide-image\" src=\"https:\/\/albadocilia.cultura.gov.it\/wp-content\/uploads\/2023\/06\/XT41876_.jpg\" alt=\"\" \/><\/figure><\/a><\/div><div class=\"swiper-slide\" role=\"group\" aria-roledescription=\"slide\" aria-label=\"4 di 4\"><a data-elementor-open-lightbox=\"yes\" data-elementor-lightbox-slideshow=\"28ad361\" data-e-action-hash=\"#elementor-action%3Aaction%3Dlightbox%26settings%3DeyJpZCI6ODUwNiwidXJsIjoiaHR0cHM6XC9cL2FsYmFkb2NpbGlhLmN1bHR1cmEuZ292Lml0XC93cC1jb250ZW50XC91cGxvYWRzXC8yMDIzXC8wOFwvMjAyMzA4MDNfMDgzMjQxXy5qcGciLCJzbGlkZXNob3ciOiIyOGFkMzYxIn0%3D\" href=\"https:\/\/albadocilia.cultura.gov.it\/wp-content\/uploads\/2023\/08\/20230803_083241_.jpg\"><figure class=\"swiper-slide-inner\"><img decoding=\"async\" class=\"swiper-slide-image\" src=\"https:\/\/albadocilia.cultura.gov.it\/wp-content\/uploads\/2023\/08\/20230803_083241_.jpg\" alt=\"\" \/><\/figure><\/a><\/div>\t\t\t<\/div>\n\t\t\t\t\t\t\t\t\t\t\t\t<div class=\"elementor-swiper-button elementor-swiper-button-prev\" role=\"button\" tabindex=\"0\">\n\t\t\t\t\t\t<i aria-hidden=\"true\" class=\"eicon-chevron-left\"><\/i>\t\t\t\t\t<\/div>\n\t\t\t\t\t<div class=\"elementor-swiper-button elementor-swiper-button-next\" role=\"button\" tabindex=\"0\">\n\t\t\t\t\t\t<i aria-hidden=\"true\" class=\"eicon-chevron-right\"><\/i>\t\t\t\t\t<\/div>\n\t\t\t\t\n\t\t\t\t\t\t\t\t\t<\/div>\n\t\t\t\t<\/div>\n\t\t\t\t<\/div>\n\t\t\t\t\t<\/div>\n\t\t<\/div>\n\t\t\t\t<div class=\"elementor-column elementor-col-33 elementor-top-column elementor-element elementor-element-e06a07c\" data-id=\"e06a07c\" data-element_type=\"column\">\n\t\t\t<div class=\"elementor-widget-wrap elementor-element-populated\">\n\t\t\t\t\t\t<div class=\"elementor-element elementor-element-720f842 elementor-widget elementor-widget-text-editor\" data-id=\"720f842\" data-element_type=\"widget\" data-widget_type=\"text-editor.default\">\n\t\t\t\t<div class=\"elementor-widget-container\">\n\t\t\t\t\t\t\t<p><span style=\"color: #ffffff;\">Questo reperto \u00e8 un frammento di anfora prodotta in Africa, molto probabilemte proveniente dai territori dell&#8217;odierna Tunisia.\u00a0 A partire dal II secolo dopo Cristo queste zone assunsero una enorme importanza nell&#8217;ambito dei commerci in tutto il Mediterraneo, non solo come punto di partenza per la diffusione di merci ma anche per la produzione di contenitori per il loro trasporto. Il frammento che vi mostriamo appartenneva ad un&#8217;anfora molto diffusa destinata al trasporto del <a style=\"color: #ffffff;\" href=\"https:\/\/albadocilia.cultura.gov.it\/?page_id=1249#garum\" target=\"_blank\" rel=\"noopener\"><em>garum<\/em><\/a>, la salsa di pesce apprezzata in tutto l&#8217;impero romano.<\/span><\/p>\t\t\t\t\t\t<\/div>\n\t\t\t\t<\/div>\n\t\t\t\t\t<\/div>\n\t\t<\/div>\n\t\t\t\t\t<\/div>\n\t\t<\/section>\n\t\t\t\t<section class=\"elementor-section elementor-top-section elementor-element elementor-element-968c58b elementor-section-stretched elementor-section-boxed elementor-section-height-default elementor-section-height-default\" data-id=\"968c58b\" data-element_type=\"section\" data-settings=\"{&quot;background_background&quot;:&quot;classic&quot;,&quot;stretch_section&quot;:&quot;section-stretched&quot;}\">\n\t\t\t\t\t\t<div class=\"elementor-container elementor-column-gap-default\">\n\t\t\t\t\t<div class=\"elementor-column elementor-col-33 elementor-top-column elementor-element elementor-element-a30ee20\" data-id=\"a30ee20\" data-element_type=\"column\">\n\t\t\t<div class=\"elementor-widget-wrap elementor-element-populated\">\n\t\t\t\t\t\t<div class=\"elementor-element elementor-element-384c801 elementor-widget elementor-widget-text-editor\" data-id=\"384c801\" data-element_type=\"widget\" data-widget_type=\"text-editor.default\">\n\t\t\t\t<div class=\"elementor-widget-container\">\n\t\t\t\t\t\t\t<p><span style=\"color: #ffffff;\"><strong>ANFORA<br \/><\/strong><strong>Nome<\/strong>: collo d&#8217;anfora Keay LV<\/span><br \/><span style=\"color: #ffffff;\"><strong>Classe<\/strong>: anfora<\/span><br \/><span style=\"color: #ffffff;\"><strong>Materiale<\/strong>: argilla<\/span><br \/><span style=\"color: #ffffff;\"><strong>Datazione<\/strong>: V-VI secolo d.C.<\/span><br \/><span style=\"color: #ffffff;\"><strong>Misure<\/strong>: h 18,5 cm;\u00a0<\/span><br \/><span style=\"color: #ffffff;\"><strong>Dove si trova ora<\/strong>: Depositi Soprintendenza, Genova<\/span><br \/><span style=\"color: #ffffff;\"><strong>Note<\/strong>: Rinvenuto frammentario, ricomposto e integrato<\/span><\/p>\t\t\t\t\t\t<\/div>\n\t\t\t\t<\/div>\n\t\t\t\t\t<\/div>\n\t\t<\/div>\n\t\t\t\t<div class=\"elementor-column elementor-col-33 elementor-top-column elementor-element elementor-element-03db4d3\" data-id=\"03db4d3\" data-element_type=\"column\">\n\t\t\t<div class=\"elementor-widget-wrap elementor-element-populated\">\n\t\t\t\t\t\t<div class=\"elementor-element elementor-element-284f54f elementor-arrows-position-inside elementor-widget elementor-widget-image-carousel\" data-id=\"284f54f\" data-element_type=\"widget\" data-settings=\"{&quot;slides_to_show&quot;:&quot;1&quot;,&quot;navigation&quot;:&quot;arrows&quot;,&quot;autoplay&quot;:&quot;no&quot;,&quot;infinite&quot;:&quot;yes&quot;,&quot;effect&quot;:&quot;slide&quot;,&quot;speed&quot;:500}\" data-widget_type=\"image-carousel.default\">\n\t\t\t\t<div class=\"elementor-widget-container\">\n\t\t\t\t\t<div class=\"elementor-image-carousel-wrapper swiper-container\" dir=\"ltr\">\n\t\t\t<div class=\"elementor-image-carousel swiper-wrapper\" aria-live=\"polite\">\n\t\t\t\t\t\t\t\t<div class=\"swiper-slide\" role=\"group\" aria-roledescription=\"slide\" aria-label=\"1 di 2\"><a data-elementor-open-lightbox=\"yes\" data-elementor-lightbox-slideshow=\"284f54f\" data-e-action-hash=\"#elementor-action%3Aaction%3Dlightbox%26settings%3DeyJpZCI6NjY0MywidXJsIjoiaHR0cHM6XC9cL2FsYmFkb2NpbGlhLmN1bHR1cmEuZ292Lml0XC93cC1jb250ZW50XC91cGxvYWRzXC8yMDIzXC8wNlwvWFQ0Mjc4M18uanBnIiwic2xpZGVzaG93IjoiMjg0ZjU0ZiJ9\" href=\"https:\/\/albadocilia.cultura.gov.it\/wp-content\/uploads\/2023\/06\/XT42783_.jpg\"><figure class=\"swiper-slide-inner\"><img decoding=\"async\" class=\"swiper-slide-image\" src=\"https:\/\/albadocilia.cultura.gov.it\/wp-content\/uploads\/2023\/06\/XT42783_.jpg\" alt=\"\" \/><\/figure><\/a><\/div><div class=\"swiper-slide\" role=\"group\" aria-roledescription=\"slide\" aria-label=\"2 di 2\"><a data-elementor-open-lightbox=\"yes\" data-elementor-lightbox-slideshow=\"284f54f\" data-e-action-hash=\"#elementor-action%3Aaction%3Dlightbox%26settings%3DeyJpZCI6NjY0NCwidXJsIjoiaHR0cHM6XC9cL2FsYmFkb2NpbGlhLmN1bHR1cmEuZ292Lml0XC93cC1jb250ZW50XC91cGxvYWRzXC8yMDIzXC8wNlwvMjAyMzA1MDlfMTI0NzUwXy5qcGciLCJzbGlkZXNob3ciOiIyODRmNTRmIn0%3D\" href=\"https:\/\/albadocilia.cultura.gov.it\/wp-content\/uploads\/2023\/06\/20230509_124750_.jpg\"><figure class=\"swiper-slide-inner\"><img decoding=\"async\" class=\"swiper-slide-image\" src=\"https:\/\/albadocilia.cultura.gov.it\/wp-content\/uploads\/2023\/06\/20230509_124750_.jpg\" alt=\"\" \/><\/figure><\/a><\/div>\t\t\t<\/div>\n\t\t\t\t\t\t\t\t\t\t\t\t<div class=\"elementor-swiper-button elementor-swiper-button-prev\" role=\"button\" tabindex=\"0\">\n\t\t\t\t\t\t<i aria-hidden=\"true\" class=\"eicon-chevron-left\"><\/i>\t\t\t\t\t<\/div>\n\t\t\t\t\t<div class=\"elementor-swiper-button elementor-swiper-button-next\" role=\"button\" tabindex=\"0\">\n\t\t\t\t\t\t<i aria-hidden=\"true\" class=\"eicon-chevron-right\"><\/i>\t\t\t\t\t<\/div>\n\t\t\t\t\n\t\t\t\t\t\t\t\t\t<\/div>\n\t\t\t\t<\/div>\n\t\t\t\t<\/div>\n\t\t\t\t\t<\/div>\n\t\t<\/div>\n\t\t\t\t<div class=\"elementor-column elementor-col-33 elementor-top-column elementor-element elementor-element-a79fe6d\" data-id=\"a79fe6d\" data-element_type=\"column\">\n\t\t\t<div class=\"elementor-widget-wrap elementor-element-populated\">\n\t\t\t\t\t\t<div class=\"elementor-element elementor-element-383268a elementor-widget elementor-widget-text-editor\" data-id=\"383268a\" data-element_type=\"widget\" data-widget_type=\"text-editor.default\">\n\t\t\t\t<div class=\"elementor-widget-container\">\n\t\t\t\t\t\t\t<p><span style=\"color: #ffffff;\">Nell&#8217;immagine vediamo un collo di anfora con anse e parte della spalla. Apparteneva ad un tipo di contenitore da trasporto di produzione africana piuttosto diffuso in tutto il Mediterraneo in et\u00e0 tardoantica, utilizzato per il trasporto, lo stoccaggio e la conservazione di alimenti come ad esempio le olive e il <em><a style=\"color: #ffffff;\" href=\"https:\/\/albadocilia.cultura.gov.it\/?page_id=1249#garum\" target=\"_blank\" rel=\"noopener\">garum<\/a>,\u00a0<\/em>la famosa &#8220;salsa di pesce&#8221;, ingrediente tipico della cucina di epoca romana.<\/span><\/p>\t\t\t\t\t\t<\/div>\n\t\t\t\t<\/div>\n\t\t\t\t\t<\/div>\n\t\t<\/div>\n\t\t\t\t\t<\/div>\n\t\t<\/section>\n\t\t\t\t<section class=\"elementor-section elementor-top-section elementor-element elementor-element-2fe1c3d elementor-section-stretched elementor-section-boxed elementor-section-height-default elementor-section-height-default\" data-id=\"2fe1c3d\" data-element_type=\"section\" data-settings=\"{&quot;background_background&quot;:&quot;classic&quot;,&quot;stretch_section&quot;:&quot;section-stretched&quot;}\">\n\t\t\t\t\t\t<div class=\"elementor-container elementor-column-gap-default\">\n\t\t\t\t\t<div class=\"elementor-column elementor-col-50 elementor-top-column elementor-element elementor-element-092ea5b\" data-id=\"092ea5b\" data-element_type=\"column\">\n\t\t\t<div class=\"elementor-widget-wrap elementor-element-populated\">\n\t\t\t\t\t\t<div class=\"elementor-element elementor-element-ef4dfb9 elementor-widget elementor-widget-text-editor\" data-id=\"ef4dfb9\" data-element_type=\"widget\" data-widget_type=\"text-editor.default\">\n\t\t\t\t<div class=\"elementor-widget-container\">\n\t\t\t\t\t\t\t<p><span style=\"color: #ffffff;\"><strong>ANFORA<br \/><\/strong><strong>Nome<\/strong>: frammenti di vari esemplari<\/span><br \/><span style=\"color: #ffffff;\"><strong>Classe<\/strong>: anfora<\/span><br \/><span style=\"color: #ffffff;\"><strong>Materiale<\/strong>: argilla<\/span><br \/><span style=\"color: #ffffff;\"><strong>Datazione<\/strong>: et\u00e0 romana imperiale<\/span><br \/><span style=\"color: #ffffff;\"><strong>Dove si trova ora<\/strong>: Depositi Soprintendenza, Genova<\/span><\/p>\t\t\t\t\t\t<\/div>\n\t\t\t\t<\/div>\n\t\t\t\t\t<\/div>\n\t\t<\/div>\n\t\t\t\t<div class=\"elementor-column elementor-col-50 elementor-top-column elementor-element elementor-element-d0c0266\" data-id=\"d0c0266\" data-element_type=\"column\">\n\t\t\t<div class=\"elementor-widget-wrap elementor-element-populated\">\n\t\t\t\t\t\t<div class=\"elementor-element elementor-element-2566c03 elementor-arrows-position-inside elementor-widget elementor-widget-image-carousel\" data-id=\"2566c03\" data-element_type=\"widget\" data-settings=\"{&quot;slides_to_show&quot;:&quot;1&quot;,&quot;navigation&quot;:&quot;arrows&quot;,&quot;autoplay&quot;:&quot;no&quot;,&quot;effect&quot;:&quot;fade&quot;,&quot;infinite&quot;:&quot;yes&quot;,&quot;speed&quot;:500}\" data-widget_type=\"image-carousel.default\">\n\t\t\t\t<div class=\"elementor-widget-container\">\n\t\t\t\t\t<div class=\"elementor-image-carousel-wrapper swiper-container\" dir=\"ltr\">\n\t\t\t<div class=\"elementor-image-carousel swiper-wrapper\" aria-live=\"polite\">\n\t\t\t\t\t\t\t\t<div class=\"swiper-slide\" role=\"group\" aria-roledescription=\"slide\" aria-label=\"1 di 1\"><a data-elementor-open-lightbox=\"yes\" data-elementor-lightbox-slideshow=\"2566c03\" data-e-action-hash=\"#elementor-action%3Aaction%3Dlightbox%26settings%3DeyJpZCI6NjY1NCwidXJsIjoiaHR0cHM6XC9cL2FsYmFkb2NpbGlhLmN1bHR1cmEuZ292Lml0XC93cC1jb250ZW50XC91cGxvYWRzXC8yMDIzXC8wNlwvWFQ0NzEyMl8xXy5qcGciLCJzbGlkZXNob3ciOiIyNTY2YzAzIn0%3D\" href=\"https:\/\/albadocilia.cultura.gov.it\/wp-content\/uploads\/2023\/06\/XT47122_1_.jpg\"><figure class=\"swiper-slide-inner\"><img decoding=\"async\" class=\"swiper-slide-image\" src=\"https:\/\/albadocilia.cultura.gov.it\/wp-content\/uploads\/2023\/06\/XT47122_1_.jpg\" alt=\"\" \/><\/figure><\/a><\/div>\t\t\t<\/div>\n\t\t\t\t\t<\/div>\n\t\t\t\t<\/div>\n\t\t\t\t<\/div>\n\t\t\t\t\t<\/div>\n\t\t<\/div>\n\t\t\t\t\t<\/div>\n\t\t<\/section>\n\t\t\t\t<\/div>\n\t\t","protected":false},"excerpt":{"rendered":"<p>La pars rustica: il commercio e le attivit\u00e0 produttive Non inizieremo qui col parlare di un luogo antico ma di un edificio attuale, ossia della Stazione Ferroviaria di Albisola.Essa si trova in Piazza Giulio II, esattamente di fronte all\u2019area archeologica della villa: chi scende dal treno ed esce dalla stazione, nell\u2019attraversare il piazzale, oggi adibito &hellip;<\/p>\n<p class=\"read-more\"> <a class=\"\" href=\"https:\/\/albadocilia.cultura.gov.it\/?page_id=4426\"> <span class=\"screen-reader-text\">Il commercio e le attivit\u00e0 produttive<\/span> Leggi altro &raquo;<\/a><\/p>\n","protected":false},"author":1,"featured_media":0,"parent":0,"menu_order":0,"comment_status":"closed","ping_status":"open","template":"","meta":{"site-sidebar-layout":"default","site-content-layout":"default","ast-global-header-display":"","ast-main-header-display":"","ast-hfb-above-header-display":"","ast-hfb-below-header-display":"","ast-hfb-mobile-header-display":"","site-post-title":"disabled","ast-breadcrumbs-content":"","ast-featured-img":"","footer-sml-layout":"","theme-transparent-header-meta":"","adv-header-id-meta":"","stick-header-meta":"","header-above-stick-meta":"","header-main-stick-meta":"","header-below-stick-meta":"","footnotes":""},"class_list":["post-4426","page","type-page","status-publish","hentry"],"_links":{"self":[{"href":"https:\/\/albadocilia.cultura.gov.it\/index.php?rest_route=\/wp\/v2\/pages\/4426","targetHints":{"allow":["GET"]}}],"collection":[{"href":"https:\/\/albadocilia.cultura.gov.it\/index.php?rest_route=\/wp\/v2\/pages"}],"about":[{"href":"https:\/\/albadocilia.cultura.gov.it\/index.php?rest_route=\/wp\/v2\/types\/page"}],"author":[{"embeddable":true,"href":"https:\/\/albadocilia.cultura.gov.it\/index.php?rest_route=\/wp\/v2\/users\/1"}],"replies":[{"embeddable":true,"href":"https:\/\/albadocilia.cultura.gov.it\/index.php?rest_route=%2Fwp%2Fv2%2Fcomments&post=4426"}],"version-history":[{"count":508,"href":"https:\/\/albadocilia.cultura.gov.it\/index.php?rest_route=\/wp\/v2\/pages\/4426\/revisions"}],"predecessor-version":[{"id":9662,"href":"https:\/\/albadocilia.cultura.gov.it\/index.php?rest_route=\/wp\/v2\/pages\/4426\/revisions\/9662"}],"wp:attachment":[{"href":"https:\/\/albadocilia.cultura.gov.it\/index.php?rest_route=%2Fwp%2Fv2%2Fmedia&parent=4426"}],"curies":[{"name":"wp","href":"https:\/\/api.w.org\/{rel}","templated":true}]}}