{"id":2,"date":"2022-11-10T11:47:23","date_gmt":"2022-11-10T10:47:23","guid":{"rendered":"http:\/\/albadocilia.cultura.gov.it\/?page_id=2"},"modified":"2023-10-01T13:21:07","modified_gmt":"2023-10-01T11:21:07","slug":"pagina-di-esempio","status":"publish","type":"page","link":"https:\/\/albadocilia.cultura.gov.it\/?page_id=2","title":{"rendered":"Scopri la villa romana"},"content":{"rendered":"\t\t<div data-elementor-type=\"wp-page\" data-elementor-id=\"2\" class=\"elementor elementor-2\">\n\t\t\t\t\t\t<section class=\"elementor-section elementor-top-section elementor-element elementor-element-0b0e15e elementor-section-boxed elementor-section-height-default elementor-section-height-default\" data-id=\"0b0e15e\" data-element_type=\"section\">\n\t\t\t\t\t\t<div class=\"elementor-container elementor-column-gap-default\">\n\t\t\t\t\t<div class=\"elementor-column elementor-col-100 elementor-top-column elementor-element elementor-element-0e81315\" data-id=\"0e81315\" data-element_type=\"column\">\n\t\t\t<div class=\"elementor-widget-wrap elementor-element-populated\">\n\t\t\t\t\t\t<div class=\"elementor-element elementor-element-78c4535 elementor-widget elementor-widget-heading\" data-id=\"78c4535\" data-element_type=\"widget\" data-widget_type=\"heading.default\">\n\t\t\t\t<div class=\"elementor-widget-container\">\n\t\t\t<style>\/*! elementor - v3.19.0 - 28-02-2024 *\/\n.elementor-heading-title{padding:0;margin:0;line-height:1}.elementor-widget-heading .elementor-heading-title[class*=elementor-size-]>a{color:inherit;font-size:inherit;line-height:inherit}.elementor-widget-heading .elementor-heading-title.elementor-size-small{font-size:15px}.elementor-widget-heading .elementor-heading-title.elementor-size-medium{font-size:19px}.elementor-widget-heading .elementor-heading-title.elementor-size-large{font-size:29px}.elementor-widget-heading .elementor-heading-title.elementor-size-xl{font-size:39px}.elementor-widget-heading .elementor-heading-title.elementor-size-xxl{font-size:59px}<\/style><h1 class=\"elementor-heading-title elementor-size-default\">Scopri la <i>villa<\/i> romana<\/h1>\t\t<\/div>\n\t\t\t\t<\/div>\n\t\t\t\t\t<\/div>\n\t\t<\/div>\n\t\t\t\t\t<\/div>\n\t\t<\/section>\n\t\t\t\t<section class=\"elementor-section elementor-top-section elementor-element elementor-element-248b5e7 elementor-section-stretched elementor-section-full_width elementor-section-height-min-height elementor-section-height-default elementor-section-items-middle\" data-id=\"248b5e7\" data-element_type=\"section\" data-settings=\"{&quot;stretch_section&quot;:&quot;section-stretched&quot;,&quot;background_background&quot;:&quot;classic&quot;}\">\n\t\t\t\t\t\t<div class=\"elementor-container elementor-column-gap-default\">\n\t\t\t\t\t<div class=\"elementor-column elementor-col-100 elementor-top-column elementor-element elementor-element-6d62883\" data-id=\"6d62883\" data-element_type=\"column\">\n\t\t\t<div class=\"elementor-widget-wrap elementor-element-populated\">\n\t\t\t\t\t\t<div class=\"elementor-element elementor-element-948f110 elementor-widget elementor-widget-video\" data-id=\"948f110\" data-element_type=\"widget\" data-settings=\"{&quot;youtube_url&quot;:&quot;https:\\\/\\\/youtu.be\\\/t8JYlP1tNrU&quot;,&quot;video_type&quot;:&quot;youtube&quot;,&quot;controls&quot;:&quot;yes&quot;}\" data-widget_type=\"video.default\">\n\t\t\t\t<div class=\"elementor-widget-container\">\n\t\t\t<style>\/*! elementor - v3.19.0 - 28-02-2024 *\/\n.elementor-widget-video .elementor-widget-container{overflow:hidden;transform:translateZ(0)}.elementor-widget-video .elementor-wrapper{aspect-ratio:var(--video-aspect-ratio)}.elementor-widget-video .elementor-wrapper iframe,.elementor-widget-video .elementor-wrapper video{height:100%;width:100%;display:flex;border:none;background-color:#000}@supports not (aspect-ratio:1\/1){.elementor-widget-video .elementor-wrapper{position:relative;overflow:hidden;height:0;padding-bottom:calc(100% \/ var(--video-aspect-ratio))}.elementor-widget-video .elementor-wrapper iframe,.elementor-widget-video .elementor-wrapper video{position:absolute;top:0;right:0;bottom:0;left:0}}.elementor-widget-video .elementor-open-inline .elementor-custom-embed-image-overlay{position:absolute;top:0;right:0;bottom:0;left:0;background-size:cover;background-position:50%}.elementor-widget-video .elementor-custom-embed-image-overlay{cursor:pointer;text-align:center}.elementor-widget-video .elementor-custom-embed-image-overlay:hover .elementor-custom-embed-play i{opacity:1}.elementor-widget-video .elementor-custom-embed-image-overlay img{display:block;width:100%;aspect-ratio:var(--video-aspect-ratio);-o-object-fit:cover;object-fit:cover;-o-object-position:center center;object-position:center center}@supports not (aspect-ratio:1\/1){.elementor-widget-video .elementor-custom-embed-image-overlay{position:relative;overflow:hidden;height:0;padding-bottom:calc(100% \/ var(--video-aspect-ratio))}.elementor-widget-video .elementor-custom-embed-image-overlay img{position:absolute;top:0;right:0;bottom:0;left:0}}.elementor-widget-video .e-hosted-video .elementor-video{-o-object-fit:cover;object-fit:cover}.e-con-inner>.elementor-widget-video,.e-con>.elementor-widget-video{width:var(--container-widget-width);--flex-grow:var(--container-widget-flex-grow)}<\/style>\t\t<div class=\"elementor-wrapper elementor-open-inline\">\n\t\t\t<div class=\"elementor-video\"><\/div>\t\t<\/div>\n\t\t\t\t<\/div>\n\t\t\t\t<\/div>\n\t\t\t\t\t<\/div>\n\t\t<\/div>\n\t\t\t\t\t<\/div>\n\t\t<\/section>\n\t\t\t\t<section class=\"elementor-section elementor-top-section elementor-element elementor-element-201a72d elementor-section-boxed elementor-section-height-default elementor-section-height-default\" data-id=\"201a72d\" data-element_type=\"section\">\n\t\t\t\t\t\t<div class=\"elementor-container elementor-column-gap-default\">\n\t\t\t\t\t<div class=\"elementor-column elementor-col-33 elementor-top-column elementor-element elementor-element-c3886ab\" data-id=\"c3886ab\" data-element_type=\"column\">\n\t\t\t<div class=\"elementor-widget-wrap elementor-element-populated\">\n\t\t\t\t\t\t<div class=\"elementor-element elementor-element-3516c42 elementor-invisible elementor-widget elementor-widget-image\" data-id=\"3516c42\" data-element_type=\"widget\" data-settings=\"{&quot;_animation&quot;:&quot;bounceIn&quot;}\" data-widget_type=\"image.default\">\n\t\t\t\t<div class=\"elementor-widget-container\">\n\t\t\t<style>\/*! elementor - v3.19.0 - 28-02-2024 *\/\n.elementor-widget-image{text-align:center}.elementor-widget-image a{display:inline-block}.elementor-widget-image a img[src$=\".svg\"]{width:48px}.elementor-widget-image img{vertical-align:middle;display:inline-block}<\/style>\t\t\t\t\t\t\t\t\t\t<img decoding=\"async\" src=\"https:\/\/albadocilia.cultura.gov.it\/wp-content\/uploads\/elementor\/thumbs\/iconmonstr-headphones-16-240-1-q8dkgle9tzgnwd0e57grh80bmw7enzp43qy4o4k3g4.png\" title=\"\" alt=\"\" loading=\"lazy\" \/>\t\t\t\t\t\t\t\t\t\t\t\t\t<\/div>\n\t\t\t\t<\/div>\n\t\t\t\t\t<\/div>\n\t\t<\/div>\n\t\t\t\t<div class=\"elementor-column elementor-col-66 elementor-top-column elementor-element elementor-element-76d75c3\" data-id=\"76d75c3\" data-element_type=\"column\">\n\t\t\t<div class=\"elementor-widget-wrap elementor-element-populated\">\n\t\t\t\t\t\t<div class=\"elementor-element elementor-element-4a0a2a1 elementor-widget__width-initial animated-fast elementor-widget elementor-widget-text-editor\" data-id=\"4a0a2a1\" data-element_type=\"widget\" data-settings=\"{&quot;_animation&quot;:&quot;none&quot;}\" data-widget_type=\"text-editor.default\">\n\t\t\t\t<div class=\"elementor-widget-container\">\n\t\t\t<style>\/*! elementor - v3.19.0 - 28-02-2024 *\/\n.elementor-widget-text-editor.elementor-drop-cap-view-stacked .elementor-drop-cap{background-color:#69727d;color:#fff}.elementor-widget-text-editor.elementor-drop-cap-view-framed .elementor-drop-cap{color:#69727d;border:3px solid;background-color:transparent}.elementor-widget-text-editor:not(.elementor-drop-cap-view-default) .elementor-drop-cap{margin-top:8px}.elementor-widget-text-editor:not(.elementor-drop-cap-view-default) .elementor-drop-cap-letter{width:1em;height:1em}.elementor-widget-text-editor .elementor-drop-cap{float:left;text-align:center;line-height:1;font-size:50px}.elementor-widget-text-editor .elementor-drop-cap-letter{display:inline-block}<\/style>\t\t\t\t<audio class=\"wp-audio-shortcode\" id=\"audio-2-1\" preload=\"none\" style=\"width: 100%;\" controls=\"controls\"><source type=\"audio\/mpeg\" src=\"https:\/\/albadocilia.cultura.gov.it\/wp-content\/uploads\/2023\/07\/MP3_INTRO_GEN.mp3?_=1\" \/><a href=\"https:\/\/albadocilia.cultura.gov.it\/wp-content\/uploads\/2023\/07\/MP3_INTRO_GEN.mp3\">https:\/\/albadocilia.cultura.gov.it\/wp-content\/uploads\/2023\/07\/MP3_INTRO_GEN.mp3<\/a><\/audio>\t\t\t\t\t\t<\/div>\n\t\t\t\t<\/div>\n\t\t\t\t\t<\/div>\n\t\t<\/div>\n\t\t\t\t\t<\/div>\n\t\t<\/section>\n\t\t\t\t<section class=\"elementor-section elementor-top-section elementor-element elementor-element-9324edd elementor-section-boxed elementor-section-height-default elementor-section-height-default\" data-id=\"9324edd\" data-element_type=\"section\">\n\t\t\t\t\t\t<div class=\"elementor-container elementor-column-gap-default\">\n\t\t\t\t\t<div class=\"elementor-column elementor-col-100 elementor-top-column elementor-element elementor-element-f209369\" data-id=\"f209369\" data-element_type=\"column\">\n\t\t\t<div class=\"elementor-widget-wrap elementor-element-populated\">\n\t\t\t\t\t\t<div class=\"elementor-element elementor-element-099b59f elementor-widget elementor-widget-heading\" data-id=\"099b59f\" data-element_type=\"widget\" data-widget_type=\"heading.default\">\n\t\t\t\t<div class=\"elementor-widget-container\">\n\t\t\t<h1 class=\"elementor-heading-title elementor-size-default\">Perch\u00e8<\/h1>\t\t<\/div>\n\t\t\t\t<\/div>\n\t\t\t\t<section class=\"elementor-section elementor-inner-section elementor-element elementor-element-e57d9fb elementor-section-boxed elementor-section-height-default elementor-section-height-default\" data-id=\"e57d9fb\" data-element_type=\"section\">\n\t\t\t\t\t\t<div class=\"elementor-container elementor-column-gap-default\">\n\t\t\t\t\t<div class=\"elementor-column elementor-col-50 elementor-inner-column elementor-element elementor-element-78f94ab\" data-id=\"78f94ab\" data-element_type=\"column\">\n\t\t\t<div class=\"elementor-widget-wrap elementor-element-populated\">\n\t\t\t\t\t\t<div class=\"elementor-element elementor-element-22c1548 elementor-widget elementor-widget-text-editor\" data-id=\"22c1548\" data-element_type=\"widget\" data-widget_type=\"text-editor.default\">\n\t\t\t\t<div class=\"elementor-widget-container\">\n\t\t\t\t\t\t\t<p>Benvenuti nel sito web ufficiale del sito archeologico della <span style=\"color: #000000;\"><a style=\"color: #000000;\" href=\"https:\/\/albadocilia.cultura.gov.it\/?page_id=1249#villa\" target=\"_blank\" rel=\"noopener\"><em><u>villa<\/u><\/em><\/a> romana di <a style=\"color: #000000;\" href=\"https:\/\/albadocilia.cultura.gov.it\/?page_id=1249#alba-docilia\" target=\"_blank\" rel=\"noopener\"><em><u>Alba Docilia<\/u><\/em><\/a>.<\/span><br \/>In questa breve frase \u00e8 stata usata la stessa parola due volte, ma volutamente. Il termine \u201csito\u201d prima indica un \u201cluogo digitale\u201d, immateriale, dopo un \u201cluogo fisico\u201d, concreto, che posso toccare e in cui posso camminare. Questi due spazi non sono uno sostitutivo dell\u2019altro, ma si integrano a vicenda, l\u2019uno ci fornisce qualcosa che l\u2019altro non d\u00e0 e viceversa. E ci\u00f2 \u00e8 particolarmente vero quando si tratta del nostro patrimonio culturale, come in questo caso.<br \/>Ma c\u2019\u00e8 di pi\u00f9: un sito internet che parla di un luogo di cultura non dovrebbe nascere con il solo scopo di farci venire voglia di visitarlo.<br \/>Esso deve dire anche molto altro: farci sapere che quel luogo esiste, che quel patrimonio appartiene a tutti noi, che ci\u00f2 che non posso vedere o toccare fisicamente \u201csul posto\u201d lo posso osservare attraverso un contenuto digitale comprensibile e facilmente accessibile.<br \/><span style=\"color: #000000;\">Nel caso specifico della <a style=\"color: #000000;\" href=\"https:\/\/albadocilia.cultura.gov.it\/?page_id=1249#villa\" target=\"_blank\" rel=\"noopener\"><em><u>villa<\/u><\/em><\/a> romana di<a style=\"color: #000000;\" href=\"https:\/\/albadocilia.cultura.gov.it\/?page_id=1249#alba-docilia\" target=\"_blank\" rel=\"noopener\"> <em><u>Alba Docilia<\/u><\/em><\/a>, un aspetto<\/span> importante da tenere presente \u00e8 che il luogo fisico non \u00e8 n\u00e9 una mostra, n\u00e9 un museo. E\u2019 un\u2019area archeologica circoscritta, un luogo dove sono presenti solo strutture antiche, muri che delimitano spazi, grandi e piccoli, semplici e articolati, in cui le persone vivevano e svolgevano pi\u00f9 attivit\u00e0.<\/p>\t\t\t\t\t\t<\/div>\n\t\t\t\t<\/div>\n\t\t\t\t\t<\/div>\n\t\t<\/div>\n\t\t\t\t<div class=\"elementor-column elementor-col-50 elementor-inner-column elementor-element elementor-element-70e2a22\" data-id=\"70e2a22\" data-element_type=\"column\">\n\t\t\t<div class=\"elementor-widget-wrap elementor-element-populated\">\n\t\t\t\t\t\t<div class=\"elementor-element elementor-element-5a45371 elementor-widget elementor-widget-text-editor\" data-id=\"5a45371\" data-element_type=\"widget\" data-widget_type=\"text-editor.default\">\n\t\t\t\t<div class=\"elementor-widget-container\">\n\t\t\t\t\t\t\t<p>Nell\u2019area archeologica non ci sono oggetti, solo strutture.<br \/>Eppure durante gli scavi sono stati rinvenuti moltissimi reperti. Essi sono conservati in appositi luoghi di tutela dove chi se ne prende cura si occupa della loro conservazione e, secondo necessit\u00e0, li studia. Solo in rare occasioni e in minima parte sono stati esposti al pubblico.<br \/>Le strutture visibili all\u2019interno dell\u2019area molto ci dicono sull\u2019aspetto di questo luogo nell\u2019antichit\u00e0 ma sono soprattutto i reperti, gli oggetti della vita quotidiana, che ci aiutano a comprendere come vivessero qui le persone in epoca romana.<br \/>Tra i vari intenti di questo sito web vi \u00e8 infatti quello di mostrare da vicino alcuni dei pi\u00f9 eloquenti e rappresentativi tra questi oggetti e di \u201cfarli parlare\u201d attraverso un linguaggio adatto a tutti, all\u2019interno dei loro contesti di utilizzo quotidiano. In questa ottica, il sito si prester\u00e0 ad essere, inoltre, un utile strumento didattico fruibile dalle scuole.<br \/>Ma non solo: esso nasce anche con l\u2019intenzione di fornire un punto di accesso ad una bibliografia scientifica, a contenuti speciali e ad approfondimenti riguardanti la <span style=\"color: #000000;\"><a style=\"color: #000000;\" href=\"https:\/\/albadocilia.cultura.gov.it\/?page_id=1249#villa\" target=\"_blank\" rel=\"noopener\"><em><u>villa<\/u><\/em><\/a><\/span> romana e, pi\u00f9 in generale, alle notizie sul mondo della tutela del patrimonio culturale ligure, attraverso un link diretto alla pagina degli eventi e delle news della Soprintendenza.<\/p>\t\t\t\t\t\t<\/div>\n\t\t\t\t<\/div>\n\t\t\t\t\t<\/div>\n\t\t<\/div>\n\t\t\t\t\t<\/div>\n\t\t<\/section>\n\t\t\t\t\t<\/div>\n\t\t<\/div>\n\t\t\t\t\t<\/div>\n\t\t<\/section>\n\t\t\t\t<section class=\"elementor-section elementor-top-section elementor-element elementor-element-fdeba40 elementor-section-boxed elementor-section-height-default elementor-section-height-default\" data-id=\"fdeba40\" data-element_type=\"section\">\n\t\t\t\t\t\t<div class=\"elementor-container elementor-column-gap-default\">\n\t\t\t\t\t<div class=\"elementor-column elementor-col-33 elementor-top-column elementor-element elementor-element-9c16f13\" data-id=\"9c16f13\" data-element_type=\"column\">\n\t\t\t<div class=\"elementor-widget-wrap elementor-element-populated\">\n\t\t\t\t\t\t<div class=\"elementor-element elementor-element-7dce383 elementor-invisible elementor-widget elementor-widget-image\" data-id=\"7dce383\" data-element_type=\"widget\" data-settings=\"{&quot;_animation&quot;:&quot;bounceIn&quot;}\" data-widget_type=\"image.default\">\n\t\t\t\t<div class=\"elementor-widget-container\">\n\t\t\t\t\t\t\t\t\t\t\t\t\t<img decoding=\"async\" src=\"https:\/\/albadocilia.cultura.gov.it\/wp-content\/uploads\/elementor\/thumbs\/iconmonstr-headphones-16-240-1-q8dkgle9tzgnwd0e57grh80bmw7enzp43qy4o4k3g4.png\" title=\"\" alt=\"\" loading=\"lazy\" \/>\t\t\t\t\t\t\t\t\t\t\t\t\t<\/div>\n\t\t\t\t<\/div>\n\t\t\t\t\t<\/div>\n\t\t<\/div>\n\t\t\t\t<div class=\"elementor-column elementor-col-66 elementor-top-column elementor-element elementor-element-1c4c5df\" data-id=\"1c4c5df\" data-element_type=\"column\">\n\t\t\t<div class=\"elementor-widget-wrap elementor-element-populated\">\n\t\t\t\t\t\t<div class=\"elementor-element elementor-element-7c66663 elementor-widget__width-initial animated-fast elementor-widget elementor-widget-text-editor\" data-id=\"7c66663\" data-element_type=\"widget\" data-settings=\"{&quot;_animation&quot;:&quot;none&quot;}\" data-widget_type=\"text-editor.default\">\n\t\t\t\t<div class=\"elementor-widget-container\">\n\t\t\t\t\t\t\t<audio class=\"wp-audio-shortcode\" id=\"audio-2-2\" preload=\"none\" style=\"width: 100%;\" controls=\"controls\"><source type=\"audio\/mpeg\" src=\"https:\/\/albadocilia.cultura.gov.it\/wp-content\/uploads\/2023\/08\/MP3_INTRODUZ-ST-ARCH_NEW.mp3?_=2\" \/><a href=\"https:\/\/albadocilia.cultura.gov.it\/wp-content\/uploads\/2023\/08\/MP3_INTRODUZ-ST-ARCH_NEW.mp3\">https:\/\/albadocilia.cultura.gov.it\/wp-content\/uploads\/2023\/08\/MP3_INTRODUZ-ST-ARCH_NEW.mp3<\/a><\/audio>\t\t\t\t\t\t<\/div>\n\t\t\t\t<\/div>\n\t\t\t\t\t<\/div>\n\t\t<\/div>\n\t\t\t\t\t<\/div>\n\t\t<\/section>\n\t\t\t\t<section class=\"elementor-section elementor-top-section elementor-element elementor-element-42ff25b elementor-section-boxed elementor-section-height-default elementor-section-height-default\" data-id=\"42ff25b\" data-element_type=\"section\">\n\t\t\t\t\t\t<div class=\"elementor-container elementor-column-gap-default\">\n\t\t\t\t\t<div class=\"elementor-column elementor-col-100 elementor-top-column elementor-element elementor-element-f2ef030\" data-id=\"f2ef030\" data-element_type=\"column\">\n\t\t\t<div class=\"elementor-widget-wrap elementor-element-populated\">\n\t\t\t\t\t\t<div class=\"elementor-element elementor-element-46a1d9e elementor-widget elementor-widget-heading\" data-id=\"46a1d9e\" data-element_type=\"widget\" data-widget_type=\"heading.default\">\n\t\t\t\t<div class=\"elementor-widget-container\">\n\t\t\t<h1 class=\"elementor-heading-title elementor-size-default\">Introduzione storico-archeologica<\/h1>\t\t<\/div>\n\t\t\t\t<\/div>\n\t\t\t\t<section class=\"elementor-section elementor-inner-section elementor-element elementor-element-888451c elementor-section-boxed elementor-section-height-default elementor-section-height-default\" data-id=\"888451c\" data-element_type=\"section\">\n\t\t\t\t\t\t<div class=\"elementor-container elementor-column-gap-default\">\n\t\t\t\t\t<div class=\"elementor-column elementor-col-50 elementor-inner-column elementor-element elementor-element-fc06aae\" data-id=\"fc06aae\" data-element_type=\"column\">\n\t\t\t<div class=\"elementor-widget-wrap elementor-element-populated\">\n\t\t\t\t\t\t<div class=\"elementor-element elementor-element-284a333 elementor-widget elementor-widget-text-editor\" data-id=\"284a333\" data-element_type=\"widget\" data-widget_type=\"text-editor.default\">\n\t\t\t\t<div class=\"elementor-widget-container\">\n\t\t\t\t\t\t\t<p>L\u2019area archeologica si trova in Liguria, nel comune di Albisola Superiore, il cui antico nome latino era <em><u><span style=\"color: #000000;\"><a style=\"color: #000000;\" href=\"https:\/\/albadocilia.cultura.gov.it\/?page_id=1249#alba-docilia\" target=\"_blank\" rel=\"noopener\">Alba Docilia<\/a><\/span>.<\/u> <\/em><br \/>L\u2019area, interamente a cielo aperto, delimitata e ben visibile, \u00e8 ampia circa 2000 metri quadrati; al suo interno \u00e8 presente parte dei resti delle strutture di una <span style=\"color: #000000;\"><a style=\"color: #000000;\" href=\"https:\/\/albadocilia.cultura.gov.it\/?page_id=1249#villa\" target=\"_blank\" rel=\"noopener\"><em><u>villa<\/u> <\/em><\/a><\/span>di epoca romana imperiale.<br \/>Nella letteratura archeologica \u00e8 stata talvolta indicata con il termine di <span style=\"color: #000000;\"><a style=\"color: #000000;\" href=\"https:\/\/albadocilia.cultura.gov.it\/?page_id=1249#mansio\" target=\"_blank\" rel=\"noopener\"><em><u>villa mansio<\/u><\/em><\/a> <\/span>per via delle sue dimensioni e sulla base di confronti con complessi simili, caratterizzati dalla compresenza di edifici di uso privato e di uso pubblico. Nel nostro caso, sebbene il complesso comprenda l\u2019abitazione di chi vi risiedeva, un\u2019area termale e un\u2019ampia zona destinata probabilmente a empori, magazzini e ad un centro per la lavorazione di merci e derrate agricole, essa verr\u00e0 indicata con il semplice termine di <em><span style=\"color: #000000;\"><a style=\"color: #000000;\" href=\"https:\/\/albadocilia.cultura.gov.it\/?page_id=1249#villa\" target=\"_blank\" rel=\"noopener\"><u>villa<\/u><\/a><\/span>.<\/em><\/p>\t\t\t\t\t\t<\/div>\n\t\t\t\t<\/div>\n\t\t\t\t\t<\/div>\n\t\t<\/div>\n\t\t\t\t<div class=\"elementor-column elementor-col-50 elementor-inner-column elementor-element elementor-element-829fb55\" data-id=\"829fb55\" data-element_type=\"column\">\n\t\t\t<div class=\"elementor-widget-wrap elementor-element-populated\">\n\t\t\t\t\t\t<div class=\"elementor-element elementor-element-b452a68 elementor-widget elementor-widget-text-editor\" data-id=\"b452a68\" data-element_type=\"widget\" data-widget_type=\"text-editor.default\">\n\t\t\t\t<div class=\"elementor-widget-container\">\n\t\t\t\t\t\t\t<p>Ci\u00f2 che oggi \u00e8 in luce costituisce solo una parte di tutto il complesso, che si estendeva per oltre 9.000 metri quadrati, sia verso nord, dove ci sono la piazza e la Stazione Ferroviaria, sia verso est, dove ora si trovano la chiesa di San Pietro e il portico annesso alla stazione stessa: i resti delle murature esistono ancora, sono stati interrati e coperti dalla pavimentazione moderna e sono evidenziati da lastre di travertino inserite nel selciato di piazza Giulio II a ricalcarne l\u2019andamento.<\/p>\t\t\t\t\t\t<\/div>\n\t\t\t\t<\/div>\n\t\t\t\t\t<\/div>\n\t\t<\/div>\n\t\t\t\t\t<\/div>\n\t\t<\/section>\n\t\t\t\t\t<\/div>\n\t\t<\/div>\n\t\t\t\t\t<\/div>\n\t\t<\/section>\n\t\t\t\t<section class=\"elementor-section elementor-top-section elementor-element elementor-element-faed6ad elementor-section-full_width elementor-section-stretched elementor-section-height-min-height elementor-section-height-default elementor-section-items-middle\" data-id=\"faed6ad\" data-element_type=\"section\" data-settings=\"{&quot;stretch_section&quot;:&quot;section-stretched&quot;,&quot;background_background&quot;:&quot;classic&quot;}\">\n\t\t\t\t\t\t<div class=\"elementor-container elementor-column-gap-default\">\n\t\t\t\t\t<div class=\"elementor-column elementor-col-100 elementor-top-column elementor-element elementor-element-91a688b\" data-id=\"91a688b\" data-element_type=\"column\">\n\t\t\t<div class=\"elementor-widget-wrap elementor-element-populated\">\n\t\t\t\t\t\t<div class=\"elementor-element elementor-element-aa891a2 e-transform elementor-widget elementor-widget-image\" data-id=\"aa891a2\" data-element_type=\"widget\" data-settings=\"{&quot;_transform_rotateZ_effect&quot;:{&quot;unit&quot;:&quot;px&quot;,&quot;size&quot;:0,&quot;sizes&quot;:[]},&quot;_transform_rotateZ_effect_tablet&quot;:{&quot;unit&quot;:&quot;deg&quot;,&quot;size&quot;:&quot;&quot;,&quot;sizes&quot;:[]},&quot;_transform_rotateZ_effect_mobile&quot;:{&quot;unit&quot;:&quot;deg&quot;,&quot;size&quot;:&quot;&quot;,&quot;sizes&quot;:[]}}\" data-widget_type=\"image.default\">\n\t\t\t\t<div class=\"elementor-widget-container\">\n\t\t\t\t\t\t\t\t\t\t\t\t\t\t<a href=\"https:\/\/albadocilia.cultura.gov.it\/wp-content\/uploads\/2023\/01\/PLANIMETRIA_gen_def-scaled.jpg\" data-elementor-open-lightbox=\"yes\" data-e-action-hash=\"#elementor-action%3Aaction%3Dlightbox%26settings%3DeyJpZCI6MzcxMSwidXJsIjoiaHR0cHM6XC9cL2FsYmFkb2NpbGlhLmN1bHR1cmEuZ292Lml0XC93cC1jb250ZW50XC91cGxvYWRzXC8yMDIzXC8wMVwvUExBTklNRVRSSUFfZ2VuX2RlZi1zY2FsZWQuanBnIn0%3D\">\n\t\t\t\t\t\t\t<img decoding=\"async\" src=\"https:\/\/albadocilia.cultura.gov.it\/wp-content\/uploads\/elementor\/thumbs\/PLANIMETRIA_gen_def-scaled-q8dkgle9824pxqaoa1r0jlx6nlwefnzzjsmvp9faio.jpg\" title=\"\" alt=\"\" loading=\"lazy\" \/>\t\t\t\t\t\t\t\t<\/a>\n\t\t\t\t\t\t\t\t\t\t\t\t\t<\/div>\n\t\t\t\t<\/div>\n\t\t\t\t\t<\/div>\n\t\t<\/div>\n\t\t\t\t\t<\/div>\n\t\t<\/section>\n\t\t\t\t<section class=\"elementor-section elementor-top-section elementor-element elementor-element-8a010b5 elementor-section-stretched elementor-section-boxed elementor-section-height-default elementor-section-height-default\" data-id=\"8a010b5\" data-element_type=\"section\" data-settings=\"{&quot;stretch_section&quot;:&quot;section-stretched&quot;,&quot;background_background&quot;:&quot;classic&quot;}\">\n\t\t\t\t\t\t<div class=\"elementor-container elementor-column-gap-default\">\n\t\t\t\t\t<div class=\"elementor-column elementor-col-50 elementor-top-column elementor-element elementor-element-40d7489\" data-id=\"40d7489\" data-element_type=\"column\">\n\t\t\t<div class=\"elementor-widget-wrap elementor-element-populated\">\n\t\t\t\t\t\t<div class=\"elementor-element elementor-element-0ef04a4 animated-fast elementor-invisible elementor-widget elementor-widget-image\" data-id=\"0ef04a4\" data-element_type=\"widget\" data-settings=\"{&quot;_animation&quot;:&quot;fadeInLeft&quot;}\" data-widget_type=\"image.default\">\n\t\t\t\t<div class=\"elementor-widget-container\">\n\t\t\t\t\t\t\t\t\t\t\t\t\t<img decoding=\"async\" src=\"https:\/\/albadocilia.cultura.gov.it\/wp-content\/uploads\/elementor\/thumbs\/iconmonstr-arrow-up-alt-filled-240_su-q8dkgle9822yiajdu7ue3ku5gopdhevbhzllf36xvk.png\" title=\"\" alt=\"\" loading=\"lazy\" \/>\t\t\t\t\t\t\t\t\t\t\t\t\t<\/div>\n\t\t\t\t<\/div>\n\t\t\t\t\t<\/div>\n\t\t<\/div>\n\t\t\t\t<div class=\"elementor-column elementor-col-50 elementor-top-column elementor-element elementor-element-c5b20ca\" data-id=\"c5b20ca\" data-element_type=\"column\">\n\t\t\t<div class=\"elementor-widget-wrap elementor-element-populated\">\n\t\t\t\t\t\t<div class=\"elementor-element elementor-element-9544b06 animated-fast elementor-invisible elementor-widget elementor-widget-image\" data-id=\"9544b06\" data-element_type=\"widget\" data-settings=\"{&quot;_animation&quot;:&quot;fadeInRight&quot;}\" data-widget_type=\"image.default\">\n\t\t\t\t<div class=\"elementor-widget-container\">\n\t\t\t\t\t\t\t\t\t\t\t\t\t<img decoding=\"async\" src=\"https:\/\/albadocilia.cultura.gov.it\/wp-content\/uploads\/elementor\/thumbs\/iconmonstr-arrow-left-alt-filled-240__-q8dkgle9822yiajdu7ue3ku5gopdhevbhzllf36xvk.png\" title=\"\" alt=\"\" loading=\"lazy\" \/>\t\t\t\t\t\t\t\t\t\t\t\t\t<\/div>\n\t\t\t\t<\/div>\n\t\t\t\t\t<\/div>\n\t\t<\/div>\n\t\t\t\t\t<\/div>\n\t\t<\/section>\n\t\t\t\t<section class=\"elementor-section elementor-top-section elementor-element elementor-element-fe977b6 elementor-section-stretched elementor-section-boxed elementor-section-height-default elementor-section-height-default\" data-id=\"fe977b6\" data-element_type=\"section\" data-settings=\"{&quot;stretch_section&quot;:&quot;section-stretched&quot;,&quot;background_background&quot;:&quot;classic&quot;}\">\n\t\t\t\t\t\t<div class=\"elementor-container elementor-column-gap-default\">\n\t\t\t\t\t<div class=\"elementor-column elementor-col-50 elementor-top-column elementor-element elementor-element-cbae981\" data-id=\"cbae981\" data-element_type=\"column\">\n\t\t\t<div class=\"elementor-widget-wrap elementor-element-populated\">\n\t\t\t\t\t\t<div class=\"elementor-element elementor-element-93cd16d animated-fast elementor-invisible elementor-widget elementor-widget-text-editor\" data-id=\"93cd16d\" data-element_type=\"widget\" data-settings=\"{&quot;_animation&quot;:&quot;fadeInLeft&quot;}\" data-widget_type=\"text-editor.default\">\n\t\t\t\t<div class=\"elementor-widget-container\">\n\t\t\t\t\t\t\t<p style=\"text-align: right;\"><span style=\"color: #39ff14;\">Perimetro dell&#8217;area archeologica<\/span><\/p>\t\t\t\t\t\t<\/div>\n\t\t\t\t<\/div>\n\t\t\t\t\t<\/div>\n\t\t<\/div>\n\t\t\t\t<div class=\"elementor-column elementor-col-50 elementor-top-column elementor-element elementor-element-24fb75a\" data-id=\"24fb75a\" data-element_type=\"column\">\n\t\t\t<div class=\"elementor-widget-wrap elementor-element-populated\">\n\t\t\t\t\t\t<div class=\"elementor-element elementor-element-d3e6399 animated-fast elementor-invisible elementor-widget elementor-widget-text-editor\" data-id=\"d3e6399\" data-element_type=\"widget\" data-settings=\"{&quot;_animation&quot;:&quot;fadeInRight&quot;}\" data-widget_type=\"text-editor.default\">\n\t\t\t\t<div class=\"elementor-widget-container\">\n\t\t\t\t\t\t\t<p><span style=\"color: #ffff00;\">Ingombro dell&#8217;estensione <br \/><span style=\"color: #ffff00;\">nota della villa<\/span><\/span><\/p>\t\t\t\t\t\t<\/div>\n\t\t\t\t<\/div>\n\t\t\t\t\t<\/div>\n\t\t<\/div>\n\t\t\t\t\t<\/div>\n\t\t<\/section>\n\t\t\t\t<section class=\"elementor-section elementor-top-section elementor-element elementor-element-02c7969 elementor-section-boxed elementor-section-height-default elementor-section-height-default\" data-id=\"02c7969\" data-element_type=\"section\">\n\t\t\t\t\t\t<div class=\"elementor-container elementor-column-gap-default\">\n\t\t\t\t\t<div class=\"elementor-column elementor-col-50 elementor-top-column elementor-element elementor-element-0bc2970\" data-id=\"0bc2970\" data-element_type=\"column\">\n\t\t\t<div class=\"elementor-widget-wrap elementor-element-populated\">\n\t\t\t\t\t\t<div class=\"elementor-element elementor-element-bd21dea elementor-widget elementor-widget-text-editor\" data-id=\"bd21dea\" data-element_type=\"widget\" data-widget_type=\"text-editor.default\">\n\t\t\t\t<div class=\"elementor-widget-container\">\n\t\t\t\t\t\t\t<p>Osservando il sito archeologico \u201cdal vivo\u201d o attraverso le immagini che qui vengono proposte notiamo subito che i resti oggi sono circondati dalla citt\u00e0 moderna: gi\u00e0 prima della costruzione della <em><u><span style=\"color: #000000;\"><a style=\"color: #000000;\" href=\"https:\/\/albadocilia.cultura.gov.it\/?page_id=1249#villa\" target=\"_blank\" rel=\"noopener\">villa<\/a><\/span>,<\/u><\/em> il territorio era assai diverso rispetto a quello attuale, la linea di costa era molto pi\u00f9 arretrata e il mare era quindi pi\u00f9 vicino. Al posto delle case, dell\u2019autostrada e della ferrovia immaginiamo estesi boschi di lecci e querce, con la immancabile e tipica presenza di arbusti come il nocciolo, il corbezzolo e il ginepro, ambiente assai somigliante a quello ancora adesso presente sulle colline dell\u2019immediato entroterra; la pianura circostante era utilizzata a scopo agricolo: erano presenti infatti campi coltivati a cereali, frumento, orzo e legumi e piantagioni di castagni, ulivi, viti e noci. Un insediamento in questa zona esisteva gi\u00e0 in epoca preromana. Ne abbiamo certezza grazie al rinvenimento, nel 2008, di una necropoli a incinerazione databile all\u2019et\u00e0 del Ferro, situata a poca distanza dall\u2019Area Archeologica della <span style=\"color: #000000;\"><a style=\"color: #000000;\" href=\"https:\/\/albadocilia.cultura.gov.it\/?page_id=1249#villa\" target=\"_blank\" rel=\"noopener\"><em>villa<\/em><\/a><\/span>, dove oggi si trova la sede dell\u2019Associazione Nazionale Alpini. Nel corso di questa indagine \u00e8 stata inoltre documentata la traccia di un antico corso d\u2019acqua, identificabile con un tratto del Riobasco, un affluente del torrente Sansobbia, interrato da accrescimenti e interventi di epoca romana. Tra questi \u00e8 stata identificata una struttura riferibile ad una banchina connessa con un percorso lastricato in evidente connessione con il vicino complesso residenziale della <em><u><span style=\"color: #000000;\"><a style=\"color: #000000;\" href=\"https:\/\/albadocilia.cultura.gov.it\/?page_id=1249#villa\" target=\"_blank\" rel=\"noopener\">villa<\/a><\/span>.<\/u><\/em><br \/>L\u2019occupazione di questa parte della Liguria era per i Romani una priorit\u00e0 in quanto rappresentava una garanzia di sicurezza per i collegamenti con la provincia della <em>Gallia<\/em> e della <em>Hispania<\/em>; il riassetto delle vie di comunicazione nell\u2019ambito dei territori conquistati costituisce un aspetto fondamentale per il processo di occupazione di questa zona e trover\u00e0 il suo culmine con la riorganizzazione di et\u00e0 augustea e il definitivo i<span style=\"color: #000000;\">nserimento della Liguria nella <em><a style=\"color: #000000;\" href=\"https:\/\/albadocilia.cultura.gov.it\/?page_id=1249#regio-ix\" target=\"_blank\" rel=\"noopener\">Regio IX<\/a>. <\/em>In tale ambito le<\/span> aree agricole del territorio docilio cominciano ad espandersi e a popolarsi grazie alla nascita di insediamenti sparsi. E\u2019proprio in questa fase che nel I secolo d.C. venne costruita, al centro della pianura tra il colle del Castellaro e il mare, la <em><span style=\"color: #000000;\"><a style=\"color: #000000;\" href=\"https:\/\/albadocilia.cultura.gov.it\/?page_id=1249#villa\" target=\"_blank\" rel=\"noopener\"><u>villa<\/u><\/a><\/span>.<u><br \/><\/u><\/em>Anche se nella piana albisolese, ad oggi, non esistono rinvenimenti riconducibili a tratti viari di et\u00e0 romana, recentemente \u00e8 stata riproposta<\/p>\t\t\t\t\t\t<\/div>\n\t\t\t\t<\/div>\n\t\t\t\t\t<\/div>\n\t\t<\/div>\n\t\t\t\t<div class=\"elementor-column elementor-col-50 elementor-top-column elementor-element elementor-element-80ae6cc\" data-id=\"80ae6cc\" data-element_type=\"column\">\n\t\t\t<div class=\"elementor-widget-wrap elementor-element-populated\">\n\t\t\t\t\t\t<div class=\"elementor-element elementor-element-9df28c4 elementor-widget elementor-widget-text-editor\" data-id=\"9df28c4\" data-element_type=\"widget\" data-widget_type=\"text-editor.default\">\n\t\t\t\t<div class=\"elementor-widget-container\">\n\t\t\t\t\t\t\t<p>l\u2019ipotesi secondo cui esistesse una viabilit\u00e0 principale interna, la <em>Via Aemilia Scauri<\/em>, dalla quale si diramava probabilmente una rete viaria secondaria che collegava l\u2019entroterra con la costa, attraversando gli insediamenti e toccando le <span style=\"color: #000000;\"><a style=\"color: #000000;\" href=\"https:\/\/albadocilia.cultura.gov.it\/?page_id=1249#villa\" target=\"_blank\" rel=\"noopener\"><em><u>villae<\/u><\/em><\/a><\/span> e gli edifici colonici sparsi nella pianura.<br \/>La <span style=\"color: #000000;\"><a style=\"color: #000000;\" href=\"https:\/\/albadocilia.cultura.gov.it\/?page_id=1249#villa\" target=\"_blank\" rel=\"noopener\"><em><u>villa<\/u> <\/em><\/a><\/span>di <span style=\"color: #000000;\"><a style=\"color: #000000;\" href=\"https:\/\/albadocilia.cultura.gov.it\/?page_id=1249#alba-docilia\" target=\"_blank\" rel=\"noopener\"><em><u>Alba Docilia<\/u><\/em><\/a><\/span> venne abitata per tutta l\u2019et\u00e0 imperiale e le prime testimonianze del suo abbandono risalgono al IV-V secolo. Per conoscere l\u2019evoluzione del territorio dopo il V secolo e durante il <span style=\"color: #000000;\">medioevo, clicca sui link per accedere agli approfondimenti intitolati <a style=\"color: #000000;\" href=\"https:\/\/albadocilia.cultura.gov.it\/?page_id=9246\" target=\"_blank\" rel=\"noopener\">\u201cDopo la <em>villa<\/em>\u201d<\/a> e <a style=\"color: #000000;\" href=\"https:\/\/albadocilia.cultura.gov.it\/?page_id=5749\" target=\"_blank\" rel=\"noopener\">\u201cIl paesaggio albisolese dopo il Mille\u201d<\/a>.<\/span><br \/>La <span style=\"color: #000000;\"><a style=\"color: #000000;\" href=\"https:\/\/albadocilia.cultura.gov.it\/?page_id=1249#villa\" target=\"_blank\" rel=\"noopener\"><span style=\"text-decoration: underline;\"><em>villa<\/em><\/span><\/a><\/span> era formata da un grandissimo spazio aperto quadrato, di oltre 50 metri di lato, che costituiva, con gli annessi che vi si affacciavano, un polo commerciale e manifatturiero, con magazzini, empori, il mercato e i luoghi di ricovero per gli animali (la cosiddetta <span style=\"color: #000000;\"><a style=\"color: #000000;\" href=\"https:\/\/albadocilia.cultura.gov.it\/?page_id=4426\" target=\"_blank\" rel=\"noopener\"><span style=\"text-decoration: underline;\"><em>pars rustica<\/em><\/span><\/a><\/span>); in adiacenza verso sud, rivolta verso il mare, si trovava l\u2019area residenziale (la <a href=\"https:\/\/albadocilia.cultura.gov.it\/?page_id=1445\" target=\"_blank\" rel=\"noopener\"><span style=\"color: #000000;\"><em><u>pars urbana<\/u><\/em><\/span><\/a>), costruita volutamente su una porzione di terreno lievemente pi\u00f9 elevata, dove vivevano il gestore della <span style=\"color: #000000;\"><a style=\"color: #000000;\" href=\"https:\/\/albadocilia.cultura.gov.it\/?page_id=1249\" target=\"_blank\" rel=\"noopener\"><em><u>villa<\/u><\/em><\/a><\/span><u>,<\/u> la sua famiglia e i suoi schiavi. Una serie di ambienti era certamente riservata ad ospitare viandanti e mercanti. Infine, verso ovest, era presente l\u2019ampia area termale.<br \/>Il complesso era dotato di due ingressi: si ritiene che il portone principale fosse situato <span style=\"color: #000000;\">a sud, in corrispondenza del <a style=\"color: #000000;\" href=\"https:\/\/albadocilia.cultura.gov.it\/?page_id=1249#peristylium\" target=\"_blank\" rel=\"noopener\"><u>peristilio<\/u><\/a>\u00a0pi\u00f9 grande; un altro accesso, presumibil<\/span>mente a nord, favoriva l&#8217;entrata alla <span style=\"color: #000000;\"><a style=\"color: #000000;\" href=\"https:\/\/albadocilia.cultura.gov.it\/?page_id=4426\" target=\"_blank\" rel=\"noopener\"><em>pars rustica<\/em><\/a><\/span>.<br \/>Sono le tre grandi aree funzionali della <span style=\"color: #000000;\"><em><a style=\"color: #000000;\" href=\"https:\/\/albadocilia.cultura.gov.it\/?page_id=1249#villa\" target=\"_blank\" rel=\"noopener\"><u>villa<\/u><\/a>,<\/em><\/span> ossia la <span style=\"color: #000000;\"><a style=\"color: #000000;\" href=\"https:\/\/albadocilia.cultura.gov.it\/?page_id=4426\" target=\"_blank\" rel=\"noopener\"><em><u>pars rustica<\/u><\/em><\/a>,<\/span> la <span style=\"color: #000000;\"><a style=\"color: #000000;\" href=\"https:\/\/albadocilia.cultura.gov.it\/?page_id=1445\" target=\"_blank\" rel=\"noopener\"><em><u>pars urbana<\/u><\/em> <\/a><\/span>e le terme, a scandire gli argomenti qui trattati, nel tentativo di mettere in risalto, attraverso la descrizione delle strutture <em>in situ<\/em> e dei reperti rinvenuti, gli aspetti legati alla vita quotidiana e alle attivit\u00e0 delle persone che qui vivevano, lavoravano e stazionavano.<br \/>Una ulteriore area tematica \u00e8 esclusivamente dedicata ai ritrovamenti riferiti all\u2019apparato decorativo e architettonico. La <span style=\"color: #000000;\"><a style=\"color: #000000;\" href=\"https:\/\/albadocilia.cultura.gov.it\/?page_id=1249#villa\" target=\"_blank\" rel=\"noopener\"><em><u>villa<\/u><\/em><\/a><\/span> infatti si distingue tra i complessi residenziali di epoca romana noti in Liguria non solo per la sua estensione e articolazione planimetrica ma soprattutto per la ricchezza dell\u2019apparato ornamentale, fatto di marmi, stucchi, mosaici, ed eleganti pitture parietali.<\/p>\t\t\t\t\t\t<\/div>\n\t\t\t\t<\/div>\n\t\t\t\t\t<\/div>\n\t\t<\/div>\n\t\t\t\t\t<\/div>\n\t\t<\/section>\n\t\t\t\t<section class=\"elementor-section elementor-top-section elementor-element elementor-element-e86f206 elementor-section-height-min-height elementor-section-stretched elementor-section-boxed elementor-section-height-default elementor-section-items-middle\" data-id=\"e86f206\" data-element_type=\"section\" data-settings=\"{&quot;stretch_section&quot;:&quot;section-stretched&quot;,&quot;background_background&quot;:&quot;classic&quot;}\">\n\t\t\t\t\t\t<div class=\"elementor-container elementor-column-gap-default\">\n\t\t\t\t\t<div class=\"elementor-column elementor-col-50 elementor-top-column elementor-element elementor-element-7122c34\" data-id=\"7122c34\" data-element_type=\"column\">\n\t\t\t<div class=\"elementor-widget-wrap elementor-element-populated\">\n\t\t\t\t\t\t<div class=\"elementor-element elementor-element-a0c3e2d elementor-widget elementor-widget-spacer\" data-id=\"a0c3e2d\" data-element_type=\"widget\" data-widget_type=\"spacer.default\">\n\t\t\t\t<div class=\"elementor-widget-container\">\n\t\t\t<style>\/*! elementor - v3.19.0 - 28-02-2024 *\/\n.elementor-column .elementor-spacer-inner{height:var(--spacer-size)}.e-con{--container-widget-width:100%}.e-con-inner>.elementor-widget-spacer,.e-con>.elementor-widget-spacer{width:var(--container-widget-width,var(--spacer-size));--align-self:var(--container-widget-align-self,initial);--flex-shrink:0}.e-con-inner>.elementor-widget-spacer>.elementor-widget-container,.e-con>.elementor-widget-spacer>.elementor-widget-container{height:100%;width:100%}.e-con-inner>.elementor-widget-spacer>.elementor-widget-container>.elementor-spacer,.e-con>.elementor-widget-spacer>.elementor-widget-container>.elementor-spacer{height:100%}.e-con-inner>.elementor-widget-spacer>.elementor-widget-container>.elementor-spacer>.elementor-spacer-inner,.e-con>.elementor-widget-spacer>.elementor-widget-container>.elementor-spacer>.elementor-spacer-inner{height:var(--container-widget-height,var(--spacer-size))}.e-con-inner>.elementor-widget-spacer.elementor-widget-empty,.e-con>.elementor-widget-spacer.elementor-widget-empty{position:relative;min-height:22px;min-width:22px}.e-con-inner>.elementor-widget-spacer.elementor-widget-empty .elementor-widget-empty-icon,.e-con>.elementor-widget-spacer.elementor-widget-empty .elementor-widget-empty-icon{position:absolute;top:0;bottom:0;left:0;right:0;margin:auto;padding:0;width:22px;height:22px}<\/style>\t\t<div class=\"elementor-spacer\">\n\t\t\t<div class=\"elementor-spacer-inner\"><\/div>\n\t\t<\/div>\n\t\t\t\t<\/div>\n\t\t\t\t<\/div>\n\t\t\t\t<div class=\"elementor-element elementor-element-992806f elementor-align-right elementor-mobile-align-center elementor-invisible elementor-widget elementor-widget-button\" data-id=\"992806f\" data-element_type=\"widget\" data-settings=\"{&quot;_animation&quot;:&quot;fadeInRight&quot;}\" data-widget_type=\"button.default\">\n\t\t\t\t<div class=\"elementor-widget-container\">\n\t\t\t\t\t<div class=\"elementor-button-wrapper\">\n\t\t\t<a class=\"elementor-button elementor-button-link elementor-size-sm\" href=\"https:\/\/albadocilia.cultura.gov.it\/?page_id=4426\" target=\"_blank\">\n\t\t\t\t\t\t<span class=\"elementor-button-content-wrapper\">\n\t\t\t\t\t\t<span class=\"elementor-button-icon elementor-align-icon-right\">\n\t\t\t\t<svg xmlns=\"http:\/\/www.w3.org\/2000\/svg\" width=\"24\" height=\"24\" viewBox=\"0 0 24 24\"><path d=\"M24 18.94l-5.691 4.06c-3.072-2.289-5.724-3.023-6.581-3.311-.815-.274-1.343-.798-1.161-1.455.173-.627.802-.839 1.353-.839.488 0 1.241.145 1.664.3l-3.389-4.716c-1.247.123-2.195-.852-2.195-1.979 0-1.104.895-2 2-2s2 .896 2 2c0 .2-.038.39-.093.572l2.192 3.039c.13.182.382.224.563.094.182-.129.225-.382.095-.563l-.663-.929c1.151-.292 1.133-.286 1.233-.286.225 0 .439.107.572.295l.543.76c.129.182.382.224.563.094.182-.129.224-.382.095-.563l-.627-.878c1.123-.259 1.112-.25 1.196-.25.225 0 .439.107.573.295l.46.646c.13.182.382.224.564.094.182-.129.224-.382.094-.563l-.516-.724c.318-.059.482-.091.701-.091.833 0 1.347.527 1.916 1.326 1.47 2.054 1.062 3.503 2.539 5.572zm-8.015-8.233c-.154-3.177-2.77-5.707-5.985-5.707-3.314 0-6 2.686-6 6 0 2.972 2.161 5.432 4.997 5.91.229-.369.525-.688.89-.93l-.782-1.089c-1.775-.41-3.105-1.995-3.105-3.891 0-2.206 1.794-4 4-4s4 1.794 4 4l-.014.139 1.999-.432zm-7.424 8.156c-3.726-.68-6.561-3.944-6.561-7.863 0-4.411 3.589-8 8-8 4.168 0 7.597 3.205 7.964 7.278l.556-.12c.341-.063.635-.118 1.028-.118l.405.037c-.466-5.09-4.741-9.077-9.953-9.077-5.523 0-10 4.477-10 10 0 5.498 4.437 9.956 9.925 9.996-.834-.58-1.265-1.352-1.364-2.133z\"><\/path><\/svg>\t\t\t<\/span>\n\t\t\t\t\t\t<span class=\"elementor-button-text\">PARS RUSTICA<\/span>\n\t\t<\/span>\n\t\t\t\t\t<\/a>\n\t\t<\/div>\n\t\t\t\t<\/div>\n\t\t\t\t<\/div>\n\t\t\t\t<div class=\"elementor-element elementor-element-83bcbbe elementor-align-right elementor-mobile-align-left elementor-widget__width-initial elementor-invisible elementor-widget elementor-widget-button\" data-id=\"83bcbbe\" data-element_type=\"widget\" data-settings=\"{&quot;_animation&quot;:&quot;fadeInLeft&quot;}\" data-widget_type=\"button.default\">\n\t\t\t\t<div class=\"elementor-widget-container\">\n\t\t\t\t\t<div class=\"elementor-button-wrapper\">\n\t\t\t<a class=\"elementor-button elementor-button-link elementor-size-sm\" href=\"https:\/\/albadocilia.cultura.gov.it\/?page_id=4017\" target=\"_blank\">\n\t\t\t\t\t\t<span class=\"elementor-button-content-wrapper\">\n\t\t\t\t\t\t<span class=\"elementor-button-icon elementor-align-icon-right\">\n\t\t\t\t<svg xmlns=\"http:\/\/www.w3.org\/2000\/svg\" width=\"24\" height=\"24\" viewBox=\"0 0 24 24\"><path d=\"M24 18.94l-5.691 4.06c-3.072-2.289-5.724-3.023-6.581-3.311-.815-.274-1.343-.798-1.161-1.455.173-.627.802-.839 1.353-.839.488 0 1.241.145 1.664.3l-3.389-4.716c-1.247.123-2.195-.852-2.195-1.979 0-1.104.895-2 2-2s2 .896 2 2c0 .2-.038.39-.093.572l2.192 3.039c.13.182.382.224.563.094.182-.129.225-.382.095-.563l-.663-.929c1.151-.292 1.133-.286 1.233-.286.225 0 .439.107.572.295l.543.76c.129.182.382.224.563.094.182-.129.224-.382.095-.563l-.627-.878c1.123-.259 1.112-.25 1.196-.25.225 0 .439.107.573.295l.46.646c.13.182.382.224.564.094.182-.129.224-.382.094-.563l-.516-.724c.318-.059.482-.091.701-.091.833 0 1.347.527 1.916 1.326 1.47 2.054 1.062 3.503 2.539 5.572zm-8.015-8.233c-.154-3.177-2.77-5.707-5.985-5.707-3.314 0-6 2.686-6 6 0 2.972 2.161 5.432 4.997 5.91.229-.369.525-.688.89-.93l-.782-1.089c-1.775-.41-3.105-1.995-3.105-3.891 0-2.206 1.794-4 4-4s4 1.794 4 4l-.014.139 1.999-.432zm-7.424 8.156c-3.726-.68-6.561-3.944-6.561-7.863 0-4.411 3.589-8 8-8 4.168 0 7.597 3.205 7.964 7.278l.556-.12c.341-.063.635-.118 1.028-.118l.405.037c-.466-5.09-4.741-9.077-9.953-9.077-5.523 0-10 4.477-10 10 0 5.498 4.437 9.956 9.925 9.996-.834-.58-1.265-1.352-1.364-2.133z\"><\/path><\/svg>\t\t\t<\/span>\n\t\t\t\t\t\t<span class=\"elementor-button-text\">TERME<\/span>\n\t\t<\/span>\n\t\t\t\t\t<\/a>\n\t\t<\/div>\n\t\t\t\t<\/div>\n\t\t\t\t<\/div>\n\t\t\t\t\t<\/div>\n\t\t<\/div>\n\t\t\t\t<div class=\"elementor-column elementor-col-50 elementor-top-column elementor-element elementor-element-24a707d\" data-id=\"24a707d\" data-element_type=\"column\">\n\t\t\t<div class=\"elementor-widget-wrap elementor-element-populated\">\n\t\t\t\t\t\t<div class=\"elementor-element elementor-element-c77a41e elementor-align-left elementor-mobile-align-right elementor-widget__width-initial elementor-invisible elementor-widget elementor-widget-button\" data-id=\"c77a41e\" data-element_type=\"widget\" data-settings=\"{&quot;_animation&quot;:&quot;fadeInRight&quot;}\" data-widget_type=\"button.default\">\n\t\t\t\t<div class=\"elementor-widget-container\">\n\t\t\t\t\t<div class=\"elementor-button-wrapper\">\n\t\t\t<a class=\"elementor-button elementor-button-link elementor-size-sm\" href=\"https:\/\/albadocilia.cultura.gov.it\/?page_id=1445\" target=\"_blank\">\n\t\t\t\t\t\t<span class=\"elementor-button-content-wrapper\">\n\t\t\t\t\t\t<span class=\"elementor-button-icon elementor-align-icon-right\">\n\t\t\t\t<svg xmlns=\"http:\/\/www.w3.org\/2000\/svg\" width=\"24\" height=\"24\" viewBox=\"0 0 24 24\"><path d=\"M24 18.94l-5.691 4.06c-3.072-2.289-5.724-3.023-6.581-3.311-.815-.274-1.343-.798-1.161-1.455.173-.627.802-.839 1.353-.839.488 0 1.241.145 1.664.3l-3.389-4.716c-1.247.123-2.195-.852-2.195-1.979 0-1.104.895-2 2-2s2 .896 2 2c0 .2-.038.39-.093.572l2.192 3.039c.13.182.382.224.563.094.182-.129.225-.382.095-.563l-.663-.929c1.151-.292 1.133-.286 1.233-.286.225 0 .439.107.572.295l.543.76c.129.182.382.224.563.094.182-.129.224-.382.095-.563l-.627-.878c1.123-.259 1.112-.25 1.196-.25.225 0 .439.107.573.295l.46.646c.13.182.382.224.564.094.182-.129.224-.382.094-.563l-.516-.724c.318-.059.482-.091.701-.091.833 0 1.347.527 1.916 1.326 1.47 2.054 1.062 3.503 2.539 5.572zm-8.015-8.233c-.154-3.177-2.77-5.707-5.985-5.707-3.314 0-6 2.686-6 6 0 2.972 2.161 5.432 4.997 5.91.229-.369.525-.688.89-.93l-.782-1.089c-1.775-.41-3.105-1.995-3.105-3.891 0-2.206 1.794-4 4-4s4 1.794 4 4l-.014.139 1.999-.432zm-7.424 8.156c-3.726-.68-6.561-3.944-6.561-7.863 0-4.411 3.589-8 8-8 4.168 0 7.597 3.205 7.964 7.278l.556-.12c.341-.063.635-.118 1.028-.118l.405.037c-.466-5.09-4.741-9.077-9.953-9.077-5.523 0-10 4.477-10 10 0 5.498 4.437 9.956 9.925 9.996-.834-.58-1.265-1.352-1.364-2.133z\"><\/path><\/svg>\t\t\t<\/span>\n\t\t\t\t\t\t<span class=\"elementor-button-text\">PARS URBANA<\/span>\n\t\t<\/span>\n\t\t\t\t\t<\/a>\n\t\t<\/div>\n\t\t\t\t<\/div>\n\t\t\t\t<\/div>\n\t\t\t\t\t<\/div>\n\t\t<\/div>\n\t\t\t\t\t<\/div>\n\t\t<\/section>\n\t\t\t\t<\/div>\n\t\t","protected":false},"excerpt":{"rendered":"<p>Scopri la villa romana Perch\u00e8 Benvenuti nel sito web ufficiale del sito archeologico della villa romana di Alba Docilia.In questa breve frase \u00e8 stata usata la stessa parola due volte, ma volutamente. Il termine \u201csito\u201d prima indica un \u201cluogo digitale\u201d, immateriale, dopo un \u201cluogo fisico\u201d, concreto, che posso toccare e in cui posso camminare. Questi &hellip;<\/p>\n<p class=\"read-more\"> <a class=\"\" href=\"https:\/\/albadocilia.cultura.gov.it\/?page_id=2\"> <span class=\"screen-reader-text\">Scopri la villa romana<\/span> Leggi altro &raquo;<\/a><\/p>\n","protected":false},"author":1,"featured_media":0,"parent":0,"menu_order":0,"comment_status":"closed","ping_status":"open","template":"","meta":{"site-sidebar-layout":"default","site-content-layout":"default","ast-global-header-display":"","ast-main-header-display":"","ast-hfb-above-header-display":"","ast-hfb-below-header-display":"","ast-hfb-mobile-header-display":"","site-post-title":"disabled","ast-breadcrumbs-content":"","ast-featured-img":"","footer-sml-layout":"","theme-transparent-header-meta":"","adv-header-id-meta":"","stick-header-meta":"","header-above-stick-meta":"","header-main-stick-meta":"","header-below-stick-meta":"","footnotes":""},"class_list":["post-2","page","type-page","status-publish","hentry"],"_links":{"self":[{"href":"https:\/\/albadocilia.cultura.gov.it\/index.php?rest_route=\/wp\/v2\/pages\/2","targetHints":{"allow":["GET"]}}],"collection":[{"href":"https:\/\/albadocilia.cultura.gov.it\/index.php?rest_route=\/wp\/v2\/pages"}],"about":[{"href":"https:\/\/albadocilia.cultura.gov.it\/index.php?rest_route=\/wp\/v2\/types\/page"}],"author":[{"embeddable":true,"href":"https:\/\/albadocilia.cultura.gov.it\/index.php?rest_route=\/wp\/v2\/users\/1"}],"replies":[{"embeddable":true,"href":"https:\/\/albadocilia.cultura.gov.it\/index.php?rest_route=%2Fwp%2Fv2%2Fcomments&post=2"}],"version-history":[{"count":1247,"href":"https:\/\/albadocilia.cultura.gov.it\/index.php?rest_route=\/wp\/v2\/pages\/2\/revisions"}],"predecessor-version":[{"id":9879,"href":"https:\/\/albadocilia.cultura.gov.it\/index.php?rest_route=\/wp\/v2\/pages\/2\/revisions\/9879"}],"wp:attachment":[{"href":"https:\/\/albadocilia.cultura.gov.it\/index.php?rest_route=%2Fwp%2Fv2%2Fmedia&parent=2"}],"curies":[{"name":"wp","href":"https:\/\/api.w.org\/{rel}","templated":true}]}}