{"id":1445,"date":"2022-12-18T14:29:15","date_gmt":"2022-12-18T13:29:15","guid":{"rendered":"http:\/\/albadocilia.cultura.gov.it\/?page_id=1445"},"modified":"2023-10-01T10:24:41","modified_gmt":"2023-10-01T08:24:41","slug":"scopri-la-villa-mansio","status":"publish","type":"page","link":"https:\/\/albadocilia.cultura.gov.it\/?page_id=1445","title":{"rendered":"La vita quotidiana"},"content":{"rendered":"\t\t<div data-elementor-type=\"wp-page\" data-elementor-id=\"1445\" class=\"elementor elementor-1445\">\n\t\t\t\t\t\t<section class=\"elementor-section elementor-top-section elementor-element elementor-element-0b0e15e elementor-section-boxed elementor-section-height-default elementor-section-height-default\" data-id=\"0b0e15e\" data-element_type=\"section\">\n\t\t\t\t\t\t<div class=\"elementor-container elementor-column-gap-default\">\n\t\t\t\t\t<div class=\"elementor-column elementor-col-100 elementor-top-column elementor-element elementor-element-0e81315\" data-id=\"0e81315\" data-element_type=\"column\">\n\t\t\t<div class=\"elementor-widget-wrap elementor-element-populated\">\n\t\t\t\t\t\t<div class=\"elementor-element elementor-element-bc1233d elementor-widget elementor-widget-heading\" data-id=\"bc1233d\" data-element_type=\"widget\" data-widget_type=\"heading.default\">\n\t\t\t\t<div class=\"elementor-widget-container\">\n\t\t\t<style>\/*! elementor - v3.19.0 - 28-02-2024 *\/\n.elementor-heading-title{padding:0;margin:0;line-height:1}.elementor-widget-heading .elementor-heading-title[class*=elementor-size-]>a{color:inherit;font-size:inherit;line-height:inherit}.elementor-widget-heading .elementor-heading-title.elementor-size-small{font-size:15px}.elementor-widget-heading .elementor-heading-title.elementor-size-medium{font-size:19px}.elementor-widget-heading .elementor-heading-title.elementor-size-large{font-size:29px}.elementor-widget-heading .elementor-heading-title.elementor-size-xl{font-size:39px}.elementor-widget-heading .elementor-heading-title.elementor-size-xxl{font-size:59px}<\/style><h1 class=\"elementor-heading-title elementor-size-default\">La<i> pars urbana<\/i> <br>e la vita quotidiana<\/h1>\t\t<\/div>\n\t\t\t\t<\/div>\n\t\t\t\t\t<\/div>\n\t\t<\/div>\n\t\t\t\t\t<\/div>\n\t\t<\/section>\n\t\t\t\t<section class=\"elementor-section elementor-top-section elementor-element elementor-element-671ccb0 elementor-section-boxed elementor-section-height-default elementor-section-height-default\" data-id=\"671ccb0\" data-element_type=\"section\">\n\t\t\t\t\t\t<div class=\"elementor-container elementor-column-gap-default\">\n\t\t\t\t\t<div class=\"elementor-column elementor-col-33 elementor-top-column elementor-element elementor-element-612aa55\" data-id=\"612aa55\" data-element_type=\"column\">\n\t\t\t<div class=\"elementor-widget-wrap elementor-element-populated\">\n\t\t\t\t\t\t<div class=\"elementor-element elementor-element-dd8e588 elementor-widget elementor-widget-image\" data-id=\"dd8e588\" data-element_type=\"widget\" data-settings=\"{&quot;_animation&quot;:&quot;none&quot;}\" data-widget_type=\"image.default\">\n\t\t\t\t<div class=\"elementor-widget-container\">\n\t\t\t<style>\/*! elementor - v3.19.0 - 28-02-2024 *\/\n.elementor-widget-image{text-align:center}.elementor-widget-image a{display:inline-block}.elementor-widget-image a img[src$=\".svg\"]{width:48px}.elementor-widget-image img{vertical-align:middle;display:inline-block}<\/style>\t\t\t\t\t\t\t\t\t\t<img decoding=\"async\" src=\"https:\/\/albadocilia.cultura.gov.it\/wp-content\/uploads\/elementor\/thumbs\/iconmonstr-headphones-16-240-1-q8dkgle9tzgnwd0e57grh80bmw7enzp43qy4o4k3g4.png\" title=\"\" alt=\"\" loading=\"lazy\" \/>\t\t\t\t\t\t\t\t\t\t\t\t\t<\/div>\n\t\t\t\t<\/div>\n\t\t\t\t\t<\/div>\n\t\t<\/div>\n\t\t\t\t<div class=\"elementor-column elementor-col-66 elementor-top-column elementor-element elementor-element-f133ab8\" data-id=\"f133ab8\" data-element_type=\"column\">\n\t\t\t<div class=\"elementor-widget-wrap elementor-element-populated\">\n\t\t\t\t\t\t<div class=\"elementor-element elementor-element-b277053 elementor-widget__width-initial animated-fast elementor-widget elementor-widget-text-editor\" data-id=\"b277053\" data-element_type=\"widget\" data-settings=\"{&quot;_animation&quot;:&quot;none&quot;}\" data-widget_type=\"text-editor.default\">\n\t\t\t\t<div class=\"elementor-widget-container\">\n\t\t\t<style>\/*! elementor - v3.19.0 - 28-02-2024 *\/\n.elementor-widget-text-editor.elementor-drop-cap-view-stacked .elementor-drop-cap{background-color:#69727d;color:#fff}.elementor-widget-text-editor.elementor-drop-cap-view-framed .elementor-drop-cap{color:#69727d;border:3px solid;background-color:transparent}.elementor-widget-text-editor:not(.elementor-drop-cap-view-default) .elementor-drop-cap{margin-top:8px}.elementor-widget-text-editor:not(.elementor-drop-cap-view-default) .elementor-drop-cap-letter{width:1em;height:1em}.elementor-widget-text-editor .elementor-drop-cap{float:left;text-align:center;line-height:1;font-size:50px}.elementor-widget-text-editor .elementor-drop-cap-letter{display:inline-block}<\/style>\t\t\t\t<audio class=\"wp-audio-shortcode\" id=\"audio-1445-1\" preload=\"none\" style=\"width: 100%;\" controls=\"controls\"><source type=\"audio\/mpeg\" src=\"https:\/\/albadocilia.cultura.gov.it\/wp-content\/uploads\/2023\/07\/MP3_PARS_URBANA.mp3?_=1\" \/><a href=\"https:\/\/albadocilia.cultura.gov.it\/wp-content\/uploads\/2023\/07\/MP3_PARS_URBANA.mp3\">https:\/\/albadocilia.cultura.gov.it\/wp-content\/uploads\/2023\/07\/MP3_PARS_URBANA.mp3<\/a><\/audio>\t\t\t\t\t\t<\/div>\n\t\t\t\t<\/div>\n\t\t\t\t\t<\/div>\n\t\t<\/div>\n\t\t\t\t\t<\/div>\n\t\t<\/section>\n\t\t\t\t<section class=\"elementor-section elementor-top-section elementor-element elementor-element-86226c2 elementor-section-boxed elementor-section-height-default elementor-section-height-default\" data-id=\"86226c2\" data-element_type=\"section\">\n\t\t\t\t\t\t<div class=\"elementor-container elementor-column-gap-default\">\n\t\t\t\t\t<div class=\"elementor-column elementor-col-100 elementor-top-column elementor-element elementor-element-36e62b3\" data-id=\"36e62b3\" data-element_type=\"column\">\n\t\t\t<div class=\"elementor-widget-wrap elementor-element-populated\">\n\t\t\t\t\t\t<div class=\"elementor-element elementor-element-818465d elementor-widget elementor-widget-heading\" data-id=\"818465d\" data-element_type=\"widget\" data-widget_type=\"heading.default\">\n\t\t\t\t<div class=\"elementor-widget-container\">\n\t\t\t<h2 class=\"elementor-heading-title elementor-size-default\">Introduzione<\/h2>\t\t<\/div>\n\t\t\t\t<\/div>\n\t\t\t\t<section class=\"elementor-section elementor-inner-section elementor-element elementor-element-25c2c63 elementor-section-boxed elementor-section-height-default elementor-section-height-default\" data-id=\"25c2c63\" data-element_type=\"section\">\n\t\t\t\t\t\t<div class=\"elementor-container elementor-column-gap-default\">\n\t\t\t\t\t<div class=\"elementor-column elementor-col-50 elementor-inner-column elementor-element elementor-element-701dfa9\" data-id=\"701dfa9\" data-element_type=\"column\">\n\t\t\t<div class=\"elementor-widget-wrap elementor-element-populated\">\n\t\t\t\t\t\t<div class=\"elementor-element elementor-element-7866aff elementor-widget elementor-widget-text-editor\" data-id=\"7866aff\" data-element_type=\"widget\" data-widget_type=\"text-editor.default\">\n\t\t\t\t<div class=\"elementor-widget-container\">\n\t\t\t\t\t\t\t<p>Il settore sud occidentale del grande complesso della <span style=\"color: #000000;\"><a style=\"color: #000000;\" href=\"https:\/\/albadocilia.cultura.gov.it\/?page_id=1249#villa\" target=\"_blank\" rel=\"noopener\"><em><u>villa<\/u><\/em><\/a><\/span> prendeva il nome di<span style=\"color: #000000;\"> <a style=\"color: #000000;\" href=\"https:\/\/albadocilia.cultura.gov.it\/?page_id=1249#pars-urbana\" target=\"_blank\" rel=\"noopener\"><em>pars urbana<\/em><\/a> <\/span>poich\u00e9 era la zona esclusivamente dedicata all\u2019uso residenziale, riservato agli ambienti in cui vivevano il gestore (o il proprietario) e la sua famiglia. Anche se ci troviamo all\u2019interno in una grande propriet\u00e0 con funzione non esclusivamente privata, il settore in cui alloggiava il padrone di casa \u00e8 ben riconoscibile perch\u00e9 la zona residenziale presentava una simile conformazione in tutte le ville di et\u00e0 imperiale; qui ad <span style=\"color: #000000;\"><a style=\"color: #000000;\" href=\"https:\/\/albadocilia.cultura.gov.it\/?page_id=1249#alba-docilia\" target=\"_blank\" rel=\"noopener\"><em><u>Alba Docilia<\/u><\/em><\/a><\/span>\u00a0la <i>pars urbana<\/i> era rivolta a sud, ossia verso il mare, collocata su un leggero rilievo, ed era formata da una serie di stanze con varie funzioni: ambienti per accogliere gli ospiti, camere da letto, sale da pranzo.<\/p>\t\t\t\t\t\t<\/div>\n\t\t\t\t<\/div>\n\t\t\t\t\t<\/div>\n\t\t<\/div>\n\t\t\t\t<div class=\"elementor-column elementor-col-50 elementor-inner-column elementor-element elementor-element-753c1d0\" data-id=\"753c1d0\" data-element_type=\"column\">\n\t\t\t<div class=\"elementor-widget-wrap elementor-element-populated\">\n\t\t\t\t\t\t<div class=\"elementor-element elementor-element-767ff15 elementor-widget elementor-widget-text-editor\" data-id=\"767ff15\" data-element_type=\"widget\" data-widget_type=\"text-editor.default\">\n\t\t\t\t<div class=\"elementor-widget-container\">\n\t\t\t\t\t\t\t<p>Questi spazi si affacciavano, circondandoli, su due porticati coperti (<em><span style=\"color: #000000;\"><a style=\"color: #000000;\" href=\"https:\/\/albadocilia.cultura.gov.it\/?page_id=1249#peristylium\" target=\"_blank\" rel=\"noopener\"><u>peristylia<\/u><\/a><\/span>)<\/em>, che a loro volta davano accesso a due rispettive aree aperte (<span style=\"color: #000000;\"><a style=\"color: #000000;\" href=\"https:\/\/albadocilia.cultura.gov.it\/?page_id=1249#impluvium\" target=\"_blank\" rel=\"noopener\"><em><u>impluvia<\/u><\/em><\/a><\/span>), di forma rettangolare, una pi\u00f9 piccola, a ovest e una pi\u00f9 grande, a est.<br \/>Questi cortili avevano, come \u00e8 noto, molteplici funzioni: erano innanzi tutto aree a cielo aperto, che raccoglievano luce per le varie stanze, potevano avere la funzione di <em><span style=\"color: #000000;\"><a style=\"color: #000000;\" href=\"https:\/\/albadocilia.cultura.gov.it\/?page_id=1249#impluvium\" target=\"_blank\" rel=\"noopener\"><u>impluvium<\/u><\/a><\/span>,<\/em> ossia di raccolta dell\u2019acqua piovana ed essere anche aree verdi, coltivate a giardino.<\/p>\t\t\t\t\t\t<\/div>\n\t\t\t\t<\/div>\n\t\t\t\t\t<\/div>\n\t\t<\/div>\n\t\t\t\t\t<\/div>\n\t\t<\/section>\n\t\t\t\t\t<\/div>\n\t\t<\/div>\n\t\t\t\t\t<\/div>\n\t\t<\/section>\n\t\t\t\t<section class=\"elementor-section elementor-top-section elementor-element elementor-element-0bade81 elementor-section-stretched elementor-section-boxed elementor-section-height-default elementor-section-height-default\" data-id=\"0bade81\" data-element_type=\"section\" data-settings=\"{&quot;stretch_section&quot;:&quot;section-stretched&quot;,&quot;background_background&quot;:&quot;classic&quot;}\">\n\t\t\t\t\t\t<div class=\"elementor-container elementor-column-gap-default\">\n\t\t\t\t\t<div class=\"elementor-column elementor-col-100 elementor-top-column elementor-element elementor-element-6480fb1\" data-id=\"6480fb1\" data-element_type=\"column\">\n\t\t\t<div class=\"elementor-widget-wrap elementor-element-populated\">\n\t\t\t\t\t\t<div class=\"elementor-element elementor-element-218fe34 animated-fast elementor-invisible elementor-widget elementor-widget-text-editor\" data-id=\"218fe34\" data-element_type=\"widget\" data-settings=\"{&quot;_animation&quot;:&quot;fadeInLeft&quot;}\" data-widget_type=\"text-editor.default\">\n\t\t\t\t<div class=\"elementor-widget-container\">\n\t\t\t\t\t\t\t<p style=\"text-align: center;\"><span style=\"color: #ff8800;\">Ambienti con riscaldamento sotto i pavmenti<\/span><\/p>\t\t\t\t\t\t<\/div>\n\t\t\t\t<\/div>\n\t\t\t\t\t<\/div>\n\t\t<\/div>\n\t\t\t\t\t<\/div>\n\t\t<\/section>\n\t\t\t\t<section class=\"elementor-section elementor-top-section elementor-element elementor-element-6967f32 elementor-section-stretched elementor-section-boxed elementor-section-height-default elementor-section-height-default\" data-id=\"6967f32\" data-element_type=\"section\" data-settings=\"{&quot;stretch_section&quot;:&quot;section-stretched&quot;,&quot;background_background&quot;:&quot;classic&quot;}\">\n\t\t\t\t\t\t<div class=\"elementor-container elementor-column-gap-default\">\n\t\t\t\t\t<div class=\"elementor-column elementor-col-100 elementor-top-column elementor-element elementor-element-a413071\" data-id=\"a413071\" data-element_type=\"column\">\n\t\t\t<div class=\"elementor-widget-wrap elementor-element-populated\">\n\t\t\t\t\t\t<div class=\"elementor-element elementor-element-aedbfa9 animated-fast elementor-invisible elementor-widget elementor-widget-image\" data-id=\"aedbfa9\" data-element_type=\"widget\" data-settings=\"{&quot;_animation&quot;:&quot;fadeInLeft&quot;}\" data-widget_type=\"image.default\">\n\t\t\t\t<div class=\"elementor-widget-container\">\n\t\t\t\t\t\t\t\t\t\t\t\t\t<img decoding=\"async\" src=\"https:\/\/albadocilia.cultura.gov.it\/wp-content\/uploads\/elementor\/thumbs\/iconmonstr-arrow-down-alt-filled-240-q8dkgmc3ew48twi0oq90o2lm22kqp3z1u492wd5jpc.png\" title=\"\" alt=\"\" loading=\"lazy\" \/>\t\t\t\t\t\t\t\t\t\t\t\t\t<\/div>\n\t\t\t\t<\/div>\n\t\t\t\t\t<\/div>\n\t\t<\/div>\n\t\t\t\t\t<\/div>\n\t\t<\/section>\n\t\t\t\t<section class=\"elementor-section elementor-top-section elementor-element elementor-element-b827dc3 elementor-section-height-min-height elementor-section-stretched elementor-section-boxed elementor-section-height-default elementor-section-items-middle\" data-id=\"b827dc3\" data-element_type=\"section\" data-settings=\"{&quot;stretch_section&quot;:&quot;section-stretched&quot;,&quot;background_background&quot;:&quot;classic&quot;}\">\n\t\t\t\t\t\t<div class=\"elementor-container elementor-column-gap-default\">\n\t\t\t\t\t<div class=\"elementor-column elementor-col-100 elementor-top-column elementor-element elementor-element-4f9c9bc\" data-id=\"4f9c9bc\" data-element_type=\"column\">\n\t\t\t<div class=\"elementor-widget-wrap elementor-element-populated\">\n\t\t\t\t\t\t<section class=\"elementor-section elementor-inner-section elementor-element elementor-element-66a7491 elementor-section-boxed elementor-section-height-default elementor-section-height-default\" data-id=\"66a7491\" data-element_type=\"section\">\n\t\t\t\t\t\t<div class=\"elementor-container elementor-column-gap-default\">\n\t\t\t\t\t<div class=\"elementor-column elementor-col-100 elementor-inner-column elementor-element elementor-element-28c57c9\" data-id=\"28c57c9\" data-element_type=\"column\">\n\t\t\t<div class=\"elementor-widget-wrap elementor-element-populated\">\n\t\t\t\t\t\t<div class=\"elementor-element elementor-element-2c7a999 elementor-align-center elementor-widget__width-initial elementor-mobile-align-center animated-slow elementor-widget-mobile__width-initial elementor-invisible elementor-widget elementor-widget-button\" data-id=\"2c7a999\" data-element_type=\"widget\" data-settings=\"{&quot;_animation&quot;:&quot;bounceIn&quot;,&quot;_animation_delay&quot;:1500}\" data-widget_type=\"button.default\">\n\t\t\t\t<div class=\"elementor-widget-container\">\n\t\t\t\t\t<div class=\"elementor-button-wrapper\">\n\t\t\t<a class=\"elementor-button elementor-button-link elementor-size-xs\" href=\"https:\/\/albadocilia.cultura.gov.it\/wp-content\/uploads\/2023\/06\/generale-ambienti-con-riscaldamento_def.jpg\" target=\"_blank\">\n\t\t\t\t\t\t<span class=\"elementor-button-content-wrapper\">\n\t\t\t\t\t\t<span class=\"elementor-button-icon elementor-align-icon-left\">\n\t\t\t\t<svg xmlns=\"http:\/\/www.w3.org\/2000\/svg\" width=\"24\" height=\"24\" viewBox=\"0 0 24 24\"><path d=\"M5 5h-3v-1h3v1zm8 5c-1.654 0-3 1.346-3 3s1.346 3 3 3 3-1.346 3-3-1.346-3-3-3zm11-4v15h-24v-15h5.93c.669 0 1.293-.334 1.664-.891l1.406-2.109h8l1.406 2.109c.371.557.995.891 1.664.891h3.93zm-19 4c0-.552-.447-1-1-1-.553 0-1 .448-1 1s.447 1 1 1c.553 0 1-.448 1-1zm13 3c0-2.761-2.239-5-5-5s-5 2.239-5 5 2.239 5 5 5 5-2.239 5-5z\"><\/path><\/svg>\t\t\t<\/span>\n\t\t\t\t\t\t<span class=\"elementor-button-text\"><\/span>\n\t\t<\/span>\n\t\t\t\t\t<\/a>\n\t\t<\/div>\n\t\t\t\t<\/div>\n\t\t\t\t<\/div>\n\t\t\t\t<div class=\"elementor-element elementor-element-d37bd00 elementor-align-center elementor-widget__width-initial elementor-mobile-align-center animated-slow elementor-widget-mobile__width-initial elementor-invisible elementor-widget elementor-widget-button\" data-id=\"d37bd00\" data-element_type=\"widget\" data-settings=\"{&quot;_animation&quot;:&quot;bounceIn&quot;,&quot;_animation_delay&quot;:1500}\" data-widget_type=\"button.default\">\n\t\t\t\t<div class=\"elementor-widget-container\">\n\t\t\t\t\t<div class=\"elementor-button-wrapper\">\n\t\t\t<a class=\"elementor-button elementor-button-link elementor-size-xs\" href=\"https:\/\/albadocilia.cultura.gov.it\/wp-content\/uploads\/2023\/06\/ipocausto-ambienti-nord_1_.jpg\">\n\t\t\t\t\t\t<span class=\"elementor-button-content-wrapper\">\n\t\t\t\t\t\t<span class=\"elementor-button-icon elementor-align-icon-left\">\n\t\t\t\t<svg xmlns=\"http:\/\/www.w3.org\/2000\/svg\" width=\"24\" height=\"24\" viewBox=\"0 0 24 24\"><path d=\"M5 5h-3v-1h3v1zm8 5c-1.654 0-3 1.346-3 3s1.346 3 3 3 3-1.346 3-3-1.346-3-3-3zm11-4v15h-24v-15h5.93c.669 0 1.293-.334 1.664-.891l1.406-2.109h8l1.406 2.109c.371.557.995.891 1.664.891h3.93zm-19 4c0-.552-.447-1-1-1-.553 0-1 .448-1 1s.447 1 1 1c.553 0 1-.448 1-1zm13 3c0-2.761-2.239-5-5-5s-5 2.239-5 5 2.239 5 5 5 5-2.239 5-5z\"><\/path><\/svg>\t\t\t<\/span>\n\t\t\t\t\t\t<span class=\"elementor-button-text\"><\/span>\n\t\t<\/span>\n\t\t\t\t\t<\/a>\n\t\t<\/div>\n\t\t\t\t<\/div>\n\t\t\t\t<\/div>\n\t\t\t\t\t<\/div>\n\t\t<\/div>\n\t\t\t\t\t<\/div>\n\t\t<\/section>\n\t\t\t\t<section class=\"elementor-section elementor-inner-section elementor-element elementor-element-bf41fb9 elementor-section-boxed elementor-section-height-default elementor-section-height-default\" data-id=\"bf41fb9\" data-element_type=\"section\">\n\t\t\t\t\t\t<div class=\"elementor-container elementor-column-gap-default\">\n\t\t\t\t\t<div class=\"elementor-column elementor-col-100 elementor-inner-column elementor-element elementor-element-5e18775\" data-id=\"5e18775\" data-element_type=\"column\">\n\t\t\t<div class=\"elementor-widget-wrap elementor-element-populated\">\n\t\t\t\t\t\t<div class=\"elementor-element elementor-element-f834425 elementor-align-center elementor-widget__width-initial elementor-mobile-align-center animated-slow elementor-widget-mobile__width-initial elementor-invisible elementor-widget elementor-widget-button\" data-id=\"f834425\" data-element_type=\"widget\" data-settings=\"{&quot;_animation&quot;:&quot;bounceIn&quot;,&quot;_animation_delay&quot;:1500}\" data-widget_type=\"button.default\">\n\t\t\t\t<div class=\"elementor-widget-container\">\n\t\t\t\t\t<div class=\"elementor-button-wrapper\">\n\t\t\t<a class=\"elementor-button elementor-button-link elementor-size-xs\" href=\"https:\/\/albadocilia.cultura.gov.it\/wp-content\/uploads\/2023\/06\/generale-da-est_.jpg\">\n\t\t\t\t\t\t<span class=\"elementor-button-content-wrapper\">\n\t\t\t\t\t\t<span class=\"elementor-button-icon elementor-align-icon-left\">\n\t\t\t\t<svg xmlns=\"http:\/\/www.w3.org\/2000\/svg\" width=\"24\" height=\"24\" viewBox=\"0 0 24 24\"><path d=\"M5 5h-3v-1h3v1zm8 5c-1.654 0-3 1.346-3 3s1.346 3 3 3 3-1.346 3-3-1.346-3-3-3zm11-4v15h-24v-15h5.93c.669 0 1.293-.334 1.664-.891l1.406-2.109h8l1.406 2.109c.371.557.995.891 1.664.891h3.93zm-19 4c0-.552-.447-1-1-1-.553 0-1 .448-1 1s.447 1 1 1c.553 0 1-.448 1-1zm13 3c0-2.761-2.239-5-5-5s-5 2.239-5 5 2.239 5 5 5 5-2.239 5-5z\"><\/path><\/svg>\t\t\t<\/span>\n\t\t\t\t\t\t<span class=\"elementor-button-text\"><\/span>\n\t\t<\/span>\n\t\t\t\t\t<\/a>\n\t\t<\/div>\n\t\t\t\t<\/div>\n\t\t\t\t<\/div>\n\t\t\t\t\t<\/div>\n\t\t<\/div>\n\t\t\t\t\t<\/div>\n\t\t<\/section>\n\t\t\t\t<div class=\"elementor-element elementor-element-bb76d45 elementor-widget elementor-widget-spacer\" data-id=\"bb76d45\" data-element_type=\"widget\" data-widget_type=\"spacer.default\">\n\t\t\t\t<div class=\"elementor-widget-container\">\n\t\t\t<style>\/*! elementor - v3.19.0 - 28-02-2024 *\/\n.elementor-column .elementor-spacer-inner{height:var(--spacer-size)}.e-con{--container-widget-width:100%}.e-con-inner>.elementor-widget-spacer,.e-con>.elementor-widget-spacer{width:var(--container-widget-width,var(--spacer-size));--align-self:var(--container-widget-align-self,initial);--flex-shrink:0}.e-con-inner>.elementor-widget-spacer>.elementor-widget-container,.e-con>.elementor-widget-spacer>.elementor-widget-container{height:100%;width:100%}.e-con-inner>.elementor-widget-spacer>.elementor-widget-container>.elementor-spacer,.e-con>.elementor-widget-spacer>.elementor-widget-container>.elementor-spacer{height:100%}.e-con-inner>.elementor-widget-spacer>.elementor-widget-container>.elementor-spacer>.elementor-spacer-inner,.e-con>.elementor-widget-spacer>.elementor-widget-container>.elementor-spacer>.elementor-spacer-inner{height:var(--container-widget-height,var(--spacer-size))}.e-con-inner>.elementor-widget-spacer.elementor-widget-empty,.e-con>.elementor-widget-spacer.elementor-widget-empty{position:relative;min-height:22px;min-width:22px}.e-con-inner>.elementor-widget-spacer.elementor-widget-empty .elementor-widget-empty-icon,.e-con>.elementor-widget-spacer.elementor-widget-empty .elementor-widget-empty-icon{position:absolute;top:0;bottom:0;left:0;right:0;margin:auto;padding:0;width:22px;height:22px}<\/style>\t\t<div class=\"elementor-spacer\">\n\t\t\t<div class=\"elementor-spacer-inner\"><\/div>\n\t\t<\/div>\n\t\t\t\t<\/div>\n\t\t\t\t<\/div>\n\t\t\t\t<section class=\"elementor-section elementor-inner-section elementor-element elementor-element-531fac7 elementor-section-boxed elementor-section-height-default elementor-section-height-default\" data-id=\"531fac7\" data-element_type=\"section\">\n\t\t\t\t\t\t<div class=\"elementor-container elementor-column-gap-default\">\n\t\t\t\t\t<div class=\"elementor-column elementor-col-100 elementor-inner-column elementor-element elementor-element-e358532\" data-id=\"e358532\" data-element_type=\"column\">\n\t\t\t<div class=\"elementor-widget-wrap elementor-element-populated\">\n\t\t\t\t\t\t<div class=\"elementor-element elementor-element-d1bd203 elementor-align-center elementor-widget__width-initial elementor-mobile-align-center animated-slow elementor-widget-mobile__width-initial elementor-invisible elementor-widget elementor-widget-button\" data-id=\"d1bd203\" data-element_type=\"widget\" data-settings=\"{&quot;_animation&quot;:&quot;bounceIn&quot;,&quot;_animation_delay&quot;:1500}\" data-widget_type=\"button.default\">\n\t\t\t\t<div class=\"elementor-widget-container\">\n\t\t\t\t\t<div class=\"elementor-button-wrapper\">\n\t\t\t<a class=\"elementor-button elementor-button-link elementor-size-xs\" href=\"https:\/\/albadocilia.cultura.gov.it\/wp-content\/uploads\/2023\/06\/impluvium_peristilio_canaletta.jpg\">\n\t\t\t\t\t\t<span class=\"elementor-button-content-wrapper\">\n\t\t\t\t\t\t<span class=\"elementor-button-icon elementor-align-icon-left\">\n\t\t\t\t<svg xmlns=\"http:\/\/www.w3.org\/2000\/svg\" width=\"24\" height=\"24\" viewBox=\"0 0 24 24\"><path d=\"M5 5h-3v-1h3v1zm8 5c-1.654 0-3 1.346-3 3s1.346 3 3 3 3-1.346 3-3-1.346-3-3-3zm11-4v15h-24v-15h5.93c.669 0 1.293-.334 1.664-.891l1.406-2.109h8l1.406 2.109c.371.557.995.891 1.664.891h3.93zm-19 4c0-.552-.447-1-1-1-.553 0-1 .448-1 1s.447 1 1 1c.553 0 1-.448 1-1zm13 3c0-2.761-2.239-5-5-5s-5 2.239-5 5 2.239 5 5 5 5-2.239 5-5z\"><\/path><\/svg>\t\t\t<\/span>\n\t\t\t\t\t\t<span class=\"elementor-button-text\"><\/span>\n\t\t<\/span>\n\t\t\t\t\t<\/a>\n\t\t<\/div>\n\t\t\t\t<\/div>\n\t\t\t\t<\/div>\n\t\t\t\t\t<\/div>\n\t\t<\/div>\n\t\t\t\t\t<\/div>\n\t\t<\/section>\n\t\t\t\t<section class=\"elementor-section elementor-inner-section elementor-element elementor-element-704e7f8 elementor-section-boxed elementor-section-height-default elementor-section-height-default\" data-id=\"704e7f8\" data-element_type=\"section\">\n\t\t\t\t\t\t<div class=\"elementor-container elementor-column-gap-default\">\n\t\t\t\t\t<div class=\"elementor-column elementor-col-100 elementor-inner-column elementor-element elementor-element-554a6fd\" data-id=\"554a6fd\" data-element_type=\"column\">\n\t\t\t<div class=\"elementor-widget-wrap elementor-element-populated\">\n\t\t\t\t\t\t<div class=\"elementor-element elementor-element-d0e903f elementor-align-center elementor-widget__width-initial elementor-mobile-align-center animated-slow elementor-widget-mobile__width-initial elementor-invisible elementor-widget elementor-widget-button\" data-id=\"d0e903f\" data-element_type=\"widget\" data-settings=\"{&quot;_animation&quot;:&quot;bounceIn&quot;,&quot;_animation_delay&quot;:1500}\" data-widget_type=\"button.default\">\n\t\t\t\t<div class=\"elementor-widget-container\">\n\t\t\t\t\t<div class=\"elementor-button-wrapper\">\n\t\t\t<a class=\"elementor-button elementor-button-link elementor-size-xs\" href=\"https:\/\/albadocilia.cultura.gov.it\/wp-content\/uploads\/2023\/06\/generale-da-sud_.jpg\">\n\t\t\t\t\t\t<span class=\"elementor-button-content-wrapper\">\n\t\t\t\t\t\t<span class=\"elementor-button-icon elementor-align-icon-left\">\n\t\t\t\t<svg xmlns=\"http:\/\/www.w3.org\/2000\/svg\" width=\"24\" height=\"24\" viewBox=\"0 0 24 24\"><path d=\"M5 5h-3v-1h3v1zm8 5c-1.654 0-3 1.346-3 3s1.346 3 3 3 3-1.346 3-3-1.346-3-3-3zm11-4v15h-24v-15h5.93c.669 0 1.293-.334 1.664-.891l1.406-2.109h8l1.406 2.109c.371.557.995.891 1.664.891h3.93zm-19 4c0-.552-.447-1-1-1-.553 0-1 .448-1 1s.447 1 1 1c.553 0 1-.448 1-1zm13 3c0-2.761-2.239-5-5-5s-5 2.239-5 5 2.239 5 5 5 5-2.239 5-5z\"><\/path><\/svg>\t\t\t<\/span>\n\t\t\t\t\t\t<span class=\"elementor-button-text\"><\/span>\n\t\t<\/span>\n\t\t\t\t\t<\/a>\n\t\t<\/div>\n\t\t\t\t<\/div>\n\t\t\t\t<\/div>\n\t\t\t\t\t<\/div>\n\t\t<\/div>\n\t\t\t\t\t<\/div>\n\t\t<\/section>\n\t\t\t\t\t<\/div>\n\t\t<\/div>\n\t\t\t\t\t<\/div>\n\t\t<\/section>\n\t\t\t\t<section class=\"elementor-section elementor-top-section elementor-element elementor-element-a2c503f elementor-section-stretched elementor-section-boxed elementor-section-height-default elementor-section-height-default\" data-id=\"a2c503f\" data-element_type=\"section\" data-settings=\"{&quot;stretch_section&quot;:&quot;section-stretched&quot;,&quot;background_background&quot;:&quot;classic&quot;}\">\n\t\t\t\t\t\t<div class=\"elementor-container elementor-column-gap-default\">\n\t\t\t\t\t<div class=\"elementor-column elementor-col-100 elementor-top-column elementor-element elementor-element-d62f554\" data-id=\"d62f554\" data-element_type=\"column\">\n\t\t\t<div class=\"elementor-widget-wrap elementor-element-populated\">\n\t\t\t\t\t\t<div class=\"elementor-element elementor-element-6363a2a animated-fast elementor-invisible elementor-widget elementor-widget-image\" data-id=\"6363a2a\" data-element_type=\"widget\" data-settings=\"{&quot;_animation&quot;:&quot;fadeInRight&quot;}\" data-widget_type=\"image.default\">\n\t\t\t\t<div class=\"elementor-widget-container\">\n\t\t\t\t\t\t\t\t\t\t\t\t\t<img decoding=\"async\" src=\"https:\/\/albadocilia.cultura.gov.it\/wp-content\/uploads\/elementor\/thumbs\/iconmonstr-arrow-down-alt-filled-240_su-q8dkgle9822yiajdu7ue3ku5gopdhevbhzllf36xvk.png\" title=\"\" alt=\"\" loading=\"lazy\" \/>\t\t\t\t\t\t\t\t\t\t\t\t\t<\/div>\n\t\t\t\t<\/div>\n\t\t\t\t\t<\/div>\n\t\t<\/div>\n\t\t\t\t\t<\/div>\n\t\t<\/section>\n\t\t\t\t<section class=\"elementor-section elementor-top-section elementor-element elementor-element-e8276d9 elementor-section-stretched elementor-section-boxed elementor-section-height-default elementor-section-height-default\" data-id=\"e8276d9\" data-element_type=\"section\" data-settings=\"{&quot;stretch_section&quot;:&quot;section-stretched&quot;,&quot;background_background&quot;:&quot;classic&quot;}\">\n\t\t\t\t\t\t<div class=\"elementor-container elementor-column-gap-default\">\n\t\t\t\t\t<div class=\"elementor-column elementor-col-100 elementor-top-column elementor-element elementor-element-935c790\" data-id=\"935c790\" data-element_type=\"column\">\n\t\t\t<div class=\"elementor-widget-wrap elementor-element-populated\">\n\t\t\t\t\t\t<div class=\"elementor-element elementor-element-795f299 animated-fast elementor-invisible elementor-widget elementor-widget-text-editor\" data-id=\"795f299\" data-element_type=\"widget\" data-settings=\"{&quot;_animation&quot;:&quot;fadeInRight&quot;}\" data-widget_type=\"text-editor.default\">\n\t\t\t\t<div class=\"elementor-widget-container\">\n\t\t\t\t\t\t\t<p style=\"text-align: center;\"><span style=\"color: #ffff00;\"><span style=\"color: #ff8800;\">Ambienti ad uso abitativo<\/span><\/span><\/p>\t\t\t\t\t\t<\/div>\n\t\t\t\t<\/div>\n\t\t\t\t\t<\/div>\n\t\t<\/div>\n\t\t\t\t\t<\/div>\n\t\t<\/section>\n\t\t\t\t<section class=\"elementor-section elementor-top-section elementor-element elementor-element-1404bc2 elementor-section-boxed elementor-section-height-default elementor-section-height-default\" data-id=\"1404bc2\" data-element_type=\"section\">\n\t\t\t\t\t\t<div class=\"elementor-container elementor-column-gap-default\">\n\t\t\t\t\t<div class=\"elementor-column elementor-col-100 elementor-top-column elementor-element elementor-element-c836942\" data-id=\"c836942\" data-element_type=\"column\">\n\t\t\t<div class=\"elementor-widget-wrap elementor-element-populated\">\n\t\t\t\t\t\t<div class=\"elementor-element elementor-element-03065f4 elementor-widget elementor-widget-heading\" data-id=\"03065f4\" data-element_type=\"widget\" data-widget_type=\"heading.default\">\n\t\t\t\t<div class=\"elementor-widget-container\">\n\t\t\t<h2 class=\"elementor-heading-title elementor-size-default\">I ritrovamenti<\/h2>\t\t<\/div>\n\t\t\t\t<\/div>\n\t\t\t\t<section class=\"elementor-section elementor-inner-section elementor-element elementor-element-0138894 elementor-section-boxed elementor-section-height-default elementor-section-height-default\" data-id=\"0138894\" data-element_type=\"section\">\n\t\t\t\t\t\t<div class=\"elementor-container elementor-column-gap-default\">\n\t\t\t\t\t<div class=\"elementor-column elementor-col-50 elementor-inner-column elementor-element elementor-element-2f0d40e\" data-id=\"2f0d40e\" data-element_type=\"column\">\n\t\t\t<div class=\"elementor-widget-wrap elementor-element-populated\">\n\t\t\t\t\t\t<div class=\"elementor-element elementor-element-eebf1b8 elementor-widget elementor-widget-text-editor\" data-id=\"eebf1b8\" data-element_type=\"widget\" data-widget_type=\"text-editor.default\">\n\t\t\t\t<div class=\"elementor-widget-container\">\n\t\t\t\t\t\t\t<p>Entrando maggiormente nel dettaglio: per quanto riguarda la <a href=\"https:\/\/albadocilia.cultura.gov.it\/?page_id=1249#pars-urbana\" target=\"_blank\" rel=\"noopener\"><span style=\"color: #000000;\"><em><u>pars urbana<\/u><\/em><\/span><\/a>, disponiamo sia di testimonianze strutturali, che ancora vediamo in posto\u00a0 \u0336\u00a0 ossia le fondamenta dei muri che formavano gli ambienti, fatte di ciottoli di fiume e malta\u00a0 \u0336\u00a0 sia di reperti rinvenuti durante gli scavi che si sono succeduti fin dalla fine del 1800 (accedi da qui al contenuto speciale <u>\u201c<span style=\"color: #000000;\"><a style=\"color: #000000;\" href=\"https:\/\/albadocilia.cultura.gov.it\/?page_id=4579\" target=\"_blank\" rel=\"noopener\">La storia degli scavi ma non solo<\/a><\/span>\u201d<\/u>). Essi sono stati raccolti, catalogati e collocati in appositi luoghi di tutela.<br \/>Ci\u00f2 che possiamo vedere oggi visitando l\u2019Area Archeologica di <span style=\"color: #000000;\"><a style=\"color: #000000;\" href=\"https:\/\/albadocilia.cultura.gov.it\/?page_id=1249#alba-docilia\" target=\"_blank\" rel=\"noopener\"><em><u>Alba Docilia<\/u><\/em><\/a><\/span> ci consente, anche se solo in parte, di immaginare come fosse la <span style=\"color: #000000;\"><a style=\"color: #000000;\" href=\"https:\/\/albadocilia.cultura.gov.it\/?page_id=1249#villa\" target=\"_blank\" rel=\"noopener\"><em><u>villa<\/u><\/em><\/a><\/span> in epoca romana e come si svolgesse la vita delle persone al suo interno. Grazie al lavoro degli archeologi, sono le strutture a parlarci, insieme ai reperti rinvenuti. E\u2019 pressoch\u00e9 certo, come accennato, che i cortili a cielo aperto fossero due, uno pi\u00f9 piccolo a ovest, ancora oggi ben riconoscibile, e uno pi\u00f9 ampio a est, individuato in parte durante le campagne di scavo degli anni Settanta del Novecento e successivamente ricoperto dalla attuale pavimentazione. Il cortile pi\u00f9 piccolo ospitava, molto probabilmente, una vasca rivestita in laterizi e cocciopesto, non pi\u00f9 visibile, con funzione di bacino di raccolta dell\u2019acqua piovana (<span style=\"color: #000000;\"><a style=\"color: #000000;\" href=\"https:\/\/albadocilia.cultura.gov.it\/?page_id=1249#impluvium\" target=\"_blank\" rel=\"noopener\"><em><u>impluvium<\/u><\/em><\/a><\/span><u>)<\/u> che defluiva verso nord\/ovest attraverso una canaletta, ancora oggi visibile, costruita sotto i piani pavimentali, non pi\u00f9 esistenti.<\/p>\t\t\t\t\t\t<\/div>\n\t\t\t\t<\/div>\n\t\t\t\t\t<\/div>\n\t\t<\/div>\n\t\t\t\t<div class=\"elementor-column elementor-col-50 elementor-inner-column elementor-element elementor-element-e0e8d49\" data-id=\"e0e8d49\" data-element_type=\"column\">\n\t\t\t<div class=\"elementor-widget-wrap elementor-element-populated\">\n\t\t\t\t\t\t<div class=\"elementor-element elementor-element-491df42 elementor-widget__width-initial elementor-widget elementor-widget-text-editor\" data-id=\"491df42\" data-element_type=\"widget\" data-widget_type=\"text-editor.default\">\n\t\t\t\t<div class=\"elementor-widget-container\">\n\t\t\t\t\t\t\t<p>Sui quattro lati dell\u2019<span style=\"color: #000000;\"><a style=\"color: #000000;\" href=\"https:\/\/albadocilia.cultura.gov.it\/?page_id=1249#impluvium\" target=\"_blank\" rel=\"noopener\"><em><u>impluvium<\/u><\/em><\/a><\/span> si affacciava il porticato coperto che comunicava direttamente con le varie stanze, disposte una accanto all\u2019altra, che lo circondavano.<br \/>Sappiamo inoltre che alcuni dei locali a nord dei cortili e dei porticati, erano dotati di un sistema di riscaldamento tramite circolazione d\u2019aria calda che scorreva sotto i pavimenti, in intercapedini sorrette da colonnine di laterizi (<span style=\"color: #000000;\"><a style=\"color: #000000;\" href=\"https:\/\/albadocilia.cultura.gov.it\/?page_id=1249#hypocaustum\" target=\"_blank\" rel=\"noopener\"><em><u>hypocaustum<\/u><\/em><\/a><\/span>) e all\u2019interno dello spessore delle pareti.<br \/>Grazie ai reperti rinvenuti, \u00e8 certo che gli spazi della\u00a0<span style=\"text-decoration: underline;\"><span style=\"color: #000000;\"><a style=\"color: #000000;\" href=\"https:\/\/albadocilia.cultura.gov.it\/?page_id=1249#pars-urbana\" target=\"_blank\" rel=\"noopener\"><em>pars urbana<\/em><\/a><\/span><\/span> fossero ornati mediante un <u><span style=\"color: #000000;\"><a style=\"color: #000000;\" href=\"https:\/\/albadocilia.cultura.gov.it\/?page_id=5187\" target=\"_blank\" rel=\"noopener\">apparato decorativo e architettonico (link all\u2019area tematica<\/a><\/span>)<\/u> di grande gusto estetico e che le persone che vi abitavano svolgevano le abituali attivit\u00e0 di vita quotidiana, servendosi, esattamente come noi oggi, di oggetti di uso comune: alcuni di essi li conosciamo grazie al fatto che, per la maggior parte frammentari, sono stati rinvenuti negli strati di terreno scavati dagli archeologi all\u2019interno dei vani.<br \/>Si tratta per lo pi\u00f9 di manufatti comunemente utilizzati in cucina, per la preparazione e la cottura dei cibi, o sulla tavola e di lucerne.<br \/>Qui vi proponiamo reperti in ceramica ma non dobbiamo dimenticare che molto spesso comparivano anche oggetti in vetro (bottiglie, bicchieri, coppe) e, sulle mense pi\u00f9 ricche, contenitori in metallo, anche prezioso.<\/p>\t\t\t\t\t\t<\/div>\n\t\t\t\t<\/div>\n\t\t\t\t\t<\/div>\n\t\t<\/div>\n\t\t\t\t\t<\/div>\n\t\t<\/section>\n\t\t\t\t\t<\/div>\n\t\t<\/div>\n\t\t\t\t\t<\/div>\n\t\t<\/section>\n\t\t\t\t<section class=\"elementor-section elementor-top-section elementor-element elementor-element-b118bcc elementor-section-stretched elementor-section-boxed elementor-section-height-default elementor-section-height-default\" data-id=\"b118bcc\" data-element_type=\"section\" data-settings=\"{&quot;background_background&quot;:&quot;classic&quot;,&quot;stretch_section&quot;:&quot;section-stretched&quot;}\">\n\t\t\t\t\t\t<div class=\"elementor-container elementor-column-gap-default\">\n\t\t\t\t\t<div class=\"elementor-column elementor-col-33 elementor-top-column elementor-element elementor-element-f7a79cc\" data-id=\"f7a79cc\" data-element_type=\"column\">\n\t\t\t<div class=\"elementor-widget-wrap elementor-element-populated\">\n\t\t\t\t\t\t<div class=\"elementor-element elementor-element-0f640c9 elementor-widget elementor-widget-text-editor\" data-id=\"0f640c9\" data-element_type=\"widget\" data-widget_type=\"text-editor.default\">\n\t\t\t\t<div class=\"elementor-widget-container\">\n\t\t\t\t\t\t\t<p><span style=\"color: #ffffff;\"><strong>OLLA<br \/><\/strong><strong>Nome<\/strong>: olla<\/span><br \/><span style=\"color: #ffffff;\"><strong>Classe<\/strong>: ceramica comune<\/span><br \/><span style=\"color: #ffffff;\"><strong>Materiale<\/strong>: argilla<\/span><br \/><span style=\"color: #ffffff;\"><strong>Datazione<\/strong>: II-III secolo d.C.<\/span><br \/><span style=\"color: #ffffff;\"><strong>Misure<\/strong>: h 16 cm; diametro 25 cm<\/span><br \/><span style=\"color: #ffffff;\"><strong>Dove si trova ora<\/strong>: Depositi Soprintendenza, Genova<\/span><br \/><span style=\"color: #ffffff;\"><strong>Note<\/strong>: rinvenuta frammentaria,<\/span><br \/><span style=\"color: #ffffff;\">ricomposta integrata.<\/span><\/p>\t\t\t\t\t\t<\/div>\n\t\t\t\t<\/div>\n\t\t\t\t\t<\/div>\n\t\t<\/div>\n\t\t\t\t<div class=\"elementor-column elementor-col-33 elementor-top-column elementor-element elementor-element-72460d1\" data-id=\"72460d1\" data-element_type=\"column\">\n\t\t\t<div class=\"elementor-widget-wrap elementor-element-populated\">\n\t\t\t\t\t\t<div class=\"elementor-element elementor-element-e285d92 elementor-arrows-position-inside elementor-widget elementor-widget-image-carousel\" data-id=\"e285d92\" data-element_type=\"widget\" data-settings=\"{&quot;slides_to_show&quot;:&quot;1&quot;,&quot;navigation&quot;:&quot;arrows&quot;,&quot;autoplay&quot;:&quot;no&quot;,&quot;infinite&quot;:&quot;yes&quot;,&quot;effect&quot;:&quot;slide&quot;,&quot;speed&quot;:500}\" data-widget_type=\"image-carousel.default\">\n\t\t\t\t<div class=\"elementor-widget-container\">\n\t\t\t<style>\/*! elementor - v3.19.0 - 28-02-2024 *\/\n.elementor-widget-image-carousel .swiper,.elementor-widget-image-carousel .swiper-container{position:static}.elementor-widget-image-carousel .swiper-container .swiper-slide figure,.elementor-widget-image-carousel .swiper .swiper-slide figure{line-height:inherit}.elementor-widget-image-carousel .swiper-slide{text-align:center}.elementor-image-carousel-wrapper:not(.swiper-container-initialized):not(.swiper-initialized) .swiper-slide{max-width:calc(100% \/ var(--e-image-carousel-slides-to-show, 3))}<\/style>\t\t<div class=\"elementor-image-carousel-wrapper swiper-container\" dir=\"ltr\">\n\t\t\t<div class=\"elementor-image-carousel swiper-wrapper\" aria-live=\"polite\">\n\t\t\t\t\t\t\t\t<div class=\"swiper-slide\" role=\"group\" aria-roledescription=\"slide\" aria-label=\"1 di 3\"><a data-elementor-open-lightbox=\"yes\" data-elementor-lightbox-slideshow=\"e285d92\" data-e-action-hash=\"#elementor-action%3Aaction%3Dlightbox%26settings%3DeyJpZCI6MTgyMCwidXJsIjoiaHR0cHM6XC9cL2FsYmFkb2NpbGlhLmN1bHR1cmEuZ292Lml0XC93cC1jb250ZW50XC91cGxvYWRzXC8yMDIyXC8xMlwvNjMwXzEtc2NhbGVkLmpwZyIsInNsaWRlc2hvdyI6ImUyODVkOTIifQ%3D%3D\" href=\"https:\/\/albadocilia.cultura.gov.it\/wp-content\/uploads\/2022\/12\/630_1-scaled.jpg\"><figure class=\"swiper-slide-inner\"><img decoding=\"async\" class=\"swiper-slide-image\" src=\"https:\/\/albadocilia.cultura.gov.it\/wp-content\/uploads\/2022\/12\/630_1-2048x2048.jpg\" alt=\"\" \/><\/figure><\/a><\/div><div class=\"swiper-slide\" role=\"group\" aria-roledescription=\"slide\" aria-label=\"2 di 3\"><a data-elementor-open-lightbox=\"yes\" data-elementor-lightbox-slideshow=\"e285d92\" data-e-action-hash=\"#elementor-action%3Aaction%3Dlightbox%26settings%3DeyJpZCI6MTgyMSwidXJsIjoiaHR0cHM6XC9cL2FsYmFkb2NpbGlhLmN1bHR1cmEuZ292Lml0XC93cC1jb250ZW50XC91cGxvYWRzXC8yMDIyXC8xMlwvNjMwXzItc2NhbGVkLmpwZyIsInNsaWRlc2hvdyI6ImUyODVkOTIifQ%3D%3D\" href=\"https:\/\/albadocilia.cultura.gov.it\/wp-content\/uploads\/2022\/12\/630_2-scaled.jpg\"><figure class=\"swiper-slide-inner\"><img decoding=\"async\" class=\"swiper-slide-image\" src=\"https:\/\/albadocilia.cultura.gov.it\/wp-content\/uploads\/2022\/12\/630_2-2048x2048.jpg\" alt=\"\" \/><\/figure><\/a><\/div><div class=\"swiper-slide\" role=\"group\" aria-roledescription=\"slide\" aria-label=\"3 di 3\"><a data-elementor-open-lightbox=\"yes\" data-elementor-lightbox-slideshow=\"e285d92\" data-e-action-hash=\"#elementor-action%3Aaction%3Dlightbox%26settings%3DeyJpZCI6MTgyMiwidXJsIjoiaHR0cHM6XC9cL2FsYmFkb2NpbGlhLmN1bHR1cmEuZ292Lml0XC93cC1jb250ZW50XC91cGxvYWRzXC8yMDIyXC8xMlwvNjMwXzMtc2NhbGVkLmpwZyIsInNsaWRlc2hvdyI6ImUyODVkOTIifQ%3D%3D\" href=\"https:\/\/albadocilia.cultura.gov.it\/wp-content\/uploads\/2022\/12\/630_3-scaled.jpg\"><figure class=\"swiper-slide-inner\"><img decoding=\"async\" class=\"swiper-slide-image\" src=\"https:\/\/albadocilia.cultura.gov.it\/wp-content\/uploads\/2022\/12\/630_3-2048x2048.jpg\" alt=\"\" \/><\/figure><\/a><\/div>\t\t\t<\/div>\n\t\t\t\t\t\t\t\t\t\t\t\t<div class=\"elementor-swiper-button elementor-swiper-button-prev\" role=\"button\" tabindex=\"0\">\n\t\t\t\t\t\t<i aria-hidden=\"true\" class=\"eicon-chevron-left\"><\/i>\t\t\t\t\t<\/div>\n\t\t\t\t\t<div class=\"elementor-swiper-button elementor-swiper-button-next\" role=\"button\" tabindex=\"0\">\n\t\t\t\t\t\t<i aria-hidden=\"true\" class=\"eicon-chevron-right\"><\/i>\t\t\t\t\t<\/div>\n\t\t\t\t\n\t\t\t\t\t\t\t\t\t<\/div>\n\t\t\t\t<\/div>\n\t\t\t\t<\/div>\n\t\t\t\t\t<\/div>\n\t\t<\/div>\n\t\t\t\t<div class=\"elementor-column elementor-col-33 elementor-top-column elementor-element elementor-element-a6ebafe\" data-id=\"a6ebafe\" data-element_type=\"column\">\n\t\t\t<div class=\"elementor-widget-wrap elementor-element-populated\">\n\t\t\t\t\t\t<div class=\"elementor-element elementor-element-9e80c23 elementor-widget elementor-widget-text-editor\" data-id=\"9e80c23\" data-element_type=\"widget\" data-widget_type=\"text-editor.default\">\n\t\t\t\t<div class=\"elementor-widget-container\">\n\t\t\t\t\t\t\t<p><span style=\"color: #ffffff;\">Questo oggetto \u00e8 un&#8217;olla, ossia una pentola. O meglio, ci\u00f2 che ne resta. Sono stati ritrovati pochi frammenti ma in numero sufficiente per poterne ricostruire la forma. Anche se si tratta solo di un tegame per cuocere il cibo, capiamo che si trattava di un oggetto di qualit\u00e0 dalla presenza della decorazione, sia sull&#8217;orlo, sia sulla parete esterna.<\/span><\/p>\t\t\t\t\t\t<\/div>\n\t\t\t\t<\/div>\n\t\t\t\t\t<\/div>\n\t\t<\/div>\n\t\t\t\t\t<\/div>\n\t\t<\/section>\n\t\t\t\t<section class=\"elementor-section elementor-top-section elementor-element elementor-element-03d7f7a elementor-section-stretched elementor-section-boxed elementor-section-height-default elementor-section-height-default\" data-id=\"03d7f7a\" data-element_type=\"section\" data-settings=\"{&quot;stretch_section&quot;:&quot;section-stretched&quot;,&quot;background_background&quot;:&quot;classic&quot;}\">\n\t\t\t\t\t\t<div class=\"elementor-container elementor-column-gap-default\">\n\t\t\t\t\t<div class=\"elementor-column elementor-col-100 elementor-top-column elementor-element elementor-element-8b205de\" data-id=\"8b205de\" data-element_type=\"column\">\n\t\t\t<div class=\"elementor-widget-wrap elementor-element-populated\">\n\t\t\t\t\t\t<div class=\"elementor-element elementor-element-1b7dd12 elementor-widget-divider--separator-type-pattern elementor-widget-divider--no-spacing elementor-widget-divider--view-line elementor-widget elementor-widget-divider\" data-id=\"1b7dd12\" data-element_type=\"widget\" data-widget_type=\"divider.default\">\n\t\t\t\t<div class=\"elementor-widget-container\">\n\t\t\t<style>\/*! elementor - v3.19.0 - 28-02-2024 *\/\n.elementor-widget-divider{--divider-border-style:none;--divider-border-width:1px;--divider-color:#0c0d0e;--divider-icon-size:20px;--divider-element-spacing:10px;--divider-pattern-height:24px;--divider-pattern-size:20px;--divider-pattern-url:none;--divider-pattern-repeat:repeat-x}.elementor-widget-divider .elementor-divider{display:flex}.elementor-widget-divider .elementor-divider__text{font-size:15px;line-height:1;max-width:95%}.elementor-widget-divider .elementor-divider__element{margin:0 var(--divider-element-spacing);flex-shrink:0}.elementor-widget-divider .elementor-icon{font-size:var(--divider-icon-size)}.elementor-widget-divider .elementor-divider-separator{display:flex;margin:0;direction:ltr}.elementor-widget-divider--view-line_icon .elementor-divider-separator,.elementor-widget-divider--view-line_text .elementor-divider-separator{align-items:center}.elementor-widget-divider--view-line_icon .elementor-divider-separator:after,.elementor-widget-divider--view-line_icon .elementor-divider-separator:before,.elementor-widget-divider--view-line_text .elementor-divider-separator:after,.elementor-widget-divider--view-line_text .elementor-divider-separator:before{display:block;content:\"\";border-block-end:0;flex-grow:1;border-block-start:var(--divider-border-width) var(--divider-border-style) var(--divider-color)}.elementor-widget-divider--element-align-left .elementor-divider .elementor-divider-separator>.elementor-divider__svg:first-of-type{flex-grow:0;flex-shrink:100}.elementor-widget-divider--element-align-left .elementor-divider-separator:before{content:none}.elementor-widget-divider--element-align-left .elementor-divider__element{margin-left:0}.elementor-widget-divider--element-align-right .elementor-divider .elementor-divider-separator>.elementor-divider__svg:last-of-type{flex-grow:0;flex-shrink:100}.elementor-widget-divider--element-align-right .elementor-divider-separator:after{content:none}.elementor-widget-divider--element-align-right .elementor-divider__element{margin-right:0}.elementor-widget-divider--element-align-start .elementor-divider .elementor-divider-separator>.elementor-divider__svg:first-of-type{flex-grow:0;flex-shrink:100}.elementor-widget-divider--element-align-start .elementor-divider-separator:before{content:none}.elementor-widget-divider--element-align-start .elementor-divider__element{margin-inline-start:0}.elementor-widget-divider--element-align-end .elementor-divider .elementor-divider-separator>.elementor-divider__svg:last-of-type{flex-grow:0;flex-shrink:100}.elementor-widget-divider--element-align-end .elementor-divider-separator:after{content:none}.elementor-widget-divider--element-align-end .elementor-divider__element{margin-inline-end:0}.elementor-widget-divider:not(.elementor-widget-divider--view-line_text):not(.elementor-widget-divider--view-line_icon) .elementor-divider-separator{border-block-start:var(--divider-border-width) var(--divider-border-style) var(--divider-color)}.elementor-widget-divider--separator-type-pattern{--divider-border-style:none}.elementor-widget-divider--separator-type-pattern.elementor-widget-divider--view-line .elementor-divider-separator,.elementor-widget-divider--separator-type-pattern:not(.elementor-widget-divider--view-line) .elementor-divider-separator:after,.elementor-widget-divider--separator-type-pattern:not(.elementor-widget-divider--view-line) .elementor-divider-separator:before,.elementor-widget-divider--separator-type-pattern:not([class*=elementor-widget-divider--view]) .elementor-divider-separator{width:100%;min-height:var(--divider-pattern-height);-webkit-mask-size:var(--divider-pattern-size) 100%;mask-size:var(--divider-pattern-size) 100%;-webkit-mask-repeat:var(--divider-pattern-repeat);mask-repeat:var(--divider-pattern-repeat);background-color:var(--divider-color);-webkit-mask-image:var(--divider-pattern-url);mask-image:var(--divider-pattern-url)}.elementor-widget-divider--no-spacing{--divider-pattern-size:auto}.elementor-widget-divider--bg-round{--divider-pattern-repeat:round}.rtl .elementor-widget-divider .elementor-divider__text{direction:rtl}.e-con-inner>.elementor-widget-divider,.e-con>.elementor-widget-divider{width:var(--container-widget-width,100%);--flex-grow:var(--container-widget-flex-grow)}<\/style>\t\t<div class=\"elementor-divider\" style=\"--divider-pattern-url: url(&quot;data:image\/svg+xml,%3Csvg xmlns=&#039;http:\/\/www.w3.org\/2000\/svg&#039; preserveAspectRatio=&#039;xMidYMid meet&#039; overflow=&#039;visible&#039; height=&#039;100%&#039; viewBox=&#039;0 0 126 26&#039; fill=&#039;black&#039; stroke=&#039;none&#039;%3E%3Cpath d=&#039;M46.8,7.8v11.5L36,18.6V7.8H46.8z M82.4,7.8L84,18.6l-12,0.7L70.4,7.8H82.4z M0,7.8l12,0.9v9.9H1.3L0,7.8z M30,7.8v10.8H19L18,7.8H30z M63.7,7.8L66,18.6H54V9.5L63.7,7.8z M89.8,7L102,7.8v10.8H91.2L89.8,7zM108,7.8l12,0.9v8.9l-12,1V7.8z&#039;\/%3E%3C\/svg%3E&quot;);\">\n\t\t\t<span class=\"elementor-divider-separator\">\n\t\t\t\t\t\t<\/span>\n\t\t<\/div>\n\t\t\t\t<\/div>\n\t\t\t\t<\/div>\n\t\t\t\t\t<\/div>\n\t\t<\/div>\n\t\t\t\t\t<\/div>\n\t\t<\/section>\n\t\t\t\t<section class=\"elementor-section elementor-top-section elementor-element elementor-element-f2d1c5a elementor-section-stretched elementor-section-boxed elementor-section-height-default elementor-section-height-default\" data-id=\"f2d1c5a\" data-element_type=\"section\" data-settings=\"{&quot;background_background&quot;:&quot;classic&quot;,&quot;stretch_section&quot;:&quot;section-stretched&quot;}\">\n\t\t\t\t\t\t<div class=\"elementor-container elementor-column-gap-default\">\n\t\t\t\t\t<div class=\"elementor-column elementor-col-33 elementor-top-column elementor-element elementor-element-5410c5f\" data-id=\"5410c5f\" data-element_type=\"column\">\n\t\t\t<div class=\"elementor-widget-wrap elementor-element-populated\">\n\t\t\t\t\t\t<div class=\"elementor-element elementor-element-d6d53d4 elementor-widget elementor-widget-text-editor\" data-id=\"d6d53d4\" data-element_type=\"widget\" data-widget_type=\"text-editor.default\">\n\t\t\t\t<div class=\"elementor-widget-container\">\n\t\t\t\t\t\t\t<p style=\"text-align: left;\"><span style=\"color: #ffffff;\"><strong>TEGAME A PATINA CINEROGNOLA<\/strong><strong style=\"font-style: inherit;\"><br \/>Nome<\/strong><span style=\"font-style: inherit; font-weight: inherit;\">: tegame a patina\u00a0<\/span><span style=\"font-style: inherit; font-weight: inherit;\">cinerognola<\/span><strong style=\"font-style: inherit;\"><br \/>Classe<\/strong><span style=\"font-style: inherit; font-weight: inherit;\">: ceramica africana da cucina<\/span><strong style=\"font-style: inherit;\"><br \/>Materiale<\/strong><span style=\"font-style: inherit; font-weight: inherit;\">: argilla<\/span><strong style=\"font-style: inherit;\"><br \/>Datazione<\/strong><span style=\"font-style: inherit; font-weight: inherit;\">: II-III secolo d.C.<\/span><span style=\"font-style: inherit; font-weight: inherit;\"><br \/>Misure<\/span><span style=\"font-style: inherit; font-weight: inherit;\">: h 12,5 cm; diam. 22,5 cm<\/span><span style=\"font-style: inherit; font-weight: inherit;\"><br \/><strong>Dove si trova ora<\/strong><\/span><span style=\"font-style: inherit; font-weight: inherit;\">: Depositi Soprintendenza, Genova<\/span><strong style=\"font-style: inherit;\"><br \/>Note<\/strong><span style=\"font-style: inherit; font-weight: inherit;\">: rinvenuta frammentaria,\u00a0<\/span><span style=\"font-style: inherit; font-weight: inherit;\">ricomposta integrata.<\/span><\/span><\/p>\t\t\t\t\t\t<\/div>\n\t\t\t\t<\/div>\n\t\t\t\t\t<\/div>\n\t\t<\/div>\n\t\t\t\t<div class=\"elementor-column elementor-col-33 elementor-top-column elementor-element elementor-element-6eecbdd\" data-id=\"6eecbdd\" data-element_type=\"column\">\n\t\t\t<div class=\"elementor-widget-wrap elementor-element-populated\">\n\t\t\t\t\t\t<div class=\"elementor-element elementor-element-7de7a21 elementor-arrows-position-inside elementor-widget elementor-widget-image-carousel\" data-id=\"7de7a21\" data-element_type=\"widget\" data-settings=\"{&quot;slides_to_show&quot;:&quot;1&quot;,&quot;navigation&quot;:&quot;arrows&quot;,&quot;autoplay&quot;:&quot;no&quot;,&quot;infinite&quot;:&quot;yes&quot;,&quot;effect&quot;:&quot;slide&quot;,&quot;speed&quot;:500}\" data-widget_type=\"image-carousel.default\">\n\t\t\t\t<div class=\"elementor-widget-container\">\n\t\t\t\t\t<div class=\"elementor-image-carousel-wrapper swiper-container\" dir=\"ltr\">\n\t\t\t<div class=\"elementor-image-carousel swiper-wrapper\" aria-live=\"polite\">\n\t\t\t\t\t\t\t\t<div class=\"swiper-slide\" role=\"group\" aria-roledescription=\"slide\" aria-label=\"1 di 3\"><a data-elementor-open-lightbox=\"yes\" data-elementor-lightbox-slideshow=\"7de7a21\" data-e-action-hash=\"#elementor-action%3Aaction%3Dlightbox%26settings%3DeyJpZCI6MTgyNywidXJsIjoiaHR0cHM6XC9cL2FsYmFkb2NpbGlhLmN1bHR1cmEuZ292Lml0XC93cC1jb250ZW50XC91cGxvYWRzXC8yMDIyXC8xMlwvODQ3OF8xLmpwZyIsInNsaWRlc2hvdyI6IjdkZTdhMjEifQ%3D%3D\" href=\"https:\/\/albadocilia.cultura.gov.it\/wp-content\/uploads\/2022\/12\/8478_1.jpg\"><figure class=\"swiper-slide-inner\"><img decoding=\"async\" class=\"swiper-slide-image\" src=\"https:\/\/albadocilia.cultura.gov.it\/wp-content\/uploads\/2022\/12\/8478_1.jpg\" alt=\"\" \/><\/figure><\/a><\/div><div class=\"swiper-slide\" role=\"group\" aria-roledescription=\"slide\" aria-label=\"2 di 3\"><a data-elementor-open-lightbox=\"yes\" data-elementor-lightbox-slideshow=\"7de7a21\" data-e-action-hash=\"#elementor-action%3Aaction%3Dlightbox%26settings%3DeyJpZCI6MTgyOCwidXJsIjoiaHR0cHM6XC9cL2FsYmFkb2NpbGlhLmN1bHR1cmEuZ292Lml0XC93cC1jb250ZW50XC91cGxvYWRzXC8yMDIyXC8xMlwvODQ3OF8yLmpwZyIsInNsaWRlc2hvdyI6IjdkZTdhMjEifQ%3D%3D\" href=\"https:\/\/albadocilia.cultura.gov.it\/wp-content\/uploads\/2022\/12\/8478_2.jpg\"><figure class=\"swiper-slide-inner\"><img decoding=\"async\" class=\"swiper-slide-image\" src=\"https:\/\/albadocilia.cultura.gov.it\/wp-content\/uploads\/2022\/12\/8478_2.jpg\" alt=\"\" \/><\/figure><\/a><\/div><div class=\"swiper-slide\" role=\"group\" aria-roledescription=\"slide\" aria-label=\"3 di 3\"><a data-elementor-open-lightbox=\"yes\" data-elementor-lightbox-slideshow=\"7de7a21\" data-e-action-hash=\"#elementor-action%3Aaction%3Dlightbox%26settings%3DeyJpZCI6MTgyOSwidXJsIjoiaHR0cHM6XC9cL2FsYmFkb2NpbGlhLmN1bHR1cmEuZ292Lml0XC93cC1jb250ZW50XC91cGxvYWRzXC8yMDIyXC8xMlwvODQ3OF8zLmpwZyIsInNsaWRlc2hvdyI6IjdkZTdhMjEifQ%3D%3D\" href=\"https:\/\/albadocilia.cultura.gov.it\/wp-content\/uploads\/2022\/12\/8478_3.jpg\"><figure class=\"swiper-slide-inner\"><img decoding=\"async\" class=\"swiper-slide-image\" src=\"https:\/\/albadocilia.cultura.gov.it\/wp-content\/uploads\/2022\/12\/8478_3.jpg\" alt=\"\" \/><\/figure><\/a><\/div>\t\t\t<\/div>\n\t\t\t\t\t\t\t\t\t\t\t\t<div class=\"elementor-swiper-button elementor-swiper-button-prev\" role=\"button\" tabindex=\"0\">\n\t\t\t\t\t\t<i aria-hidden=\"true\" class=\"eicon-chevron-left\"><\/i>\t\t\t\t\t<\/div>\n\t\t\t\t\t<div class=\"elementor-swiper-button elementor-swiper-button-next\" role=\"button\" tabindex=\"0\">\n\t\t\t\t\t\t<i aria-hidden=\"true\" class=\"eicon-chevron-right\"><\/i>\t\t\t\t\t<\/div>\n\t\t\t\t\n\t\t\t\t\t\t\t\t\t<\/div>\n\t\t\t\t<\/div>\n\t\t\t\t<\/div>\n\t\t\t\t\t<\/div>\n\t\t<\/div>\n\t\t\t\t<div class=\"elementor-column elementor-col-33 elementor-top-column elementor-element elementor-element-0d1096c\" data-id=\"0d1096c\" data-element_type=\"column\">\n\t\t\t<div class=\"elementor-widget-wrap elementor-element-populated\">\n\t\t\t\t\t\t<div class=\"elementor-element elementor-element-a9cb3b4 elementor-widget elementor-widget-text-editor\" data-id=\"a9cb3b4\" data-element_type=\"widget\" data-widget_type=\"text-editor.default\">\n\t\t\t\t<div class=\"elementor-widget-container\">\n\t\t\t\t\t\t\t<p><span style=\"color: #ffffff;\">Qui abbiamo un altro tegame per la cottura dei cibi. Il suo colore grigio, all&#8217;esterno non \u00e8 casuale ma ricercato: il ceramista adottava un sistema di cottura specifico dell&#8217;argilla in modo da ottenere un colore grigio solo all&#8217;esterno del tegame.<\/span><\/p>\t\t\t\t\t\t<\/div>\n\t\t\t\t<\/div>\n\t\t\t\t\t<\/div>\n\t\t<\/div>\n\t\t\t\t\t<\/div>\n\t\t<\/section>\n\t\t\t\t<section class=\"elementor-section elementor-top-section elementor-element elementor-element-23fea3d elementor-section-boxed elementor-section-height-default elementor-section-height-default\" data-id=\"23fea3d\" data-element_type=\"section\">\n\t\t\t\t\t\t<div class=\"elementor-container elementor-column-gap-default\">\n\t\t\t\t\t<div class=\"elementor-column elementor-col-100 elementor-top-column elementor-element elementor-element-93b2323\" data-id=\"93b2323\" data-element_type=\"column\">\n\t\t\t<div class=\"elementor-widget-wrap elementor-element-populated\">\n\t\t\t\t\t\t<div class=\"elementor-element elementor-element-36f6f18 elementor-widget-divider--separator-type-pattern elementor-widget-divider--no-spacing elementor-widget-divider--view-line elementor-widget elementor-widget-divider\" data-id=\"36f6f18\" data-element_type=\"widget\" data-widget_type=\"divider.default\">\n\t\t\t\t<div class=\"elementor-widget-container\">\n\t\t\t\t\t<div class=\"elementor-divider\" style=\"--divider-pattern-url: url(&quot;data:image\/svg+xml,%3Csvg xmlns=&#039;http:\/\/www.w3.org\/2000\/svg&#039; preserveAspectRatio=&#039;xMidYMid meet&#039; overflow=&#039;visible&#039; height=&#039;100%&#039; viewBox=&#039;0 0 126 26&#039; fill=&#039;black&#039; stroke=&#039;none&#039;%3E%3Cpath d=&#039;M46.8,7.8v11.5L36,18.6V7.8H46.8z M82.4,7.8L84,18.6l-12,0.7L70.4,7.8H82.4z M0,7.8l12,0.9v9.9H1.3L0,7.8z M30,7.8v10.8H19L18,7.8H30z M63.7,7.8L66,18.6H54V9.5L63.7,7.8z M89.8,7L102,7.8v10.8H91.2L89.8,7zM108,7.8l12,0.9v8.9l-12,1V7.8z&#039;\/%3E%3C\/svg%3E&quot;);\">\n\t\t\t<span class=\"elementor-divider-separator\">\n\t\t\t\t\t\t<\/span>\n\t\t<\/div>\n\t\t\t\t<\/div>\n\t\t\t\t<\/div>\n\t\t\t\t\t<\/div>\n\t\t<\/div>\n\t\t\t\t\t<\/div>\n\t\t<\/section>\n\t\t\t\t<section class=\"elementor-section elementor-top-section elementor-element elementor-element-9fcf6c3 elementor-section-stretched elementor-section-boxed elementor-section-height-default elementor-section-height-default\" data-id=\"9fcf6c3\" data-element_type=\"section\" data-settings=\"{&quot;background_background&quot;:&quot;classic&quot;,&quot;stretch_section&quot;:&quot;section-stretched&quot;}\">\n\t\t\t\t\t\t<div class=\"elementor-container elementor-column-gap-default\">\n\t\t\t\t\t<div class=\"elementor-column elementor-col-33 elementor-top-column elementor-element elementor-element-afaf2ed\" data-id=\"afaf2ed\" data-element_type=\"column\">\n\t\t\t<div class=\"elementor-widget-wrap elementor-element-populated\">\n\t\t\t\t\t\t<div class=\"elementor-element elementor-element-7117288 elementor-widget elementor-widget-text-editor\" data-id=\"7117288\" data-element_type=\"widget\" data-widget_type=\"text-editor.default\">\n\t\t\t\t<div class=\"elementor-widget-container\">\n\t\t\t\t\t\t\t<p style=\"text-align: left;\"><span style=\"color: #ffffff;\"><strong>OLPE (O ANFORETTA) BIANSATA<br \/><\/strong><strong style=\"font-style: inherit;\">Nome<\/strong><span style=\"font-style: inherit; font-weight: inherit;\">: anforetta biansata<br \/><\/span><strong style=\"font-style: inherit;\">Classe<\/strong><span style=\"font-style: inherit; font-weight: inherit;\">: ceramica comune<br \/><\/span><strong style=\"font-style: inherit;\">Materiale<\/strong><span style=\"font-style: inherit; font-weight: inherit;\">: argilla<br \/><\/span><strong style=\"font-style: inherit;\">Datazione<\/strong><span style=\"font-style: inherit; font-weight: inherit;\">: I-III secolo d.C.<br \/><\/span><strong style=\"font-style: inherit;\">Misure<\/strong><span style=\"font-style: inherit; font-weight: inherit;\">: h 23 cm; diametro 20 cm<br \/><\/span><strong style=\"font-style: inherit;\">Dove si trova ora<\/strong><span style=\"font-style: inherit; font-weight: inherit;\">: Depositi Soprintendenza, Genova<br \/><\/span><strong style=\"font-style: inherit;\">Note<\/strong><span style=\"font-style: inherit; font-weight: inherit;\"><span style=\"color: #ffffff;\">: rinvenuta<\/span> frammentaria,\u00a0<\/span><span style=\"font-style: inherit; font-weight: inherit;\">ricomposta e in parte integrata.<\/span><\/span><\/p>\t\t\t\t\t\t<\/div>\n\t\t\t\t<\/div>\n\t\t\t\t\t<\/div>\n\t\t<\/div>\n\t\t\t\t<div class=\"elementor-column elementor-col-33 elementor-top-column elementor-element elementor-element-930b589\" data-id=\"930b589\" data-element_type=\"column\">\n\t\t\t<div class=\"elementor-widget-wrap elementor-element-populated\">\n\t\t\t\t\t\t<div class=\"elementor-element elementor-element-087712d elementor-arrows-position-inside elementor-widget elementor-widget-image-carousel\" data-id=\"087712d\" data-element_type=\"widget\" data-settings=\"{&quot;slides_to_show&quot;:&quot;1&quot;,&quot;navigation&quot;:&quot;arrows&quot;,&quot;autoplay&quot;:&quot;no&quot;,&quot;infinite&quot;:&quot;yes&quot;,&quot;effect&quot;:&quot;slide&quot;,&quot;speed&quot;:500}\" data-widget_type=\"image-carousel.default\">\n\t\t\t\t<div class=\"elementor-widget-container\">\n\t\t\t\t\t<div class=\"elementor-image-carousel-wrapper swiper-container\" dir=\"ltr\">\n\t\t\t<div class=\"elementor-image-carousel swiper-wrapper\" aria-live=\"polite\">\n\t\t\t\t\t\t\t\t<div class=\"swiper-slide\" role=\"group\" aria-roledescription=\"slide\" aria-label=\"1 di 3\"><a data-elementor-open-lightbox=\"yes\" data-elementor-lightbox-slideshow=\"087712d\" data-e-action-hash=\"#elementor-action%3Aaction%3Dlightbox%26settings%3DeyJpZCI6MTgzNSwidXJsIjoiaHR0cHM6XC9cL2FsYmFkb2NpbGlhLmN1bHR1cmEuZ292Lml0XC93cC1jb250ZW50XC91cGxvYWRzXC8yMDIyXC8xMlwvODE1NV8xLXNjYWxlZC5qcGciLCJzbGlkZXNob3ciOiIwODc3MTJkIn0%3D\" href=\"https:\/\/albadocilia.cultura.gov.it\/wp-content\/uploads\/2022\/12\/8155_1-scaled.jpg\"><figure class=\"swiper-slide-inner\"><img decoding=\"async\" class=\"swiper-slide-image\" src=\"https:\/\/albadocilia.cultura.gov.it\/wp-content\/uploads\/2022\/12\/8155_1-2048x2048.jpg\" alt=\"\" \/><\/figure><\/a><\/div><div class=\"swiper-slide\" role=\"group\" aria-roledescription=\"slide\" aria-label=\"2 di 3\"><a data-elementor-open-lightbox=\"yes\" data-elementor-lightbox-slideshow=\"087712d\" data-e-action-hash=\"#elementor-action%3Aaction%3Dlightbox%26settings%3DeyJpZCI6MTgzNiwidXJsIjoiaHR0cHM6XC9cL2FsYmFkb2NpbGlhLmN1bHR1cmEuZ292Lml0XC93cC1jb250ZW50XC91cGxvYWRzXC8yMDIyXC8xMlwvODE1NV8yLmpwZyIsInNsaWRlc2hvdyI6IjA4NzcxMmQifQ%3D%3D\" href=\"https:\/\/albadocilia.cultura.gov.it\/wp-content\/uploads\/2022\/12\/8155_2.jpg\"><figure class=\"swiper-slide-inner\"><img decoding=\"async\" class=\"swiper-slide-image\" src=\"https:\/\/albadocilia.cultura.gov.it\/wp-content\/uploads\/2022\/12\/8155_2.jpg\" alt=\"\" \/><\/figure><\/a><\/div><div class=\"swiper-slide\" role=\"group\" aria-roledescription=\"slide\" aria-label=\"3 di 3\"><a data-elementor-open-lightbox=\"yes\" data-elementor-lightbox-slideshow=\"087712d\" data-e-action-hash=\"#elementor-action%3Aaction%3Dlightbox%26settings%3DeyJpZCI6MTgzNywidXJsIjoiaHR0cHM6XC9cL2FsYmFkb2NpbGlhLmN1bHR1cmEuZ292Lml0XC93cC1jb250ZW50XC91cGxvYWRzXC8yMDIyXC8xMlwvODE1NV8zLXNjYWxlZC5qcGciLCJzbGlkZXNob3ciOiIwODc3MTJkIn0%3D\" href=\"https:\/\/albadocilia.cultura.gov.it\/wp-content\/uploads\/2022\/12\/8155_3-scaled.jpg\"><figure class=\"swiper-slide-inner\"><img decoding=\"async\" class=\"swiper-slide-image\" src=\"https:\/\/albadocilia.cultura.gov.it\/wp-content\/uploads\/2022\/12\/8155_3-2048x2048.jpg\" alt=\"\" \/><\/figure><\/a><\/div>\t\t\t<\/div>\n\t\t\t\t\t\t\t\t\t\t\t\t<div class=\"elementor-swiper-button elementor-swiper-button-prev\" role=\"button\" tabindex=\"0\">\n\t\t\t\t\t\t<i aria-hidden=\"true\" class=\"eicon-chevron-left\"><\/i>\t\t\t\t\t<\/div>\n\t\t\t\t\t<div class=\"elementor-swiper-button elementor-swiper-button-next\" role=\"button\" tabindex=\"0\">\n\t\t\t\t\t\t<i aria-hidden=\"true\" class=\"eicon-chevron-right\"><\/i>\t\t\t\t\t<\/div>\n\t\t\t\t\n\t\t\t\t\t\t\t\t\t<\/div>\n\t\t\t\t<\/div>\n\t\t\t\t<\/div>\n\t\t\t\t<div class=\"elementor-element elementor-element-f912f94 elementor-align-center elementor-widget__width-initial elementor-widget elementor-widget-button\" data-id=\"f912f94\" data-element_type=\"widget\" data-widget_type=\"button.default\">\n\t\t\t\t<div class=\"elementor-widget-container\">\n\t\t\t\t\t<div class=\"elementor-button-wrapper\">\n\t\t\t<a class=\"elementor-button elementor-button-link elementor-size-lg\" href=\"https:\/\/albadocilia.cultura.gov.it\/?page_id=3430\" target=\"_blank\" id=\"3d\">\n\t\t\t\t\t\t<span class=\"elementor-button-content-wrapper\">\n\t\t\t\t\t\t<span class=\"elementor-button-icon elementor-align-icon-left\">\n\t\t\t\t<i aria-hidden=\"true\" class=\"fas fa-cube\"><\/i>\t\t\t<\/span>\n\t\t\t\t\t\t<span class=\"elementor-button-text\">guardala in 3d<\/span>\n\t\t<\/span>\n\t\t\t\t\t<\/a>\n\t\t<\/div>\n\t\t\t\t<\/div>\n\t\t\t\t<\/div>\n\t\t\t\t\t<\/div>\n\t\t<\/div>\n\t\t\t\t<div class=\"elementor-column elementor-col-33 elementor-top-column elementor-element elementor-element-e2205c2\" data-id=\"e2205c2\" data-element_type=\"column\">\n\t\t\t<div class=\"elementor-widget-wrap elementor-element-populated\">\n\t\t\t\t\t\t<div class=\"elementor-element elementor-element-6fe5bdd elementor-widget elementor-widget-text-editor\" data-id=\"6fe5bdd\" data-element_type=\"widget\" data-widget_type=\"text-editor.default\">\n\t\t\t\t<div class=\"elementor-widget-container\">\n\t\t\t\t\t\t\t<p><span style=\"color: #ffffff;\">Questo oggetto \u00e8 un&#8217;anforetta, una sorta di bottiglia panciuta usata per contenere liquidi, per lo pi\u00f9 acqua.\u00a0 Parte del collo, l&#8217;orlo superiore e le anse (i manici) non sono stati rinvenuti. Appartiene anch&#8217;essa, come altri oggetti qui descritti, al servizio da mensa e sicuramente trovava posto in cucina e sulla tavola durante i pasti.<\/span><\/p>\t\t\t\t\t\t<\/div>\n\t\t\t\t<\/div>\n\t\t\t\t\t<\/div>\n\t\t<\/div>\n\t\t\t\t\t<\/div>\n\t\t<\/section>\n\t\t\t\t<section class=\"elementor-section elementor-top-section elementor-element elementor-element-4821d26 elementor-section-boxed elementor-section-height-default elementor-section-height-default\" data-id=\"4821d26\" data-element_type=\"section\">\n\t\t\t\t\t\t<div class=\"elementor-container elementor-column-gap-default\">\n\t\t\t\t\t<div class=\"elementor-column elementor-col-100 elementor-top-column elementor-element elementor-element-41f2890\" data-id=\"41f2890\" data-element_type=\"column\">\n\t\t\t<div class=\"elementor-widget-wrap elementor-element-populated\">\n\t\t\t\t\t\t<div class=\"elementor-element elementor-element-48ca4c8 elementor-widget-divider--separator-type-pattern elementor-widget-divider--no-spacing elementor-widget-divider--view-line elementor-widget elementor-widget-divider\" data-id=\"48ca4c8\" data-element_type=\"widget\" data-widget_type=\"divider.default\">\n\t\t\t\t<div class=\"elementor-widget-container\">\n\t\t\t\t\t<div class=\"elementor-divider\" style=\"--divider-pattern-url: url(&quot;data:image\/svg+xml,%3Csvg xmlns=&#039;http:\/\/www.w3.org\/2000\/svg&#039; preserveAspectRatio=&#039;xMidYMid meet&#039; overflow=&#039;visible&#039; height=&#039;100%&#039; viewBox=&#039;0 0 126 26&#039; fill=&#039;black&#039; stroke=&#039;none&#039;%3E%3Cpath d=&#039;M46.8,7.8v11.5L36,18.6V7.8H46.8z M82.4,7.8L84,18.6l-12,0.7L70.4,7.8H82.4z M0,7.8l12,0.9v9.9H1.3L0,7.8z M30,7.8v10.8H19L18,7.8H30z M63.7,7.8L66,18.6H54V9.5L63.7,7.8z M89.8,7L102,7.8v10.8H91.2L89.8,7zM108,7.8l12,0.9v8.9l-12,1V7.8z&#039;\/%3E%3C\/svg%3E&quot;);\">\n\t\t\t<span class=\"elementor-divider-separator\">\n\t\t\t\t\t\t<\/span>\n\t\t<\/div>\n\t\t\t\t<\/div>\n\t\t\t\t<\/div>\n\t\t\t\t\t<\/div>\n\t\t<\/div>\n\t\t\t\t\t<\/div>\n\t\t<\/section>\n\t\t\t\t<section class=\"elementor-section elementor-top-section elementor-element elementor-element-a593070 elementor-section-stretched elementor-section-boxed elementor-section-height-default elementor-section-height-default\" data-id=\"a593070\" data-element_type=\"section\" data-settings=\"{&quot;background_background&quot;:&quot;classic&quot;,&quot;stretch_section&quot;:&quot;section-stretched&quot;}\">\n\t\t\t\t\t\t<div class=\"elementor-container elementor-column-gap-default\">\n\t\t\t\t\t<div class=\"elementor-column elementor-col-33 elementor-top-column elementor-element elementor-element-e59ce30\" data-id=\"e59ce30\" data-element_type=\"column\">\n\t\t\t<div class=\"elementor-widget-wrap elementor-element-populated\">\n\t\t\t\t\t\t<div class=\"elementor-element elementor-element-a19257c elementor-widget elementor-widget-text-editor\" data-id=\"a19257c\" data-element_type=\"widget\" data-widget_type=\"text-editor.default\">\n\t\t\t\t<div class=\"elementor-widget-container\">\n\t\t\t\t\t\t\t<p style=\"text-align: left;\"><span style=\"color: #ffffff;\"><strong>FRAMMENTO DI PIATTO<br \/><\/strong><strong style=\"font-style: inherit;\">Nome<\/strong><span style=\"font-style: inherit; font-weight: inherit;\">: patera o piatto<br \/><\/span><strong style=\"font-style: inherit;\">Classe<\/strong><span style=\"font-style: inherit; font-weight: inherit;\">: <span style=\"text-decoration: underline;\"><a style=\"color: #ffffff; text-decoration: underline;\" href=\"https:\/\/albadocilia.cultura.gov.it\/?page_id=1249#terra-sigillata\" target=\"_blank\" rel=\"noopener\">terra sigillata<\/a><\/span> tardo-italica<br \/><\/span><strong style=\"font-style: inherit;\">Materiale<\/strong><span style=\"font-style: inherit; font-weight: inherit;\">: argilla<br \/><\/span><strong style=\"font-style: inherit;\">Datazione<\/strong><span style=\"font-style: inherit; font-weight: inherit;\">: I-II secolo d.C.<br \/><\/span><strong style=\"font-style: inherit;\">Misure<\/strong><span style=\"font-style: inherit; font-weight: inherit;\">: 12,8&#215;10 cm<br \/><\/span><strong style=\"font-style: inherit;\">Dove si trova ora<\/strong><span style=\"font-style: inherit; font-weight: inherit;\">: Depositi Soprintendenza, Genova<\/span><strong style=\"font-style: inherit;\"><br \/>Note<\/strong><span style=\"font-style: inherit; font-weight: inherit;\">: ricomposto<\/span><\/span><\/p>\t\t\t\t\t\t<\/div>\n\t\t\t\t<\/div>\n\t\t\t\t\t<\/div>\n\t\t<\/div>\n\t\t\t\t<div class=\"elementor-column elementor-col-33 elementor-top-column elementor-element elementor-element-a9686bd\" data-id=\"a9686bd\" data-element_type=\"column\">\n\t\t\t<div class=\"elementor-widget-wrap elementor-element-populated\">\n\t\t\t\t\t\t<div class=\"elementor-element elementor-element-e4922ca elementor-arrows-position-inside elementor-widget elementor-widget-image-carousel\" data-id=\"e4922ca\" data-element_type=\"widget\" data-settings=\"{&quot;slides_to_show&quot;:&quot;1&quot;,&quot;navigation&quot;:&quot;arrows&quot;,&quot;autoplay&quot;:&quot;no&quot;,&quot;infinite&quot;:&quot;yes&quot;,&quot;effect&quot;:&quot;slide&quot;,&quot;speed&quot;:500}\" data-widget_type=\"image-carousel.default\">\n\t\t\t\t<div class=\"elementor-widget-container\">\n\t\t\t\t\t<div class=\"elementor-image-carousel-wrapper swiper-container\" dir=\"ltr\">\n\t\t\t<div class=\"elementor-image-carousel swiper-wrapper\" aria-live=\"polite\">\n\t\t\t\t\t\t\t\t<div class=\"swiper-slide\" role=\"group\" aria-roledescription=\"slide\" aria-label=\"1 di 2\"><a data-elementor-open-lightbox=\"yes\" data-elementor-lightbox-slideshow=\"e4922ca\" data-e-action-hash=\"#elementor-action%3Aaction%3Dlightbox%26settings%3DeyJpZCI6MTYzOSwidXJsIjoiaHR0cHM6XC9cL2FsYmFkb2NpbGlhLmN1bHR1cmEuZ292Lml0XC93cC1jb250ZW50XC91cGxvYWRzXC8yMDIyXC8xMlwvMTU3XzIuanBnIiwic2xpZGVzaG93IjoiZTQ5MjJjYSJ9\" href=\"https:\/\/albadocilia.cultura.gov.it\/wp-content\/uploads\/2022\/12\/157_2.jpg\"><figure class=\"swiper-slide-inner\"><img decoding=\"async\" class=\"swiper-slide-image\" src=\"https:\/\/albadocilia.cultura.gov.it\/wp-content\/uploads\/2022\/12\/157_2.jpg\" alt=\"\" \/><\/figure><\/a><\/div><div class=\"swiper-slide\" role=\"group\" aria-roledescription=\"slide\" aria-label=\"2 di 2\"><a data-elementor-open-lightbox=\"yes\" data-elementor-lightbox-slideshow=\"e4922ca\" data-e-action-hash=\"#elementor-action%3Aaction%3Dlightbox%26settings%3DeyJpZCI6MTYzOCwidXJsIjoiaHR0cHM6XC9cL2FsYmFkb2NpbGlhLmN1bHR1cmEuZ292Lml0XC93cC1jb250ZW50XC91cGxvYWRzXC8yMDIyXC8xMlwvMTU3XzEuanBnIiwic2xpZGVzaG93IjoiZTQ5MjJjYSJ9\" href=\"https:\/\/albadocilia.cultura.gov.it\/wp-content\/uploads\/2022\/12\/157_1.jpg\"><figure class=\"swiper-slide-inner\"><img decoding=\"async\" class=\"swiper-slide-image\" src=\"https:\/\/albadocilia.cultura.gov.it\/wp-content\/uploads\/2022\/12\/157_1.jpg\" alt=\"\" \/><\/figure><\/a><\/div>\t\t\t<\/div>\n\t\t\t\t\t\t\t\t\t\t\t\t<div class=\"elementor-swiper-button elementor-swiper-button-prev\" role=\"button\" tabindex=\"0\">\n\t\t\t\t\t\t<i aria-hidden=\"true\" class=\"eicon-chevron-left\"><\/i>\t\t\t\t\t<\/div>\n\t\t\t\t\t<div class=\"elementor-swiper-button elementor-swiper-button-next\" role=\"button\" tabindex=\"0\">\n\t\t\t\t\t\t<i aria-hidden=\"true\" class=\"eicon-chevron-right\"><\/i>\t\t\t\t\t<\/div>\n\t\t\t\t\n\t\t\t\t\t\t\t\t\t<\/div>\n\t\t\t\t<\/div>\n\t\t\t\t<\/div>\n\t\t\t\t\t<\/div>\n\t\t<\/div>\n\t\t\t\t<div class=\"elementor-column elementor-col-33 elementor-top-column elementor-element elementor-element-e49b86d\" data-id=\"e49b86d\" data-element_type=\"column\">\n\t\t\t<div class=\"elementor-widget-wrap elementor-element-populated\">\n\t\t\t\t\t\t<div class=\"elementor-element elementor-element-c3c5fa0 elementor-widget elementor-widget-text-editor\" data-id=\"c3c5fa0\" data-element_type=\"widget\" data-widget_type=\"text-editor.default\">\n\t\t\t\t<div class=\"elementor-widget-container\">\n\t\t\t\t\t\t\t<p><span style=\"color: #ffffff;\">Ci\u00f2 che vedi qui a sinistra \u00e8 parte del fondo di un piatto per mangiare. Non un piatto di poco conto: si trattava di un oggetto di pregio, costoso, prodotto da artigiani specializzati (italici), con argilla fine e verniciato. Questo tipo di stoviglia era molto in voga durante l&#8217;impero romano. Abbiamo deciso di mostrarlo, seppur conservato solo in parte, poich\u00e8 presenta al centro il marchio del ceramista che lo ha prodotto. Questo marchio, detto bollo, ha la forma di un piccolo piede (bollo <a style=\"color: #ffffff;\" href=\"https:\/\/albadocilia.cultura.gov.it\/?page_id=1249#bollo-in-planta-pedis\"><em>in planta pedis<\/em><\/a>) con all&#8217;interno il nome dell&#8217;artigiano ossia SEX(tus) M(urrius) F(estus), attivo in Italia centrale e assai noto.<\/span><\/p>\t\t\t\t\t\t<\/div>\n\t\t\t\t<\/div>\n\t\t\t\t\t<\/div>\n\t\t<\/div>\n\t\t\t\t\t<\/div>\n\t\t<\/section>\n\t\t\t\t<section class=\"elementor-section elementor-top-section elementor-element elementor-element-dcb05c8 elementor-section-boxed elementor-section-height-default elementor-section-height-default\" data-id=\"dcb05c8\" data-element_type=\"section\">\n\t\t\t\t\t\t<div class=\"elementor-container elementor-column-gap-default\">\n\t\t\t\t\t<div class=\"elementor-column elementor-col-100 elementor-top-column elementor-element elementor-element-cb0f23c\" data-id=\"cb0f23c\" data-element_type=\"column\">\n\t\t\t<div class=\"elementor-widget-wrap elementor-element-populated\">\n\t\t\t\t\t\t<div class=\"elementor-element elementor-element-abd9f17 elementor-widget-divider--separator-type-pattern elementor-widget-divider--no-spacing elementor-widget-divider--view-line elementor-widget elementor-widget-divider\" data-id=\"abd9f17\" data-element_type=\"widget\" data-widget_type=\"divider.default\">\n\t\t\t\t<div class=\"elementor-widget-container\">\n\t\t\t\t\t<div class=\"elementor-divider\" style=\"--divider-pattern-url: url(&quot;data:image\/svg+xml,%3Csvg xmlns=&#039;http:\/\/www.w3.org\/2000\/svg&#039; preserveAspectRatio=&#039;xMidYMid meet&#039; overflow=&#039;visible&#039; height=&#039;100%&#039; viewBox=&#039;0 0 126 26&#039; fill=&#039;black&#039; stroke=&#039;none&#039;%3E%3Cpath d=&#039;M46.8,7.8v11.5L36,18.6V7.8H46.8z M82.4,7.8L84,18.6l-12,0.7L70.4,7.8H82.4z M0,7.8l12,0.9v9.9H1.3L0,7.8z M30,7.8v10.8H19L18,7.8H30z M63.7,7.8L66,18.6H54V9.5L63.7,7.8z M89.8,7L102,7.8v10.8H91.2L89.8,7zM108,7.8l12,0.9v8.9l-12,1V7.8z&#039;\/%3E%3C\/svg%3E&quot;);\">\n\t\t\t<span class=\"elementor-divider-separator\">\n\t\t\t\t\t\t<\/span>\n\t\t<\/div>\n\t\t\t\t<\/div>\n\t\t\t\t<\/div>\n\t\t\t\t\t<\/div>\n\t\t<\/div>\n\t\t\t\t\t<\/div>\n\t\t<\/section>\n\t\t\t\t<section class=\"elementor-section elementor-top-section elementor-element elementor-element-a5e0fcd elementor-section-stretched elementor-section-boxed elementor-section-height-default elementor-section-height-default\" data-id=\"a5e0fcd\" data-element_type=\"section\" data-settings=\"{&quot;background_background&quot;:&quot;classic&quot;,&quot;stretch_section&quot;:&quot;section-stretched&quot;}\">\n\t\t\t\t\t\t<div class=\"elementor-container elementor-column-gap-default\">\n\t\t\t\t\t<div class=\"elementor-column elementor-col-33 elementor-top-column elementor-element elementor-element-2fecd3e\" data-id=\"2fecd3e\" data-element_type=\"column\">\n\t\t\t<div class=\"elementor-widget-wrap elementor-element-populated\">\n\t\t\t\t\t\t<div class=\"elementor-element elementor-element-0ec1730 elementor-widget elementor-widget-text-editor\" data-id=\"0ec1730\" data-element_type=\"widget\" data-widget_type=\"text-editor.default\">\n\t\t\t\t<div class=\"elementor-widget-container\">\n\t\t\t\t\t\t\t<p style=\"text-align: left;\"><span style=\"color: #ffffff;\"><strong>PATERA<br \/><\/strong><strong style=\"font-style: inherit;\">Nome<\/strong><span style=\"font-style: inherit; font-weight: inherit;\">: patera<br \/><\/span><strong style=\"font-style: inherit;\">Classe<\/strong><span style=\"font-style: inherit; font-weight: inherit;\">: <span style=\"text-decoration: underline; color: #ffffff;\"><a style=\"color: #ffffff; text-decoration: underline;\" href=\"https:\/\/albadocilia.cultura.gov.it\/?page_id=1249#terra-sigillata\" target=\"_blank\" rel=\"noopener\">terra sigillata<\/a><\/span> chiara a<\/span><span style=\"font-style: inherit; font-weight: inherit;\">fricana<br \/><\/span><strong style=\"font-style: inherit;\">Materiale<\/strong><span style=\"font-style: inherit; font-weight: inherit;\">: argilla<br \/><\/span><strong style=\"font-style: inherit;\">Datazione<\/strong><span style=\"font-style: inherit; font-weight: inherit;\"><span style=\"color: #ffffff;\">: V secolo d.C. (?)<\/span><br \/><\/span><strong style=\"font-style: inherit;\">Misure<\/strong><span style=\"font-style: inherit; font-weight: inherit;\">: diametro 27 cm<br \/><\/span><strong style=\"font-style: inherit;\">Dove si trova ora<\/strong><span style=\"font-style: inherit; font-weight: inherit;\">: Depositi Soprintendenza, Genova<br \/><\/span><strong style=\"font-style: inherit;\">Note<\/strong><span style=\"font-style: inherit; font-weight: inherit;\">: rinvenuta frammentaria,\u00a0<\/span><span style=\"font-style: inherit; font-weight: inherit;\">ricomposta e integrata<\/span><\/span><\/p>\t\t\t\t\t\t<\/div>\n\t\t\t\t<\/div>\n\t\t\t\t\t<\/div>\n\t\t<\/div>\n\t\t\t\t<div class=\"elementor-column elementor-col-33 elementor-top-column elementor-element elementor-element-bab0fb3\" data-id=\"bab0fb3\" data-element_type=\"column\">\n\t\t\t<div class=\"elementor-widget-wrap elementor-element-populated\">\n\t\t\t\t\t\t<div class=\"elementor-element elementor-element-f7722e6 elementor-arrows-position-inside elementor-widget elementor-widget-image-carousel\" data-id=\"f7722e6\" data-element_type=\"widget\" data-settings=\"{&quot;slides_to_show&quot;:&quot;1&quot;,&quot;navigation&quot;:&quot;arrows&quot;,&quot;autoplay&quot;:&quot;no&quot;,&quot;infinite&quot;:&quot;yes&quot;,&quot;effect&quot;:&quot;slide&quot;,&quot;speed&quot;:500}\" data-widget_type=\"image-carousel.default\">\n\t\t\t\t<div class=\"elementor-widget-container\">\n\t\t\t\t\t<div class=\"elementor-image-carousel-wrapper swiper-container\" dir=\"ltr\">\n\t\t\t<div class=\"elementor-image-carousel swiper-wrapper\" aria-live=\"polite\">\n\t\t\t\t\t\t\t\t<div class=\"swiper-slide\" role=\"group\" aria-roledescription=\"slide\" aria-label=\"1 di 3\"><a data-elementor-open-lightbox=\"yes\" data-elementor-lightbox-slideshow=\"f7722e6\" data-e-action-hash=\"#elementor-action%3Aaction%3Dlightbox%26settings%3DeyJpZCI6MTY2MCwidXJsIjoiaHR0cHM6XC9cL2FsYmFkb2NpbGlhLmN1bHR1cmEuZ292Lml0XC93cC1jb250ZW50XC91cGxvYWRzXC8yMDIyXC8xMlwvMzM2XzEuanBnIiwic2xpZGVzaG93IjoiZjc3MjJlNiJ9\" href=\"https:\/\/albadocilia.cultura.gov.it\/wp-content\/uploads\/2022\/12\/336_1.jpg\"><figure class=\"swiper-slide-inner\"><img decoding=\"async\" class=\"swiper-slide-image\" src=\"https:\/\/albadocilia.cultura.gov.it\/wp-content\/uploads\/2022\/12\/336_1.jpg\" alt=\"\" \/><\/figure><\/a><\/div><div class=\"swiper-slide\" role=\"group\" aria-roledescription=\"slide\" aria-label=\"2 di 3\"><a data-elementor-open-lightbox=\"yes\" data-elementor-lightbox-slideshow=\"f7722e6\" data-e-action-hash=\"#elementor-action%3Aaction%3Dlightbox%26settings%3DeyJpZCI6MTY2MiwidXJsIjoiaHR0cHM6XC9cL2FsYmFkb2NpbGlhLmN1bHR1cmEuZ292Lml0XC93cC1jb250ZW50XC91cGxvYWRzXC8yMDIyXC8xMlwvMzM2XzMuanBnIiwic2xpZGVzaG93IjoiZjc3MjJlNiJ9\" href=\"https:\/\/albadocilia.cultura.gov.it\/wp-content\/uploads\/2022\/12\/336_3.jpg\"><figure class=\"swiper-slide-inner\"><img decoding=\"async\" class=\"swiper-slide-image\" src=\"https:\/\/albadocilia.cultura.gov.it\/wp-content\/uploads\/2022\/12\/336_3.jpg\" alt=\"\" \/><\/figure><\/a><\/div><div class=\"swiper-slide\" role=\"group\" aria-roledescription=\"slide\" aria-label=\"3 di 3\"><a data-elementor-open-lightbox=\"yes\" data-elementor-lightbox-slideshow=\"f7722e6\" data-e-action-hash=\"#elementor-action%3Aaction%3Dlightbox%26settings%3DeyJpZCI6MTY2MSwidXJsIjoiaHR0cHM6XC9cL2FsYmFkb2NpbGlhLmN1bHR1cmEuZ292Lml0XC93cC1jb250ZW50XC91cGxvYWRzXC8yMDIyXC8xMlwvMzM2XzIuanBnIiwic2xpZGVzaG93IjoiZjc3MjJlNiJ9\" href=\"https:\/\/albadocilia.cultura.gov.it\/wp-content\/uploads\/2022\/12\/336_2.jpg\"><figure class=\"swiper-slide-inner\"><img decoding=\"async\" class=\"swiper-slide-image\" src=\"https:\/\/albadocilia.cultura.gov.it\/wp-content\/uploads\/2022\/12\/336_2.jpg\" alt=\"\" \/><\/figure><\/a><\/div>\t\t\t<\/div>\n\t\t\t\t\t\t\t\t\t\t\t\t<div class=\"elementor-swiper-button elementor-swiper-button-prev\" role=\"button\" tabindex=\"0\">\n\t\t\t\t\t\t<i aria-hidden=\"true\" class=\"eicon-chevron-left\"><\/i>\t\t\t\t\t<\/div>\n\t\t\t\t\t<div class=\"elementor-swiper-button elementor-swiper-button-next\" role=\"button\" tabindex=\"0\">\n\t\t\t\t\t\t<i aria-hidden=\"true\" class=\"eicon-chevron-right\"><\/i>\t\t\t\t\t<\/div>\n\t\t\t\t\n\t\t\t\t\t\t\t\t\t<\/div>\n\t\t\t\t<\/div>\n\t\t\t\t<\/div>\n\t\t\t\t<div class=\"elementor-element elementor-element-fd50478 elementor-align-center elementor-widget__width-initial elementor-widget elementor-widget-button\" data-id=\"fd50478\" data-element_type=\"widget\" data-widget_type=\"button.default\">\n\t\t\t\t<div class=\"elementor-widget-container\">\n\t\t\t\t\t<div class=\"elementor-button-wrapper\">\n\t\t\t<a class=\"elementor-button elementor-button-link elementor-size-lg\" href=\"https:\/\/albadocilia.cultura.gov.it\/?page_id=5723\" target=\"_blank\" id=\"3d\">\n\t\t\t\t\t\t<span class=\"elementor-button-content-wrapper\">\n\t\t\t\t\t\t<span class=\"elementor-button-icon elementor-align-icon-left\">\n\t\t\t\t<i aria-hidden=\"true\" class=\"fas fa-cube\"><\/i>\t\t\t<\/span>\n\t\t\t\t\t\t<span class=\"elementor-button-text\">guardala in 3d<\/span>\n\t\t<\/span>\n\t\t\t\t\t<\/a>\n\t\t<\/div>\n\t\t\t\t<\/div>\n\t\t\t\t<\/div>\n\t\t\t\t\t<\/div>\n\t\t<\/div>\n\t\t\t\t<div class=\"elementor-column elementor-col-33 elementor-top-column elementor-element elementor-element-2bc9c94\" data-id=\"2bc9c94\" data-element_type=\"column\">\n\t\t\t<div class=\"elementor-widget-wrap elementor-element-populated\">\n\t\t\t\t\t\t<div class=\"elementor-element elementor-element-681732e elementor-widget elementor-widget-text-editor\" data-id=\"681732e\" data-element_type=\"widget\" data-widget_type=\"text-editor.default\">\n\t\t\t\t<div class=\"elementor-widget-container\">\n\t\t\t\t\t\t\t<p><span style=\"color: #ffffff;\">Questa \u00e8 una patera ossia una sorta di piatto-scodella. Il suo fondo infatti \u00e8 concavo e non perfettamente piano, come nel reperto che vedi descritto subito sopra, ma come quest&#8217;ultimo appartiene alla stessa categoria di stoviglie da mensa, ossia al &#8220;servizio buono&#8221;. Anche questo oggetto \u00e8 fatto in ceramica fine, presenta una accurata verniciatura superficiale, del tipico colore rosso arancio, ma non \u00e8 stato fabbricato in territorio italico, bens\u00ec in Africa settentrionale.<\/span><\/p>\t\t\t\t\t\t<\/div>\n\t\t\t\t<\/div>\n\t\t\t\t\t<\/div>\n\t\t<\/div>\n\t\t\t\t\t<\/div>\n\t\t<\/section>\n\t\t\t\t<section class=\"elementor-section elementor-top-section elementor-element elementor-element-0a73b5a elementor-section-boxed elementor-section-height-default elementor-section-height-default\" data-id=\"0a73b5a\" data-element_type=\"section\">\n\t\t\t\t\t\t<div class=\"elementor-container elementor-column-gap-default\">\n\t\t\t\t\t<div class=\"elementor-column elementor-col-100 elementor-top-column elementor-element elementor-element-d733eeb\" data-id=\"d733eeb\" data-element_type=\"column\">\n\t\t\t<div class=\"elementor-widget-wrap elementor-element-populated\">\n\t\t\t\t\t\t<div class=\"elementor-element elementor-element-c27a6e3 elementor-widget-divider--separator-type-pattern elementor-widget-divider--no-spacing elementor-widget-divider--view-line elementor-widget elementor-widget-divider\" data-id=\"c27a6e3\" data-element_type=\"widget\" data-widget_type=\"divider.default\">\n\t\t\t\t<div class=\"elementor-widget-container\">\n\t\t\t\t\t<div class=\"elementor-divider\" style=\"--divider-pattern-url: url(&quot;data:image\/svg+xml,%3Csvg xmlns=&#039;http:\/\/www.w3.org\/2000\/svg&#039; preserveAspectRatio=&#039;xMidYMid meet&#039; overflow=&#039;visible&#039; height=&#039;100%&#039; viewBox=&#039;0 0 126 26&#039; fill=&#039;black&#039; stroke=&#039;none&#039;%3E%3Cpath d=&#039;M46.8,7.8v11.5L36,18.6V7.8H46.8z M82.4,7.8L84,18.6l-12,0.7L70.4,7.8H82.4z M0,7.8l12,0.9v9.9H1.3L0,7.8z M30,7.8v10.8H19L18,7.8H30z M63.7,7.8L66,18.6H54V9.5L63.7,7.8z M89.8,7L102,7.8v10.8H91.2L89.8,7zM108,7.8l12,0.9v8.9l-12,1V7.8z&#039;\/%3E%3C\/svg%3E&quot;);\">\n\t\t\t<span class=\"elementor-divider-separator\">\n\t\t\t\t\t\t<\/span>\n\t\t<\/div>\n\t\t\t\t<\/div>\n\t\t\t\t<\/div>\n\t\t\t\t\t<\/div>\n\t\t<\/div>\n\t\t\t\t\t<\/div>\n\t\t<\/section>\n\t\t\t\t<section class=\"elementor-section elementor-top-section elementor-element elementor-element-f1627e8 elementor-section-stretched elementor-section-boxed elementor-section-height-default elementor-section-height-default\" data-id=\"f1627e8\" data-element_type=\"section\" data-settings=\"{&quot;background_background&quot;:&quot;classic&quot;,&quot;stretch_section&quot;:&quot;section-stretched&quot;}\">\n\t\t\t\t\t\t<div class=\"elementor-container elementor-column-gap-default\">\n\t\t\t\t\t<div class=\"elementor-column elementor-col-33 elementor-top-column elementor-element elementor-element-b04fb0c\" data-id=\"b04fb0c\" data-element_type=\"column\">\n\t\t\t<div class=\"elementor-widget-wrap elementor-element-populated\">\n\t\t\t\t\t\t<div class=\"elementor-element elementor-element-43dc160 elementor-widget elementor-widget-text-editor\" data-id=\"43dc160\" data-element_type=\"widget\" data-widget_type=\"text-editor.default\">\n\t\t\t\t<div class=\"elementor-widget-container\">\n\t\t\t\t\t\t\t<p style=\"text-align: left;\"><span style=\"color: #ffffff;\"><strong>PATERA<br \/><\/strong><strong style=\"font-style: inherit;\">Nome<\/strong><span style=\"font-style: inherit; font-weight: inherit;\">: patera<br \/><\/span><strong style=\"font-style: inherit;\">Classe<\/strong><span style=\"font-style: inherit; font-weight: inherit;\">: <span style=\"color: #ffffff;\"><a style=\"color: #ffffff;\" href=\"https:\/\/albadocilia.cultura.gov.it\/?page_id=1249#terra-sigillata\" target=\"_blank\" rel=\"noopener\"><span style=\"text-decoration: underline;\">terra sigillata<\/span><\/a><\/span>\u00a0<\/span><span style=\"font-style: inherit; font-weight: inherit;\">africana<br \/><\/span><strong style=\"font-style: inherit;\">Materiale<\/strong><span style=\"font-style: inherit; font-weight: inherit;\">: argilla<br \/><\/span><strong style=\"font-style: inherit;\">Datazione<\/strong><span style=\"font-style: inherit; font-weight: inherit;\">: II secolo d.C.<br \/><\/span><strong style=\"font-style: inherit;\">Misure<\/strong><span style=\"font-style: inherit; font-weight: inherit;\">: h 6 cm, diametro 34 cm<br \/><\/span><strong style=\"font-style: inherit;\">Dove si trova ora<\/strong><span style=\"font-style: inherit; font-weight: inherit;\">: Depositi Soprintendenza, Genova<br \/><\/span><strong style=\"font-style: inherit;\">Note<\/strong><span style=\"font-style: inherit; font-weight: inherit;\"><span style=\"color: #ffffff;\">: rinvenuta frammentar<\/span>ia,\u00a0<\/span><span style=\"font-style: inherit; font-weight: inherit;\">ricomposta e integrata<\/span><\/span><\/p>\t\t\t\t\t\t<\/div>\n\t\t\t\t<\/div>\n\t\t\t\t\t<\/div>\n\t\t<\/div>\n\t\t\t\t<div class=\"elementor-column elementor-col-33 elementor-top-column elementor-element elementor-element-c8a0bc7\" data-id=\"c8a0bc7\" data-element_type=\"column\">\n\t\t\t<div class=\"elementor-widget-wrap elementor-element-populated\">\n\t\t\t\t\t\t<div class=\"elementor-element elementor-element-c2c1180 elementor-arrows-position-inside elementor-widget elementor-widget-image-carousel\" data-id=\"c2c1180\" data-element_type=\"widget\" data-settings=\"{&quot;slides_to_show&quot;:&quot;1&quot;,&quot;navigation&quot;:&quot;arrows&quot;,&quot;autoplay&quot;:&quot;no&quot;,&quot;infinite&quot;:&quot;yes&quot;,&quot;effect&quot;:&quot;slide&quot;,&quot;speed&quot;:500}\" data-widget_type=\"image-carousel.default\">\n\t\t\t\t<div class=\"elementor-widget-container\">\n\t\t\t\t\t<div class=\"elementor-image-carousel-wrapper swiper-container\" dir=\"ltr\">\n\t\t\t<div class=\"elementor-image-carousel swiper-wrapper\" aria-live=\"polite\">\n\t\t\t\t\t\t\t\t<div class=\"swiper-slide\" role=\"group\" aria-roledescription=\"slide\" aria-label=\"1 di 3\"><a data-elementor-open-lightbox=\"yes\" data-elementor-lightbox-slideshow=\"c2c1180\" data-e-action-hash=\"#elementor-action%3Aaction%3Dlightbox%26settings%3DeyJpZCI6MTY4MiwidXJsIjoiaHR0cHM6XC9cL2FsYmFkb2NpbGlhLmN1bHR1cmEuZ292Lml0XC93cC1jb250ZW50XC91cGxvYWRzXC8yMDIyXC8xMlwvMzYxXzEuanBnIiwic2xpZGVzaG93IjoiYzJjMTE4MCJ9\" href=\"https:\/\/albadocilia.cultura.gov.it\/wp-content\/uploads\/2022\/12\/361_1.jpg\"><figure class=\"swiper-slide-inner\"><img decoding=\"async\" class=\"swiper-slide-image\" src=\"https:\/\/albadocilia.cultura.gov.it\/wp-content\/uploads\/2022\/12\/361_1.jpg\" alt=\"\" \/><\/figure><\/a><\/div><div class=\"swiper-slide\" role=\"group\" aria-roledescription=\"slide\" aria-label=\"2 di 3\"><a data-elementor-open-lightbox=\"yes\" data-elementor-lightbox-slideshow=\"c2c1180\" data-e-action-hash=\"#elementor-action%3Aaction%3Dlightbox%26settings%3DeyJpZCI6MTY4MywidXJsIjoiaHR0cHM6XC9cL2FsYmFkb2NpbGlhLmN1bHR1cmEuZ292Lml0XC93cC1jb250ZW50XC91cGxvYWRzXC8yMDIyXC8xMlwvMzYxXzIuanBnIiwic2xpZGVzaG93IjoiYzJjMTE4MCJ9\" href=\"https:\/\/albadocilia.cultura.gov.it\/wp-content\/uploads\/2022\/12\/361_2.jpg\"><figure class=\"swiper-slide-inner\"><img decoding=\"async\" class=\"swiper-slide-image\" src=\"https:\/\/albadocilia.cultura.gov.it\/wp-content\/uploads\/2022\/12\/361_2.jpg\" alt=\"\" \/><\/figure><\/a><\/div><div class=\"swiper-slide\" role=\"group\" aria-roledescription=\"slide\" aria-label=\"3 di 3\"><a data-elementor-open-lightbox=\"yes\" data-elementor-lightbox-slideshow=\"c2c1180\" data-e-action-hash=\"#elementor-action%3Aaction%3Dlightbox%26settings%3DeyJpZCI6MTY4NCwidXJsIjoiaHR0cHM6XC9cL2FsYmFkb2NpbGlhLmN1bHR1cmEuZ292Lml0XC93cC1jb250ZW50XC91cGxvYWRzXC8yMDIyXC8xMlwvMzYxXzMuanBnIiwic2xpZGVzaG93IjoiYzJjMTE4MCJ9\" href=\"https:\/\/albadocilia.cultura.gov.it\/wp-content\/uploads\/2022\/12\/361_3.jpg\"><figure class=\"swiper-slide-inner\"><img decoding=\"async\" class=\"swiper-slide-image\" src=\"https:\/\/albadocilia.cultura.gov.it\/wp-content\/uploads\/2022\/12\/361_3.jpg\" alt=\"\" \/><\/figure><\/a><\/div>\t\t\t<\/div>\n\t\t\t\t\t\t\t\t\t\t\t\t<div class=\"elementor-swiper-button elementor-swiper-button-prev\" role=\"button\" tabindex=\"0\">\n\t\t\t\t\t\t<i aria-hidden=\"true\" class=\"eicon-chevron-left\"><\/i>\t\t\t\t\t<\/div>\n\t\t\t\t\t<div class=\"elementor-swiper-button elementor-swiper-button-next\" role=\"button\" tabindex=\"0\">\n\t\t\t\t\t\t<i aria-hidden=\"true\" class=\"eicon-chevron-right\"><\/i>\t\t\t\t\t<\/div>\n\t\t\t\t\n\t\t\t\t\t\t\t\t\t<\/div>\n\t\t\t\t<\/div>\n\t\t\t\t<\/div>\n\t\t\t\t\t<\/div>\n\t\t<\/div>\n\t\t\t\t<div class=\"elementor-column elementor-col-33 elementor-top-column elementor-element elementor-element-4d00940\" data-id=\"4d00940\" data-element_type=\"column\">\n\t\t\t<div class=\"elementor-widget-wrap elementor-element-populated\">\n\t\t\t\t\t\t<div class=\"elementor-element elementor-element-5e57432 elementor-widget elementor-widget-text-editor\" data-id=\"5e57432\" data-element_type=\"widget\" data-widget_type=\"text-editor.default\">\n\t\t\t\t<div class=\"elementor-widget-container\">\n\t\t\t\t\t\t\t<p><span style=\"color: #ffffff;\">Anche questa, come la precedente, \u00e8 una patera ossia una sorta di piatto-scodella. Il suo fondo \u00e8 solo leggermente concavo e non ha un piede ad anello come i piatti veri e propri. La patera, nell&#8217;uso pi\u00f9 comune, specialmente se cos\u00ec larga, era usata in tavola per servire il cibo, a mo&#8217; di vassoio, ma sappiamo anche che in ambito religioso, in forme di dimensioni pi\u00f9 piccole, era usata per le libagioni sacre.<\/span><\/p>\t\t\t\t\t\t<\/div>\n\t\t\t\t<\/div>\n\t\t\t\t\t<\/div>\n\t\t<\/div>\n\t\t\t\t\t<\/div>\n\t\t<\/section>\n\t\t\t\t<section class=\"elementor-section elementor-top-section elementor-element elementor-element-cedf1d2 elementor-section-boxed elementor-section-height-default elementor-section-height-default\" data-id=\"cedf1d2\" data-element_type=\"section\">\n\t\t\t\t\t\t<div class=\"elementor-container elementor-column-gap-default\">\n\t\t\t\t\t<div class=\"elementor-column elementor-col-100 elementor-top-column elementor-element elementor-element-4989fbc\" data-id=\"4989fbc\" data-element_type=\"column\">\n\t\t\t<div class=\"elementor-widget-wrap elementor-element-populated\">\n\t\t\t\t\t\t<div class=\"elementor-element elementor-element-6ba09fd elementor-widget-divider--separator-type-pattern elementor-widget-divider--no-spacing elementor-widget-divider--view-line elementor-widget elementor-widget-divider\" data-id=\"6ba09fd\" data-element_type=\"widget\" data-widget_type=\"divider.default\">\n\t\t\t\t<div class=\"elementor-widget-container\">\n\t\t\t\t\t<div class=\"elementor-divider\" style=\"--divider-pattern-url: url(&quot;data:image\/svg+xml,%3Csvg xmlns=&#039;http:\/\/www.w3.org\/2000\/svg&#039; preserveAspectRatio=&#039;xMidYMid meet&#039; overflow=&#039;visible&#039; height=&#039;100%&#039; viewBox=&#039;0 0 126 26&#039; fill=&#039;black&#039; stroke=&#039;none&#039;%3E%3Cpath d=&#039;M46.8,7.8v11.5L36,18.6V7.8H46.8z M82.4,7.8L84,18.6l-12,0.7L70.4,7.8H82.4z M0,7.8l12,0.9v9.9H1.3L0,7.8z M30,7.8v10.8H19L18,7.8H30z M63.7,7.8L66,18.6H54V9.5L63.7,7.8z M89.8,7L102,7.8v10.8H91.2L89.8,7zM108,7.8l12,0.9v8.9l-12,1V7.8z&#039;\/%3E%3C\/svg%3E&quot;);\">\n\t\t\t<span class=\"elementor-divider-separator\">\n\t\t\t\t\t\t<\/span>\n\t\t<\/div>\n\t\t\t\t<\/div>\n\t\t\t\t<\/div>\n\t\t\t\t\t<\/div>\n\t\t<\/div>\n\t\t\t\t\t<\/div>\n\t\t<\/section>\n\t\t\t\t<section class=\"elementor-section elementor-top-section elementor-element elementor-element-41a17d5 elementor-section-stretched elementor-section-boxed elementor-section-height-default elementor-section-height-default\" data-id=\"41a17d5\" data-element_type=\"section\" data-settings=\"{&quot;background_background&quot;:&quot;classic&quot;,&quot;stretch_section&quot;:&quot;section-stretched&quot;}\">\n\t\t\t\t\t\t<div class=\"elementor-container elementor-column-gap-default\">\n\t\t\t\t\t<div class=\"elementor-column elementor-col-33 elementor-top-column elementor-element elementor-element-475a89a\" data-id=\"475a89a\" data-element_type=\"column\">\n\t\t\t<div class=\"elementor-widget-wrap elementor-element-populated\">\n\t\t\t\t\t\t<div class=\"elementor-element elementor-element-c9285d9 elementor-widget elementor-widget-text-editor\" data-id=\"c9285d9\" data-element_type=\"widget\" data-widget_type=\"text-editor.default\">\n\t\t\t\t<div class=\"elementor-widget-container\">\n\t\t\t\t\t\t\t<p style=\"text-align: left;\"><span style=\"color: #ffffff;\"><strong>PATERA\u00a0<\/strong><strong style=\"font-style: inherit;\"><br \/>Nome<\/strong><span style=\"font-style: inherit; font-weight: inherit;\">: patera<br \/><\/span><strong>Classe<\/strong>: ceramica africana da\u00a0<span style=\"font-style: inherit; font-weight: inherit;\">cucina<\/span><strong style=\"font-style: inherit;\"><br \/>Materiale<\/strong><span style=\"font-style: inherit; font-weight: inherit;\">: argilla<\/span><strong style=\"font-style: inherit;\"><br \/>Datazione<\/strong><span style=\"font-style: inherit; font-weight: inherit;\">: II-III secolo d.C.<\/span><strong style=\"font-style: inherit;\"><br \/>Misure<\/strong><span style=\"font-style: inherit; font-weight: inherit;\">: diametro 34 cm<\/span><strong style=\"font-style: inherit;\"><br \/>Dove si trova ora<\/strong><span style=\"font-style: inherit; font-weight: inherit;\">: Depositi Soprintendenza, Genova<br \/><\/span><strong style=\"font-style: inherit;\">Note<\/strong><span style=\"font-style: inherit; font-weight: inherit;\">: rinvenuta frammentaria, <\/span><span style=\"font-style: inherit; font-weight: inherit;\">ricomposta e integrata.<\/span><\/span><\/p>\t\t\t\t\t\t<\/div>\n\t\t\t\t<\/div>\n\t\t\t\t\t<\/div>\n\t\t<\/div>\n\t\t\t\t<div class=\"elementor-column elementor-col-33 elementor-top-column elementor-element elementor-element-7de8a3e\" data-id=\"7de8a3e\" data-element_type=\"column\">\n\t\t\t<div class=\"elementor-widget-wrap elementor-element-populated\">\n\t\t\t\t\t\t<div class=\"elementor-element elementor-element-4ec1a4a elementor-arrows-position-inside elementor-widget elementor-widget-image-carousel\" data-id=\"4ec1a4a\" data-element_type=\"widget\" data-settings=\"{&quot;slides_to_show&quot;:&quot;1&quot;,&quot;navigation&quot;:&quot;arrows&quot;,&quot;autoplay&quot;:&quot;no&quot;,&quot;infinite&quot;:&quot;yes&quot;,&quot;effect&quot;:&quot;slide&quot;,&quot;speed&quot;:500}\" data-widget_type=\"image-carousel.default\">\n\t\t\t\t<div class=\"elementor-widget-container\">\n\t\t\t\t\t<div class=\"elementor-image-carousel-wrapper swiper-container\" dir=\"ltr\">\n\t\t\t<div class=\"elementor-image-carousel swiper-wrapper\" aria-live=\"polite\">\n\t\t\t\t\t\t\t\t<div class=\"swiper-slide\" role=\"group\" aria-roledescription=\"slide\" aria-label=\"1 di 4\"><a data-elementor-open-lightbox=\"yes\" data-elementor-lightbox-slideshow=\"4ec1a4a\" data-e-action-hash=\"#elementor-action%3Aaction%3Dlightbox%26settings%3DeyJpZCI6MzExNSwidXJsIjoiaHR0cHM6XC9cL2FsYmFkb2NpbGlhLmN1bHR1cmEuZ292Lml0XC93cC1jb250ZW50XC91cGxvYWRzXC8yMDIzXC8wMVwveHN0Ml8xLXNjYWxlZC5qcGciLCJzbGlkZXNob3ciOiI0ZWMxYTRhIn0%3D\" href=\"https:\/\/albadocilia.cultura.gov.it\/wp-content\/uploads\/2023\/01\/xst2_1-scaled.jpg\"><figure class=\"swiper-slide-inner\"><img decoding=\"async\" class=\"swiper-slide-image\" src=\"https:\/\/albadocilia.cultura.gov.it\/wp-content\/uploads\/2023\/01\/xst2_1-2048x2048.jpg\" alt=\"\" \/><\/figure><\/a><\/div><div class=\"swiper-slide\" role=\"group\" aria-roledescription=\"slide\" aria-label=\"2 di 4\"><a data-elementor-open-lightbox=\"yes\" data-elementor-lightbox-slideshow=\"4ec1a4a\" data-e-action-hash=\"#elementor-action%3Aaction%3Dlightbox%26settings%3DeyJpZCI6MzExNywidXJsIjoiaHR0cHM6XC9cL2FsYmFkb2NpbGlhLmN1bHR1cmEuZ292Lml0XC93cC1jb250ZW50XC91cGxvYWRzXC8yMDIzXC8wMVwveHN0Ml8zLXNjYWxlZC5qcGciLCJzbGlkZXNob3ciOiI0ZWMxYTRhIn0%3D\" href=\"https:\/\/albadocilia.cultura.gov.it\/wp-content\/uploads\/2023\/01\/xst2_3-scaled.jpg\"><figure class=\"swiper-slide-inner\"><img decoding=\"async\" class=\"swiper-slide-image\" src=\"https:\/\/albadocilia.cultura.gov.it\/wp-content\/uploads\/2023\/01\/xst2_3-2048x2048.jpg\" alt=\"\" \/><\/figure><\/a><\/div><div class=\"swiper-slide\" role=\"group\" aria-roledescription=\"slide\" aria-label=\"3 di 4\"><a data-elementor-open-lightbox=\"yes\" data-elementor-lightbox-slideshow=\"4ec1a4a\" data-e-action-hash=\"#elementor-action%3Aaction%3Dlightbox%26settings%3DeyJpZCI6MzExOCwidXJsIjoiaHR0cHM6XC9cL2FsYmFkb2NpbGlhLmN1bHR1cmEuZ292Lml0XC93cC1jb250ZW50XC91cGxvYWRzXC8yMDIzXC8wMVwveHN0Ml80LXNjYWxlZC5qcGciLCJzbGlkZXNob3ciOiI0ZWMxYTRhIn0%3D\" href=\"https:\/\/albadocilia.cultura.gov.it\/wp-content\/uploads\/2023\/01\/xst2_4-scaled.jpg\"><figure class=\"swiper-slide-inner\"><img decoding=\"async\" class=\"swiper-slide-image\" src=\"https:\/\/albadocilia.cultura.gov.it\/wp-content\/uploads\/2023\/01\/xst2_4-2048x2048.jpg\" alt=\"\" \/><\/figure><\/a><\/div><div class=\"swiper-slide\" role=\"group\" aria-roledescription=\"slide\" aria-label=\"4 di 4\"><a data-elementor-open-lightbox=\"yes\" data-elementor-lightbox-slideshow=\"4ec1a4a\" data-e-action-hash=\"#elementor-action%3Aaction%3Dlightbox%26settings%3DeyJpZCI6MzExOSwidXJsIjoiaHR0cHM6XC9cL2FsYmFkb2NpbGlhLmN1bHR1cmEuZ292Lml0XC93cC1jb250ZW50XC91cGxvYWRzXC8yMDIzXC8wMVwveHN0Ml81LXNjYWxlZC5qcGciLCJzbGlkZXNob3ciOiI0ZWMxYTRhIn0%3D\" href=\"https:\/\/albadocilia.cultura.gov.it\/wp-content\/uploads\/2023\/01\/xst2_5-scaled.jpg\"><figure class=\"swiper-slide-inner\"><img decoding=\"async\" class=\"swiper-slide-image\" src=\"https:\/\/albadocilia.cultura.gov.it\/wp-content\/uploads\/2023\/01\/xst2_5-2048x2048.jpg\" alt=\"\" \/><\/figure><\/a><\/div>\t\t\t<\/div>\n\t\t\t\t\t\t\t\t\t\t\t\t<div class=\"elementor-swiper-button elementor-swiper-button-prev\" role=\"button\" tabindex=\"0\">\n\t\t\t\t\t\t<i aria-hidden=\"true\" class=\"eicon-chevron-left\"><\/i>\t\t\t\t\t<\/div>\n\t\t\t\t\t<div class=\"elementor-swiper-button elementor-swiper-button-next\" role=\"button\" tabindex=\"0\">\n\t\t\t\t\t\t<i aria-hidden=\"true\" class=\"eicon-chevron-right\"><\/i>\t\t\t\t\t<\/div>\n\t\t\t\t\n\t\t\t\t\t\t\t\t\t<\/div>\n\t\t\t\t<\/div>\n\t\t\t\t<\/div>\n\t\t\t\t\t<\/div>\n\t\t<\/div>\n\t\t\t\t<div class=\"elementor-column elementor-col-33 elementor-top-column elementor-element elementor-element-d23abb7\" data-id=\"d23abb7\" data-element_type=\"column\">\n\t\t\t<div class=\"elementor-widget-wrap elementor-element-populated\">\n\t\t\t\t\t\t<div class=\"elementor-element elementor-element-3fcb53f elementor-widget elementor-widget-text-editor\" data-id=\"3fcb53f\" data-element_type=\"widget\" data-widget_type=\"text-editor.default\">\n\t\t\t\t<div class=\"elementor-widget-container\">\n\t\t\t\t\t\t\t<p><span style=\"color: #ffffff;\">Un&#8217;altra patera. Pi\u00f9 semplice di quella descritta sopra ma pur sempre grande, con funzione anch&#8217;essa di piatto da portata. Non ha tracce di verniciatura e l&#8217;orlo \u00e8 appena accennato. E&#8217; per\u00f2 uno dei reperti in ceramica pi\u00f9 grandi fra tutti quelli rinvenuti.<\/span><\/p>\t\t\t\t\t\t<\/div>\n\t\t\t\t<\/div>\n\t\t\t\t\t<\/div>\n\t\t<\/div>\n\t\t\t\t\t<\/div>\n\t\t<\/section>\n\t\t\t\t<section class=\"elementor-section elementor-top-section elementor-element elementor-element-5ae9287 elementor-section-boxed elementor-section-height-default elementor-section-height-default\" data-id=\"5ae9287\" data-element_type=\"section\">\n\t\t\t\t\t\t<div class=\"elementor-container elementor-column-gap-default\">\n\t\t\t\t\t<div class=\"elementor-column elementor-col-100 elementor-top-column elementor-element elementor-element-3f71ef2\" data-id=\"3f71ef2\" data-element_type=\"column\">\n\t\t\t<div class=\"elementor-widget-wrap elementor-element-populated\">\n\t\t\t\t\t\t<div class=\"elementor-element elementor-element-354787a elementor-widget-divider--separator-type-pattern elementor-widget-divider--no-spacing elementor-widget-divider--view-line elementor-widget elementor-widget-divider\" data-id=\"354787a\" data-element_type=\"widget\" data-widget_type=\"divider.default\">\n\t\t\t\t<div class=\"elementor-widget-container\">\n\t\t\t\t\t<div class=\"elementor-divider\" style=\"--divider-pattern-url: url(&quot;data:image\/svg+xml,%3Csvg xmlns=&#039;http:\/\/www.w3.org\/2000\/svg&#039; preserveAspectRatio=&#039;xMidYMid meet&#039; overflow=&#039;visible&#039; height=&#039;100%&#039; viewBox=&#039;0 0 126 26&#039; fill=&#039;black&#039; stroke=&#039;none&#039;%3E%3Cpath d=&#039;M46.8,7.8v11.5L36,18.6V7.8H46.8z M82.4,7.8L84,18.6l-12,0.7L70.4,7.8H82.4z M0,7.8l12,0.9v9.9H1.3L0,7.8z M30,7.8v10.8H19L18,7.8H30z M63.7,7.8L66,18.6H54V9.5L63.7,7.8z M89.8,7L102,7.8v10.8H91.2L89.8,7zM108,7.8l12,0.9v8.9l-12,1V7.8z&#039;\/%3E%3C\/svg%3E&quot;);\">\n\t\t\t<span class=\"elementor-divider-separator\">\n\t\t\t\t\t\t<\/span>\n\t\t<\/div>\n\t\t\t\t<\/div>\n\t\t\t\t<\/div>\n\t\t\t\t\t<\/div>\n\t\t<\/div>\n\t\t\t\t\t<\/div>\n\t\t<\/section>\n\t\t\t\t<section class=\"elementor-section elementor-top-section elementor-element elementor-element-3079c20 elementor-section-stretched elementor-section-boxed elementor-section-height-default elementor-section-height-default\" data-id=\"3079c20\" data-element_type=\"section\" data-settings=\"{&quot;background_background&quot;:&quot;classic&quot;,&quot;stretch_section&quot;:&quot;section-stretched&quot;}\">\n\t\t\t\t\t\t<div class=\"elementor-container elementor-column-gap-default\">\n\t\t\t\t\t<div class=\"elementor-column elementor-col-33 elementor-top-column elementor-element elementor-element-7439171\" data-id=\"7439171\" data-element_type=\"column\">\n\t\t\t<div class=\"elementor-widget-wrap elementor-element-populated\">\n\t\t\t\t\t\t<div class=\"elementor-element elementor-element-5d1aa23 elementor-widget elementor-widget-text-editor\" data-id=\"5d1aa23\" data-element_type=\"widget\" data-widget_type=\"text-editor.default\">\n\t\t\t\t<div class=\"elementor-widget-container\">\n\t\t\t\t\t\t\t<p style=\"text-align: left;\"><span style=\"color: #ffffff;\"><strong>COPPA<\/strong><strong style=\"font-style: inherit;\"><br \/>Nome<\/strong><span style=\"font-style: inherit; font-weight: inherit;\">: coppa<\/span><strong style=\"font-style: inherit;\"><br \/>Classe<\/strong><span style=\"font-style: inherit; font-weight: inherit;\">: <span style=\"color: #ffffff;\"><a style=\"color: #ffffff;\" href=\"https:\/\/albadocilia.cultura.gov.it\/?page_id=1249#terra-sigillata\" target=\"_blank\" rel=\"noopener\"><span style=\"text-decoration: underline;\">terra sigillata<\/span><\/a><\/span>\u00a0a<\/span><span style=\"font-style: inherit; font-weight: inherit;\">fricana<\/span><strong style=\"font-style: inherit;\"><br \/>Materiale<\/strong><span style=\"font-style: inherit; font-weight: inherit;\">: argilla<\/span><strong style=\"font-style: inherit;\"><br \/>Datazione<\/strong><span style=\"font-style: inherit; font-weight: inherit;\">: III secolo d.C.<br \/><\/span><strong style=\"font-style: inherit;\">Misure<\/strong><span style=\"font-style: inherit; font-weight: inherit;\">: h 6,2 cm, diam. 17,6 cm<br \/><\/span><strong style=\"font-style: inherit;\">Dove si trova ora: <\/strong>Depositi Soprintendenza, Genova<strong style=\"font-style: inherit;\"><br \/><\/strong><strong style=\"font-style: inherit;\">Note<\/strong><span style=\"font-style: inherit; font-weight: inherit;\">: rinvenuta frammentaria, <\/span><span style=\"font-style: inherit; font-weight: inherit;\"><span style=\"color: #ffffff;\">ri<\/span>composta e integrata<\/span><\/span><\/p>\t\t\t\t\t\t<\/div>\n\t\t\t\t<\/div>\n\t\t\t\t\t<\/div>\n\t\t<\/div>\n\t\t\t\t<div class=\"elementor-column elementor-col-33 elementor-top-column elementor-element elementor-element-53dac0f\" data-id=\"53dac0f\" data-element_type=\"column\">\n\t\t\t<div class=\"elementor-widget-wrap elementor-element-populated\">\n\t\t\t\t\t\t<div class=\"elementor-element elementor-element-6a6d24b elementor-arrows-position-inside elementor-widget elementor-widget-image-carousel\" data-id=\"6a6d24b\" data-element_type=\"widget\" data-settings=\"{&quot;slides_to_show&quot;:&quot;1&quot;,&quot;navigation&quot;:&quot;arrows&quot;,&quot;autoplay&quot;:&quot;no&quot;,&quot;infinite&quot;:&quot;yes&quot;,&quot;effect&quot;:&quot;slide&quot;,&quot;speed&quot;:500}\" data-widget_type=\"image-carousel.default\">\n\t\t\t\t<div class=\"elementor-widget-container\">\n\t\t\t\t\t<div class=\"elementor-image-carousel-wrapper swiper-container\" dir=\"ltr\">\n\t\t\t<div class=\"elementor-image-carousel swiper-wrapper\" aria-live=\"polite\">\n\t\t\t\t\t\t\t\t<div class=\"swiper-slide\" role=\"group\" aria-roledescription=\"slide\" aria-label=\"1 di 4\"><a data-elementor-open-lightbox=\"yes\" data-elementor-lightbox-slideshow=\"6a6d24b\" data-e-action-hash=\"#elementor-action%3Aaction%3Dlightbox%26settings%3DeyJpZCI6MTcwMywidXJsIjoiaHR0cHM6XC9cL2FsYmFkb2NpbGlhLmN1bHR1cmEuZ292Lml0XC93cC1jb250ZW50XC91cGxvYWRzXC8yMDIyXC8xMlwvODI3MF8xLmpwZyIsInNsaWRlc2hvdyI6IjZhNmQyNGIifQ%3D%3D\" href=\"https:\/\/albadocilia.cultura.gov.it\/wp-content\/uploads\/2022\/12\/8270_1.jpg\"><figure class=\"swiper-slide-inner\"><img decoding=\"async\" class=\"swiper-slide-image\" src=\"https:\/\/albadocilia.cultura.gov.it\/wp-content\/uploads\/2022\/12\/8270_1.jpg\" alt=\"\" \/><\/figure><\/a><\/div><div class=\"swiper-slide\" role=\"group\" aria-roledescription=\"slide\" aria-label=\"2 di 4\"><a data-elementor-open-lightbox=\"yes\" data-elementor-lightbox-slideshow=\"6a6d24b\" data-e-action-hash=\"#elementor-action%3Aaction%3Dlightbox%26settings%3DeyJpZCI6MTcwNCwidXJsIjoiaHR0cHM6XC9cL2FsYmFkb2NpbGlhLmN1bHR1cmEuZ292Lml0XC93cC1jb250ZW50XC91cGxvYWRzXC8yMDIyXC8xMlwvODI3MF8yLmpwZyIsInNsaWRlc2hvdyI6IjZhNmQyNGIifQ%3D%3D\" href=\"https:\/\/albadocilia.cultura.gov.it\/wp-content\/uploads\/2022\/12\/8270_2.jpg\"><figure class=\"swiper-slide-inner\"><img decoding=\"async\" class=\"swiper-slide-image\" src=\"https:\/\/albadocilia.cultura.gov.it\/wp-content\/uploads\/2022\/12\/8270_2.jpg\" alt=\"\" \/><\/figure><\/a><\/div><div class=\"swiper-slide\" role=\"group\" aria-roledescription=\"slide\" aria-label=\"3 di 4\"><a data-elementor-open-lightbox=\"yes\" data-elementor-lightbox-slideshow=\"6a6d24b\" data-e-action-hash=\"#elementor-action%3Aaction%3Dlightbox%26settings%3DeyJpZCI6MTcwNSwidXJsIjoiaHR0cHM6XC9cL2FsYmFkb2NpbGlhLmN1bHR1cmEuZ292Lml0XC93cC1jb250ZW50XC91cGxvYWRzXC8yMDIyXC8xMlwvODI3MF8zLmpwZyIsInNsaWRlc2hvdyI6IjZhNmQyNGIifQ%3D%3D\" href=\"https:\/\/albadocilia.cultura.gov.it\/wp-content\/uploads\/2022\/12\/8270_3.jpg\"><figure class=\"swiper-slide-inner\"><img decoding=\"async\" class=\"swiper-slide-image\" src=\"https:\/\/albadocilia.cultura.gov.it\/wp-content\/uploads\/2022\/12\/8270_3.jpg\" alt=\"\" \/><\/figure><\/a><\/div><div class=\"swiper-slide\" role=\"group\" aria-roledescription=\"slide\" aria-label=\"4 di 4\"><a data-elementor-open-lightbox=\"yes\" data-elementor-lightbox-slideshow=\"6a6d24b\" data-e-action-hash=\"#elementor-action%3Aaction%3Dlightbox%26settings%3DeyJpZCI6MTcwNiwidXJsIjoiaHR0cHM6XC9cL2FsYmFkb2NpbGlhLmN1bHR1cmEuZ292Lml0XC93cC1jb250ZW50XC91cGxvYWRzXC8yMDIyXC8xMlwvODI3MF80LmpwZyIsInNsaWRlc2hvdyI6IjZhNmQyNGIifQ%3D%3D\" href=\"https:\/\/albadocilia.cultura.gov.it\/wp-content\/uploads\/2022\/12\/8270_4.jpg\"><figure class=\"swiper-slide-inner\"><img decoding=\"async\" class=\"swiper-slide-image\" src=\"https:\/\/albadocilia.cultura.gov.it\/wp-content\/uploads\/2022\/12\/8270_4.jpg\" alt=\"\" \/><\/figure><\/a><\/div>\t\t\t<\/div>\n\t\t\t\t\t\t\t\t\t\t\t\t<div class=\"elementor-swiper-button elementor-swiper-button-prev\" role=\"button\" tabindex=\"0\">\n\t\t\t\t\t\t<i aria-hidden=\"true\" class=\"eicon-chevron-left\"><\/i>\t\t\t\t\t<\/div>\n\t\t\t\t\t<div class=\"elementor-swiper-button elementor-swiper-button-next\" role=\"button\" tabindex=\"0\">\n\t\t\t\t\t\t<i aria-hidden=\"true\" class=\"eicon-chevron-right\"><\/i>\t\t\t\t\t<\/div>\n\t\t\t\t\n\t\t\t\t\t\t\t\t\t<\/div>\n\t\t\t\t<\/div>\n\t\t\t\t<\/div>\n\t\t\t\t\t<\/div>\n\t\t<\/div>\n\t\t\t\t<div class=\"elementor-column elementor-col-33 elementor-top-column elementor-element elementor-element-f589525\" data-id=\"f589525\" data-element_type=\"column\">\n\t\t\t<div class=\"elementor-widget-wrap elementor-element-populated\">\n\t\t\t\t\t\t<div class=\"elementor-element elementor-element-96d639d elementor-widget elementor-widget-text-editor\" data-id=\"96d639d\" data-element_type=\"widget\" data-widget_type=\"text-editor.default\">\n\t\t\t\t<div class=\"elementor-widget-container\">\n\t\t\t\t\t\t\t<p><span style=\"color: #ffffff;\">Anche le forme come questa trovavano posto a tavola. Di coppe ve ne erano di molti tipi e dimensioni, spesso decorate, e servivano per bere o comunque per i liquidi (acqua e vino). L&#8217;esemplare qui accanto \u00e8 stato fabbricato in Africa settentrionale e appartiene alla classe ceramica della <a style=\"color: #ffffff;\" href=\"https:\/\/albadocilia.cultura.gov.it\/?page_id=1249#terra-sigillata\" target=\"_blank\" rel=\"noopener\">terra sigillata<\/a>, come i reperti che vedi descritti sopra. Questa coppa \u00e8 molto semplice ma la sua forma \u00e8 essenziale, oggi diremmo &#8220;minimalista&#8221;, bella ma senza fronzoli.<\/span><\/p>\t\t\t\t\t\t<\/div>\n\t\t\t\t<\/div>\n\t\t\t\t\t<\/div>\n\t\t<\/div>\n\t\t\t\t\t<\/div>\n\t\t<\/section>\n\t\t\t\t<section class=\"elementor-section elementor-top-section elementor-element elementor-element-d4f9547 elementor-section-boxed elementor-section-height-default elementor-section-height-default\" data-id=\"d4f9547\" data-element_type=\"section\">\n\t\t\t\t\t\t<div class=\"elementor-container elementor-column-gap-default\">\n\t\t\t\t\t<div class=\"elementor-column elementor-col-100 elementor-top-column elementor-element elementor-element-e35666e\" data-id=\"e35666e\" data-element_type=\"column\">\n\t\t\t<div class=\"elementor-widget-wrap elementor-element-populated\">\n\t\t\t\t\t\t<div class=\"elementor-element elementor-element-356a580 elementor-widget-divider--separator-type-pattern elementor-widget-divider--no-spacing elementor-widget-divider--view-line elementor-widget elementor-widget-divider\" data-id=\"356a580\" data-element_type=\"widget\" data-widget_type=\"divider.default\">\n\t\t\t\t<div class=\"elementor-widget-container\">\n\t\t\t\t\t<div class=\"elementor-divider\" style=\"--divider-pattern-url: url(&quot;data:image\/svg+xml,%3Csvg xmlns=&#039;http:\/\/www.w3.org\/2000\/svg&#039; preserveAspectRatio=&#039;xMidYMid meet&#039; overflow=&#039;visible&#039; height=&#039;100%&#039; viewBox=&#039;0 0 126 26&#039; fill=&#039;black&#039; stroke=&#039;none&#039;%3E%3Cpath d=&#039;M46.8,7.8v11.5L36,18.6V7.8H46.8z M82.4,7.8L84,18.6l-12,0.7L70.4,7.8H82.4z M0,7.8l12,0.9v9.9H1.3L0,7.8z M30,7.8v10.8H19L18,7.8H30z M63.7,7.8L66,18.6H54V9.5L63.7,7.8z M89.8,7L102,7.8v10.8H91.2L89.8,7zM108,7.8l12,0.9v8.9l-12,1V7.8z&#039;\/%3E%3C\/svg%3E&quot;);\">\n\t\t\t<span class=\"elementor-divider-separator\">\n\t\t\t\t\t\t<\/span>\n\t\t<\/div>\n\t\t\t\t<\/div>\n\t\t\t\t<\/div>\n\t\t\t\t\t<\/div>\n\t\t<\/div>\n\t\t\t\t\t<\/div>\n\t\t<\/section>\n\t\t\t\t<section class=\"elementor-section elementor-top-section elementor-element elementor-element-6ac3cac elementor-section-stretched elementor-section-boxed elementor-section-height-default elementor-section-height-default\" data-id=\"6ac3cac\" data-element_type=\"section\" data-settings=\"{&quot;background_background&quot;:&quot;classic&quot;,&quot;stretch_section&quot;:&quot;section-stretched&quot;}\">\n\t\t\t\t\t\t<div class=\"elementor-container elementor-column-gap-default\">\n\t\t\t\t\t<div class=\"elementor-column elementor-col-33 elementor-top-column elementor-element elementor-element-fe57b18\" data-id=\"fe57b18\" data-element_type=\"column\">\n\t\t\t<div class=\"elementor-widget-wrap elementor-element-populated\">\n\t\t\t\t\t\t<div class=\"elementor-element elementor-element-5d42859 elementor-widget elementor-widget-text-editor\" data-id=\"5d42859\" data-element_type=\"widget\" data-widget_type=\"text-editor.default\">\n\t\t\t\t<div class=\"elementor-widget-container\">\n\t\t\t\t\t\t\t<p style=\"text-align: left;\"><span style=\"color: #ffffff;\"><strong>FRAMMENTI DI BICCHIERE<\/strong><strong style=\"font-style: inherit;\"><br \/>Nome<\/strong><span style=\"font-style: inherit; font-weight: inherit;\">: bicchieri<br \/><\/span><strong style=\"font-style: inherit;\">Classe<\/strong><span style=\"font-style: inherit; font-weight: inherit;\">: ceramica a pareti sottili<br \/><\/span><strong style=\"font-style: inherit;\">Materiale<\/strong><span style=\"font-style: inherit; font-weight: inherit;\">: argilla<\/span><strong style=\"font-style: inherit;\"><br \/>Datazione<\/strong><span style=\"font-style: inherit; font-weight: inherit;\">: seconda met\u00e0 I secolo\u00a0<\/span><span style=\"font-style: inherit; font-weight: inherit;\">d.C.<\/span><strong style=\"font-style: inherit;\"><br \/>Misure<\/strong><span style=\"font-style: inherit; font-weight: inherit;\">:\u00a0<\/span><span style=\"font-style: inherit; font-weight: inherit;\">5,7&#215;5,7 cm, spessore 0,1 cm;\u00a0<\/span><span style=\"font-style: inherit; font-weight: inherit;\">6&#215;3,8 cm, spessore 0,3 cm<\/span><strong style=\"font-style: inherit;\"><br \/>Dove si trova ora<\/strong><span style=\"font-style: inherit; font-weight: inherit;\">: Depositi Soprintendenza, Genova<\/span><strong style=\"font-style: inherit;\"><br \/>Note<\/strong><span style=\"font-style: inherit; font-weight: inherit;\">: frammenti pertinenti a due bicchieri<\/span><\/span><\/p>\t\t\t\t\t\t<\/div>\n\t\t\t\t<\/div>\n\t\t\t\t\t<\/div>\n\t\t<\/div>\n\t\t\t\t<div class=\"elementor-column elementor-col-33 elementor-top-column elementor-element elementor-element-8b983e5\" data-id=\"8b983e5\" data-element_type=\"column\">\n\t\t\t<div class=\"elementor-widget-wrap elementor-element-populated\">\n\t\t\t\t\t\t<div class=\"elementor-element elementor-element-e4f51b4 elementor-arrows-position-inside elementor-widget elementor-widget-image-carousel\" data-id=\"e4f51b4\" data-element_type=\"widget\" data-settings=\"{&quot;slides_to_show&quot;:&quot;1&quot;,&quot;navigation&quot;:&quot;arrows&quot;,&quot;autoplay&quot;:&quot;no&quot;,&quot;infinite&quot;:&quot;yes&quot;,&quot;effect&quot;:&quot;slide&quot;,&quot;speed&quot;:500}\" data-widget_type=\"image-carousel.default\">\n\t\t\t\t<div class=\"elementor-widget-container\">\n\t\t\t\t\t<div class=\"elementor-image-carousel-wrapper swiper-container\" dir=\"ltr\">\n\t\t\t<div class=\"elementor-image-carousel swiper-wrapper\" aria-live=\"polite\">\n\t\t\t\t\t\t\t\t<div class=\"swiper-slide\" role=\"group\" aria-roledescription=\"slide\" aria-label=\"1 di 2\"><a data-elementor-open-lightbox=\"yes\" data-elementor-lightbox-slideshow=\"e4f51b4\" data-e-action-hash=\"#elementor-action%3Aaction%3Dlightbox%26settings%3DeyJpZCI6MTc5OSwidXJsIjoiaHR0cHM6XC9cL2FsYmFkb2NpbGlhLmN1bHR1cmEuZ292Lml0XC93cC1jb250ZW50XC91cGxvYWRzXC8yMDIyXC8xMlwvMTEwXzE2NF8xLmpwZyIsInNsaWRlc2hvdyI6ImU0ZjUxYjQifQ%3D%3D\" href=\"https:\/\/albadocilia.cultura.gov.it\/wp-content\/uploads\/2022\/12\/110_164_1.jpg\"><figure class=\"swiper-slide-inner\"><img decoding=\"async\" class=\"swiper-slide-image\" src=\"https:\/\/albadocilia.cultura.gov.it\/wp-content\/uploads\/2022\/12\/110_164_1.jpg\" alt=\"\" \/><\/figure><\/a><\/div><div class=\"swiper-slide\" role=\"group\" aria-roledescription=\"slide\" aria-label=\"2 di 2\"><a data-elementor-open-lightbox=\"yes\" data-elementor-lightbox-slideshow=\"e4f51b4\" data-e-action-hash=\"#elementor-action%3Aaction%3Dlightbox%26settings%3DeyJpZCI6MTgwMCwidXJsIjoiaHR0cHM6XC9cL2FsYmFkb2NpbGlhLmN1bHR1cmEuZ292Lml0XC93cC1jb250ZW50XC91cGxvYWRzXC8yMDIyXC8xMlwvMTEwXzE2NF8yLmpwZyIsInNsaWRlc2hvdyI6ImU0ZjUxYjQifQ%3D%3D\" href=\"https:\/\/albadocilia.cultura.gov.it\/wp-content\/uploads\/2022\/12\/110_164_2.jpg\"><figure class=\"swiper-slide-inner\"><img decoding=\"async\" class=\"swiper-slide-image\" src=\"https:\/\/albadocilia.cultura.gov.it\/wp-content\/uploads\/2022\/12\/110_164_2.jpg\" alt=\"\" \/><\/figure><\/a><\/div>\t\t\t<\/div>\n\t\t\t\t\t\t\t\t\t\t\t\t<div class=\"elementor-swiper-button elementor-swiper-button-prev\" role=\"button\" tabindex=\"0\">\n\t\t\t\t\t\t<i aria-hidden=\"true\" class=\"eicon-chevron-left\"><\/i>\t\t\t\t\t<\/div>\n\t\t\t\t\t<div class=\"elementor-swiper-button elementor-swiper-button-next\" role=\"button\" tabindex=\"0\">\n\t\t\t\t\t\t<i aria-hidden=\"true\" class=\"eicon-chevron-right\"><\/i>\t\t\t\t\t<\/div>\n\t\t\t\t\n\t\t\t\t\t\t\t\t\t<\/div>\n\t\t\t\t<\/div>\n\t\t\t\t<\/div>\n\t\t\t\t\t<\/div>\n\t\t<\/div>\n\t\t\t\t<div class=\"elementor-column elementor-col-33 elementor-top-column elementor-element elementor-element-100346e\" data-id=\"100346e\" data-element_type=\"column\">\n\t\t\t<div class=\"elementor-widget-wrap elementor-element-populated\">\n\t\t\t\t\t\t<div class=\"elementor-element elementor-element-2252261 elementor-widget elementor-widget-text-editor\" data-id=\"2252261\" data-element_type=\"widget\" data-widget_type=\"text-editor.default\">\n\t\t\t\t<div class=\"elementor-widget-container\">\n\t\t\t\t\t\t\t<p>Per bere a tavola non solo coppe quindi, ma anche veri e propri bicchieri in ceramica cosiddetta &#8220;a pareti sottili&#8221; e di forma ovoidale. L&#8217;artigiano riusciva, molto abilmente, a creare bicchieri per bere di pregio con argilla talmente fine e depurata da consentirgli di ottenere pareti sottili quasi come quelle di vetro o di metallo. Spesso infatti sulla tavola erano presenti bicchieri in vetro soffiato, e anche negli scavi della villa di <span style=\"color: #ffffff;\"><a style=\"color: #ffffff;\" href=\"https:\/\/albadocilia.cultura.gov.it\/?page_id=1249#alba-docilia\" target=\"_blank\" rel=\"noopener\"><em>Alba Docilia<\/em><\/a><\/span> ne sono stati ritrovati frammenti.<\/p>\t\t\t\t\t\t<\/div>\n\t\t\t\t<\/div>\n\t\t\t\t\t<\/div>\n\t\t<\/div>\n\t\t\t\t\t<\/div>\n\t\t<\/section>\n\t\t\t\t<section class=\"elementor-section elementor-top-section elementor-element elementor-element-cd1a815 elementor-section-stretched elementor-section-boxed elementor-section-height-default elementor-section-height-default\" data-id=\"cd1a815\" data-element_type=\"section\" data-settings=\"{&quot;stretch_section&quot;:&quot;section-stretched&quot;}\">\n\t\t\t\t\t\t<div class=\"elementor-container elementor-column-gap-default\">\n\t\t\t\t\t<div class=\"elementor-column elementor-col-100 elementor-top-column elementor-element elementor-element-296ecc4\" data-id=\"296ecc4\" data-element_type=\"column\">\n\t\t\t<div class=\"elementor-widget-wrap elementor-element-populated\">\n\t\t\t\t\t\t<div class=\"elementor-element elementor-element-7226712 elementor-widget-divider--separator-type-pattern elementor-widget-divider--no-spacing elementor-widget-divider--view-line elementor-widget elementor-widget-divider\" data-id=\"7226712\" data-element_type=\"widget\" data-widget_type=\"divider.default\">\n\t\t\t\t<div class=\"elementor-widget-container\">\n\t\t\t\t\t<div class=\"elementor-divider\" style=\"--divider-pattern-url: url(&quot;data:image\/svg+xml,%3Csvg xmlns=&#039;http:\/\/www.w3.org\/2000\/svg&#039; preserveAspectRatio=&#039;xMidYMid meet&#039; overflow=&#039;visible&#039; height=&#039;100%&#039; viewBox=&#039;0 0 126 26&#039; fill=&#039;black&#039; stroke=&#039;none&#039;%3E%3Cpath d=&#039;M46.8,7.8v11.5L36,18.6V7.8H46.8z M82.4,7.8L84,18.6l-12,0.7L70.4,7.8H82.4z M0,7.8l12,0.9v9.9H1.3L0,7.8z M30,7.8v10.8H19L18,7.8H30z M63.7,7.8L66,18.6H54V9.5L63.7,7.8z M89.8,7L102,7.8v10.8H91.2L89.8,7zM108,7.8l12,0.9v8.9l-12,1V7.8z&#039;\/%3E%3C\/svg%3E&quot;);\">\n\t\t\t<span class=\"elementor-divider-separator\">\n\t\t\t\t\t\t<\/span>\n\t\t<\/div>\n\t\t\t\t<\/div>\n\t\t\t\t<\/div>\n\t\t\t\t\t<\/div>\n\t\t<\/div>\n\t\t\t\t\t<\/div>\n\t\t<\/section>\n\t\t\t\t<section class=\"elementor-section elementor-top-section elementor-element elementor-element-facd00c elementor-section-stretched elementor-section-boxed elementor-section-height-default elementor-section-height-default\" data-id=\"facd00c\" data-element_type=\"section\" data-settings=\"{&quot;background_background&quot;:&quot;classic&quot;,&quot;stretch_section&quot;:&quot;section-stretched&quot;}\">\n\t\t\t\t\t\t<div class=\"elementor-container elementor-column-gap-default\">\n\t\t\t\t\t<div class=\"elementor-column elementor-col-33 elementor-top-column elementor-element elementor-element-0d6fee4\" data-id=\"0d6fee4\" data-element_type=\"column\">\n\t\t\t<div class=\"elementor-widget-wrap elementor-element-populated\">\n\t\t\t\t\t\t<div class=\"elementor-element elementor-element-022dce4 elementor-widget elementor-widget-text-editor\" data-id=\"022dce4\" data-element_type=\"widget\" data-widget_type=\"text-editor.default\">\n\t\t\t\t<div class=\"elementor-widget-container\">\n\t\t\t\t\t\t\t<p style=\"text-align: left;\"><span style=\"color: #ffffff;\"><strong>FRAMMENTI DI COPPE<\/strong><strong style=\"font-style: inherit;\"><br \/>Nome<\/strong><span style=\"font-style: inherit; font-weight: inherit;\">: frammenti pertinenti a\u00a0<\/span><span style=\"font-style: inherit; font-weight: inherit;\"><span style=\"color: #ffffff;\">varie<\/span> coppe<\/span><strong style=\"font-style: inherit;\"><br \/>Classe<\/strong><span style=\"font-style: inherit; font-weight: inherit;\">: <span style=\"color: #ffffff;\"><a style=\"color: #ffffff;\" href=\"https:\/\/albadocilia.cultura.gov.it\/?page_id=1249#terra-sigillata\" target=\"_blank\" rel=\"noopener\"><span style=\"text-decoration: underline;\">terra sigillata<\/span><\/a><\/span>\u00a0<\/span><span style=\"font-style: inherit; font-weight: inherit;\">sud-gallica<\/span><strong style=\"font-style: inherit;\"><br \/>Materiale<\/strong><span style=\"font-style: inherit; font-weight: inherit;\">: argilla<\/span><strong style=\"font-style: inherit;\"><br \/>Datazione<\/strong><span style=\"font-style: inherit; font-weight: inherit;\">: I e II secolo d.C.<\/span><strong style=\"font-style: inherit;\"><br \/>Dove si trovano ora<\/strong><span style=\"font-style: inherit; font-weight: inherit;\">:\u00a0Depositi Soprintendenza, Genova<\/span><strong style=\"font-style: inherit;\"><br \/>Note<\/strong><span style=\"font-style: inherit; font-weight: inherit;\">: frammenti tra loro non\u00a0<\/span><span style=\"font-style: inherit; font-weight: inherit;\">pertinenti<\/span><\/span><\/p>\t\t\t\t\t\t<\/div>\n\t\t\t\t<\/div>\n\t\t\t\t\t<\/div>\n\t\t<\/div>\n\t\t\t\t<div class=\"elementor-column elementor-col-33 elementor-top-column elementor-element elementor-element-97cde62\" data-id=\"97cde62\" data-element_type=\"column\">\n\t\t\t<div class=\"elementor-widget-wrap elementor-element-populated\">\n\t\t\t\t\t\t<div class=\"elementor-element elementor-element-58f677e elementor-arrows-position-inside elementor-widget elementor-widget-image-carousel\" data-id=\"58f677e\" data-element_type=\"widget\" data-settings=\"{&quot;slides_to_show&quot;:&quot;1&quot;,&quot;navigation&quot;:&quot;arrows&quot;,&quot;autoplay&quot;:&quot;yes&quot;,&quot;pause_on_hover&quot;:&quot;yes&quot;,&quot;pause_on_interaction&quot;:&quot;yes&quot;,&quot;autoplay_speed&quot;:5000,&quot;infinite&quot;:&quot;yes&quot;,&quot;effect&quot;:&quot;slide&quot;,&quot;speed&quot;:500}\" data-widget_type=\"image-carousel.default\">\n\t\t\t\t<div class=\"elementor-widget-container\">\n\t\t\t\t\t<div class=\"elementor-image-carousel-wrapper swiper-container\" dir=\"ltr\">\n\t\t\t<div class=\"elementor-image-carousel swiper-wrapper\" aria-live=\"off\">\n\t\t\t\t\t\t\t\t<div class=\"swiper-slide\" role=\"group\" aria-roledescription=\"slide\" aria-label=\"1 di 4\"><a data-elementor-open-lightbox=\"yes\" data-elementor-lightbox-slideshow=\"58f677e\" data-e-action-hash=\"#elementor-action%3Aaction%3Dlightbox%26settings%3DeyJpZCI6MTc0MiwidXJsIjoiaHR0cHM6XC9cL2FsYmFkb2NpbGlhLmN1bHR1cmEuZ292Lml0XC93cC1jb250ZW50XC91cGxvYWRzXC8yMDIyXC8xMlwvMS1zY2FsZWQuanBnIiwic2xpZGVzaG93IjoiNThmNjc3ZSJ9\" href=\"https:\/\/albadocilia.cultura.gov.it\/wp-content\/uploads\/2022\/12\/1-scaled.jpg\"><figure class=\"swiper-slide-inner\"><img decoding=\"async\" class=\"swiper-slide-image\" src=\"https:\/\/albadocilia.cultura.gov.it\/wp-content\/uploads\/2022\/12\/1-2048x2048.jpg\" alt=\"\" \/><\/figure><\/a><\/div><div class=\"swiper-slide\" role=\"group\" aria-roledescription=\"slide\" aria-label=\"2 di 4\"><a data-elementor-open-lightbox=\"yes\" data-elementor-lightbox-slideshow=\"58f677e\" data-e-action-hash=\"#elementor-action%3Aaction%3Dlightbox%26settings%3DeyJpZCI6MTc0MywidXJsIjoiaHR0cHM6XC9cL2FsYmFkb2NpbGlhLmN1bHR1cmEuZ292Lml0XC93cC1jb250ZW50XC91cGxvYWRzXC8yMDIyXC8xMlwvMi5qcGciLCJzbGlkZXNob3ciOiI1OGY2NzdlIn0%3D\" href=\"https:\/\/albadocilia.cultura.gov.it\/wp-content\/uploads\/2022\/12\/2.jpg\"><figure class=\"swiper-slide-inner\"><img decoding=\"async\" class=\"swiper-slide-image\" src=\"https:\/\/albadocilia.cultura.gov.it\/wp-content\/uploads\/2022\/12\/2.jpg\" alt=\"\" \/><\/figure><\/a><\/div><div class=\"swiper-slide\" role=\"group\" aria-roledescription=\"slide\" aria-label=\"3 di 4\"><a data-elementor-open-lightbox=\"yes\" data-elementor-lightbox-slideshow=\"58f677e\" data-e-action-hash=\"#elementor-action%3Aaction%3Dlightbox%26settings%3DeyJpZCI6MTc0NCwidXJsIjoiaHR0cHM6XC9cL2FsYmFkb2NpbGlhLmN1bHR1cmEuZ292Lml0XC93cC1jb250ZW50XC91cGxvYWRzXC8yMDIyXC8xMlwvMy1zY2FsZWQuanBnIiwic2xpZGVzaG93IjoiNThmNjc3ZSJ9\" href=\"https:\/\/albadocilia.cultura.gov.it\/wp-content\/uploads\/2022\/12\/3-scaled.jpg\"><figure class=\"swiper-slide-inner\"><img decoding=\"async\" class=\"swiper-slide-image\" src=\"https:\/\/albadocilia.cultura.gov.it\/wp-content\/uploads\/2022\/12\/3-2048x2048.jpg\" alt=\"\" \/><\/figure><\/a><\/div><div class=\"swiper-slide\" role=\"group\" aria-roledescription=\"slide\" aria-label=\"4 di 4\"><a data-elementor-open-lightbox=\"yes\" data-elementor-lightbox-slideshow=\"58f677e\" data-e-action-hash=\"#elementor-action%3Aaction%3Dlightbox%26settings%3DeyJpZCI6MTc0NSwidXJsIjoiaHR0cHM6XC9cL2FsYmFkb2NpbGlhLmN1bHR1cmEuZ292Lml0XC93cC1jb250ZW50XC91cGxvYWRzXC8yMDIyXC8xMlwvNC1zY2FsZWQuanBnIiwic2xpZGVzaG93IjoiNThmNjc3ZSJ9\" href=\"https:\/\/albadocilia.cultura.gov.it\/wp-content\/uploads\/2022\/12\/4-scaled.jpg\"><figure class=\"swiper-slide-inner\"><img decoding=\"async\" class=\"swiper-slide-image\" src=\"https:\/\/albadocilia.cultura.gov.it\/wp-content\/uploads\/2022\/12\/4-2048x2048.jpg\" alt=\"\" \/><\/figure><\/a><\/div>\t\t\t<\/div>\n\t\t\t\t\t\t\t\t\t\t\t\t<div class=\"elementor-swiper-button elementor-swiper-button-prev\" role=\"button\" tabindex=\"0\">\n\t\t\t\t\t\t<i aria-hidden=\"true\" class=\"eicon-chevron-left\"><\/i>\t\t\t\t\t<\/div>\n\t\t\t\t\t<div class=\"elementor-swiper-button elementor-swiper-button-next\" role=\"button\" tabindex=\"0\">\n\t\t\t\t\t\t<i aria-hidden=\"true\" class=\"eicon-chevron-right\"><\/i>\t\t\t\t\t<\/div>\n\t\t\t\t\n\t\t\t\t\t\t\t\t\t<\/div>\n\t\t\t\t<\/div>\n\t\t\t\t<\/div>\n\t\t\t\t\t<\/div>\n\t\t<\/div>\n\t\t\t\t<div class=\"elementor-column elementor-col-33 elementor-top-column elementor-element elementor-element-0822211\" data-id=\"0822211\" data-element_type=\"column\">\n\t\t\t<div class=\"elementor-widget-wrap elementor-element-populated\">\n\t\t\t\t\t\t<div class=\"elementor-element elementor-element-b32c00c elementor-widget elementor-widget-text-editor\" data-id=\"b32c00c\" data-element_type=\"widget\" data-widget_type=\"text-editor.default\">\n\t\t\t\t<div class=\"elementor-widget-container\">\n\t\t\t\t\t\t\t<p>E in questa serie di foto? Ancora ceramica<span style=\"color: #ffffff;\"> <a style=\"color: #ffffff;\" href=\"https:\/\/albadocilia.cultura.gov.it\/?page_id=1249#terra-sigillata\" target=\"_blank\" rel=\"noopener\"><u>sigillata<\/u><\/a><\/span>, ma con qualcosa in pi\u00f9. Durante gli scavi ad <em>Alba Docilia<\/em> sono stati rinvenuti anche molti frammenti di recipienti non associabili tra loro (risultando quindi impossibile ricostruire la forma intera). In questo caso abbiamo per\u00f2 scelto di raggruppare in queste immagini i frammenti pi\u00f9 grandi e decorati.<\/p>\t\t\t\t\t\t<\/div>\n\t\t\t\t<\/div>\n\t\t\t\t\t<\/div>\n\t\t<\/div>\n\t\t\t\t\t<\/div>\n\t\t<\/section>\n\t\t\t\t<section class=\"elementor-section elementor-top-section elementor-element elementor-element-83756cb elementor-section-stretched elementor-section-boxed elementor-section-height-default elementor-section-height-default\" data-id=\"83756cb\" data-element_type=\"section\" data-settings=\"{&quot;stretch_section&quot;:&quot;section-stretched&quot;,&quot;background_background&quot;:&quot;classic&quot;}\">\n\t\t\t\t\t\t<div class=\"elementor-container elementor-column-gap-default\">\n\t\t\t\t\t<div class=\"elementor-column elementor-col-100 elementor-top-column elementor-element elementor-element-40469db\" data-id=\"40469db\" data-element_type=\"column\">\n\t\t\t<div class=\"elementor-widget-wrap elementor-element-populated\">\n\t\t\t\t\t\t<div class=\"elementor-element elementor-element-079a69d elementor-widget elementor-widget-text-editor\" data-id=\"079a69d\" data-element_type=\"widget\" data-widget_type=\"text-editor.default\">\n\t\t\t\t<div class=\"elementor-widget-container\">\n\t\t\t\t\t\t\t<p><span style=\"color: #ffffff;\">Essi sono pertinenti a nove diverse coppe da tavola. Nella loro interezza queste coppe dovevano essere bellissime, oggetti di lusso, che solo le famiglie abbienti potevano permettersi. Esse non furono fabbricate in territorio italico e nemmeno in nord Africa. Questo particolare tipo di sigillata veniva prodotta in un&#8217;altra zona dell&#8217;impero, ossia nella provincia della Gallia (l&#8217;odierna Francia, per semplificare), in particolare nella Gallia meridionale. Riconosciamo il luogo di provenienza dal tipo di decorazione e dallo stile, particolarmente ricco e\u00a0 raffinato. Tra i motivi decorativi presenti su questi pezzi, si riconoscono\u00a0 animali, figure umane e <span style=\"font-size: 16px; font-style: normal; font-weight: 400;\">elementi vegetali<\/span><span style=\"font-size: 16px;\">. Clicca sulle foto e usa lo zoom! Riesci a riconoscerli?\u00a0<\/span><\/span><\/p>\t\t\t\t\t\t<\/div>\n\t\t\t\t<\/div>\n\t\t\t\t\t<\/div>\n\t\t<\/div>\n\t\t\t\t\t<\/div>\n\t\t<\/section>\n\t\t\t\t<section class=\"elementor-section elementor-top-section elementor-element elementor-element-78b5559 elementor-section-stretched elementor-section-boxed elementor-section-height-default elementor-section-height-default\" data-id=\"78b5559\" data-element_type=\"section\" data-settings=\"{&quot;stretch_section&quot;:&quot;section-stretched&quot;}\">\n\t\t\t\t\t\t<div class=\"elementor-container elementor-column-gap-default\">\n\t\t\t\t\t<div class=\"elementor-column elementor-col-100 elementor-top-column elementor-element elementor-element-10e335f\" data-id=\"10e335f\" data-element_type=\"column\">\n\t\t\t<div class=\"elementor-widget-wrap elementor-element-populated\">\n\t\t\t\t\t\t<div class=\"elementor-element elementor-element-5608827 elementor-widget-divider--separator-type-pattern elementor-widget-divider--no-spacing elementor-widget-divider--view-line elementor-widget elementor-widget-divider\" data-id=\"5608827\" data-element_type=\"widget\" data-widget_type=\"divider.default\">\n\t\t\t\t<div class=\"elementor-widget-container\">\n\t\t\t\t\t<div class=\"elementor-divider\" style=\"--divider-pattern-url: url(&quot;data:image\/svg+xml,%3Csvg xmlns=&#039;http:\/\/www.w3.org\/2000\/svg&#039; preserveAspectRatio=&#039;xMidYMid meet&#039; overflow=&#039;visible&#039; height=&#039;100%&#039; viewBox=&#039;0 0 126 26&#039; fill=&#039;black&#039; stroke=&#039;none&#039;%3E%3Cpath d=&#039;M46.8,7.8v11.5L36,18.6V7.8H46.8z M82.4,7.8L84,18.6l-12,0.7L70.4,7.8H82.4z M0,7.8l12,0.9v9.9H1.3L0,7.8z M30,7.8v10.8H19L18,7.8H30z M63.7,7.8L66,18.6H54V9.5L63.7,7.8z M89.8,7L102,7.8v10.8H91.2L89.8,7zM108,7.8l12,0.9v8.9l-12,1V7.8z&#039;\/%3E%3C\/svg%3E&quot;);\">\n\t\t\t<span class=\"elementor-divider-separator\">\n\t\t\t\t\t\t<\/span>\n\t\t<\/div>\n\t\t\t\t<\/div>\n\t\t\t\t<\/div>\n\t\t\t\t\t<\/div>\n\t\t<\/div>\n\t\t\t\t\t<\/div>\n\t\t<\/section>\n\t\t\t\t<section class=\"elementor-section elementor-top-section elementor-element elementor-element-d79a8d7 elementor-section-stretched elementor-section-boxed elementor-section-height-default elementor-section-height-default\" data-id=\"d79a8d7\" data-element_type=\"section\" data-settings=\"{&quot;background_background&quot;:&quot;classic&quot;,&quot;stretch_section&quot;:&quot;section-stretched&quot;}\">\n\t\t\t\t\t\t<div class=\"elementor-container elementor-column-gap-default\">\n\t\t\t\t\t<div class=\"elementor-column elementor-col-33 elementor-top-column elementor-element elementor-element-5114a15\" data-id=\"5114a15\" data-element_type=\"column\">\n\t\t\t<div class=\"elementor-widget-wrap elementor-element-populated\">\n\t\t\t\t\t\t<div class=\"elementor-element elementor-element-bdd308e elementor-widget elementor-widget-text-editor\" data-id=\"bdd308e\" data-element_type=\"widget\" data-widget_type=\"text-editor.default\">\n\t\t\t\t<div class=\"elementor-widget-container\">\n\t\t\t\t\t\t\t<p style=\"text-align: left;\"><span style=\"color: #ffffff;\"><strong>LUCERNE<\/strong><strong style=\"font-style: inherit;\"><br \/>Nome<\/strong><span style=\"font-style: inherit; font-weight: inherit;\">: lucerne<\/span><strong style=\"font-style: inherit;\"><br \/>Classe<\/strong><span style=\"font-style: inherit; font-weight: inherit;\">: lucerne<\/span><strong style=\"font-style: inherit;\"><br \/>Materiale<\/strong><span style=\"font-style: inherit; font-weight: inherit;\">: argilla<\/span><strong style=\"font-style: inherit;\"><br \/>Datazione<\/strong><span style=\"font-style: inherit; font-weight: inherit;\">: di varia cronologia\u00a0<\/span><span style=\"font-style: inherit; font-weight: inherit;\">compresa tra il I e la prima met\u00e0 del\u00a0<\/span><span style=\"font-style: inherit; font-weight: inherit;\">V secolo d.C.<\/span><strong style=\"font-style: inherit;\"><br \/>Misure:<\/strong><span style=\"font-style: inherit; font-weight: inherit;\"> lunghezze variabili tra 5,6 e<\/span><span style=\"font-style: inherit; font-weight: inherit;\">12 cm<\/span><strong style=\"font-style: inherit;\"><br \/>Dove si trovano ora<\/strong><span style=\"font-style: inherit; font-weight: inherit;\">: Depositi Soprintendenza, Genova<\/span><\/span><\/p>\t\t\t\t\t\t<\/div>\n\t\t\t\t<\/div>\n\t\t\t\t\t<\/div>\n\t\t<\/div>\n\t\t\t\t<div class=\"elementor-column elementor-col-33 elementor-top-column elementor-element elementor-element-1a01fd5\" data-id=\"1a01fd5\" data-element_type=\"column\">\n\t\t\t<div class=\"elementor-widget-wrap elementor-element-populated\">\n\t\t\t\t\t\t<div class=\"elementor-element elementor-element-f615887 elementor-arrows-position-inside elementor-widget elementor-widget-image-carousel\" data-id=\"f615887\" data-element_type=\"widget\" data-settings=\"{&quot;slides_to_show&quot;:&quot;1&quot;,&quot;navigation&quot;:&quot;arrows&quot;,&quot;autoplay&quot;:&quot;no&quot;,&quot;infinite&quot;:&quot;yes&quot;,&quot;effect&quot;:&quot;slide&quot;,&quot;speed&quot;:500}\" data-widget_type=\"image-carousel.default\">\n\t\t\t\t<div class=\"elementor-widget-container\">\n\t\t\t\t\t<div class=\"elementor-image-carousel-wrapper swiper-container\" dir=\"ltr\">\n\t\t\t<div class=\"elementor-image-carousel swiper-wrapper\" aria-live=\"polite\">\n\t\t\t\t\t\t\t\t<div class=\"swiper-slide\" role=\"group\" aria-roledescription=\"slide\" aria-label=\"1 di 17\"><a data-elementor-open-lightbox=\"yes\" data-elementor-lightbox-slideshow=\"f615887\" data-e-action-hash=\"#elementor-action%3Aaction%3Dlightbox%26settings%3DeyJpZCI6MTk0MSwidXJsIjoiaHR0cHM6XC9cL2FsYmFkb2NpbGlhLmN1bHR1cmEuZ292Lml0XC93cC1jb250ZW50XC91cGxvYWRzXC8yMDIzXC8wMVwvWFQ0MjgzOF8xLXNjYWxlZC5qcGciLCJzbGlkZXNob3ciOiJmNjE1ODg3In0%3D\" href=\"https:\/\/albadocilia.cultura.gov.it\/wp-content\/uploads\/2023\/01\/XT42838_1-scaled.jpg\"><figure class=\"swiper-slide-inner\"><img decoding=\"async\" class=\"swiper-slide-image\" src=\"https:\/\/albadocilia.cultura.gov.it\/wp-content\/uploads\/2023\/01\/XT42838_1-2048x2048.jpg\" alt=\"\" \/><\/figure><\/a><\/div><div class=\"swiper-slide\" role=\"group\" aria-roledescription=\"slide\" aria-label=\"2 di 17\"><a data-elementor-open-lightbox=\"yes\" data-elementor-lightbox-slideshow=\"f615887\" data-e-action-hash=\"#elementor-action%3Aaction%3Dlightbox%26settings%3DeyJpZCI6MTkzNiwidXJsIjoiaHR0cHM6XC9cL2FsYmFkb2NpbGlhLmN1bHR1cmEuZ292Lml0XC93cC1jb250ZW50XC91cGxvYWRzXC8yMDIzXC8wMVwvODE0M184NTUyXzg1NDRfMS1zY2FsZWQuanBnIiwic2xpZGVzaG93IjoiZjYxNTg4NyJ9\" href=\"https:\/\/albadocilia.cultura.gov.it\/wp-content\/uploads\/2023\/01\/8143_8552_8544_1-scaled.jpg\"><figure class=\"swiper-slide-inner\"><img decoding=\"async\" class=\"swiper-slide-image\" src=\"https:\/\/albadocilia.cultura.gov.it\/wp-content\/uploads\/2023\/01\/8143_8552_8544_1-2048x2048.jpg\" alt=\"\" \/><\/figure><\/a><\/div><div class=\"swiper-slide\" role=\"group\" aria-roledescription=\"slide\" aria-label=\"3 di 17\"><a data-elementor-open-lightbox=\"yes\" data-elementor-lightbox-slideshow=\"f615887\" data-e-action-hash=\"#elementor-action%3Aaction%3Dlightbox%26settings%3DeyJpZCI6MzU0NSwidXJsIjoiaHR0cHM6XC9cL2FsYmFkb2NpbGlhLmN1bHR1cmEuZ292Lml0XC93cC1jb250ZW50XC91cGxvYWRzXC8yMDIzXC8wMVwvODE0M18wLXNjYWxlZC5qcGciLCJzbGlkZXNob3ciOiJmNjE1ODg3In0%3D\" href=\"https:\/\/albadocilia.cultura.gov.it\/wp-content\/uploads\/2023\/01\/8143_0-scaled.jpg\"><figure class=\"swiper-slide-inner\"><img decoding=\"async\" class=\"swiper-slide-image\" src=\"https:\/\/albadocilia.cultura.gov.it\/wp-content\/uploads\/2023\/01\/8143_0-2048x2048.jpg\" alt=\"\" \/><\/figure><\/a><\/div><div class=\"swiper-slide\" role=\"group\" aria-roledescription=\"slide\" aria-label=\"4 di 17\"><a data-elementor-open-lightbox=\"yes\" data-elementor-lightbox-slideshow=\"f615887\" data-e-action-hash=\"#elementor-action%3Aaction%3Dlightbox%26settings%3DeyJpZCI6MTkzNywidXJsIjoiaHR0cHM6XC9cL2FsYmFkb2NpbGlhLmN1bHR1cmEuZ292Lml0XC93cC1jb250ZW50XC91cGxvYWRzXC8yMDIzXC8wMVwvODE0M18xLXNjYWxlZC5qcGciLCJzbGlkZXNob3ciOiJmNjE1ODg3In0%3D\" href=\"https:\/\/albadocilia.cultura.gov.it\/wp-content\/uploads\/2023\/01\/8143_1-scaled.jpg\"><figure class=\"swiper-slide-inner\"><img decoding=\"async\" class=\"swiper-slide-image\" src=\"https:\/\/albadocilia.cultura.gov.it\/wp-content\/uploads\/2023\/01\/8143_1-2048x2048.jpg\" alt=\"\" \/><\/figure><\/a><\/div><div class=\"swiper-slide\" role=\"group\" aria-roledescription=\"slide\" aria-label=\"5 di 17\"><a data-elementor-open-lightbox=\"yes\" data-elementor-lightbox-slideshow=\"f615887\" data-e-action-hash=\"#elementor-action%3Aaction%3Dlightbox%26settings%3DeyJpZCI6MTkzOCwidXJsIjoiaHR0cHM6XC9cL2FsYmFkb2NpbGlhLmN1bHR1cmEuZ292Lml0XC93cC1jb250ZW50XC91cGxvYWRzXC8yMDIzXC8wMVwvODE0M18yLXNjYWxlZC5qcGciLCJzbGlkZXNob3ciOiJmNjE1ODg3In0%3D\" href=\"https:\/\/albadocilia.cultura.gov.it\/wp-content\/uploads\/2023\/01\/8143_2-scaled.jpg\"><figure class=\"swiper-slide-inner\"><img decoding=\"async\" class=\"swiper-slide-image\" src=\"https:\/\/albadocilia.cultura.gov.it\/wp-content\/uploads\/2023\/01\/8143_2-2048x2048.jpg\" alt=\"\" \/><\/figure><\/a><\/div><div class=\"swiper-slide\" role=\"group\" aria-roledescription=\"slide\" aria-label=\"6 di 17\"><a data-elementor-open-lightbox=\"yes\" data-elementor-lightbox-slideshow=\"f615887\" data-e-action-hash=\"#elementor-action%3Aaction%3Dlightbox%26settings%3DeyJpZCI6MTkzOSwidXJsIjoiaHR0cHM6XC9cL2FsYmFkb2NpbGlhLmN1bHR1cmEuZ292Lml0XC93cC1jb250ZW50XC91cGxvYWRzXC8yMDIzXC8wMVwvODE0M18zLXNjYWxlZC5qcGciLCJzbGlkZXNob3ciOiJmNjE1ODg3In0%3D\" href=\"https:\/\/albadocilia.cultura.gov.it\/wp-content\/uploads\/2023\/01\/8143_3-scaled.jpg\"><figure class=\"swiper-slide-inner\"><img decoding=\"async\" class=\"swiper-slide-image\" src=\"https:\/\/albadocilia.cultura.gov.it\/wp-content\/uploads\/2023\/01\/8143_3-2048x2048.jpg\" alt=\"\" \/><\/figure><\/a><\/div><div class=\"swiper-slide\" role=\"group\" aria-roledescription=\"slide\" aria-label=\"7 di 17\"><a data-elementor-open-lightbox=\"yes\" data-elementor-lightbox-slideshow=\"f615887\" data-e-action-hash=\"#elementor-action%3Aaction%3Dlightbox%26settings%3DeyJpZCI6MTk0MCwidXJsIjoiaHR0cHM6XC9cL2FsYmFkb2NpbGlhLmN1bHR1cmEuZ292Lml0XC93cC1jb250ZW50XC91cGxvYWRzXC8yMDIzXC8wMVwvODE0M180LXNjYWxlZC5qcGciLCJzbGlkZXNob3ciOiJmNjE1ODg3In0%3D\" href=\"https:\/\/albadocilia.cultura.gov.it\/wp-content\/uploads\/2023\/01\/8143_4-scaled.jpg\"><figure class=\"swiper-slide-inner\"><img decoding=\"async\" class=\"swiper-slide-image\" src=\"https:\/\/albadocilia.cultura.gov.it\/wp-content\/uploads\/2023\/01\/8143_4-2048x2048.jpg\" alt=\"\" \/><\/figure><\/a><\/div><div class=\"swiper-slide\" role=\"group\" aria-roledescription=\"slide\" aria-label=\"8 di 17\"><a data-elementor-open-lightbox=\"yes\" data-elementor-lightbox-slideshow=\"f615887\" data-e-action-hash=\"#elementor-action%3Aaction%3Dlightbox%26settings%3DeyJpZCI6MzUzOSwidXJsIjoiaHR0cHM6XC9cL2FsYmFkb2NpbGlhLmN1bHR1cmEuZ292Lml0XC93cC1jb250ZW50XC91cGxvYWRzXC8yMDIzXC8wMVwvMTA5XzAtc2NhbGVkLmpwZyIsInNsaWRlc2hvdyI6ImY2MTU4ODcifQ%3D%3D\" href=\"https:\/\/albadocilia.cultura.gov.it\/wp-content\/uploads\/2023\/01\/109_0-scaled.jpg\"><figure class=\"swiper-slide-inner\"><img decoding=\"async\" class=\"swiper-slide-image\" src=\"https:\/\/albadocilia.cultura.gov.it\/wp-content\/uploads\/2023\/01\/109_0-2048x2048.jpg\" alt=\"\" \/><\/figure><\/a><\/div><div class=\"swiper-slide\" role=\"group\" aria-roledescription=\"slide\" aria-label=\"9 di 17\"><a data-elementor-open-lightbox=\"yes\" data-elementor-lightbox-slideshow=\"f615887\" data-e-action-hash=\"#elementor-action%3Aaction%3Dlightbox%26settings%3DeyJpZCI6MTkyOCwidXJsIjoiaHR0cHM6XC9cL2FsYmFkb2NpbGlhLmN1bHR1cmEuZ292Lml0XC93cC1jb250ZW50XC91cGxvYWRzXC8yMDIzXC8wMVwvMTA5XzEtc2NhbGVkLmpwZyIsInNsaWRlc2hvdyI6ImY2MTU4ODcifQ%3D%3D\" href=\"https:\/\/albadocilia.cultura.gov.it\/wp-content\/uploads\/2023\/01\/109_1-scaled.jpg\"><figure class=\"swiper-slide-inner\"><img decoding=\"async\" class=\"swiper-slide-image\" src=\"https:\/\/albadocilia.cultura.gov.it\/wp-content\/uploads\/2023\/01\/109_1-2048x2048.jpg\" alt=\"\" \/><\/figure><\/a><\/div><div class=\"swiper-slide\" role=\"group\" aria-roledescription=\"slide\" aria-label=\"10 di 17\"><a data-elementor-open-lightbox=\"yes\" data-elementor-lightbox-slideshow=\"f615887\" data-e-action-hash=\"#elementor-action%3Aaction%3Dlightbox%26settings%3DeyJpZCI6MTkyOSwidXJsIjoiaHR0cHM6XC9cL2FsYmFkb2NpbGlhLmN1bHR1cmEuZ292Lml0XC93cC1jb250ZW50XC91cGxvYWRzXC8yMDIzXC8wMVwvMTA5XzItc2NhbGVkLmpwZyIsInNsaWRlc2hvdyI6ImY2MTU4ODcifQ%3D%3D\" href=\"https:\/\/albadocilia.cultura.gov.it\/wp-content\/uploads\/2023\/01\/109_2-scaled.jpg\"><figure class=\"swiper-slide-inner\"><img decoding=\"async\" class=\"swiper-slide-image\" src=\"https:\/\/albadocilia.cultura.gov.it\/wp-content\/uploads\/2023\/01\/109_2-2048x2048.jpg\" alt=\"\" \/><\/figure><\/a><\/div><div class=\"swiper-slide\" role=\"group\" aria-roledescription=\"slide\" aria-label=\"11 di 17\"><a data-elementor-open-lightbox=\"yes\" data-elementor-lightbox-slideshow=\"f615887\" data-e-action-hash=\"#elementor-action%3Aaction%3Dlightbox%26settings%3DeyJpZCI6MTkzNSwidXJsIjoiaHR0cHM6XC9cL2FsYmFkb2NpbGlhLmN1bHR1cmEuZ292Lml0XC93cC1jb250ZW50XC91cGxvYWRzXC8yMDIzXC8wMVwvNzY2NF8xLXNjYWxlZC5qcGciLCJzbGlkZXNob3ciOiJmNjE1ODg3In0%3D\" href=\"https:\/\/albadocilia.cultura.gov.it\/wp-content\/uploads\/2023\/01\/7664_1-scaled.jpg\"><figure class=\"swiper-slide-inner\"><img decoding=\"async\" class=\"swiper-slide-image\" src=\"https:\/\/albadocilia.cultura.gov.it\/wp-content\/uploads\/2023\/01\/7664_1-2048x2048.jpg\" alt=\"\" \/><\/figure><\/a><\/div><div class=\"swiper-slide\" role=\"group\" aria-roledescription=\"slide\" aria-label=\"12 di 17\"><a data-elementor-open-lightbox=\"yes\" data-elementor-lightbox-slideshow=\"f615887\" data-e-action-hash=\"#elementor-action%3Aaction%3Dlightbox%26settings%3DeyJpZCI6MTkzMSwidXJsIjoiaHR0cHM6XC9cL2FsYmFkb2NpbGlhLmN1bHR1cmEuZ292Lml0XC93cC1jb250ZW50XC91cGxvYWRzXC8yMDIzXC8wMVwvMTU5MF8yLXNjYWxlZC5qcGciLCJzbGlkZXNob3ciOiJmNjE1ODg3In0%3D\" href=\"https:\/\/albadocilia.cultura.gov.it\/wp-content\/uploads\/2023\/01\/1590_2-scaled.jpg\"><figure class=\"swiper-slide-inner\"><img decoding=\"async\" class=\"swiper-slide-image\" src=\"https:\/\/albadocilia.cultura.gov.it\/wp-content\/uploads\/2023\/01\/1590_2-2048x2048.jpg\" alt=\"\" \/><\/figure><\/a><\/div><div class=\"swiper-slide\" role=\"group\" aria-roledescription=\"slide\" aria-label=\"13 di 17\"><a data-elementor-open-lightbox=\"yes\" data-elementor-lightbox-slideshow=\"f615887\" data-e-action-hash=\"#elementor-action%3Aaction%3Dlightbox%26settings%3DeyJpZCI6MTkzMCwidXJsIjoiaHR0cHM6XC9cL2FsYmFkb2NpbGlhLmN1bHR1cmEuZ292Lml0XC93cC1jb250ZW50XC91cGxvYWRzXC8yMDIzXC8wMVwvMTU5MF8xLXNjYWxlZC5qcGciLCJzbGlkZXNob3ciOiJmNjE1ODg3In0%3D\" href=\"https:\/\/albadocilia.cultura.gov.it\/wp-content\/uploads\/2023\/01\/1590_1-scaled.jpg\"><figure class=\"swiper-slide-inner\"><img decoding=\"async\" class=\"swiper-slide-image\" src=\"https:\/\/albadocilia.cultura.gov.it\/wp-content\/uploads\/2023\/01\/1590_1-2048x2048.jpg\" alt=\"\" \/><\/figure><\/a><\/div><div class=\"swiper-slide\" role=\"group\" aria-roledescription=\"slide\" aria-label=\"14 di 17\"><a data-elementor-open-lightbox=\"yes\" data-elementor-lightbox-slideshow=\"f615887\" data-e-action-hash=\"#elementor-action%3Aaction%3Dlightbox%26settings%3DeyJpZCI6MTkzMywidXJsIjoiaHR0cHM6XC9cL2FsYmFkb2NpbGlhLmN1bHR1cmEuZ292Lml0XC93cC1jb250ZW50XC91cGxvYWRzXC8yMDIzXC8wMVwvMTU5MF8zLXNjYWxlZC5qcGciLCJzbGlkZXNob3ciOiJmNjE1ODg3In0%3D\" href=\"https:\/\/albadocilia.cultura.gov.it\/wp-content\/uploads\/2023\/01\/1590_3-scaled.jpg\"><figure class=\"swiper-slide-inner\"><img decoding=\"async\" class=\"swiper-slide-image\" src=\"https:\/\/albadocilia.cultura.gov.it\/wp-content\/uploads\/2023\/01\/1590_3-2048x2048.jpg\" alt=\"\" \/><\/figure><\/a><\/div><div class=\"swiper-slide\" role=\"group\" aria-roledescription=\"slide\" aria-label=\"15 di 17\"><a data-elementor-open-lightbox=\"yes\" data-elementor-lightbox-slideshow=\"f615887\" data-e-action-hash=\"#elementor-action%3Aaction%3Dlightbox%26settings%3DeyJpZCI6MTkzNCwidXJsIjoiaHR0cHM6XC9cL2FsYmFkb2NpbGlhLmN1bHR1cmEuZ292Lml0XC93cC1jb250ZW50XC91cGxvYWRzXC8yMDIzXC8wMVwvMTU5MF80LXNjYWxlZC5qcGciLCJzbGlkZXNob3ciOiJmNjE1ODg3In0%3D\" href=\"https:\/\/albadocilia.cultura.gov.it\/wp-content\/uploads\/2023\/01\/1590_4-scaled.jpg\"><figure class=\"swiper-slide-inner\"><img decoding=\"async\" class=\"swiper-slide-image\" src=\"https:\/\/albadocilia.cultura.gov.it\/wp-content\/uploads\/2023\/01\/1590_4-2048x2048.jpg\" alt=\"\" \/><\/figure><\/a><\/div><div class=\"swiper-slide\" role=\"group\" aria-roledescription=\"slide\" aria-label=\"16 di 17\"><a data-elementor-open-lightbox=\"yes\" data-elementor-lightbox-slideshow=\"f615887\" data-e-action-hash=\"#elementor-action%3Aaction%3Dlightbox%26settings%3DeyJpZCI6MzU0NCwidXJsIjoiaHR0cHM6XC9cL2FsYmFkb2NpbGlhLmN1bHR1cmEuZ292Lml0XC93cC1jb250ZW50XC91cGxvYWRzXC8yMDIzXC8wMVwvMTU5MF82LXNjYWxlZC5qcGciLCJzbGlkZXNob3ciOiJmNjE1ODg3In0%3D\" href=\"https:\/\/albadocilia.cultura.gov.it\/wp-content\/uploads\/2023\/01\/1590_6-scaled.jpg\"><figure class=\"swiper-slide-inner\"><img decoding=\"async\" class=\"swiper-slide-image\" src=\"https:\/\/albadocilia.cultura.gov.it\/wp-content\/uploads\/2023\/01\/1590_6-2048x2048.jpg\" alt=\"\" \/><\/figure><\/a><\/div><div class=\"swiper-slide\" role=\"group\" aria-roledescription=\"slide\" aria-label=\"17 di 17\"><a data-elementor-open-lightbox=\"yes\" data-elementor-lightbox-slideshow=\"f615887\" data-e-action-hash=\"#elementor-action%3Aaction%3Dlightbox%26settings%3DeyJpZCI6MzU0MywidXJsIjoiaHR0cHM6XC9cL2FsYmFkb2NpbGlhLmN1bHR1cmEuZ292Lml0XC93cC1jb250ZW50XC91cGxvYWRzXC8yMDIzXC8wMVwvMTU5MF81LXNjYWxlZC5qcGciLCJzbGlkZXNob3ciOiJmNjE1ODg3In0%3D\" href=\"https:\/\/albadocilia.cultura.gov.it\/wp-content\/uploads\/2023\/01\/1590_5-scaled.jpg\"><figure class=\"swiper-slide-inner\"><img decoding=\"async\" class=\"swiper-slide-image\" src=\"https:\/\/albadocilia.cultura.gov.it\/wp-content\/uploads\/2023\/01\/1590_5-2048x2048.jpg\" alt=\"\" \/><\/figure><\/a><\/div>\t\t\t<\/div>\n\t\t\t\t\t\t\t\t\t\t\t\t<div class=\"elementor-swiper-button elementor-swiper-button-prev\" role=\"button\" tabindex=\"0\">\n\t\t\t\t\t\t<i aria-hidden=\"true\" class=\"eicon-chevron-left\"><\/i>\t\t\t\t\t<\/div>\n\t\t\t\t\t<div class=\"elementor-swiper-button elementor-swiper-button-next\" role=\"button\" tabindex=\"0\">\n\t\t\t\t\t\t<i aria-hidden=\"true\" class=\"eicon-chevron-right\"><\/i>\t\t\t\t\t<\/div>\n\t\t\t\t\n\t\t\t\t\t\t\t\t\t<\/div>\n\t\t\t\t<\/div>\n\t\t\t\t<\/div>\n\t\t\t\t<div class=\"elementor-element elementor-element-f1eac78 elementor-align-center elementor-widget__width-initial elementor-widget elementor-widget-button\" data-id=\"f1eac78\" data-element_type=\"widget\" data-widget_type=\"button.default\">\n\t\t\t\t<div class=\"elementor-widget-container\">\n\t\t\t\t\t<div class=\"elementor-button-wrapper\">\n\t\t\t<a class=\"elementor-button elementor-button-link elementor-size-lg\" href=\"https:\/\/albadocilia.cultura.gov.it\/?page_id=3517\" target=\"_blank\" id=\"3d\">\n\t\t\t\t\t\t<span class=\"elementor-button-content-wrapper\">\n\t\t\t\t\t\t<span class=\"elementor-button-icon elementor-align-icon-left\">\n\t\t\t\t<i aria-hidden=\"true\" class=\"fas fa-cube\"><\/i>\t\t\t<\/span>\n\t\t\t\t\t\t<span class=\"elementor-button-text\">guardale in 3d<\/span>\n\t\t<\/span>\n\t\t\t\t\t<\/a>\n\t\t<\/div>\n\t\t\t\t<\/div>\n\t\t\t\t<\/div>\n\t\t\t\t<div class=\"elementor-element elementor-element-ce6881b elementor-align-center elementor-widget__width-initial elementor-widget elementor-widget-button\" data-id=\"ce6881b\" data-element_type=\"widget\" data-widget_type=\"button.default\">\n\t\t\t\t<div class=\"elementor-widget-container\">\n\t\t\t\t\t<div class=\"elementor-button-wrapper\">\n\t\t\t<a class=\"elementor-button elementor-button-link elementor-size-lg\" href=\"https:\/\/albadocilia.cultura.gov.it\/?page_id=3500\" target=\"_blank\" id=\"3d\">\n\t\t\t\t\t\t<span class=\"elementor-button-content-wrapper\">\n\t\t\t\t\t\t<span class=\"elementor-button-icon elementor-align-icon-left\">\n\t\t\t\t<i aria-hidden=\"true\" class=\"fas fa-cube\"><\/i>\t\t\t<\/span>\n\t\t\t\t\t\t<span class=\"elementor-button-text\">guardale in 3d<\/span>\n\t\t<\/span>\n\t\t\t\t\t<\/a>\n\t\t<\/div>\n\t\t\t\t<\/div>\n\t\t\t\t<\/div>\n\t\t\t\t\t<\/div>\n\t\t<\/div>\n\t\t\t\t<div class=\"elementor-column elementor-col-33 elementor-top-column elementor-element elementor-element-cd6ae5b\" data-id=\"cd6ae5b\" data-element_type=\"column\">\n\t\t\t<div class=\"elementor-widget-wrap elementor-element-populated\">\n\t\t\t\t\t\t<div class=\"elementor-element elementor-element-340b89e elementor-widget elementor-widget-text-editor\" data-id=\"340b89e\" data-element_type=\"widget\" data-widget_type=\"text-editor.default\">\n\t\t\t\t<div class=\"elementor-widget-container\">\n\t\t\t\t\t\t\t<p><span style=\"color: #ffffff;\">Tra tutti gli oggetti di uso quotidiano antichi, l<span style=\"font-size: 16px; font-style: normal;\">a lucerna \u00e8 <\/span><span style=\"font-size: 16px;\">uno tra quelli che maggiormente smuove la curiosit\u00e0 degli archeologi e non solo. Il motivo fondamentale \u00e8 sicuramente legato alla sua funzione, ossia creare uno spazio di luce in una stanza. Si tratta di una esigenza, quella dell&#8217;illuminare, che rientra tra i bisogni primordiali dell&#8217;essere umano e la lucerna \u00e8 sicuramente un oggetto che appartiene alla sfera &#8220;intima&#8221; della quotidianit\u00e0 e dell&#8217;ambiente domestico. <a style=\"color: #ffffff;\" href=\"https:\/\/albadocilia.cultura.gov.it\/?page_id=5830\" target=\"_blank\" rel=\"noopener\">Clicca qui per accedere alla pagina di approfondimento.<\/a><\/span><\/span><\/p>\t\t\t\t\t\t<\/div>\n\t\t\t\t<\/div>\n\t\t\t\t\t<\/div>\n\t\t<\/div>\n\t\t\t\t\t<\/div>\n\t\t<\/section>\n\t\t\t\t<section class=\"elementor-section elementor-top-section elementor-element elementor-element-5d79d93 elementor-section-stretched elementor-section-boxed elementor-section-height-default elementor-section-height-default\" data-id=\"5d79d93\" data-element_type=\"section\" data-settings=\"{&quot;background_background&quot;:&quot;classic&quot;,&quot;stretch_section&quot;:&quot;section-stretched&quot;}\">\n\t\t\t\t\t\t<div class=\"elementor-container elementor-column-gap-default\">\n\t\t\t\t\t<div class=\"elementor-column elementor-col-100 elementor-top-column elementor-element elementor-element-51036b1\" data-id=\"51036b1\" data-element_type=\"column\">\n\t\t\t<div class=\"elementor-widget-wrap elementor-element-populated\">\n\t\t\t\t\t\t<div class=\"elementor-element elementor-element-5d8c4f1 elementor-widget elementor-widget-text-editor\" data-id=\"5d8c4f1\" data-element_type=\"widget\" data-widget_type=\"text-editor.default\">\n\t\t\t\t<div class=\"elementor-widget-container\">\n\t\t\t\t\t\t\t<p><span style=\"color: #ffffff;\"><span style=\"font-size: 16px;\">A partire dal I secolo a.C. le lucerne diventano un oggetto assai diffuso nelle case in tutto l&#8217;impero romano. Ne esistevano di svariate tipologie, potevano essere di argilla, di bronzo, di metallo prezioso e spesso erano decorate. Ad Alba Docilia ne sono state rinvenute diverse, in frammenti e integre. Nella galleria che proponiamo abbiamo scelto alcuni esemplari significativi e con caratteristiche particolari: due di loro assai simili in forma e decorazione, una in argilla fine e depurata con il marchio di fabbrica, una (frammentaria) con impresso il <\/span><a style=\"color: #ffffff;\" href=\"https:\/\/albadocilia.cultura.gov.it\/?page_id=1249#krysmon\" target=\"_blank\" rel=\"noopener\"><em style=\"font-size: 16px;\">krysmon <\/em><\/a><span style=\"font-size: 16px;\"><span style=\"color: #ffffff;\">e<\/span> <a style=\"color: #ffffff;\" href=\"https:\/\/albadocilia.cultura.gov.it\/?page_id=3500\">una di piccole dimensioni<\/a>, integra, lunga poco pi\u00f9 di 5 cm, magari appartenuta ad un bambino.\u00a0<\/span><\/span><\/p>\t\t\t\t\t\t<\/div>\n\t\t\t\t<\/div>\n\t\t\t\t\t<\/div>\n\t\t<\/div>\n\t\t\t\t\t<\/div>\n\t\t<\/section>\n\t\t\t\t<\/div>\n\t\t","protected":false},"excerpt":{"rendered":"<p>La pars urbana e la vita quotidiana Introduzione Il settore sud occidentale del grande complesso della villa prendeva il nome di pars urbana poich\u00e9 era la zona esclusivamente dedicata all\u2019uso residenziale, riservato agli ambienti in cui vivevano il gestore (o il proprietario) e la sua famiglia. Anche se ci troviamo all\u2019interno in una grande propriet\u00e0 &hellip;<\/p>\n<p class=\"read-more\"> <a class=\"\" href=\"https:\/\/albadocilia.cultura.gov.it\/?page_id=1445\"> <span class=\"screen-reader-text\">La vita quotidiana<\/span> Leggi altro &raquo;<\/a><\/p>\n","protected":false},"author":1,"featured_media":0,"parent":0,"menu_order":0,"comment_status":"closed","ping_status":"open","template":"","meta":{"site-sidebar-layout":"default","site-content-layout":"default","ast-global-header-display":"","ast-main-header-display":"","ast-hfb-above-header-display":"","ast-hfb-below-header-display":"","ast-hfb-mobile-header-display":"","site-post-title":"disabled","ast-breadcrumbs-content":"","ast-featured-img":"","footer-sml-layout":"","theme-transparent-header-meta":"","adv-header-id-meta":"","stick-header-meta":"","header-above-stick-meta":"","header-main-stick-meta":"","header-below-stick-meta":"","footnotes":""},"class_list":["post-1445","page","type-page","status-publish","hentry"],"_links":{"self":[{"href":"https:\/\/albadocilia.cultura.gov.it\/index.php?rest_route=\/wp\/v2\/pages\/1445","targetHints":{"allow":["GET"]}}],"collection":[{"href":"https:\/\/albadocilia.cultura.gov.it\/index.php?rest_route=\/wp\/v2\/pages"}],"about":[{"href":"https:\/\/albadocilia.cultura.gov.it\/index.php?rest_route=\/wp\/v2\/types\/page"}],"author":[{"embeddable":true,"href":"https:\/\/albadocilia.cultura.gov.it\/index.php?rest_route=\/wp\/v2\/users\/1"}],"replies":[{"embeddable":true,"href":"https:\/\/albadocilia.cultura.gov.it\/index.php?rest_route=%2Fwp%2Fv2%2Fcomments&post=1445"}],"version-history":[{"count":1557,"href":"https:\/\/albadocilia.cultura.gov.it\/index.php?rest_route=\/wp\/v2\/pages\/1445\/revisions"}],"predecessor-version":[{"id":9637,"href":"https:\/\/albadocilia.cultura.gov.it\/index.php?rest_route=\/wp\/v2\/pages\/1445\/revisions\/9637"}],"wp:attachment":[{"href":"https:\/\/albadocilia.cultura.gov.it\/index.php?rest_route=%2Fwp%2Fv2%2Fmedia&parent=1445"}],"curies":[{"name":"wp","href":"https:\/\/api.w.org\/{rel}","templated":true}]}}