{"id":1249,"date":"2022-12-01T10:34:36","date_gmt":"2022-12-01T09:34:36","guid":{"rendered":"http:\/\/albadocilia.cultura.gov.it\/?page_id=1249"},"modified":"2023-10-02T21:09:05","modified_gmt":"2023-10-02T19:09:05","slug":"glossario","status":"publish","type":"page","link":"https:\/\/albadocilia.cultura.gov.it\/?page_id=1249","title":{"rendered":"Glossario"},"content":{"rendered":"\t\t<div data-elementor-type=\"wp-page\" data-elementor-id=\"1249\" class=\"elementor elementor-1249\">\n\t\t\t\t\t\t<section class=\"elementor-section elementor-top-section elementor-element elementor-element-0b0e15e elementor-section-boxed elementor-section-height-default elementor-section-height-default\" data-id=\"0b0e15e\" data-element_type=\"section\">\n\t\t\t\t\t\t<div class=\"elementor-container elementor-column-gap-default\">\n\t\t\t\t\t<div class=\"elementor-column elementor-col-100 elementor-top-column elementor-element elementor-element-0e81315\" data-id=\"0e81315\" data-element_type=\"column\">\n\t\t\t<div class=\"elementor-widget-wrap elementor-element-populated\">\n\t\t\t\t\t\t<div class=\"elementor-element elementor-element-78c4535 elementor-widget elementor-widget-heading\" data-id=\"78c4535\" data-element_type=\"widget\" data-widget_type=\"heading.default\">\n\t\t\t\t<div class=\"elementor-widget-container\">\n\t\t\t<style>\/*! elementor - v3.19.0 - 28-02-2024 *\/\n.elementor-heading-title{padding:0;margin:0;line-height:1}.elementor-widget-heading .elementor-heading-title[class*=elementor-size-]>a{color:inherit;font-size:inherit;line-height:inherit}.elementor-widget-heading .elementor-heading-title.elementor-size-small{font-size:15px}.elementor-widget-heading .elementor-heading-title.elementor-size-medium{font-size:19px}.elementor-widget-heading .elementor-heading-title.elementor-size-large{font-size:29px}.elementor-widget-heading .elementor-heading-title.elementor-size-xl{font-size:39px}.elementor-widget-heading .elementor-heading-title.elementor-size-xxl{font-size:59px}<\/style><h1 class=\"elementor-heading-title elementor-size-default\">Glossario<\/h1>\t\t<\/div>\n\t\t\t\t<\/div>\n\t\t\t\t\t<\/div>\n\t\t<\/div>\n\t\t\t\t\t<\/div>\n\t\t<\/section>\n\t\t\t\t<section class=\"elementor-section elementor-top-section elementor-element elementor-element-23ac909 elementor-section-boxed elementor-section-height-default elementor-section-height-default\" data-id=\"23ac909\" data-element_type=\"section\">\n\t\t\t\t\t\t<div class=\"elementor-container elementor-column-gap-default\">\n\t\t\t\t\t<div class=\"elementor-column elementor-col-100 elementor-top-column elementor-element elementor-element-f122d08\" data-id=\"f122d08\" data-element_type=\"column\">\n\t\t\t<div class=\"elementor-widget-wrap elementor-element-populated\">\n\t\t\t\t\t\t<section class=\"elementor-section elementor-inner-section elementor-element elementor-element-e1332e0 elementor-section-boxed elementor-section-height-default elementor-section-height-default\" data-id=\"e1332e0\" data-element_type=\"section\" id=\"affresco\">\n\t\t\t\t\t\t<div class=\"elementor-container elementor-column-gap-default\">\n\t\t\t\t\t<div class=\"elementor-column elementor-col-100 elementor-inner-column elementor-element elementor-element-58f21fb\" data-id=\"58f21fb\" data-element_type=\"column\">\n\t\t\t<div class=\"elementor-widget-wrap\">\n\t\t\t\t\t\t\t<\/div>\n\t\t<\/div>\n\t\t\t\t\t<\/div>\n\t\t<\/section>\n\t\t\t\t<div class=\"elementor-element elementor-element-4ee0a51 elementor-widget elementor-widget-text-editor\" data-id=\"4ee0a51\" data-element_type=\"widget\" data-widget_type=\"text-editor.default\">\n\t\t\t\t<div class=\"elementor-widget-container\">\n\t\t\t<style>\/*! elementor - v3.19.0 - 28-02-2024 *\/\n.elementor-widget-text-editor.elementor-drop-cap-view-stacked .elementor-drop-cap{background-color:#69727d;color:#fff}.elementor-widget-text-editor.elementor-drop-cap-view-framed .elementor-drop-cap{color:#69727d;border:3px solid;background-color:transparent}.elementor-widget-text-editor:not(.elementor-drop-cap-view-default) .elementor-drop-cap{margin-top:8px}.elementor-widget-text-editor:not(.elementor-drop-cap-view-default) .elementor-drop-cap-letter{width:1em;height:1em}.elementor-widget-text-editor .elementor-drop-cap{float:left;text-align:center;line-height:1;font-size:50px}.elementor-widget-text-editor .elementor-drop-cap-letter{display:inline-block}<\/style>\t\t\t\t<strong>Affresco<\/strong><br>Tecnica pittorica che consiste nell&#8217;utilizzare la pittura su intonaco ancora fresco (a fresco). I colori vengono fissati non dalla loro penetrazione nella porosit\u00e0 della parete agevolata dall&#8217;intonaco umido, come talvolta erroneamente \u00e8 stato detto, ma dalla reazione chimica tra la calce spenta, contenuta nell&#8217;intonaco, e l&#8217;anidride carbonica dell&#8217;atmosfera, che d\u00e0 luogo ad una sottile pellicola di carbonato di calcio, la quale fissa i colori in maniera permanente. Si tratta di una tecnica molto antica, nota gi\u00e0 agli Egizi e in oriente. In ambito mediterraneo questa tecnica raggiunge la perfezione proprio durante l&#8217;impero romano.\t\t\t\t\t\t<\/div>\n\t\t\t\t<\/div>\n\t\t\t\t\t<\/div>\n\t\t<\/div>\n\t\t\t\t\t<\/div>\n\t\t<\/section>\n\t\t\t\t<section class=\"elementor-section elementor-top-section elementor-element elementor-element-2f93e2a elementor-section-boxed elementor-section-height-default elementor-section-height-default\" data-id=\"2f93e2a\" data-element_type=\"section\">\n\t\t\t\t\t\t<div class=\"elementor-container elementor-column-gap-default\">\n\t\t\t\t\t<div class=\"elementor-column elementor-col-100 elementor-top-column elementor-element elementor-element-6cccb07\" data-id=\"6cccb07\" data-element_type=\"column\">\n\t\t\t<div class=\"elementor-widget-wrap elementor-element-populated\">\n\t\t\t\t\t\t<section class=\"elementor-section elementor-inner-section elementor-element elementor-element-d972b13 elementor-section-boxed elementor-section-height-default elementor-section-height-default\" data-id=\"d972b13\" data-element_type=\"section\" id=\"alba-docilia\">\n\t\t\t\t\t\t<div class=\"elementor-container elementor-column-gap-default\">\n\t\t\t\t\t<div class=\"elementor-column elementor-col-100 elementor-inner-column elementor-element elementor-element-204a80c\" data-id=\"204a80c\" data-element_type=\"column\">\n\t\t\t<div class=\"elementor-widget-wrap\">\n\t\t\t\t\t\t\t<\/div>\n\t\t<\/div>\n\t\t\t\t\t<\/div>\n\t\t<\/section>\n\t\t\t\t<div class=\"elementor-element elementor-element-ddd5eb3 elementor-widget elementor-widget-text-editor\" data-id=\"ddd5eb3\" data-element_type=\"widget\" data-widget_type=\"text-editor.default\">\n\t\t\t\t<div class=\"elementor-widget-container\">\n\t\t\t\t\t\t\t<p><em><strong>Alba Docilia<\/strong><\/em><br \/>E&#8217;\u00a0l\u2019antico nome di Albisola. Si tratta di un toponimo di epoca classica formato dalla base ligure-romana <em>albai, <\/em>ossia \u201ccitt\u00e0\u201d e dal gentilizio <em>Docilius <\/em>di probabile origine celtica. Albisola \u00e8 citata col nome di <em>Alba Docilia <\/em>nella <em>Tabula Peutingeriana<\/em>, la famosa carta itineraria (una vera e propria \u201ccarta stradale\u201d dell\u2019impero romano) giunta fino a noi in una copia di epoca medievale.<\/p>\t\t\t\t\t\t<\/div>\n\t\t\t\t<\/div>\n\t\t\t\t\t<\/div>\n\t\t<\/div>\n\t\t\t\t\t<\/div>\n\t\t<\/section>\n\t\t\t\t<section class=\"elementor-section elementor-top-section elementor-element elementor-element-38ce772 elementor-section-boxed elementor-section-height-default elementor-section-height-default\" data-id=\"38ce772\" data-element_type=\"section\">\n\t\t\t\t\t\t<div class=\"elementor-container elementor-column-gap-default\">\n\t\t\t\t\t<div class=\"elementor-column elementor-col-100 elementor-top-column elementor-element elementor-element-31c7901\" data-id=\"31c7901\" data-element_type=\"column\">\n\t\t\t<div class=\"elementor-widget-wrap elementor-element-populated\">\n\t\t\t\t\t\t<section class=\"elementor-section elementor-inner-section elementor-element elementor-element-7a01ccd elementor-section-boxed elementor-section-height-default elementor-section-height-default\" data-id=\"7a01ccd\" data-element_type=\"section\" id=\"bollo-in-planta-pedis\">\n\t\t\t\t\t\t<div class=\"elementor-container elementor-column-gap-default\">\n\t\t\t\t\t<div class=\"elementor-column elementor-col-100 elementor-inner-column elementor-element elementor-element-262d127\" data-id=\"262d127\" data-element_type=\"column\">\n\t\t\t<div class=\"elementor-widget-wrap\">\n\t\t\t\t\t\t\t<\/div>\n\t\t<\/div>\n\t\t\t\t\t<\/div>\n\t\t<\/section>\n\t\t\t\t<div class=\"elementor-element elementor-element-c5108d9 elementor-widget elementor-widget-text-editor\" data-id=\"c5108d9\" data-element_type=\"widget\" data-widget_type=\"text-editor.default\">\n\t\t\t\t<div class=\"elementor-widget-container\">\n\t\t\t\t\t\t\t<strong>Bollo\u00a0<em>in planta pedis<\/em><\/strong><br>Questo termine indica il marchio che l\u2019artigiano imprimeva sul recipiente da lui prodotto, inscritto all\u2019interno di un piccolo spazio a forma di pianta di piede: tale pratica generava un gioco di parole tra l\u2019immagine stessa e la posizione in cui veniva impressa ossia il centro del fondo del recipiente, in corrispondenza del piede di appoggio.\t\t\t\t\t\t<\/div>\n\t\t\t\t<\/div>\n\t\t\t\t\t<\/div>\n\t\t<\/div>\n\t\t\t\t\t<\/div>\n\t\t<\/section>\n\t\t\t\t<section class=\"elementor-section elementor-top-section elementor-element elementor-element-5dc4a99 elementor-section-boxed elementor-section-height-default elementor-section-height-default\" data-id=\"5dc4a99\" data-element_type=\"section\">\n\t\t\t\t\t\t<div class=\"elementor-container elementor-column-gap-default\">\n\t\t\t\t\t<div class=\"elementor-column elementor-col-100 elementor-top-column elementor-element elementor-element-7ed19fd\" data-id=\"7ed19fd\" data-element_type=\"column\">\n\t\t\t<div class=\"elementor-widget-wrap elementor-element-populated\">\n\t\t\t\t\t\t<section class=\"elementor-section elementor-inner-section elementor-element elementor-element-a927c35 elementor-section-boxed elementor-section-height-default elementor-section-height-default\" data-id=\"a927c35\" data-element_type=\"section\" id=\"capitello\">\n\t\t\t\t\t\t<div class=\"elementor-container elementor-column-gap-default\">\n\t\t\t\t\t<div class=\"elementor-column elementor-col-100 elementor-inner-column elementor-element elementor-element-0966859\" data-id=\"0966859\" data-element_type=\"column\">\n\t\t\t<div class=\"elementor-widget-wrap\">\n\t\t\t\t\t\t\t<\/div>\n\t\t<\/div>\n\t\t\t\t\t<\/div>\n\t\t<\/section>\n\t\t\t\t<div class=\"elementor-element elementor-element-6b4da69 elementor-widget elementor-widget-text-editor\" data-id=\"6b4da69\" data-element_type=\"widget\" data-widget_type=\"text-editor.default\">\n\t\t\t\t<div class=\"elementor-widget-container\">\n\t\t\t\t\t\t\t<p><strong>Capitello<\/strong><br \/>Elemento architettonico che costituisce la parte terminale di una struttura di sostegno ad andamento verticale (come ad esempio una colonna, un pilastro), con funzione di collegamento fra tale struttura e quelle sovrastanti (ad esempio un architrave).<\/p>\t\t\t\t\t\t<\/div>\n\t\t\t\t<\/div>\n\t\t\t\t\t<\/div>\n\t\t<\/div>\n\t\t\t\t\t<\/div>\n\t\t<\/section>\n\t\t\t\t<section class=\"elementor-section elementor-top-section elementor-element elementor-element-5ada1ae elementor-section-boxed elementor-section-height-default elementor-section-height-default\" data-id=\"5ada1ae\" data-element_type=\"section\">\n\t\t\t\t\t\t<div class=\"elementor-container elementor-column-gap-default\">\n\t\t\t\t\t<div class=\"elementor-column elementor-col-100 elementor-top-column elementor-element elementor-element-c4ef2ec\" data-id=\"c4ef2ec\" data-element_type=\"column\">\n\t\t\t<div class=\"elementor-widget-wrap elementor-element-populated\">\n\t\t\t\t\t\t<div class=\"elementor-element elementor-element-ccb23c4 elementor-widget elementor-widget-text-editor\" data-id=\"ccb23c4\" data-element_type=\"widget\" data-widget_type=\"text-editor.default\">\n\t\t\t\t<div class=\"elementor-widget-container\">\n\t\t\t\t\t\t\t<strong>Castellaro<\/strong><br>Questo termine in archeologia indica una forma di insediamento su alture, anche in assenza di evidenti strutture di fortificazione, risalenti all\u2019et\u00e0 del Bronzo e all\u2019et\u00e0 del Ferro\t\t\t\t\t\t<\/div>\n\t\t\t\t<\/div>\n\t\t\t\t\t<\/div>\n\t\t<\/div>\n\t\t\t\t\t<\/div>\n\t\t<\/section>\n\t\t\t\t<section class=\"elementor-section elementor-top-section elementor-element elementor-element-102a24b elementor-section-boxed elementor-section-height-default elementor-section-height-default\" data-id=\"102a24b\" data-element_type=\"section\">\n\t\t\t\t\t\t<div class=\"elementor-container elementor-column-gap-default\">\n\t\t\t\t\t<div class=\"elementor-column elementor-col-100 elementor-top-column elementor-element elementor-element-6d768db\" data-id=\"6d768db\" data-element_type=\"column\">\n\t\t\t<div class=\"elementor-widget-wrap elementor-element-populated\">\n\t\t\t\t\t\t<section class=\"elementor-section elementor-inner-section elementor-element elementor-element-91b0cdc elementor-section-boxed elementor-section-height-default elementor-section-height-default\" data-id=\"91b0cdc\" data-element_type=\"section\" id=\"cubiculum\">\n\t\t\t\t\t\t<div class=\"elementor-container elementor-column-gap-default\">\n\t\t\t\t\t<div class=\"elementor-column elementor-col-100 elementor-inner-column elementor-element elementor-element-dc21daa\" data-id=\"dc21daa\" data-element_type=\"column\">\n\t\t\t<div class=\"elementor-widget-wrap\">\n\t\t\t\t\t\t\t<\/div>\n\t\t<\/div>\n\t\t\t\t\t<\/div>\n\t\t<\/section>\n\t\t\t\t<div class=\"elementor-element elementor-element-48a53c6 elementor-widget elementor-widget-text-editor\" data-id=\"48a53c6\" data-element_type=\"widget\" data-widget_type=\"text-editor.default\">\n\t\t\t\t<div class=\"elementor-widget-container\">\n\t\t\t\t\t\t\t<p><em><strong>Cubiculum <\/strong><\/em><strong>(plurale,<\/strong><em><strong> cubicula<\/strong><\/em><strong>)<\/strong><br \/>Termine latino<em>\u00a0<\/em>(derivato dal verbo <em>cubare<\/em>, ossia giacere), che, nella casa romana, indicava una camera dalle dimensioni contenute destinata al riposo.<\/p>\t\t\t\t\t\t<\/div>\n\t\t\t\t<\/div>\n\t\t\t\t\t<\/div>\n\t\t<\/div>\n\t\t\t\t\t<\/div>\n\t\t<\/section>\n\t\t\t\t<section class=\"elementor-section elementor-top-section elementor-element elementor-element-3e3842b elementor-section-boxed elementor-section-height-default elementor-section-height-default\" data-id=\"3e3842b\" data-element_type=\"section\">\n\t\t\t\t\t\t<div class=\"elementor-container elementor-column-gap-default\">\n\t\t\t\t\t<div class=\"elementor-column elementor-col-100 elementor-top-column elementor-element elementor-element-fd55a2c\" data-id=\"fd55a2c\" data-element_type=\"column\">\n\t\t\t<div class=\"elementor-widget-wrap elementor-element-populated\">\n\t\t\t\t\t\t<section class=\"elementor-section elementor-inner-section elementor-element elementor-element-7b535d1 elementor-section-boxed elementor-section-height-default elementor-section-height-default\" data-id=\"7b535d1\" data-element_type=\"section\" id=\"domus\">\n\t\t\t\t\t\t<div class=\"elementor-container elementor-column-gap-default\">\n\t\t\t\t\t<div class=\"elementor-column elementor-col-100 elementor-inner-column elementor-element elementor-element-20423c9\" data-id=\"20423c9\" data-element_type=\"column\">\n\t\t\t<div class=\"elementor-widget-wrap\">\n\t\t\t\t\t\t\t<\/div>\n\t\t<\/div>\n\t\t\t\t\t<\/div>\n\t\t<\/section>\n\t\t\t\t<div class=\"elementor-element elementor-element-3cb2cbf elementor-widget elementor-widget-text-editor\" data-id=\"3cb2cbf\" data-element_type=\"widget\" data-widget_type=\"text-editor.default\">\n\t\t\t\t<div class=\"elementor-widget-container\">\n\t\t\t\t\t\t\t<p><strong><em>Domus<\/em><\/strong><br \/>Termine latino che indicava la casa in quanto edificio adibito ad abitazione privata patrizia situata in citt\u00e0.<\/p>\t\t\t\t\t\t<\/div>\n\t\t\t\t<\/div>\n\t\t\t\t\t<\/div>\n\t\t<\/div>\n\t\t\t\t\t<\/div>\n\t\t<\/section>\n\t\t\t\t<section class=\"elementor-section elementor-top-section elementor-element elementor-element-b68ed18 elementor-section-boxed elementor-section-height-default elementor-section-height-default\" data-id=\"b68ed18\" data-element_type=\"section\">\n\t\t\t\t\t\t<div class=\"elementor-container elementor-column-gap-default\">\n\t\t\t\t\t<div class=\"elementor-column elementor-col-100 elementor-top-column elementor-element elementor-element-12d4a4e\" data-id=\"12d4a4e\" data-element_type=\"column\">\n\t\t\t<div class=\"elementor-widget-wrap elementor-element-populated\">\n\t\t\t\t\t\t<section class=\"elementor-section elementor-inner-section elementor-element elementor-element-7b56811 elementor-section-boxed elementor-section-height-default elementor-section-height-default\" data-id=\"7b56811\" data-element_type=\"section\" id=\"embrice\">\n\t\t\t\t\t\t<div class=\"elementor-container elementor-column-gap-default\">\n\t\t\t\t\t<div class=\"elementor-column elementor-col-100 elementor-inner-column elementor-element elementor-element-26d2830\" data-id=\"26d2830\" data-element_type=\"column\">\n\t\t\t<div class=\"elementor-widget-wrap\">\n\t\t\t\t\t\t\t<\/div>\n\t\t<\/div>\n\t\t\t\t\t<\/div>\n\t\t<\/section>\n\t\t\t\t<div class=\"elementor-element elementor-element-1de39f7 elementor-widget elementor-widget-text-editor\" data-id=\"1de39f7\" data-element_type=\"widget\" data-widget_type=\"text-editor.default\">\n\t\t\t\t<div class=\"elementor-widget-container\">\n\t\t\t\t\t\t\t<p><strong>Embrice<\/strong><br \/>Vedi la voce &#8220;tegolone&#8221;.<\/p>\t\t\t\t\t\t<\/div>\n\t\t\t\t<\/div>\n\t\t\t\t\t<\/div>\n\t\t<\/div>\n\t\t\t\t\t<\/div>\n\t\t<\/section>\n\t\t\t\t<section class=\"elementor-section elementor-top-section elementor-element elementor-element-7670486 elementor-section-boxed elementor-section-height-default elementor-section-height-default\" data-id=\"7670486\" data-element_type=\"section\">\n\t\t\t\t\t\t<div class=\"elementor-container elementor-column-gap-default\">\n\t\t\t\t\t<div class=\"elementor-column elementor-col-100 elementor-top-column elementor-element elementor-element-0a6a5a5\" data-id=\"0a6a5a5\" data-element_type=\"column\">\n\t\t\t<div class=\"elementor-widget-wrap elementor-element-populated\">\n\t\t\t\t\t\t<section class=\"elementor-section elementor-inner-section elementor-element elementor-element-5347504 elementor-section-boxed elementor-section-height-default elementor-section-height-default\" data-id=\"5347504\" data-element_type=\"section\" id=\"fitomorfo\">\n\t\t\t\t\t\t<div class=\"elementor-container elementor-column-gap-default\">\n\t\t\t\t\t<div class=\"elementor-column elementor-col-100 elementor-inner-column elementor-element elementor-element-649e0cb\" data-id=\"649e0cb\" data-element_type=\"column\">\n\t\t\t<div class=\"elementor-widget-wrap\">\n\t\t\t\t\t\t\t<\/div>\n\t\t<\/div>\n\t\t\t\t\t<\/div>\n\t\t<\/section>\n\t\t\t\t<div class=\"elementor-element elementor-element-1cfc22c elementor-widget elementor-widget-text-editor\" data-id=\"1cfc22c\" data-element_type=\"widget\" data-widget_type=\"text-editor.default\">\n\t\t\t\t<div class=\"elementor-widget-container\">\n\t\t\t\t\t\t\t<p><strong>Fitomorfo<\/strong><br \/>Che ha la forma o l&#8217;aspetto di elemento vegetale.<\/p>\t\t\t\t\t\t<\/div>\n\t\t\t\t<\/div>\n\t\t\t\t\t<\/div>\n\t\t<\/div>\n\t\t\t\t\t<\/div>\n\t\t<\/section>\n\t\t\t\t<section class=\"elementor-section elementor-top-section elementor-element elementor-element-561f57c elementor-section-boxed elementor-section-height-default elementor-section-height-default\" data-id=\"561f57c\" data-element_type=\"section\">\n\t\t\t\t\t\t<div class=\"elementor-container elementor-column-gap-default\">\n\t\t\t\t\t<div class=\"elementor-column elementor-col-100 elementor-top-column elementor-element elementor-element-df5305f\" data-id=\"df5305f\" data-element_type=\"column\">\n\t\t\t<div class=\"elementor-widget-wrap elementor-element-populated\">\n\t\t\t\t\t\t<section class=\"elementor-section elementor-inner-section elementor-element elementor-element-60a9971 elementor-section-boxed elementor-section-height-default elementor-section-height-default\" data-id=\"60a9971\" data-element_type=\"section\" id=\"garum\">\n\t\t\t\t\t\t<div class=\"elementor-container elementor-column-gap-default\">\n\t\t\t\t\t<div class=\"elementor-column elementor-col-100 elementor-inner-column elementor-element elementor-element-2f32572\" data-id=\"2f32572\" data-element_type=\"column\">\n\t\t\t<div class=\"elementor-widget-wrap\">\n\t\t\t\t\t\t\t<\/div>\n\t\t<\/div>\n\t\t\t\t\t<\/div>\n\t\t<\/section>\n\t\t\t\t<div class=\"elementor-element elementor-element-c5bcec9 elementor-widget elementor-widget-text-editor\" data-id=\"c5bcec9\" data-element_type=\"widget\" data-widget_type=\"text-editor.default\">\n\t\t\t\t<div class=\"elementor-widget-container\">\n\t\t\t\t\t\t\t<p><em><strong>Garum<\/strong><\/em> <br \/>Con questa parola i romani chiamavano un prodotto alimentare da loro amatissimo e molto usato nella preparazione di pietanze. Si trattava di una sorta di salsa di pesce. Si preparava con le interiora e gli scarti di pesce a cui si aggiungevano pezzi di pesce o pesci minuti. Il composto veniva fatto fermentare al sole e successivamente veniva filtrato. La parte liquida ottenuta era il <em>garum. <\/em>Era un prodotto molto costoso, assai diffuso e prodotto in varie zone dell\u2019impero. Veniva conservato e trasportato in anfore.<\/p>\t\t\t\t\t\t<\/div>\n\t\t\t\t<\/div>\n\t\t\t\t\t<\/div>\n\t\t<\/div>\n\t\t\t\t\t<\/div>\n\t\t<\/section>\n\t\t\t\t<section class=\"elementor-section elementor-top-section elementor-element elementor-element-5fc6159 elementor-section-boxed elementor-section-height-default elementor-section-height-default\" data-id=\"5fc6159\" data-element_type=\"section\">\n\t\t\t\t\t\t<div class=\"elementor-container elementor-column-gap-default\">\n\t\t\t\t\t<div class=\"elementor-column elementor-col-100 elementor-top-column elementor-element elementor-element-f693272\" data-id=\"f693272\" data-element_type=\"column\">\n\t\t\t<div class=\"elementor-widget-wrap elementor-element-populated\">\n\t\t\t\t\t\t<section class=\"elementor-section elementor-inner-section elementor-element elementor-element-7c4428c elementor-section-boxed elementor-section-height-default elementor-section-height-default\" data-id=\"7c4428c\" data-element_type=\"section\" id=\"hypocaustum\">\n\t\t\t\t\t\t<div class=\"elementor-container elementor-column-gap-default\">\n\t\t\t\t\t<div class=\"elementor-column elementor-col-100 elementor-inner-column elementor-element elementor-element-e55a944\" data-id=\"e55a944\" data-element_type=\"column\">\n\t\t\t<div class=\"elementor-widget-wrap\">\n\t\t\t\t\t\t\t<\/div>\n\t\t<\/div>\n\t\t\t\t\t<\/div>\n\t\t<\/section>\n\t\t\t\t<div class=\"elementor-element elementor-element-d172fcf elementor-widget elementor-widget-text-editor\" data-id=\"d172fcf\" data-element_type=\"widget\" data-widget_type=\"text-editor.default\">\n\t\t\t\t<div class=\"elementor-widget-container\">\n\t\t\t\t\t\t\t<strong><em>Hypocaustum<\/em><\/strong><br>Parola latina derivata dal verbo greco \u1f51\u03c0\u03bf\u03ba\u03b1\u03af\u03c9 ossia \u201caccendere un fuoco sotto\u201d. In epoca romana indicava l\u2019impianto di riscaldamento per gli ambienti delle case e delle terme e consisteva nel far circolare aria calda sia sotto i pavimenti, all\u2019interno di condotte e camere d\u2019aria sostenute da colonnine (<em>suspensurae<\/em>), sia nelle pareti, attraverso mattoni cavi. L\u2019aria calda era generata dalla presenza di un fuoco in un apposito forno o focolare.\t\t\t\t\t\t<\/div>\n\t\t\t\t<\/div>\n\t\t\t\t\t<\/div>\n\t\t<\/div>\n\t\t\t\t\t<\/div>\n\t\t<\/section>\n\t\t\t\t<section class=\"elementor-section elementor-top-section elementor-element elementor-element-83c0e61 elementor-section-boxed elementor-section-height-default elementor-section-height-default\" data-id=\"83c0e61\" data-element_type=\"section\">\n\t\t\t\t\t\t<div class=\"elementor-container elementor-column-gap-default\">\n\t\t\t\t\t<div class=\"elementor-column elementor-col-100 elementor-top-column elementor-element elementor-element-cb5b0cf\" data-id=\"cb5b0cf\" data-element_type=\"column\">\n\t\t\t<div class=\"elementor-widget-wrap elementor-element-populated\">\n\t\t\t\t\t\t<div class=\"elementor-element elementor-element-ff04c83 elementor-widget elementor-widget-image\" data-id=\"ff04c83\" data-element_type=\"widget\" data-widget_type=\"image.default\">\n\t\t\t\t<div class=\"elementor-widget-container\">\n\t\t\t<style>\/*! elementor - v3.19.0 - 28-02-2024 *\/\n.elementor-widget-image{text-align:center}.elementor-widget-image a{display:inline-block}.elementor-widget-image a img[src$=\".svg\"]{width:48px}.elementor-widget-image img{vertical-align:middle;display:inline-block}<\/style>\t\t\t\t\t\t\t\t\t\t\t<a href=\"https:\/\/albadocilia.cultura.gov.it\/wp-content\/uploads\/2023\/07\/ipocausto.jpg\" data-elementor-open-lightbox=\"yes\" data-e-action-hash=\"#elementor-action%3Aaction%3Dlightbox%26settings%3DeyJpZCI6NzU5MywidXJsIjoiaHR0cHM6XC9cL2FsYmFkb2NpbGlhLmN1bHR1cmEuZ292Lml0XC93cC1jb250ZW50XC91cGxvYWRzXC8yMDIzXC8wN1wvaXBvY2F1c3RvLmpwZyJ9\">\n\t\t\t\t\t\t\t<img fetchpriority=\"high\" decoding=\"async\" width=\"500\" height=\"313\" src=\"https:\/\/albadocilia.cultura.gov.it\/wp-content\/uploads\/2023\/07\/ipocausto.jpg\" class=\"attachment-large size-large wp-image-7593\" alt=\"\" srcset=\"https:\/\/albadocilia.cultura.gov.it\/wp-content\/uploads\/2023\/07\/ipocausto.jpg 500w, https:\/\/albadocilia.cultura.gov.it\/wp-content\/uploads\/2023\/07\/ipocausto-300x188.jpg 300w\" sizes=\"(max-width: 500px) 100vw, 500px\" \/>\t\t\t\t\t\t\t\t<\/a>\n\t\t\t\t\t\t\t\t\t\t\t\t\t<\/div>\n\t\t\t\t<\/div>\n\t\t\t\t<div class=\"elementor-element elementor-element-e72b43f elementor-widget elementor-widget-text-editor\" data-id=\"e72b43f\" data-element_type=\"widget\" data-widget_type=\"text-editor.default\">\n\t\t\t\t<div class=\"elementor-widget-container\">\n\t\t\t\t\t\t\tTipico esempio di ambiente di casa romana con riscaldamento ad ipocausto<br>Immagine tratta da: https:\/\/ogigia.altervista.org\/Portale\/articoli\/50-edilizia\/950-ipocausto-l-antica-ed-efficiente-tecnica-dei-pavimenti-riscaldati-nelle-case\t\t\t\t\t\t<\/div>\n\t\t\t\t<\/div>\n\t\t\t\t\t<\/div>\n\t\t<\/div>\n\t\t\t\t\t<\/div>\n\t\t<\/section>\n\t\t\t\t<section class=\"elementor-section elementor-top-section elementor-element elementor-element-cc6aac0 elementor-section-boxed elementor-section-height-default elementor-section-height-default\" data-id=\"cc6aac0\" data-element_type=\"section\">\n\t\t\t\t\t\t<div class=\"elementor-container elementor-column-gap-default\">\n\t\t\t\t\t<div class=\"elementor-column elementor-col-100 elementor-top-column elementor-element elementor-element-1f66371\" data-id=\"1f66371\" data-element_type=\"column\">\n\t\t\t<div class=\"elementor-widget-wrap elementor-element-populated\">\n\t\t\t\t\t\t<section class=\"elementor-section elementor-inner-section elementor-element elementor-element-6de5a58 elementor-section-boxed elementor-section-height-default elementor-section-height-default\" data-id=\"6de5a58\" data-element_type=\"section\" id=\"impluvium\">\n\t\t\t\t\t\t<div class=\"elementor-container elementor-column-gap-default\">\n\t\t\t\t\t<div class=\"elementor-column elementor-col-100 elementor-inner-column elementor-element elementor-element-d305047\" data-id=\"d305047\" data-element_type=\"column\">\n\t\t\t<div class=\"elementor-widget-wrap\">\n\t\t\t\t\t\t\t<\/div>\n\t\t<\/div>\n\t\t\t\t\t<\/div>\n\t\t<\/section>\n\t\t\t\t<div class=\"elementor-element elementor-element-7b4ef75 elementor-widget elementor-widget-text-editor\" data-id=\"7b4ef75\" data-element_type=\"widget\" data-widget_type=\"text-editor.default\">\n\t\t\t\t<div class=\"elementor-widget-container\">\n\t\t\t\t\t\t\t<strong><em>Impluvium<\/em><\/strong><br>Parola latina che indica lo spazio a cielo aperto, all\u2019interno delle <em>villae<\/em> e delle domus romane, adibito alla raccolta dell\u2019acqua piovana. Di forma quadrata o rettangolare e a fondo piatto, era costituito da una vasca bassa in pietra o marmo o da una superficie ribassata rispetto al piano di calpestio; l\u2019<em>impluvium <\/em>era dotato di canalizzazioni interrate per il deflusso delle acque all\u2019esterno o per convogliarle dove utile.\t\t\t\t\t\t<\/div>\n\t\t\t\t<\/div>\n\t\t\t\t\t<\/div>\n\t\t<\/div>\n\t\t\t\t\t<\/div>\n\t\t<\/section>\n\t\t\t\t<section class=\"elementor-section elementor-top-section elementor-element elementor-element-ea1d36a elementor-section-boxed elementor-section-height-default elementor-section-height-default\" data-id=\"ea1d36a\" data-element_type=\"section\">\n\t\t\t\t\t\t<div class=\"elementor-container elementor-column-gap-default\">\n\t\t\t\t\t<div class=\"elementor-column elementor-col-50 elementor-top-column elementor-element elementor-element-c94c2a9\" data-id=\"c94c2a9\" data-element_type=\"column\">\n\t\t\t<div class=\"elementor-widget-wrap elementor-element-populated\">\n\t\t\t\t\t\t<div class=\"elementor-element elementor-element-f3135bf elementor-widget elementor-widget-image\" data-id=\"f3135bf\" data-element_type=\"widget\" data-widget_type=\"image.default\">\n\t\t\t\t<div class=\"elementor-widget-container\">\n\t\t\t\t\t\t\t\t\t\t\t\t\t\t<a href=\"https:\/\/albadocilia.cultura.gov.it\/wp-content\/uploads\/2023\/07\/DSF0700.jpg\" data-elementor-open-lightbox=\"yes\" data-e-action-hash=\"#elementor-action%3Aaction%3Dlightbox%26settings%3DeyJpZCI6NzYwNCwidXJsIjoiaHR0cHM6XC9cL2FsYmFkb2NpbGlhLmN1bHR1cmEuZ292Lml0XC93cC1jb250ZW50XC91cGxvYWRzXC8yMDIzXC8wN1wvRFNGMDcwMC5qcGcifQ%3D%3D\">\n\t\t\t\t\t\t\t<img decoding=\"async\" width=\"200\" height=\"300\" src=\"https:\/\/albadocilia.cultura.gov.it\/wp-content\/uploads\/2023\/07\/DSF0700-200x300.jpg\" class=\"attachment-medium size-medium wp-image-7604\" alt=\"\" srcset=\"https:\/\/albadocilia.cultura.gov.it\/wp-content\/uploads\/2023\/07\/DSF0700-200x300.jpg 200w, https:\/\/albadocilia.cultura.gov.it\/wp-content\/uploads\/2023\/07\/DSF0700-683x1024.jpg 683w, https:\/\/albadocilia.cultura.gov.it\/wp-content\/uploads\/2023\/07\/DSF0700-768x1152.jpg 768w, https:\/\/albadocilia.cultura.gov.it\/wp-content\/uploads\/2023\/07\/DSF0700.jpg 900w\" sizes=\"(max-width: 200px) 100vw, 200px\" \/>\t\t\t\t\t\t\t\t<\/a>\n\t\t\t\t\t\t\t\t\t\t\t\t\t<\/div>\n\t\t\t\t<\/div>\n\t\t\t\t\t<\/div>\n\t\t<\/div>\n\t\t\t\t<div class=\"elementor-column elementor-col-50 elementor-top-column elementor-element elementor-element-7e18d75\" data-id=\"7e18d75\" data-element_type=\"column\">\n\t\t\t<div class=\"elementor-widget-wrap elementor-element-populated\">\n\t\t\t\t\t\t<div class=\"elementor-element elementor-element-0a61a73 elementor-widget elementor-widget-image\" data-id=\"0a61a73\" data-element_type=\"widget\" data-widget_type=\"image.default\">\n\t\t\t\t<div class=\"elementor-widget-container\">\n\t\t\t\t\t\t\t\t\t\t\t\t\t\t<a href=\"https:\/\/albadocilia.cultura.gov.it\/wp-content\/uploads\/2023\/07\/DSF0701.jpg\" data-elementor-open-lightbox=\"yes\" data-e-action-hash=\"#elementor-action%3Aaction%3Dlightbox%26settings%3DeyJpZCI6NzYwNSwidXJsIjoiaHR0cHM6XC9cL2FsYmFkb2NpbGlhLmN1bHR1cmEuZ292Lml0XC93cC1jb250ZW50XC91cGxvYWRzXC8yMDIzXC8wN1wvRFNGMDcwMS5qcGcifQ%3D%3D\">\n\t\t\t\t\t\t\t<img decoding=\"async\" width=\"200\" height=\"300\" src=\"https:\/\/albadocilia.cultura.gov.it\/wp-content\/uploads\/2023\/07\/DSF0701-200x300.jpg\" class=\"attachment-medium size-medium wp-image-7605\" alt=\"\" srcset=\"https:\/\/albadocilia.cultura.gov.it\/wp-content\/uploads\/2023\/07\/DSF0701-200x300.jpg 200w, https:\/\/albadocilia.cultura.gov.it\/wp-content\/uploads\/2023\/07\/DSF0701-683x1024.jpg 683w, https:\/\/albadocilia.cultura.gov.it\/wp-content\/uploads\/2023\/07\/DSF0701-768x1152.jpg 768w, https:\/\/albadocilia.cultura.gov.it\/wp-content\/uploads\/2023\/07\/DSF0701.jpg 900w\" sizes=\"(max-width: 200px) 100vw, 200px\" \/>\t\t\t\t\t\t\t\t<\/a>\n\t\t\t\t\t\t\t\t\t\t\t\t\t<\/div>\n\t\t\t\t<\/div>\n\t\t\t\t\t<\/div>\n\t\t<\/div>\n\t\t\t\t\t<\/div>\n\t\t<\/section>\n\t\t\t\t<section class=\"elementor-section elementor-top-section elementor-element elementor-element-d7a0154 elementor-section-boxed elementor-section-height-default elementor-section-height-default\" data-id=\"d7a0154\" data-element_type=\"section\">\n\t\t\t\t\t\t<div class=\"elementor-container elementor-column-gap-default\">\n\t\t\t\t\t<div class=\"elementor-column elementor-col-100 elementor-top-column elementor-element elementor-element-6bdb7ec\" data-id=\"6bdb7ec\" data-element_type=\"column\">\n\t\t\t<div class=\"elementor-widget-wrap elementor-element-populated\">\n\t\t\t\t\t\t<div class=\"elementor-element elementor-element-a60b833 elementor-widget elementor-widget-text-editor\" data-id=\"a60b833\" data-element_type=\"widget\" data-widget_type=\"text-editor.default\">\n\t\t\t\t<div class=\"elementor-widget-container\">\n\t\t\t\t\t\t\t<p>Tipico esempio di atrio con <em>impluvium<\/em>: l\u2019apertura nel tetto si trova in diretta corrispondenza della vasca incassata nel pavimento (Pompei, casa Sannitica)i<\/p>\t\t\t\t\t\t<\/div>\n\t\t\t\t<\/div>\n\t\t\t\t\t<\/div>\n\t\t<\/div>\n\t\t\t\t\t<\/div>\n\t\t<\/section>\n\t\t\t\t<section class=\"elementor-section elementor-top-section elementor-element elementor-element-80e0b7a elementor-section-boxed elementor-section-height-default elementor-section-height-default\" data-id=\"80e0b7a\" data-element_type=\"section\">\n\t\t\t\t\t\t<div class=\"elementor-container elementor-column-gap-default\">\n\t\t\t\t\t<div class=\"elementor-column elementor-col-100 elementor-top-column elementor-element elementor-element-b83bc9a\" data-id=\"b83bc9a\" data-element_type=\"column\">\n\t\t\t<div class=\"elementor-widget-wrap elementor-element-populated\">\n\t\t\t\t\t\t<div class=\"elementor-element elementor-element-ce6f17e elementor-widget elementor-widget-image\" data-id=\"ce6f17e\" data-element_type=\"widget\" data-widget_type=\"image.default\">\n\t\t\t\t<div class=\"elementor-widget-container\">\n\t\t\t\t\t\t\t\t\t\t\t\t\t\t<a href=\"https:\/\/albadocilia.cultura.gov.it\/wp-content\/uploads\/2023\/07\/atrium-of-villa-san-marco-in-stabiae-11172.jpg\" data-elementor-open-lightbox=\"yes\" data-e-action-hash=\"#elementor-action%3Aaction%3Dlightbox%26settings%3DeyJpZCI6NzYwNiwidXJsIjoiaHR0cHM6XC9cL2FsYmFkb2NpbGlhLmN1bHR1cmEuZ292Lml0XC93cC1jb250ZW50XC91cGxvYWRzXC8yMDIzXC8wN1wvYXRyaXVtLW9mLXZpbGxhLXNhbi1tYXJjby1pbi1zdGFiaWFlLTExMTcyLmpwZyJ9\">\n\t\t\t\t\t\t\t<img loading=\"lazy\" decoding=\"async\" width=\"300\" height=\"199\" src=\"https:\/\/albadocilia.cultura.gov.it\/wp-content\/uploads\/2023\/07\/atrium-of-villa-san-marco-in-stabiae-11172-300x199.jpg\" class=\"attachment-medium size-medium wp-image-7606\" alt=\"\" srcset=\"https:\/\/albadocilia.cultura.gov.it\/wp-content\/uploads\/2023\/07\/atrium-of-villa-san-marco-in-stabiae-11172-300x199.jpg 300w, https:\/\/albadocilia.cultura.gov.it\/wp-content\/uploads\/2023\/07\/atrium-of-villa-san-marco-in-stabiae-11172-1024x678.jpg 1024w, https:\/\/albadocilia.cultura.gov.it\/wp-content\/uploads\/2023\/07\/atrium-of-villa-san-marco-in-stabiae-11172-768x509.jpg 768w, https:\/\/albadocilia.cultura.gov.it\/wp-content\/uploads\/2023\/07\/atrium-of-villa-san-marco-in-stabiae-11172-1536x1017.jpg 1536w, https:\/\/albadocilia.cultura.gov.it\/wp-content\/uploads\/2023\/07\/atrium-of-villa-san-marco-in-stabiae-11172.jpg 2047w\" sizes=\"(max-width: 300px) 100vw, 300px\" \/>\t\t\t\t\t\t\t\t<\/a>\n\t\t\t\t\t\t\t\t\t\t\t\t\t<\/div>\n\t\t\t\t<\/div>\n\t\t\t\t<div class=\"elementor-element elementor-element-d55863f elementor-widget elementor-widget-text-editor\" data-id=\"d55863f\" data-element_type=\"widget\" data-widget_type=\"text-editor.default\">\n\t\t\t\t<div class=\"elementor-widget-container\">\n\t\t\t\t\t\t\t<p>Esempio di atrio in cui l\u2019<em>impluvium<\/em> \u00e8 delimitato da un peristilio (Stabiae, <em>villa <\/em>San Marco).<br \/>Immagine tratta da https:\/\/www.worldhistory.org\/image\/11172\/atrium-of-villa-san-marco-in-stabiae\/#google_vignette<\/p>\t\t\t\t\t\t<\/div>\n\t\t\t\t<\/div>\n\t\t\t\t\t<\/div>\n\t\t<\/div>\n\t\t\t\t\t<\/div>\n\t\t<\/section>\n\t\t\t\t<section class=\"elementor-section elementor-top-section elementor-element elementor-element-0910358 elementor-section-boxed elementor-section-height-default elementor-section-height-default\" data-id=\"0910358\" data-element_type=\"section\">\n\t\t\t\t\t\t<div class=\"elementor-container elementor-column-gap-default\">\n\t\t\t\t\t<div class=\"elementor-column elementor-col-100 elementor-top-column elementor-element elementor-element-da0a93f\" data-id=\"da0a93f\" data-element_type=\"column\">\n\t\t\t<div class=\"elementor-widget-wrap elementor-element-populated\">\n\t\t\t\t\t\t<section class=\"elementor-section elementor-inner-section elementor-element elementor-element-4394be6 elementor-section-boxed elementor-section-height-default elementor-section-height-default\" data-id=\"4394be6\" data-element_type=\"section\" id=\"krysmon\">\n\t\t\t\t\t\t<div class=\"elementor-container elementor-column-gap-default\">\n\t\t\t\t\t<div class=\"elementor-column elementor-col-100 elementor-inner-column elementor-element elementor-element-a9df23c\" data-id=\"a9df23c\" data-element_type=\"column\">\n\t\t\t<div class=\"elementor-widget-wrap\">\n\t\t\t\t\t\t\t<\/div>\n\t\t<\/div>\n\t\t\t\t\t<\/div>\n\t\t<\/section>\n\t\t\t\t<div class=\"elementor-element elementor-element-36f987c elementor-widget elementor-widget-text-editor\" data-id=\"36f987c\" data-element_type=\"widget\" data-widget_type=\"text-editor.default\">\n\t\t\t\t<div class=\"elementor-widget-container\">\n\t\t\t\t\t\t\t<p><strong>Krysmon<\/strong><br \/>Termine greco antico che indica il monogramma (insieme di pi\u00f9 lettere dell&#8217;alfabeto fuse in un unico segno grafico) delle prime due lettere del nome di Cristo, ossia <span style=\"font-size: 14.0pt; line-height: 150%; font-family: 'Times New Roman',serif;\">\u03a7 e \u03a1.<\/span><\/p>\t\t\t\t\t\t<\/div>\n\t\t\t\t<\/div>\n\t\t\t\t\t<\/div>\n\t\t<\/div>\n\t\t\t\t\t<\/div>\n\t\t<\/section>\n\t\t\t\t<section class=\"elementor-section elementor-top-section elementor-element elementor-element-22e6c6c elementor-section-boxed elementor-section-height-default elementor-section-height-default\" data-id=\"22e6c6c\" data-element_type=\"section\">\n\t\t\t\t\t\t<div class=\"elementor-container elementor-column-gap-default\">\n\t\t\t\t\t<div class=\"elementor-column elementor-col-100 elementor-top-column elementor-element elementor-element-266e447\" data-id=\"266e447\" data-element_type=\"column\">\n\t\t\t<div class=\"elementor-widget-wrap elementor-element-populated\">\n\t\t\t\t\t\t<section class=\"elementor-section elementor-inner-section elementor-element elementor-element-fc13c00 elementor-section-boxed elementor-section-height-default elementor-section-height-default\" data-id=\"fc13c00\" data-element_type=\"section\" id=\"lesena\">\n\t\t\t\t\t\t<div class=\"elementor-container elementor-column-gap-default\">\n\t\t\t\t\t<div class=\"elementor-column elementor-col-100 elementor-inner-column elementor-element elementor-element-2eaaa87\" data-id=\"2eaaa87\" data-element_type=\"column\">\n\t\t\t<div class=\"elementor-widget-wrap\">\n\t\t\t\t\t\t\t<\/div>\n\t\t<\/div>\n\t\t\t\t\t<\/div>\n\t\t<\/section>\n\t\t\t\t<div class=\"elementor-element elementor-element-88e4871 elementor-widget elementor-widget-text-editor\" data-id=\"88e4871\" data-element_type=\"widget\" data-widget_type=\"text-editor.default\">\n\t\t\t\t<div class=\"elementor-widget-container\">\n\t\t\t\t\t\t\t<strong>Lesena<\/strong><br>Elemento architettonico che consiste in un pilastro leggermente aggettante dal muro in funzione sia di scandire una parete in corrispondenza con un colonnato, sia di creare una partizione decorativa. Inserita in un ordine architettonico prende gli elementi e le proporzioni della colonna, base, fusto, capitello.\t\t\t\t\t\t<\/div>\n\t\t\t\t<\/div>\n\t\t\t\t\t<\/div>\n\t\t<\/div>\n\t\t\t\t\t<\/div>\n\t\t<\/section>\n\t\t\t\t<section class=\"elementor-section elementor-top-section elementor-element elementor-element-2e81706 elementor-section-boxed elementor-section-height-default elementor-section-height-default\" data-id=\"2e81706\" data-element_type=\"section\">\n\t\t\t\t\t\t<div class=\"elementor-container elementor-column-gap-default\">\n\t\t\t\t\t<div class=\"elementor-column elementor-col-100 elementor-top-column elementor-element elementor-element-1544de6\" data-id=\"1544de6\" data-element_type=\"column\">\n\t\t\t<div class=\"elementor-widget-wrap elementor-element-populated\">\n\t\t\t\t\t\t<div class=\"elementor-element elementor-element-d5b585d elementor-widget elementor-widget-image\" data-id=\"d5b585d\" data-element_type=\"widget\" data-widget_type=\"image.default\">\n\t\t\t\t<div class=\"elementor-widget-container\">\n\t\t\t\t\t\t\t\t\t\t\t\t\t\t<a href=\"https:\/\/albadocilia.cultura.gov.it\/wp-content\/uploads\/2023\/07\/lesena.png\" data-elementor-open-lightbox=\"yes\" data-e-action-hash=\"#elementor-action%3Aaction%3Dlightbox%26settings%3DeyJpZCI6NzYxOSwidXJsIjoiaHR0cHM6XC9cL2FsYmFkb2NpbGlhLmN1bHR1cmEuZ292Lml0XC93cC1jb250ZW50XC91cGxvYWRzXC8yMDIzXC8wN1wvbGVzZW5hLnBuZyJ9\">\n\t\t\t\t\t\t\t<img decoding=\"async\" src=\"https:\/\/albadocilia.cultura.gov.it\/wp-content\/uploads\/elementor\/thumbs\/lesena-q8vhgoyj4asv7dc85k7kx6mb1r1zyq48uvj0hpu7cg.png\" title=\"\" alt=\"\" loading=\"lazy\" \/>\t\t\t\t\t\t\t\t<\/a>\n\t\t\t\t\t\t\t\t\t\t\t\t\t<\/div>\n\t\t\t\t<\/div>\n\t\t\t\t<div class=\"elementor-element elementor-element-badd4ef elementor-widget elementor-widget-text-editor\" data-id=\"badd4ef\" data-element_type=\"widget\" data-widget_type=\"text-editor.default\">\n\t\t\t\t<div class=\"elementor-widget-container\">\n\t\t\t\t\t\t\t<p>Disegno esemplificativo dell\u2019aspetto di una lesena (in questo caso con capitello ionico)<\/p>\t\t\t\t\t\t<\/div>\n\t\t\t\t<\/div>\n\t\t\t\t\t<\/div>\n\t\t<\/div>\n\t\t\t\t\t<\/div>\n\t\t<\/section>\n\t\t\t\t<section class=\"elementor-section elementor-top-section elementor-element elementor-element-3f51426 elementor-section-boxed elementor-section-height-default elementor-section-height-default\" data-id=\"3f51426\" data-element_type=\"section\">\n\t\t\t\t\t\t<div class=\"elementor-container elementor-column-gap-default\">\n\t\t\t\t\t<div class=\"elementor-column elementor-col-100 elementor-top-column elementor-element elementor-element-5ddc3c9\" data-id=\"5ddc3c9\" data-element_type=\"column\">\n\t\t\t<div class=\"elementor-widget-wrap elementor-element-populated\">\n\t\t\t\t\t\t<section class=\"elementor-section elementor-inner-section elementor-element elementor-element-042e9e6 elementor-section-boxed elementor-section-height-default elementor-section-height-default\" data-id=\"042e9e6\" data-element_type=\"section\" id=\"mansio\">\n\t\t\t\t\t\t<div class=\"elementor-container elementor-column-gap-default\">\n\t\t\t\t\t<div class=\"elementor-column elementor-col-100 elementor-inner-column elementor-element elementor-element-5909a2b\" data-id=\"5909a2b\" data-element_type=\"column\">\n\t\t\t<div class=\"elementor-widget-wrap\">\n\t\t\t\t\t\t\t<\/div>\n\t\t<\/div>\n\t\t\t\t\t<\/div>\n\t\t<\/section>\n\t\t\t\t<div class=\"elementor-element elementor-element-7615ee2 elementor-widget elementor-widget-text-editor\" data-id=\"7615ee2\" data-element_type=\"widget\" data-widget_type=\"text-editor.default\">\n\t\t\t\t<div class=\"elementor-widget-container\">\n\t\t\t\t\t\t\t<p><strong><em>Mansio <\/em>(plurale, <em>mansiones<\/em>)<\/strong><br \/>Termine latino che indicava un luogo pubblico di sosta e di pernottamento. Le <em>mansiones<\/em> si trovavano lungo le vie di comunicazione pi\u00f9 importanti e fornivano vari servizi a chi vi stazionava, come ad esempio stalle, scuderie, rimesse. La <em>mansio<\/em>, spesso di grandi dimensioni, poteva includere anche un centro termale. In et\u00e0 imperiale le <em>mansiones<\/em>, edificate a distanze regolari l&#8217;una dall&#8217;altra, erano gestite dal governo centrale.<\/p>\t\t\t\t\t\t<\/div>\n\t\t\t\t<\/div>\n\t\t\t\t\t<\/div>\n\t\t<\/div>\n\t\t\t\t\t<\/div>\n\t\t<\/section>\n\t\t\t\t<section class=\"elementor-section elementor-top-section elementor-element elementor-element-b510aaa elementor-section-boxed elementor-section-height-default elementor-section-height-default\" data-id=\"b510aaa\" data-element_type=\"section\">\n\t\t\t\t\t\t<div class=\"elementor-container elementor-column-gap-default\">\n\t\t\t\t\t<div class=\"elementor-column elementor-col-100 elementor-top-column elementor-element elementor-element-2297770\" data-id=\"2297770\" data-element_type=\"column\">\n\t\t\t<div class=\"elementor-widget-wrap elementor-element-populated\">\n\t\t\t\t\t\t<section class=\"elementor-section elementor-inner-section elementor-element elementor-element-7407fe6 elementor-section-boxed elementor-section-height-default elementor-section-height-default\" data-id=\"7407fe6\" data-element_type=\"section\" id=\"matrice\">\n\t\t\t\t\t\t<div class=\"elementor-container elementor-column-gap-default\">\n\t\t\t\t\t<div class=\"elementor-column elementor-col-100 elementor-inner-column elementor-element elementor-element-c3b7ec5\" data-id=\"c3b7ec5\" data-element_type=\"column\">\n\t\t\t<div class=\"elementor-widget-wrap\">\n\t\t\t\t\t\t\t<\/div>\n\t\t<\/div>\n\t\t\t\t\t<\/div>\n\t\t<\/section>\n\t\t\t\t<div class=\"elementor-element elementor-element-eacceaf elementor-widget elementor-widget-text-editor\" data-id=\"eacceaf\" data-element_type=\"widget\" data-widget_type=\"text-editor.default\">\n\t\t\t\t<div class=\"elementor-widget-container\">\n\t\t\t\t\t\t\t<strong><em>Matrice<\/em><\/strong><br>Il sistema di produzione a matrice prevedeva la realizzazione di due parti del corpo, la base e il disco superiore, attraverso la stesura a mano dell\u2019argilla all\u2019interno di due stampi che ne riproducevano la forma e talvolta le decorazioni in negativo. Le due parti venivano unite per creare il contenitore completo; una volta asciugato, esso veniva prelevato dalla matrice, rifinito e cotto. Potevano essere fabbricate con questa tecnica anche le lucerne in bronzo.\t\t\t\t\t\t<\/div>\n\t\t\t\t<\/div>\n\t\t\t\t\t<\/div>\n\t\t<\/div>\n\t\t\t\t\t<\/div>\n\t\t<\/section>\n\t\t\t\t<section class=\"elementor-section elementor-top-section elementor-element elementor-element-12708fe elementor-section-boxed elementor-section-height-default elementor-section-height-default\" data-id=\"12708fe\" data-element_type=\"section\">\n\t\t\t\t\t\t<div class=\"elementor-container elementor-column-gap-default\">\n\t\t\t\t\t<div class=\"elementor-column elementor-col-100 elementor-top-column elementor-element elementor-element-ac864b8\" data-id=\"ac864b8\" data-element_type=\"column\">\n\t\t\t<div class=\"elementor-widget-wrap elementor-element-populated\">\n\t\t\t\t\t\t<section class=\"elementor-section elementor-inner-section elementor-element elementor-element-8092e45 elementor-section-boxed elementor-section-height-default elementor-section-height-default\" data-id=\"8092e45\" data-element_type=\"section\" id=\"oecus\">\n\t\t\t\t\t\t<div class=\"elementor-container elementor-column-gap-default\">\n\t\t\t\t\t<div class=\"elementor-column elementor-col-100 elementor-inner-column elementor-element elementor-element-732ec9c\" data-id=\"732ec9c\" data-element_type=\"column\">\n\t\t\t<div class=\"elementor-widget-wrap\">\n\t\t\t\t\t\t\t<\/div>\n\t\t<\/div>\n\t\t\t\t\t<\/div>\n\t\t<\/section>\n\t\t\t\t<div class=\"elementor-element elementor-element-172fb95 elementor-widget elementor-widget-text-editor\" data-id=\"172fb95\" data-element_type=\"widget\" data-widget_type=\"text-editor.default\">\n\t\t\t\t<div class=\"elementor-widget-container\">\n\t\t\t\t\t\t\t<strong><em>Oecus<\/em><\/strong><br>Termine latino che deriva dal greco <em>\u03bf\u1f36\u03ba\u03bf\u03c2<\/em>, si usa per designare una sala di rappresentanza di grandi dimensioni presente nelle pi\u00f9 ricche residenze romane.\t\t\t\t\t\t<\/div>\n\t\t\t\t<\/div>\n\t\t\t\t\t<\/div>\n\t\t<\/div>\n\t\t\t\t\t<\/div>\n\t\t<\/section>\n\t\t\t\t<section class=\"elementor-section elementor-top-section elementor-element elementor-element-68d2f14 elementor-section-boxed elementor-section-height-default elementor-section-height-default\" data-id=\"68d2f14\" data-element_type=\"section\">\n\t\t\t\t\t\t<div class=\"elementor-container elementor-column-gap-default\">\n\t\t\t\t\t<div class=\"elementor-column elementor-col-100 elementor-top-column elementor-element elementor-element-232878c\" data-id=\"232878c\" data-element_type=\"column\">\n\t\t\t<div class=\"elementor-widget-wrap elementor-element-populated\">\n\t\t\t\t\t\t<section class=\"elementor-section elementor-inner-section elementor-element elementor-element-b06043f elementor-section-boxed elementor-section-height-default elementor-section-height-default\" data-id=\"b06043f\" data-element_type=\"section\" id=\"opus-sectile\">\n\t\t\t\t\t\t<div class=\"elementor-container elementor-column-gap-default\">\n\t\t\t\t\t<div class=\"elementor-column elementor-col-100 elementor-inner-column elementor-element elementor-element-741fa43\" data-id=\"741fa43\" data-element_type=\"column\">\n\t\t\t<div class=\"elementor-widget-wrap\">\n\t\t\t\t\t\t\t<\/div>\n\t\t<\/div>\n\t\t\t\t\t<\/div>\n\t\t<\/section>\n\t\t\t\t<div class=\"elementor-element elementor-element-dad5152 elementor-widget elementor-widget-text-editor\" data-id=\"dad5152\" data-element_type=\"widget\" data-widget_type=\"text-editor.default\">\n\t\t\t\t<div class=\"elementor-widget-container\">\n\t\t\t\t\t\t\t<strong><em>Opus sectile<\/em><\/strong><br>Tecnica compositiva di pavimenti o rivestimenti parietali ottenuta dall\u2019accostamento di pezzi di marmo, pietra o litoide tagliati in piccole lastre disposte a formare motivi ornamentali semplici o elaborati per contrasto cromatico.\t\t\t\t\t\t<\/div>\n\t\t\t\t<\/div>\n\t\t\t\t\t<\/div>\n\t\t<\/div>\n\t\t\t\t\t<\/div>\n\t\t<\/section>\n\t\t\t\t<section class=\"elementor-section elementor-top-section elementor-element elementor-element-0bc65ea elementor-section-boxed elementor-section-height-default elementor-section-height-default\" data-id=\"0bc65ea\" data-element_type=\"section\">\n\t\t\t\t\t\t<div class=\"elementor-container elementor-column-gap-default\">\n\t\t\t\t\t<div class=\"elementor-column elementor-col-100 elementor-top-column elementor-element elementor-element-7871911\" data-id=\"7871911\" data-element_type=\"column\">\n\t\t\t<div class=\"elementor-widget-wrap elementor-element-populated\">\n\t\t\t\t\t\t<section class=\"elementor-section elementor-inner-section elementor-element elementor-element-789214a elementor-section-boxed elementor-section-height-default elementor-section-height-default\" data-id=\"789214a\" data-element_type=\"section\" id=\"palombino\">\n\t\t\t\t\t\t<div class=\"elementor-container elementor-column-gap-default\">\n\t\t\t\t\t<div class=\"elementor-column elementor-col-100 elementor-inner-column elementor-element elementor-element-9e331d6\" data-id=\"9e331d6\" data-element_type=\"column\">\n\t\t\t<div class=\"elementor-widget-wrap\">\n\t\t\t\t\t\t\t<\/div>\n\t\t<\/div>\n\t\t\t\t\t<\/div>\n\t\t<\/section>\n\t\t\t\t<div class=\"elementor-element elementor-element-1499cec elementor-widget elementor-widget-text-editor\" data-id=\"1499cec\" data-element_type=\"widget\" data-widget_type=\"text-editor.default\">\n\t\t\t\t<div class=\"elementor-widget-container\">\n\t\t\t\t\t\t\t<strong>Palombino<\/strong><br>Il palombino \u00e8 un tipo di pietra, nello specifico, un calcare sedimentario fossilifero, ben noto nell\u2019antichit\u00e0, di colore biancastro o azzurrognolo.\t\t\t\t\t\t<\/div>\n\t\t\t\t<\/div>\n\t\t\t\t\t<\/div>\n\t\t<\/div>\n\t\t\t\t\t<\/div>\n\t\t<\/section>\n\t\t\t\t<section class=\"elementor-section elementor-top-section elementor-element elementor-element-0ab843a elementor-section-boxed elementor-section-height-default elementor-section-height-default\" data-id=\"0ab843a\" data-element_type=\"section\">\n\t\t\t\t\t\t<div class=\"elementor-container elementor-column-gap-default\">\n\t\t\t\t\t<div class=\"elementor-column elementor-col-100 elementor-top-column elementor-element elementor-element-e885f29\" data-id=\"e885f29\" data-element_type=\"column\">\n\t\t\t<div class=\"elementor-widget-wrap elementor-element-populated\">\n\t\t\t\t\t\t<section class=\"elementor-section elementor-inner-section elementor-element elementor-element-7ef79f2 elementor-section-boxed elementor-section-height-default elementor-section-height-default\" data-id=\"7ef79f2\" data-element_type=\"section\" id=\"pars-rustica\">\n\t\t\t\t\t\t<div class=\"elementor-container elementor-column-gap-default\">\n\t\t\t\t\t<div class=\"elementor-column elementor-col-100 elementor-inner-column elementor-element elementor-element-b6e7125\" data-id=\"b6e7125\" data-element_type=\"column\">\n\t\t\t<div class=\"elementor-widget-wrap\">\n\t\t\t\t\t\t\t<\/div>\n\t\t<\/div>\n\t\t\t\t\t<\/div>\n\t\t<\/section>\n\t\t\t\t<div class=\"elementor-element elementor-element-1677d5e elementor-widget elementor-widget-text-editor\" data-id=\"1677d5e\" data-element_type=\"widget\" data-widget_type=\"text-editor.default\">\n\t\t\t\t<div class=\"elementor-widget-container\">\n\t\t\t\t\t\t\t<strong><em>Pars rustica <\/em><\/strong><br>Era la parte della <em>villa <\/em>formata generalmente da un ampio spazio aperto di forma quadrangolare che costituiva, con gli annessi che vi si affacciavano, un polo commerciale e manifatturiero, con magazzini, empori, il mercato e i luoghi di ricovero per gli animali.\t\t\t\t\t\t<\/div>\n\t\t\t\t<\/div>\n\t\t\t\t\t<\/div>\n\t\t<\/div>\n\t\t\t\t\t<\/div>\n\t\t<\/section>\n\t\t\t\t<section class=\"elementor-section elementor-top-section elementor-element elementor-element-5ff0a4b elementor-section-boxed elementor-section-height-default elementor-section-height-default\" data-id=\"5ff0a4b\" data-element_type=\"section\">\n\t\t\t\t\t\t<div class=\"elementor-container elementor-column-gap-default\">\n\t\t\t\t\t<div class=\"elementor-column elementor-col-100 elementor-top-column elementor-element elementor-element-cdcc890\" data-id=\"cdcc890\" data-element_type=\"column\">\n\t\t\t<div class=\"elementor-widget-wrap elementor-element-populated\">\n\t\t\t\t\t\t<section class=\"elementor-section elementor-inner-section elementor-element elementor-element-fcbc327 elementor-section-boxed elementor-section-height-default elementor-section-height-default\" data-id=\"fcbc327\" data-element_type=\"section\" id=\"pars-urbana\">\n\t\t\t\t\t\t<div class=\"elementor-container elementor-column-gap-default\">\n\t\t\t\t\t<div class=\"elementor-column elementor-col-100 elementor-inner-column elementor-element elementor-element-87b4d62\" data-id=\"87b4d62\" data-element_type=\"column\">\n\t\t\t<div class=\"elementor-widget-wrap\">\n\t\t\t\t\t\t\t<\/div>\n\t\t<\/div>\n\t\t\t\t\t<\/div>\n\t\t<\/section>\n\t\t\t\t<div class=\"elementor-element elementor-element-1567eb0 elementor-widget elementor-widget-text-editor\" data-id=\"1567eb0\" data-element_type=\"widget\" data-widget_type=\"text-editor.default\">\n\t\t\t\t<div class=\"elementor-widget-container\">\n\t\t\t\t\t\t\t<strong><em>Pars urbana<\/em><\/strong> <br>All\u2019interno di una villa, era la zona esclusivamente dedicata all\u2019uso residenziale, riservato agli ambienti in cui vivevano il gestore (o il proprietario) e la sua famiglia. Era formata da una serie di stanze con varie funzioni: ambienti per accogliere gli ospiti, camere da letto, sale da pranzo. Apparteneva alla <em>pars urbana <\/em>anche il <em>peristilium <\/em>e <em>l\u2019impluvium.<\/em>\t\t\t\t\t\t<\/div>\n\t\t\t\t<\/div>\n\t\t\t\t\t<\/div>\n\t\t<\/div>\n\t\t\t\t\t<\/div>\n\t\t<\/section>\n\t\t\t\t<section class=\"elementor-section elementor-top-section elementor-element elementor-element-69879f3 elementor-section-boxed elementor-section-height-default elementor-section-height-default\" data-id=\"69879f3\" data-element_type=\"section\">\n\t\t\t\t\t\t<div class=\"elementor-container elementor-column-gap-default\">\n\t\t\t\t\t<div class=\"elementor-column elementor-col-100 elementor-top-column elementor-element elementor-element-c81f921\" data-id=\"c81f921\" data-element_type=\"column\">\n\t\t\t<div class=\"elementor-widget-wrap elementor-element-populated\">\n\t\t\t\t\t\t<section class=\"elementor-section elementor-inner-section elementor-element elementor-element-1a08888 elementor-section-boxed elementor-section-height-default elementor-section-height-default\" data-id=\"1a08888\" data-element_type=\"section\" id=\"peristylium\">\n\t\t\t\t\t\t<div class=\"elementor-container elementor-column-gap-default\">\n\t\t\t\t\t<div class=\"elementor-column elementor-col-100 elementor-inner-column elementor-element elementor-element-f3088e5\" data-id=\"f3088e5\" data-element_type=\"column\">\n\t\t\t<div class=\"elementor-widget-wrap\">\n\t\t\t\t\t\t\t<\/div>\n\t\t<\/div>\n\t\t\t\t\t<\/div>\n\t\t<\/section>\n\t\t\t\t<div class=\"elementor-element elementor-element-6b850f9 elementor-widget elementor-widget-text-editor\" data-id=\"6b850f9\" data-element_type=\"widget\" data-widget_type=\"text-editor.default\">\n\t\t\t\t<div class=\"elementor-widget-container\">\n\t\t\t\t\t\t\t<p><em><strong>Peristylium (plurale, peristylia)<\/strong><\/em><br \/>Termine latino che indicava, nelle <em>villae<\/em> e <em>domus<\/em> di epoca romana, il colonnato che circonda uno spazio aperto di forma generalmente rettangolare o quadrata.<\/p>\t\t\t\t\t\t<\/div>\n\t\t\t\t<\/div>\n\t\t\t\t\t<\/div>\n\t\t<\/div>\n\t\t\t\t\t<\/div>\n\t\t<\/section>\n\t\t\t\t<section class=\"elementor-section elementor-top-section elementor-element elementor-element-1ae8271 elementor-section-boxed elementor-section-height-default elementor-section-height-default\" data-id=\"1ae8271\" data-element_type=\"section\">\n\t\t\t\t\t\t<div class=\"elementor-container elementor-column-gap-default\">\n\t\t\t\t\t<div class=\"elementor-column elementor-col-100 elementor-top-column elementor-element elementor-element-50bd967\" data-id=\"50bd967\" data-element_type=\"column\">\n\t\t\t<div class=\"elementor-widget-wrap elementor-element-populated\">\n\t\t\t\t\t\t<div class=\"elementor-element elementor-element-1e5380a elementor-widget elementor-widget-image\" data-id=\"1e5380a\" data-element_type=\"widget\" data-widget_type=\"image.default\">\n\t\t\t\t<div class=\"elementor-widget-container\">\n\t\t\t\t\t\t\t\t\t\t\t\t\t\t<a href=\"https:\/\/albadocilia.cultura.gov.it\/wp-content\/uploads\/2023\/07\/Casa-Menandro-1200x675-1.jpg\" data-elementor-open-lightbox=\"yes\" data-e-action-hash=\"#elementor-action%3Aaction%3Dlightbox%26settings%3DeyJpZCI6NzY4MywidXJsIjoiaHR0cHM6XC9cL2FsYmFkb2NpbGlhLmN1bHR1cmEuZ292Lml0XC93cC1jb250ZW50XC91cGxvYWRzXC8yMDIzXC8wN1wvQ2FzYS1NZW5hbmRyby0xMjAweDY3NS0xLmpwZyJ9\">\n\t\t\t\t\t\t\t<img loading=\"lazy\" decoding=\"async\" width=\"300\" height=\"169\" src=\"https:\/\/albadocilia.cultura.gov.it\/wp-content\/uploads\/2023\/07\/Casa-Menandro-1200x675-1-300x169.jpg\" class=\"attachment-medium size-medium wp-image-7683\" alt=\"\" srcset=\"https:\/\/albadocilia.cultura.gov.it\/wp-content\/uploads\/2023\/07\/Casa-Menandro-1200x675-1-300x169.jpg 300w, https:\/\/albadocilia.cultura.gov.it\/wp-content\/uploads\/2023\/07\/Casa-Menandro-1200x675-1-1024x576.jpg 1024w, https:\/\/albadocilia.cultura.gov.it\/wp-content\/uploads\/2023\/07\/Casa-Menandro-1200x675-1-768x432.jpg 768w, https:\/\/albadocilia.cultura.gov.it\/wp-content\/uploads\/2023\/07\/Casa-Menandro-1200x675-1.jpg 1200w\" sizes=\"(max-width: 300px) 100vw, 300px\" \/>\t\t\t\t\t\t\t\t<\/a>\n\t\t\t\t\t\t\t\t\t\t\t\t\t<\/div>\n\t\t\t\t<\/div>\n\t\t\t\t<div class=\"elementor-element elementor-element-665fbc5 elementor-widget elementor-widget-text-editor\" data-id=\"665fbc5\" data-element_type=\"widget\" data-widget_type=\"text-editor.default\">\n\t\t\t\t<div class=\"elementor-widget-container\">\n\t\t\t\t\t\t\tEsempio di peristilio e cortile centrale adibito a giardino<br>(Pompei, casa del Menandro).<br>Immagine tratta da: http:\/\/pompeiisites.org\/sito_archeologico\/casa-del-menandro\/#&amp;gid=1&amp;pid=2\t\t\t\t\t\t<\/div>\n\t\t\t\t<\/div>\n\t\t\t\t\t<\/div>\n\t\t<\/div>\n\t\t\t\t\t<\/div>\n\t\t<\/section>\n\t\t\t\t<section class=\"elementor-section elementor-top-section elementor-element elementor-element-3c2fa57 elementor-section-boxed elementor-section-height-default elementor-section-height-default\" data-id=\"3c2fa57\" data-element_type=\"section\">\n\t\t\t\t\t\t<div class=\"elementor-container elementor-column-gap-default\">\n\t\t\t\t\t<div class=\"elementor-column elementor-col-100 elementor-top-column elementor-element elementor-element-5a9025c\" data-id=\"5a9025c\" data-element_type=\"column\">\n\t\t\t<div class=\"elementor-widget-wrap elementor-element-populated\">\n\t\t\t\t\t\t<section class=\"elementor-section elementor-inner-section elementor-element elementor-element-3c6f356 elementor-section-boxed elementor-section-height-default elementor-section-height-default\" data-id=\"3c6f356\" data-element_type=\"section\" id=\"piscina-calida\">\n\t\t\t\t\t\t<div class=\"elementor-container elementor-column-gap-default\">\n\t\t\t\t\t<div class=\"elementor-column elementor-col-100 elementor-inner-column elementor-element elementor-element-ea477a4\" data-id=\"ea477a4\" data-element_type=\"column\">\n\t\t\t<div class=\"elementor-widget-wrap\">\n\t\t\t\t\t\t\t<\/div>\n\t\t<\/div>\n\t\t\t\t\t<\/div>\n\t\t<\/section>\n\t\t\t\t<div class=\"elementor-element elementor-element-d428496 elementor-widget elementor-widget-text-editor\" data-id=\"d428496\" data-element_type=\"widget\" data-widget_type=\"text-editor.default\">\n\t\t\t\t<div class=\"elementor-widget-container\">\n\t\t\t\t\t\t\t<p><strong><em>Piscina calida<\/em><\/strong><br>Nell\u2019ambito dei complessi termali, pubblici o privati, era una piscina, di dimensioni anche ragguardevoli, contenente acqua calda. Il processo di trasmissione del calore all\u2019acqua poteva avvenire, a seconda delle dimensioni della vasca, tramite differenti sistemi anche in combinazione tra loro: caldaia esterna alla vasca collegata ad essa tramite apposite condotte, riscaldamento tramite circolazione di aria calda attraverso l\u2019<em>hypocaustum<\/em>, riscaldamento tramite <em>samovar<\/em>. La fonte di calore era, naturalmente, sempre un\u2019azione di fuoco che avveniva in luoghi specificamente progettati allo scopo.<\/p>\t\t\t\t\t\t<\/div>\n\t\t\t\t<\/div>\n\t\t\t\t\t<\/div>\n\t\t<\/div>\n\t\t\t\t\t<\/div>\n\t\t<\/section>\n\t\t\t\t<section class=\"elementor-section elementor-top-section elementor-element elementor-element-2c0f6a7 elementor-section-boxed elementor-section-height-default elementor-section-height-default\" data-id=\"2c0f6a7\" data-element_type=\"section\">\n\t\t\t\t\t\t<div class=\"elementor-container elementor-column-gap-default\">\n\t\t\t\t\t<div class=\"elementor-column elementor-col-100 elementor-top-column elementor-element elementor-element-e2c2928\" data-id=\"e2c2928\" data-element_type=\"column\">\n\t\t\t<div class=\"elementor-widget-wrap elementor-element-populated\">\n\t\t\t\t\t\t<section class=\"elementor-section elementor-inner-section elementor-element elementor-element-467fef6 elementor-section-boxed elementor-section-height-default elementor-section-height-default\" data-id=\"467fef6\" data-element_type=\"section\" id=\"regio-ix\">\n\t\t\t\t\t\t<div class=\"elementor-container elementor-column-gap-default\">\n\t\t\t\t\t<div class=\"elementor-column elementor-col-100 elementor-inner-column elementor-element elementor-element-a61ce6c\" data-id=\"a61ce6c\" data-element_type=\"column\">\n\t\t\t<div class=\"elementor-widget-wrap\">\n\t\t\t\t\t\t\t<\/div>\n\t\t<\/div>\n\t\t\t\t\t<\/div>\n\t\t<\/section>\n\t\t\t\t<div class=\"elementor-element elementor-element-863d069 elementor-widget elementor-widget-text-editor\" data-id=\"863d069\" data-element_type=\"widget\" data-widget_type=\"text-editor.default\">\n\t\t\t\t<div class=\"elementor-widget-container\">\n\t\t\t\t\t\t\t<p><strong><em>Regio IX<\/em><\/strong><br \/>Con questo termine latino si indica una delle undici <em>regiones <\/em>(plurale di <em>regio<\/em>) in cui venne suddiviso il territorio dell\u2019odierna penisola italiana dall\u2019imperatore Augusto, nell\u2019ambito della sua vasta e complessa opera di riordino politico, sociale e amministrativo successiva alle guerre civili. La <em>Regio IX<\/em>, includendo il territorio dell\u2019odierna Liguria, si estendeva dal fiume Magra, a est, al fiume Varo a ovest fino alla zona compresa, a nord, tra Appennini e fiume Po.<\/p>\t\t\t\t\t\t<\/div>\n\t\t\t\t<\/div>\n\t\t\t\t\t<\/div>\n\t\t<\/div>\n\t\t\t\t\t<\/div>\n\t\t<\/section>\n\t\t\t\t<section class=\"elementor-section elementor-top-section elementor-element elementor-element-c3ad25d elementor-section-boxed elementor-section-height-default elementor-section-height-default\" data-id=\"c3ad25d\" data-element_type=\"section\">\n\t\t\t\t\t\t<div class=\"elementor-container elementor-column-gap-default\">\n\t\t\t\t\t<div class=\"elementor-column elementor-col-100 elementor-top-column elementor-element elementor-element-284e8ab\" data-id=\"284e8ab\" data-element_type=\"column\">\n\t\t\t<div class=\"elementor-widget-wrap elementor-element-populated\">\n\t\t\t\t\t\t<section class=\"elementor-section elementor-inner-section elementor-element elementor-element-dfe732e elementor-section-boxed elementor-section-height-default elementor-section-height-default\" data-id=\"dfe732e\" data-element_type=\"section\" id=\"sectilia\">\n\t\t\t\t\t\t<div class=\"elementor-container elementor-column-gap-default\">\n\t\t\t\t\t<div class=\"elementor-column elementor-col-100 elementor-inner-column elementor-element elementor-element-81e9a4d\" data-id=\"81e9a4d\" data-element_type=\"column\">\n\t\t\t<div class=\"elementor-widget-wrap\">\n\t\t\t\t\t\t\t<\/div>\n\t\t<\/div>\n\t\t\t\t\t<\/div>\n\t\t<\/section>\n\t\t\t\t<div class=\"elementor-element elementor-element-f67f9e3 elementor-widget elementor-widget-text-editor\" data-id=\"f67f9e3\" data-element_type=\"widget\" data-widget_type=\"text-editor.default\">\n\t\t\t\t<div class=\"elementor-widget-container\">\n\t\t\t\t\t\t\t<strong><em>Sectilia<\/em><\/strong><br>Pezzi di marmo, pietra o litoide ritagliati secondo necessit\u00e0, utilizzati per la realizzazione di pavimenti e rivestimenti secondo la tecnica dell\u2019<em>opus sectile <\/em>(vedi)<em>.<\/em>\t\t\t\t\t\t<\/div>\n\t\t\t\t<\/div>\n\t\t\t\t\t<\/div>\n\t\t<\/div>\n\t\t\t\t\t<\/div>\n\t\t<\/section>\n\t\t\t\t<section class=\"elementor-section elementor-top-section elementor-element elementor-element-0f1b73b elementor-section-boxed elementor-section-height-default elementor-section-height-default\" data-id=\"0f1b73b\" data-element_type=\"section\">\n\t\t\t\t\t\t<div class=\"elementor-container elementor-column-gap-default\">\n\t\t\t\t\t<div class=\"elementor-column elementor-col-100 elementor-top-column elementor-element elementor-element-f8e3885\" data-id=\"f8e3885\" data-element_type=\"column\">\n\t\t\t<div class=\"elementor-widget-wrap elementor-element-populated\">\n\t\t\t\t\t\t<div class=\"elementor-element elementor-element-9f68c0d elementor-widget elementor-widget-text-editor\" data-id=\"9f68c0d\" data-element_type=\"widget\" data-widget_type=\"text-editor.default\">\n\t\t\t\t<div class=\"elementor-widget-container\">\n\t\t\t\t\t\t\t<p><strong>Strigile<\/strong><br \/>Strumento di bronzo o di ferro usato nell\u2019antichit\u00e0 per detergere il corpo dal sudore e dall\u2019olio, dopo il bagno o gli esercizi ginnici, costituito da un manico diritto e da una parte terminale ricurva e concava che veniva passata sulle membra.<\/p>\t\t\t\t\t\t<\/div>\n\t\t\t\t<\/div>\n\t\t\t\t\t<\/div>\n\t\t<\/div>\n\t\t\t\t\t<\/div>\n\t\t<\/section>\n\t\t\t\t<section class=\"elementor-section elementor-top-section elementor-element elementor-element-962c897 elementor-section-boxed elementor-section-height-default elementor-section-height-default\" data-id=\"962c897\" data-element_type=\"section\">\n\t\t\t\t\t\t<div class=\"elementor-container elementor-column-gap-default\">\n\t\t\t\t\t<div class=\"elementor-column elementor-col-100 elementor-top-column elementor-element elementor-element-9809df4\" data-id=\"9809df4\" data-element_type=\"column\">\n\t\t\t<div class=\"elementor-widget-wrap elementor-element-populated\">\n\t\t\t\t\t\t<div class=\"elementor-element elementor-element-7090a6f elementor-widget elementor-widget-image\" data-id=\"7090a6f\" data-element_type=\"widget\" data-widget_type=\"image.default\">\n\t\t\t\t<div class=\"elementor-widget-container\">\n\t\t\t\t\t\t\t\t\t\t\t\t\t\t<a href=\"https:\/\/albadocilia.cultura.gov.it\/wp-content\/uploads\/2023\/07\/IMMAGINI_strigile.jpg\" data-elementor-open-lightbox=\"yes\" data-elementor-lightbox-title=\"IMMAGINI_strigile\" data-e-action-hash=\"#elementor-action%3Aaction%3Dlightbox%26settings%3DeyJpZCI6NzcxNywidXJsIjoiaHR0cHM6XC9cL2FsYmFkb2NpbGlhLmN1bHR1cmEuZ292Lml0XC93cC1jb250ZW50XC91cGxvYWRzXC8yMDIzXC8wN1wvSU1NQUdJTklfc3RyaWdpbGUuanBnIn0%3D\">\n\t\t\t\t\t\t\t<img loading=\"lazy\" decoding=\"async\" width=\"183\" height=\"300\" src=\"https:\/\/albadocilia.cultura.gov.it\/wp-content\/uploads\/2023\/07\/IMMAGINI_strigile-183x300.jpg\" class=\"attachment-medium size-medium wp-image-7717\" alt=\"\" srcset=\"https:\/\/albadocilia.cultura.gov.it\/wp-content\/uploads\/2023\/07\/IMMAGINI_strigile-183x300.jpg 183w, https:\/\/albadocilia.cultura.gov.it\/wp-content\/uploads\/2023\/07\/IMMAGINI_strigile.jpg 251w\" sizes=\"(max-width: 183px) 100vw, 183px\" \/>\t\t\t\t\t\t\t\t<\/a>\n\t\t\t\t\t\t\t\t\t\t\t\t\t<\/div>\n\t\t\t\t<\/div>\n\t\t\t\t<div class=\"elementor-element elementor-element-76a5e93 elementor-widget elementor-widget-text-editor\" data-id=\"76a5e93\" data-element_type=\"widget\" data-widget_type=\"text-editor.default\">\n\t\t\t\t<div class=\"elementor-widget-container\">\n\t\t\t\t\t\t\t<p>Immagine tratta da: https:\/\/www.treccani.it\/enciclopedia\/strigile\/<\/p>\t\t\t\t\t\t<\/div>\n\t\t\t\t<\/div>\n\t\t\t\t\t<\/div>\n\t\t<\/div>\n\t\t\t\t\t<\/div>\n\t\t<\/section>\n\t\t\t\t<section class=\"elementor-section elementor-top-section elementor-element elementor-element-f7316d9 elementor-section-boxed elementor-section-height-default elementor-section-height-default\" data-id=\"f7316d9\" data-element_type=\"section\">\n\t\t\t\t\t\t<div class=\"elementor-container elementor-column-gap-default\">\n\t\t\t\t\t<div class=\"elementor-column elementor-col-100 elementor-top-column elementor-element elementor-element-6b29231\" data-id=\"6b29231\" data-element_type=\"column\">\n\t\t\t<div class=\"elementor-widget-wrap elementor-element-populated\">\n\t\t\t\t\t\t<section class=\"elementor-section elementor-inner-section elementor-element elementor-element-a51dc24 elementor-section-boxed elementor-section-height-default elementor-section-height-default\" data-id=\"a51dc24\" data-element_type=\"section\" id=\"tablino\">\n\t\t\t\t\t\t<div class=\"elementor-container elementor-column-gap-default\">\n\t\t\t\t\t<div class=\"elementor-column elementor-col-100 elementor-inner-column elementor-element elementor-element-a14afb8\" data-id=\"a14afb8\" data-element_type=\"column\">\n\t\t\t<div class=\"elementor-widget-wrap\">\n\t\t\t\t\t\t\t<\/div>\n\t\t<\/div>\n\t\t\t\t\t<\/div>\n\t\t<\/section>\n\t\t\t\t<div class=\"elementor-element elementor-element-58e9638 elementor-widget elementor-widget-text-editor\" data-id=\"58e9638\" data-element_type=\"widget\" data-widget_type=\"text-editor.default\">\n\t\t\t\t<div class=\"elementor-widget-container\">\n\t\t\t\t\t\t\t<strong>Tablino<\/strong><br>Dal termine latino <em>tablinum<\/em>, nelle <em>villae<\/em> e nelle <em>domus<\/em> romane era l\u2019ambiente di rappresentanza in cui venivano ricevuti gli ospiti. Era sovente posto tra l\u2019atrio e il peristilio e in origine conteneva il letto matrimoniale.\t\t\t\t\t\t<\/div>\n\t\t\t\t<\/div>\n\t\t\t\t\t<\/div>\n\t\t<\/div>\n\t\t\t\t\t<\/div>\n\t\t<\/section>\n\t\t\t\t<section class=\"elementor-section elementor-top-section elementor-element elementor-element-31672c3 elementor-section-boxed elementor-section-height-default elementor-section-height-default\" data-id=\"31672c3\" data-element_type=\"section\">\n\t\t\t\t\t\t<div class=\"elementor-container elementor-column-gap-default\">\n\t\t\t\t\t<div class=\"elementor-column elementor-col-100 elementor-top-column elementor-element elementor-element-8cb1888\" data-id=\"8cb1888\" data-element_type=\"column\">\n\t\t\t<div class=\"elementor-widget-wrap elementor-element-populated\">\n\t\t\t\t\t\t<section class=\"elementor-section elementor-inner-section elementor-element elementor-element-43204ce elementor-section-boxed elementor-section-height-default elementor-section-height-default\" data-id=\"43204ce\" data-element_type=\"section\" id=\"tegolone\">\n\t\t\t\t\t\t<div class=\"elementor-container elementor-column-gap-default\">\n\t\t\t\t\t<div class=\"elementor-column elementor-col-100 elementor-inner-column elementor-element elementor-element-a66f463\" data-id=\"a66f463\" data-element_type=\"column\">\n\t\t\t<div class=\"elementor-widget-wrap\">\n\t\t\t\t\t\t\t<\/div>\n\t\t<\/div>\n\t\t\t\t\t<\/div>\n\t\t<\/section>\n\t\t\t\t<div class=\"elementor-element elementor-element-4ab75be elementor-widget elementor-widget-text-editor\" data-id=\"4ab75be\" data-element_type=\"widget\" data-widget_type=\"text-editor.default\">\n\t\t\t\t<div class=\"elementor-widget-container\">\n\t\t\t\t\t\t\t<strong>Tegolone<\/strong><br>Detto pi\u00f9 propriamente embrice, tutt\u2019ora esistente ed usato in edilizia, \u00e8 il tipo di laterizio usato nelle coperture a tetto fin dall\u2019et\u00e0 preromana. \u00c8 indicato anche con il nome di tegola piana, ed \u00e8 costituito da una lastra a forma trapezoidale o rettangolare, con gli orli dei due lati obliqui o dei lati lunghi rialzati (alette). Si dispongono di piatto in file parallele secondo l\u2019inclinazione del tetto, in modo che i lati minori si sovrappongano tra loro consecutivamente; sui giunti, costituiti dall\u2019accostamento degli orli laterali rialzati, si dispongono file di canali, chiamati anche coppi o tegole curve, analogamente sovrapposti.\t\t\t\t\t\t<\/div>\n\t\t\t\t<\/div>\n\t\t\t\t\t<\/div>\n\t\t<\/div>\n\t\t\t\t\t<\/div>\n\t\t<\/section>\n\t\t\t\t<section class=\"elementor-section elementor-top-section elementor-element elementor-element-5f0dceb elementor-section-boxed elementor-section-height-default elementor-section-height-default\" data-id=\"5f0dceb\" data-element_type=\"section\">\n\t\t\t\t\t\t<div class=\"elementor-container elementor-column-gap-default\">\n\t\t\t\t\t<div class=\"elementor-column elementor-col-100 elementor-top-column elementor-element elementor-element-7c9798f\" data-id=\"7c9798f\" data-element_type=\"column\">\n\t\t\t<div class=\"elementor-widget-wrap elementor-element-populated\">\n\t\t\t\t\t\t<div class=\"elementor-element elementor-element-8151ab4 elementor-widget elementor-widget-image\" data-id=\"8151ab4\" data-element_type=\"widget\" data-widget_type=\"image.default\">\n\t\t\t\t<div class=\"elementor-widget-container\">\n\t\t\t\t\t\t\t\t\t\t\t\t\t\t<a href=\"https:\/\/albadocilia.cultura.gov.it\/wp-content\/uploads\/2023\/07\/tegoloni.jpg\" data-elementor-open-lightbox=\"yes\" data-e-action-hash=\"#elementor-action%3Aaction%3Dlightbox%26settings%3DeyJpZCI6Nzc1MSwidXJsIjoiaHR0cHM6XC9cL2FsYmFkb2NpbGlhLmN1bHR1cmEuZ292Lml0XC93cC1jb250ZW50XC91cGxvYWRzXC8yMDIzXC8wN1wvdGVnb2xvbmkuanBnIn0%3D\">\n\t\t\t\t\t\t\t<img loading=\"lazy\" decoding=\"async\" width=\"300\" height=\"159\" src=\"https:\/\/albadocilia.cultura.gov.it\/wp-content\/uploads\/2023\/07\/tegoloni-300x159.jpg\" class=\"attachment-medium size-medium wp-image-7751\" alt=\"\" srcset=\"https:\/\/albadocilia.cultura.gov.it\/wp-content\/uploads\/2023\/07\/tegoloni-300x159.jpg 300w, https:\/\/albadocilia.cultura.gov.it\/wp-content\/uploads\/2023\/07\/tegoloni.jpg 604w\" sizes=\"(max-width: 300px) 100vw, 300px\" \/>\t\t\t\t\t\t\t\t<\/a>\n\t\t\t\t\t\t\t\t\t\t\t\t\t<\/div>\n\t\t\t\t<\/div>\n\t\t\t\t<div class=\"elementor-element elementor-element-893baee elementor-widget elementor-widget-text-editor\" data-id=\"893baee\" data-element_type=\"widget\" data-widget_type=\"text-editor.default\">\n\t\t\t\t<div class=\"elementor-widget-container\">\n\t\t\t\t\t\t\t<p>Immagine tratta dahttps:\/\/stefanovannozzi.wordpress.com\/2011\/12\/14\/disegni-per-la-cultura\/\u00a0<\/p>\t\t\t\t\t\t<\/div>\n\t\t\t\t<\/div>\n\t\t\t\t\t<\/div>\n\t\t<\/div>\n\t\t\t\t\t<\/div>\n\t\t<\/section>\n\t\t\t\t<section class=\"elementor-section elementor-top-section elementor-element elementor-element-844181c elementor-section-boxed elementor-section-height-default elementor-section-height-default\" data-id=\"844181c\" data-element_type=\"section\">\n\t\t\t\t\t\t<div class=\"elementor-container elementor-column-gap-default\">\n\t\t\t\t\t<div class=\"elementor-column elementor-col-100 elementor-top-column elementor-element elementor-element-ecc160f\" data-id=\"ecc160f\" data-element_type=\"column\">\n\t\t\t<div class=\"elementor-widget-wrap elementor-element-populated\">\n\t\t\t\t\t\t<section class=\"elementor-section elementor-inner-section elementor-element elementor-element-98b2fe0 elementor-section-boxed elementor-section-height-default elementor-section-height-default\" data-id=\"98b2fe0\" data-element_type=\"section\" id=\"terra-sigillata\">\n\t\t\t\t\t\t<div class=\"elementor-container elementor-column-gap-default\">\n\t\t\t\t\t<div class=\"elementor-column elementor-col-100 elementor-inner-column elementor-element elementor-element-1cb1777\" data-id=\"1cb1777\" data-element_type=\"column\">\n\t\t\t<div class=\"elementor-widget-wrap\">\n\t\t\t\t\t\t\t<\/div>\n\t\t<\/div>\n\t\t\t\t\t<\/div>\n\t\t<\/section>\n\t\t\t\t<div class=\"elementor-element elementor-element-c1af315 elementor-widget elementor-widget-text-editor\" data-id=\"c1af315\" data-element_type=\"widget\" data-widget_type=\"text-editor.default\">\n\t\t\t\t<div class=\"elementor-widget-container\">\n\t\t\t\t\t\t\t<strong>Terra sigillata<\/strong><br>Questo termine, coniato dagli archeologi, indica una variet\u00e0 di ceramiche antiche ellenistiche, italiche e delle province romane, assai diffuse in tutto il Mediterraneo antico, a seconda delle varie tipologie, dal II secolo a.C. al V secolo d.C. La ceramica denominata terra sigillata si caratterizza per alcuni fattori fondamentali:\n<ul>\n \t<li>Il vasellame in terra sigillata includeva forme come crateri, tazze, piatti e coppe, brocche, raramente anche lucerne, in grande variet\u00e0 ed evoluzione di sagome. Si trattava di ceramica destinata alla mensa ed era un prodotto costoso, si potrebbe paragonare al \u201cservizio buono\u201d dei giorni nostri.<\/li>\n \t<li>Il materiale con cui erano fabbricati i recipienti era una argilla fine e depurata, non grezza, ottenuta attraverso accurati procedimenti da parte di artigiani molto abili. A seconda dell\u2019area geografica di provenienza e dell\u2019epoca, l\u2019argilla variava di colore, dal giallo al rosso-arancio pi\u00f9 o meno scuro o chiaro.<\/li>\n \t<li>I recipienti in terra sigillata presentano una verniciatura superficiale ottenuta attraverso l\u2019immersione del pezzo in una soluzione di argilla depuratissima e acqua. Questo tipo di rivestimento, oltre che ad avere una funzione impermeabilizzante, donava al recipiente una superficie dall\u2019aspetto particolarmente gradevole e uniforme, opaca oppure lucida e brillante. Il processo di cottura in atmosfera ossidante (ossia in presenza di ossigeno) faceva s\u00ec che la verniciatura assumesse colori che potevano andare dall\u2019arancio al rosso bruno intenso.<\/li>\n \t<li>Le forme potevano essere lisce o decorate con diverse tecniche, prima dell\u2019immersione nella \u201cvernice\u201d. Si potevano avere piccole decorazioni a impressione o a rilievo mediante matrice o con tecnica <em>\u00e0 la barbotine<\/em>. Il termine \u201csigillata\u201d si riferisce alla presenza sia delle piccole decorazioni a rilievo sia del marchio di fabbrica (<em>sigillum<\/em>) recante il nome dell\u2019artigiano che talvolta poteva comparire, tramite impressione, al centro di piatti e coppe.<\/li>\n<\/ul>\nSono state rinvenute attestazioni di migliaia di firme di fabbricanti, in tutta l\u2019area dell\u2019Impero Romano ed oltre i suoi confini. Ci\u00f2 ha favorito grandemente lo studio della terra sigillata, della sua diffusione e soprattutto della cronologia delle varie tipologie, facendo diventare questa classe ceramica un vero e proprio \u201cfossile guida\u201d.\t\t\t\t\t\t<\/div>\n\t\t\t\t<\/div>\n\t\t\t\t\t<\/div>\n\t\t<\/div>\n\t\t\t\t\t<\/div>\n\t\t<\/section>\n\t\t\t\t<section class=\"elementor-section elementor-top-section elementor-element elementor-element-5d7ad3a elementor-section-boxed elementor-section-height-default elementor-section-height-default\" data-id=\"5d7ad3a\" data-element_type=\"section\">\n\t\t\t\t\t\t<div class=\"elementor-container elementor-column-gap-default\">\n\t\t\t\t\t<div class=\"elementor-column elementor-col-100 elementor-top-column elementor-element elementor-element-dbeaffc\" data-id=\"dbeaffc\" data-element_type=\"column\">\n\t\t\t<div class=\"elementor-widget-wrap elementor-element-populated\">\n\t\t\t\t\t\t<section class=\"elementor-section elementor-inner-section elementor-element elementor-element-422226e elementor-section-boxed elementor-section-height-default elementor-section-height-default\" data-id=\"422226e\" data-element_type=\"section\" id=\"tornio\">\n\t\t\t\t\t\t<div class=\"elementor-container elementor-column-gap-default\">\n\t\t\t\t\t<div class=\"elementor-column elementor-col-100 elementor-inner-column elementor-element elementor-element-a8ab234\" data-id=\"a8ab234\" data-element_type=\"column\">\n\t\t\t<div class=\"elementor-widget-wrap\">\n\t\t\t\t\t\t\t<\/div>\n\t\t<\/div>\n\t\t\t\t\t<\/div>\n\t\t<\/section>\n\t\t\t\t<div class=\"elementor-element elementor-element-d7a580a elementor-widget elementor-widget-text-editor\" data-id=\"d7a580a\" data-element_type=\"widget\" data-widget_type=\"text-editor.default\">\n\t\t\t\t<div class=\"elementor-widget-container\">\n\t\t\t\t\t\t\t<strong>Tornio<\/strong><br>Strumento utilizzato per la lavorazione di un manufatto che, posto in rotazione, veniva modellato. Nel caso delle lucerne, il tornio serviva per foggiare il serbatoio della lucerna, mentre il beccuccio e l\u2019ansa venivano applicati manualmente in un secondo momento.\t\t\t\t\t\t<\/div>\n\t\t\t\t<\/div>\n\t\t\t\t\t<\/div>\n\t\t<\/div>\n\t\t\t\t\t<\/div>\n\t\t<\/section>\n\t\t\t\t<section class=\"elementor-section elementor-top-section elementor-element elementor-element-657f594 elementor-section-boxed elementor-section-height-default elementor-section-height-default\" data-id=\"657f594\" data-element_type=\"section\">\n\t\t\t\t\t\t<div class=\"elementor-container elementor-column-gap-default\">\n\t\t\t\t\t<div class=\"elementor-column elementor-col-100 elementor-top-column elementor-element elementor-element-9754a86\" data-id=\"9754a86\" data-element_type=\"column\">\n\t\t\t<div class=\"elementor-widget-wrap elementor-element-populated\">\n\t\t\t\t\t\t<section class=\"elementor-section elementor-inner-section elementor-element elementor-element-069b88f elementor-section-boxed elementor-section-height-default elementor-section-height-default\" data-id=\"069b88f\" data-element_type=\"section\" id=\"triclinio\">\n\t\t\t\t\t\t<div class=\"elementor-container elementor-column-gap-default\">\n\t\t\t\t\t<div class=\"elementor-column elementor-col-100 elementor-inner-column elementor-element elementor-element-a9bff2e\" data-id=\"a9bff2e\" data-element_type=\"column\">\n\t\t\t<div class=\"elementor-widget-wrap\">\n\t\t\t\t\t\t\t<\/div>\n\t\t<\/div>\n\t\t\t\t\t<\/div>\n\t\t<\/section>\n\t\t\t\t<div class=\"elementor-element elementor-element-b697a28 elementor-widget elementor-widget-text-editor\" data-id=\"b697a28\" data-element_type=\"widget\" data-widget_type=\"text-editor.default\">\n\t\t\t\t<div class=\"elementor-widget-container\">\n\t\t\t\t\t\t\t<strong>Triclinio<\/strong><br>Nelle abitazioni pi\u00f9 ricche dell\u2019antica Roma il triclinio (dal termine latino <em>triclinium<\/em>, a sua volta derivato dal greco antico <em>\u03c4\u03c1\u03b9\u03ba\u03bb\u03af\u03bd\u03b9\u03bf\u03bd<\/em>, vocabolo composto da <em>\u03c4\u03c1\u03b9, <\/em>tre e <em>\u03ba\u03bb\u03af\u03bd\u03b7, <\/em>letto) \u00e8 la sala da pranzo, in cui erano presenti tre letti disposti su tre lati dell\u2019ambiente a formare una sorta di ferro di cavallo, dove i commensali si adagiavano per mangiare. Per lo pi\u00f9 aperti sul peristilio, erano riccamente decorati per rimarcare la ricchezza e la distinzione sociale del proprietario.\t\t\t\t\t\t<\/div>\n\t\t\t\t<\/div>\n\t\t\t\t\t<\/div>\n\t\t<\/div>\n\t\t\t\t\t<\/div>\n\t\t<\/section>\n\t\t\t\t<section class=\"elementor-section elementor-top-section elementor-element elementor-element-e3bf187 elementor-section-boxed elementor-section-height-default elementor-section-height-default\" data-id=\"e3bf187\" data-element_type=\"section\">\n\t\t\t\t\t\t<div class=\"elementor-container elementor-column-gap-default\">\n\t\t\t\t\t<div class=\"elementor-column elementor-col-100 elementor-top-column elementor-element elementor-element-f25db2b\" data-id=\"f25db2b\" data-element_type=\"column\">\n\t\t\t<div class=\"elementor-widget-wrap elementor-element-populated\">\n\t\t\t\t\t\t<section class=\"elementor-section elementor-inner-section elementor-element elementor-element-786ed0d elementor-section-boxed elementor-section-height-default elementor-section-height-default\" data-id=\"786ed0d\" data-element_type=\"section\" id=\"villa\">\n\t\t\t\t\t\t<div class=\"elementor-container elementor-column-gap-default\">\n\t\t\t\t\t<div class=\"elementor-column elementor-col-100 elementor-inner-column elementor-element elementor-element-028ea3d\" data-id=\"028ea3d\" data-element_type=\"column\">\n\t\t\t<div class=\"elementor-widget-wrap\">\n\t\t\t\t\t\t\t<\/div>\n\t\t<\/div>\n\t\t\t\t\t<\/div>\n\t\t<\/section>\n\t\t\t\t<div class=\"elementor-element elementor-element-b2daa14 elementor-widget elementor-widget-text-editor\" data-id=\"b2daa14\" data-element_type=\"widget\" data-widget_type=\"text-editor.default\">\n\t\t\t\t<div class=\"elementor-widget-container\">\n\t\t\t\t\t\t\t<strong><em>Villa<\/em><\/strong><br>Termine latino che indica un edificio esterno alla citt\u00e0 riferito sia alla fattoria a carattere agricolo (<em>villa rustica<\/em>) sia alla lussuosa residenza patrizia per il tempo libero e l&#8217;<em>otium<\/em>. Tra le due tipologie di utilizzo esisteva una vasta gamma di soluzioni intermedie. La pi\u00f9 diffusa tra queste era quella che univa in s\u00e9 l&#8217;aspetto tipico della villa rustica, caratterizzata da ambienti disposti intorno ad un grandissimo cortile centrale quadrato o rettangolare e la presenza di uno o pi\u00f9 quartieri di rappresentanza e residenziali in cui dimoravano il proprietario, in <em>dominus<\/em>, e la sua famiglia, o il suo fattore, il <em>vilicus.<\/em>\t\t\t\t\t\t<\/div>\n\t\t\t\t<\/div>\n\t\t\t\t\t<\/div>\n\t\t<\/div>\n\t\t\t\t\t<\/div>\n\t\t<\/section>\n\t\t\t\t<section class=\"elementor-section elementor-top-section elementor-element elementor-element-c7da4ee elementor-section-boxed elementor-section-height-default elementor-section-height-default\" data-id=\"c7da4ee\" data-element_type=\"section\">\n\t\t\t\t\t\t<div class=\"elementor-container elementor-column-gap-default\">\n\t\t\t\t\t<div class=\"elementor-column elementor-col-100 elementor-top-column elementor-element elementor-element-6580062\" data-id=\"6580062\" data-element_type=\"column\">\n\t\t\t<div class=\"elementor-widget-wrap elementor-element-populated\">\n\t\t\t\t\t\t<section class=\"elementor-section elementor-inner-section elementor-element elementor-element-8c8773d elementor-section-boxed elementor-section-height-default elementor-section-height-default\" data-id=\"8c8773d\" data-element_type=\"section\" id=\"zoomorfo\">\n\t\t\t\t\t\t<div class=\"elementor-container elementor-column-gap-default\">\n\t\t\t\t\t<div class=\"elementor-column elementor-col-100 elementor-inner-column elementor-element elementor-element-807cd93\" data-id=\"807cd93\" data-element_type=\"column\">\n\t\t\t<div class=\"elementor-widget-wrap\">\n\t\t\t\t\t\t\t<\/div>\n\t\t<\/div>\n\t\t\t\t\t<\/div>\n\t\t<\/section>\n\t\t\t\t<div class=\"elementor-element elementor-element-9e1faa7 elementor-widget elementor-widget-text-editor\" data-id=\"9e1faa7\" data-element_type=\"widget\" data-widget_type=\"text-editor.default\">\n\t\t\t\t<div class=\"elementor-widget-container\">\n\t\t\t\t\t\t\t<strong>Zoomorfo<\/strong><br>Che ha la forma o l\u2019aspetto di animale.\t\t\t\t\t\t<\/div>\n\t\t\t\t<\/div>\n\t\t\t\t\t<\/div>\n\t\t<\/div>\n\t\t\t\t\t<\/div>\n\t\t<\/section>\n\t\t\t\t<section class=\"elementor-section elementor-top-section elementor-element elementor-element-6c64b96 elementor-section-boxed elementor-section-height-default elementor-section-height-default\" data-id=\"6c64b96\" data-element_type=\"section\">\n\t\t\t\t\t\t<div class=\"elementor-container elementor-column-gap-default\">\n\t\t\t\t\t<div class=\"elementor-column elementor-col-100 elementor-top-column elementor-element elementor-element-938f407\" data-id=\"938f407\" data-element_type=\"column\">\n\t\t\t<div class=\"elementor-widget-wrap elementor-element-populated\">\n\t\t\t\t\t\t<section class=\"elementor-section elementor-inner-section elementor-element elementor-element-8f59e89 elementor-section-boxed elementor-section-height-default elementor-section-height-default\" data-id=\"8f59e89\" data-element_type=\"section\" id=\"terzo-e-quarto-stile-pompeiano\">\n\t\t\t\t\t\t<div class=\"elementor-container elementor-column-gap-default\">\n\t\t\t\t\t<div class=\"elementor-column elementor-col-100 elementor-inner-column elementor-element elementor-element-6ca9abe\" data-id=\"6ca9abe\" data-element_type=\"column\">\n\t\t\t<div class=\"elementor-widget-wrap\">\n\t\t\t\t\t\t\t<\/div>\n\t\t<\/div>\n\t\t\t\t\t<\/div>\n\t\t<\/section>\n\t\t\t\t<div class=\"elementor-element elementor-element-52b8f55 elementor-widget elementor-widget-text-editor\" data-id=\"52b8f55\" data-element_type=\"widget\" data-widget_type=\"text-editor.default\">\n\t\t\t\t<div class=\"elementor-widget-container\">\n\t\t\t\t\t\t\t<strong>III stile pompeiano<\/strong><br>Si tratta di uno dei quattro sistemi ornamentali che caratterizzano, secondo una precisa suddivisione tipologica stabilita dall\u2019archeologo tedesco August Mau (Kiel 1840 &#8211; Roma 1909), le pitture parietali di Pompei. Il III stile, riconosciuto come diffuso tra l\u2019ultimo quindicennio del I secolo a.C. e il 62-63 d.C., \u00e8 anche detto <em>stile ornamentale <\/em>in quanto predomina il carattere ornamentale sia delle raffigurazioni architettoniche sia di quelle naturalistiche. Si nota una predilezione per la policromia e per l\u2019esecuzione miniaturistica dei dettagli. Il motivo a piccole pitture in finti quadri, tipico del II stile, \u00e8 ancora molto diffuso.\t\t\t\t\t\t<\/div>\n\t\t\t\t<\/div>\n\t\t\t\t\t<\/div>\n\t\t<\/div>\n\t\t\t\t\t<\/div>\n\t\t<\/section>\n\t\t\t\t<section class=\"elementor-section elementor-top-section elementor-element elementor-element-e16870b elementor-section-boxed elementor-section-height-default elementor-section-height-default\" data-id=\"e16870b\" data-element_type=\"section\">\n\t\t\t\t\t\t<div class=\"elementor-container elementor-column-gap-default\">\n\t\t\t\t\t<div class=\"elementor-column elementor-col-100 elementor-top-column elementor-element elementor-element-f539da3\" data-id=\"f539da3\" data-element_type=\"column\">\n\t\t\t<div class=\"elementor-widget-wrap elementor-element-populated\">\n\t\t\t\t\t\t<div class=\"elementor-element elementor-element-76fd20c elementor-widget elementor-widget-image\" data-id=\"76fd20c\" data-element_type=\"widget\" data-widget_type=\"image.default\">\n\t\t\t\t<div class=\"elementor-widget-container\">\n\t\t\t\t\t\t\t\t\t\t\t\t\t\t<a href=\"https:\/\/albadocilia.cultura.gov.it\/wp-content\/uploads\/2023\/07\/Casa-di-Giulio-Polibio-Pompei_III_st.jpg\" data-elementor-open-lightbox=\"yes\" data-e-action-hash=\"#elementor-action%3Aaction%3Dlightbox%26settings%3DeyJpZCI6Nzc3MywidXJsIjoiaHR0cHM6XC9cL2FsYmFkb2NpbGlhLmN1bHR1cmEuZ292Lml0XC93cC1jb250ZW50XC91cGxvYWRzXC8yMDIzXC8wN1wvQ2FzYS1kaS1HaXVsaW8tUG9saWJpby1Qb21wZWlfSUlJX3N0LmpwZyJ9\">\n\t\t\t\t\t\t\t<img loading=\"lazy\" decoding=\"async\" width=\"300\" height=\"200\" src=\"https:\/\/albadocilia.cultura.gov.it\/wp-content\/uploads\/2023\/07\/Casa-di-Giulio-Polibio-Pompei_III_st-300x200.jpg\" class=\"attachment-medium size-medium wp-image-7773\" alt=\"\" srcset=\"https:\/\/albadocilia.cultura.gov.it\/wp-content\/uploads\/2023\/07\/Casa-di-Giulio-Polibio-Pompei_III_st-300x200.jpg 300w, https:\/\/albadocilia.cultura.gov.it\/wp-content\/uploads\/2023\/07\/Casa-di-Giulio-Polibio-Pompei_III_st-1024x682.jpg 1024w, https:\/\/albadocilia.cultura.gov.it\/wp-content\/uploads\/2023\/07\/Casa-di-Giulio-Polibio-Pompei_III_st-768x511.jpg 768w, https:\/\/albadocilia.cultura.gov.it\/wp-content\/uploads\/2023\/07\/Casa-di-Giulio-Polibio-Pompei_III_st.jpg 1200w\" sizes=\"(max-width: 300px) 100vw, 300px\" \/>\t\t\t\t\t\t\t\t<\/a>\n\t\t\t\t\t\t\t\t\t\t\t\t\t<\/div>\n\t\t\t\t<\/div>\n\t\t\t\t<div class=\"elementor-element elementor-element-56191fa elementor-widget elementor-widget-text-editor\" data-id=\"56191fa\" data-element_type=\"widget\" data-widget_type=\"text-editor.default\">\n\t\t\t\t<div class=\"elementor-widget-container\">\n\t\t\t\t\t\t\tEsempio di III stile pompeiano<br>(Pompei, casa di Giulio Polibio).<br>Immagina tratta da http:\/\/pompeiisites.org\/sito_archeologico\/casa-di-giulio-polibio\/#&amp;gid=1&amp;pid=1\t\t\t\t\t\t<\/div>\n\t\t\t\t<\/div>\n\t\t\t\t\t<\/div>\n\t\t<\/div>\n\t\t\t\t\t<\/div>\n\t\t<\/section>\n\t\t\t\t<section class=\"elementor-section elementor-top-section elementor-element elementor-element-efa7b3d elementor-section-boxed elementor-section-height-default elementor-section-height-default\" data-id=\"efa7b3d\" data-element_type=\"section\">\n\t\t\t\t\t\t<div class=\"elementor-container elementor-column-gap-default\">\n\t\t\t\t\t<div class=\"elementor-column elementor-col-100 elementor-top-column elementor-element elementor-element-b381e04\" data-id=\"b381e04\" data-element_type=\"column\">\n\t\t\t<div class=\"elementor-widget-wrap elementor-element-populated\">\n\t\t\t\t\t\t<div class=\"elementor-element elementor-element-f306915 elementor-widget elementor-widget-text-editor\" data-id=\"f306915\" data-element_type=\"widget\" data-widget_type=\"text-editor.default\">\n\t\t\t\t<div class=\"elementor-widget-container\">\n\t\t\t\t\t\t\t<strong>IV stile pompeiano<\/strong><br>Si tratta di uno dei quattro sistemi ornamentali che caratterizzano, secondo una precisa suddivisione tipologica stabilita dall\u2019archeologo Tedesco August Mau (Kiel 1840 &#8211; Roma 1909), le pitture parietali di Pompei. Il IV stile, detto anche s<em>tile fantastico<\/em>, \u00e8 datato tra il 35 d. C. e la fine del I sec. d. C. Si tratta dello stile pi\u00f9 diffuso a Pompei. La sua caratteristica fondamentale \u00e8 quella di esprimere una alternanza di rappresentazioni di piani larghi e spaziosi e di raffigurazioni architettoniche prospettiche strette. La rappresentazione di scene all\u2019interno di tali spazi vede l\u2019uso di effetti atmosferici e quasi \u201cimpressionistici\u201d, fatti per essere osservati da lontano, e di una minore policromia.\t\t\t\t\t\t<\/div>\n\t\t\t\t<\/div>\n\t\t\t\t\t<\/div>\n\t\t<\/div>\n\t\t\t\t\t<\/div>\n\t\t<\/section>\n\t\t\t\t<section class=\"elementor-section elementor-top-section elementor-element elementor-element-754987e elementor-section-boxed elementor-section-height-default elementor-section-height-default\" data-id=\"754987e\" data-element_type=\"section\">\n\t\t\t\t\t\t<div class=\"elementor-container elementor-column-gap-default\">\n\t\t\t\t\t<div class=\"elementor-column elementor-col-100 elementor-top-column elementor-element elementor-element-342d849\" data-id=\"342d849\" data-element_type=\"column\">\n\t\t\t<div class=\"elementor-widget-wrap elementor-element-populated\">\n\t\t\t\t\t\t<div class=\"elementor-element elementor-element-777f0c6 elementor-widget elementor-widget-image\" data-id=\"777f0c6\" data-element_type=\"widget\" data-widget_type=\"image.default\">\n\t\t\t\t<div class=\"elementor-widget-container\">\n\t\t\t\t\t\t\t\t\t\t\t\t\t\t<a href=\"https:\/\/albadocilia.cultura.gov.it\/wp-content\/uploads\/2023\/07\/Pompei-casa-dei-vettii_IV_st.webp\" data-elementor-open-lightbox=\"yes\" data-e-action-hash=\"#elementor-action%3Aaction%3Dlightbox%26settings%3DeyJpZCI6Nzc5OCwidXJsIjoiaHR0cHM6XC9cL2FsYmFkb2NpbGlhLmN1bHR1cmEuZ292Lml0XC93cC1jb250ZW50XC91cGxvYWRzXC8yMDIzXC8wN1wvUG9tcGVpLWNhc2EtZGVpLXZldHRpaV9JVl9zdC53ZWJwIn0%3D\">\n\t\t\t\t\t\t\t<img loading=\"lazy\" decoding=\"async\" width=\"300\" height=\"167\" src=\"https:\/\/albadocilia.cultura.gov.it\/wp-content\/uploads\/2023\/07\/Pompei-casa-dei-vettii_IV_st-300x167.webp\" class=\"attachment-medium size-medium wp-image-7798\" alt=\"\" srcset=\"https:\/\/albadocilia.cultura.gov.it\/wp-content\/uploads\/2023\/07\/Pompei-casa-dei-vettii_IV_st-300x167.webp 300w, https:\/\/albadocilia.cultura.gov.it\/wp-content\/uploads\/2023\/07\/Pompei-casa-dei-vettii_IV_st.webp 720w\" sizes=\"(max-width: 300px) 100vw, 300px\" \/>\t\t\t\t\t\t\t\t<\/a>\n\t\t\t\t\t\t\t\t\t\t\t\t\t<\/div>\n\t\t\t\t<\/div>\n\t\t\t\t<div class=\"elementor-element elementor-element-104634a elementor-widget elementor-widget-text-editor\" data-id=\"104634a\" data-element_type=\"widget\" data-widget_type=\"text-editor.default\">\n\t\t\t\t<div class=\"elementor-widget-container\">\n\t\t\t\t\t\t\tEsempio di IV stile pompeiano<br>(Pompei, casa dei <em>Vettii). <\/em><br>Immagine tratta da http:\/\/musei.beniculturali.it\/notizie\/notifiche\/la-casa-dei-vettii-di-pompei-riapre-al-pubblico-dopo-20-anni\t\t\t\t\t\t<\/div>\n\t\t\t\t<\/div>\n\t\t\t\t\t<\/div>\n\t\t<\/div>\n\t\t\t\t\t<\/div>\n\t\t<\/section>\n\t\t\t\t<\/div>\n\t\t","protected":false},"excerpt":{"rendered":"<p>Glossario AffrescoTecnica pittorica che consiste nell&#8217;utilizzare la pittura su intonaco ancora fresco (a fresco). I colori vengono fissati non dalla loro penetrazione nella porosit\u00e0 della parete agevolata dall&#8217;intonaco umido, come talvolta erroneamente \u00e8 stato detto, ma dalla reazione chimica tra la calce spenta, contenuta nell&#8217;intonaco, e l&#8217;anidride carbonica dell&#8217;atmosfera, che d\u00e0 luogo ad una sottile &hellip;<\/p>\n<p class=\"read-more\"> <a class=\"\" href=\"https:\/\/albadocilia.cultura.gov.it\/?page_id=1249\"> <span class=\"screen-reader-text\">Glossario<\/span> Leggi altro &raquo;<\/a><\/p>\n","protected":false},"author":1,"featured_media":0,"parent":0,"menu_order":0,"comment_status":"closed","ping_status":"closed","template":"","meta":{"site-sidebar-layout":"default","site-content-layout":"default","ast-global-header-display":"","ast-main-header-display":"","ast-hfb-above-header-display":"","ast-hfb-below-header-display":"","ast-hfb-mobile-header-display":"","site-post-title":"disabled","ast-breadcrumbs-content":"","ast-featured-img":"","footer-sml-layout":"","theme-transparent-header-meta":"","adv-header-id-meta":"","stick-header-meta":"","header-above-stick-meta":"","header-main-stick-meta":"","header-below-stick-meta":"","footnotes":""},"class_list":["post-1249","page","type-page","status-publish","hentry"],"_links":{"self":[{"href":"https:\/\/albadocilia.cultura.gov.it\/index.php?rest_route=\/wp\/v2\/pages\/1249","targetHints":{"allow":["GET"]}}],"collection":[{"href":"https:\/\/albadocilia.cultura.gov.it\/index.php?rest_route=\/wp\/v2\/pages"}],"about":[{"href":"https:\/\/albadocilia.cultura.gov.it\/index.php?rest_route=\/wp\/v2\/types\/page"}],"author":[{"embeddable":true,"href":"https:\/\/albadocilia.cultura.gov.it\/index.php?rest_route=\/wp\/v2\/users\/1"}],"replies":[{"embeddable":true,"href":"https:\/\/albadocilia.cultura.gov.it\/index.php?rest_route=%2Fwp%2Fv2%2Fcomments&post=1249"}],"version-history":[{"count":562,"href":"https:\/\/albadocilia.cultura.gov.it\/index.php?rest_route=\/wp\/v2\/pages\/1249\/revisions"}],"predecessor-version":[{"id":9888,"href":"https:\/\/albadocilia.cultura.gov.it\/index.php?rest_route=\/wp\/v2\/pages\/1249\/revisions\/9888"}],"wp:attachment":[{"href":"https:\/\/albadocilia.cultura.gov.it\/index.php?rest_route=%2Fwp%2Fv2%2Fmedia&parent=1249"}],"curies":[{"name":"wp","href":"https:\/\/api.w.org\/{rel}","templated":true}]}}